{"id":85,"date":"2023-12-14T15:14:07","date_gmt":"2023-12-14T14:14:07","guid":{"rendered":"https:\/\/www.missionslocalesnormandie.fr\/mission-locale-agglomeration-rouennaise\/?page_id=85"},"modified":"2024-03-19T11:32:06","modified_gmt":"2024-03-19T10:32:06","slug":"les-mesures-daides-a-lembauche","status":"publish","type":"page","link":"https:\/\/www.missionslocalesnormandie.fr\/mission-locale-agglomeration-rouennaise\/les-mesures-daides-a-lembauche\/","title":{"rendered":"Les mesures d\u2019aides \u00e0 l\u2019embauche"},"content":{"rendered":"\t\t<div data-elementor-type=\"wp-page\" data-elementor-id=\"85\" class=\"elementor elementor-85\">\n\t\t\t\t<div class=\"elementor-element elementor-element-6d264f1 e-flex e-con-boxed e-con e-parent\" data-id=\"6d264f1\" data-element_type=\"container\">\n\t\t\t\t\t<div class=\"e-con-inner\">\n\t\t\t\t<div class=\"elementor-element elementor-element-652db6a elementor-widget elementor-widget-block_simple_texte\" data-id=\"652db6a\" data-element_type=\"widget\" data-widget_type=\"block_simple_texte.default\">\n\t\t\t\t<div class=\"elementor-widget-container\">\n\t\t\t    <div class=\"container\">\n        <p><span style=\"font-weight: 400;\">Vous souhaitez recruter mais que vous \u00e9prouvez des difficult\u00e9s ? Des mesures d\u2019aides ont \u00e9t\u00e9 mises en place comme par exemple :<\/span><\/p><ul><li style=\"font-weight: 400;\" aria-level=\"1\"><span style=\"font-weight: 400;\">Contrat d\u2019apprentissage<\/span><\/li><li style=\"font-weight: 400;\" aria-level=\"1\"><span style=\"font-weight: 400;\">Contrat de professionnalisation<\/span><\/li><li style=\"font-weight: 400;\" aria-level=\"1\"><span style=\"font-weight: 400;\">Parcours Emploi Comp\u00e9tences (contrat PEC)<\/span><\/li><li style=\"font-weight: 400;\" aria-level=\"1\"><span style=\"font-weight: 400;\">Emplois Francs<\/span><\/li><\/ul><p><span style=\"font-weight: 400;\">Nos \u00e9quipes se feront un plaisir de vous aider dans vos d\u00e9marches pour mettre en place ces diff\u00e9rentes mesures. N\u2019\u2019h\u00e9sitez pas \u00e0 les contacter (lien formulaire contact)<\/span><\/p>\n    <\/div>\n\t\t<\/div>\n\t\t\t\t<\/div>\n\t\t\t\t\t<\/div>\n\t\t\t\t<\/div>\n\t\t<div class=\"elementor-element elementor-element-94ee9fb e-flex e-con-boxed e-con e-parent\" data-id=\"94ee9fb\" data-element_type=\"container\">\n\t\t\t\t\t<div class=\"e-con-inner\">\n\t\t\t\t<div class=\"elementor-element elementor-element-feec85e elementor-widget elementor-widget-block_facebook_embed\" data-id=\"feec85e\" data-element_type=\"widget\" data-widget_type=\"block_facebook_embed.default\">\n\t\t\t\t<div class=\"elementor-widget-container\">\n\t\t\t<div class=\"container\">\n    <div class=\"facebook-embed embed-wrapper ratio ratio-1x1 my-4\">\n        <iframe src=\"https:\/\/www.facebook.com\/plugins\/post.php?href=https%3A%2F%2Fwww.facebook.com%2Farmlnormandie%2Fposts%2Fpfbid02uKwnksoBf1znuAKB2t5jMSuz2AhzqBMXfBSwodGctkT3u9mo92tAxz4JCSddBPBWl&#038;show_text=true&#038;width=500\" allowfullscreen><\/iframe>\n    <\/div>\n<\/div>\t\t<\/div>\n\t\t\t\t<\/div>\n\t\t\t\t\t<\/div>\n\t\t\t\t<\/div>\n\t\t\t\t<\/div>\n\t\t","protected":false},"excerpt":{"rendered":"<p>Vous souhaitez recruter mais que vous \u00e9prouvez des difficult\u00e9s ? Des mesures d\u2019aides ont \u00e9t\u00e9 mises en place comme par exemple : Contrat d\u2019apprentissage Contrat de professionnalisation Parcours Emploi Comp\u00e9tences (contrat PEC) Emplois Francs Nos \u00e9quipes se feront un plaisir de vous aider dans vos d\u00e9marches pour mettre en place ces diff\u00e9rentes mesures. N\u2019\u2019h\u00e9sitez pas [&hellip;]<\/p>\n","protected":false},"author":1,"featured_media":0,"parent":0,"menu_order":0,"comment_status":"closed","ping_status":"closed","template":"","meta":{"_acf_changed":false,"_crosspost_to_1":false,"_crosspost_to_2":false,"_crosspost_to_4":false,"_crosspost_to_5":false,"_crosspost_to_6":false,"_crosspost_to_7":false,"_crosspost_to_8":false,"_crosspost_to_11":false,"_crosspost_to_12":false,"_crosspost_to_13":false,"_crosspost_to_14":false,"_crosspost_to_15":false,"_crosspost_to_16":false,"inline_featured_image":false,"footnotes":""},"acf":[],"yoast_head":"<!-- This site is optimized with the Yoast SEO plugin v21.9.1 - https:\/\/yoast.com\/wordpress\/plugins\/seo\/ -->\n<title>Les mesures d\u2019aides \u00e0 l\u2019embauche - MISSION LOCALE DE L&#039;AGGLOMERATION ROUENNAISE<\/title>\n<meta name=\"robots\" content=\"index, follow, max-snippet:-1, max-image-preview:large, max-video-preview:-1\" \/>\n<link rel=\"canonical\" href=\"https:\/\/www.missionslocalesnormandie.fr\/mission-locale-agglomeration-rouennaise\/les-mesures-daides-a-lembauche\/\" \/>\n<meta property=\"og:locale\" content=\"fr_FR\" \/>\n<meta property=\"og:type\" content=\"article\" \/>\n<meta property=\"og:title\" content=\"Les mesures d\u2019aides \u00e0 l\u2019embauche - MISSION LOCALE DE L&#039;AGGLOMERATION ROUENNAISE\" \/>\n<meta property=\"og:description\" content=\"Vous souhaitez recruter mais que vous \u00e9prouvez des difficult\u00e9s ? Des mesures d\u2019aides ont \u00e9t\u00e9 mises en place comme par exemple : Contrat d\u2019apprentissage Contrat de professionnalisation Parcours Emploi Comp\u00e9tences (contrat PEC) Emplois Francs Nos \u00e9quipes se feront un plaisir de vous aider dans vos d\u00e9marches pour mettre en place ces diff\u00e9rentes mesures. N\u2019\u2019h\u00e9sitez pas [&hellip;]\" \/>\n<meta property=\"og:url\" content=\"https:\/\/www.missionslocalesnormandie.fr\/mission-locale-agglomeration-rouennaise\/les-mesures-daides-a-lembauche\/\" \/>\n<meta property=\"og:site_name\" content=\"MISSION LOCALE DE L&#039;AGGLOMERATION ROUENNAISE\" \/>\n<meta property=\"article:modified_time\" content=\"2024-03-19T10:32:06+00:00\" \/>\n<meta name=\"twitter:card\" content=\"summary_large_image\" \/>\n<meta name=\"twitter:label1\" content=\"Dur\u00e9e de lecture estim\u00e9e\" \/>\n\t<meta name=\"twitter:data1\" content=\"1 minute\" \/>\n<script type=\"application\/ld+json\" class=\"yoast-schema-graph\">{\"@context\":\"https:\/\/schema.org\",\"@graph\":[{\"@type\":\"WebPage\",\"@id\":\"https:\/\/www.missionslocalesnormandie.fr\/mission-locale-agglomeration-rouennaise\/les-mesures-daides-a-lembauche\/\",\"url\":\"https:\/\/www.missionslocalesnormandie.fr\/mission-locale-agglomeration-rouennaise\/les-mesures-daides-a-lembauche\/\",\"name\":\"Les mesures d\u2019aides \u00e0 l\u2019embauche - MISSION LOCALE DE L'AGGLOMERATION ROUENNAISE\",\"isPartOf\":{\"@id\":\"https:\/\/www.missionslocalesnormandie.fr\/mission-locale-agglomeration-rouennaise\/#website\"},\"datePublished\":\"2023-12-14T14:14:07+00:00\",\"dateModified\":\"2024-03-19T10:32:06+00:00\",\"breadcrumb\":{\"@id\":\"https:\/\/www.missionslocalesnormandie.fr\/mission-locale-agglomeration-rouennaise\/les-mesures-daides-a-lembauche\/#breadcrumb\"},\"inLanguage\":\"fr-FR\",\"potentialAction\":[{\"@type\":\"ReadAction\",\"target\":[\"https:\/\/www.missionslocalesnormandie.fr\/mission-locale-agglomeration-rouennaise\/les-mesures-daides-a-lembauche\/\"]}]},{\"@type\":\"BreadcrumbList\",\"@id\":\"https:\/\/www.missionslocalesnormandie.fr\/mission-locale-agglomeration-rouennaise\/les-mesures-daides-a-lembauche\/#breadcrumb\",\"itemListElement\":[{\"@type\":\"ListItem\",\"position\":1,\"name\":\"Home\",\"item\":\"https:\/\/www.missionslocalesnormandie.fr\/mission-locale-agglomeration-rouennaise\/\"},{\"@type\":\"ListItem\",\"position\":2,\"name\":\"Les mesures d\u2019aides \u00e0 l\u2019embauche\"}]},{\"@type\":\"WebSite\",\"@id\":\"https:\/\/www.missionslocalesnormandie.fr\/mission-locale-agglomeration-rouennaise\/#website\",\"url\":\"https:\/\/www.missionslocalesnormandie.fr\/mission-locale-agglomeration-rouennaise\/\",\"name\":\"MISSION LOCALE DE L'AGGLOMERATION ROUENNAISE\",\"description\":\"\",\"potentialAction\":[{\"@type\":\"SearchAction\",\"target\":{\"@type\":\"EntryPoint\",\"urlTemplate\":\"https:\/\/www.missionslocalesnormandie.fr\/mission-locale-agglomeration-rouennaise\/?s={search_term_string}\"},\"query-input\":\"required name=search_term_string\"}],\"inLanguage\":\"fr-FR\"}]}<\/script>\n<!-- \/ Yoast SEO plugin. -->","yoast_head_json":{"title":"Les mesures d\u2019aides \u00e0 l\u2019embauche - MISSION LOCALE DE L'AGGLOMERATION ROUENNAISE","robots":{"index":"index","follow":"follow","max-snippet":"max-snippet:-1","max-image-preview":"max-image-preview:large","max-video-preview":"max-video-preview:-1"},"canonical":"https:\/\/www.missionslocalesnormandie.fr\/mission-locale-agglomeration-rouennaise\/les-mesures-daides-a-lembauche\/","og_locale":"fr_FR","og_type":"article","og_title":"Les mesures d\u2019aides \u00e0 l\u2019embauche - MISSION LOCALE DE L'AGGLOMERATION ROUENNAISE","og_description":"Vous souhaitez recruter mais que vous \u00e9prouvez des difficult\u00e9s ? Des mesures d\u2019aides ont \u00e9t\u00e9 mises en place comme par exemple : Contrat d\u2019apprentissage Contrat de professionnalisation Parcours Emploi Comp\u00e9tences (contrat PEC) Emplois Francs Nos \u00e9quipes se feront un plaisir de vous aider dans vos d\u00e9marches pour mettre en place ces diff\u00e9rentes mesures. N\u2019\u2019h\u00e9sitez pas [&hellip;]","og_url":"https:\/\/www.missionslocalesnormandie.fr\/mission-locale-agglomeration-rouennaise\/les-mesures-daides-a-lembauche\/","og_site_name":"MISSION LOCALE DE L'AGGLOMERATION ROUENNAISE","article_modified_time":"2024-03-19T10:32:06+00:00","twitter_card":"summary_large_image","twitter_misc":{"Dur\u00e9e de lecture estim\u00e9e":"1 minute"},"schema":{"@context":"https:\/\/schema.org","@graph":[{"@type":"WebPage","@id":"https:\/\/www.missionslocalesnormandie.fr\/mission-locale-agglomeration-rouennaise\/les-mesures-daides-a-lembauche\/","url":"https:\/\/www.missionslocalesnormandie.fr\/mission-locale-agglomeration-rouennaise\/les-mesures-daides-a-lembauche\/","name":"Les mesures d\u2019aides \u00e0 l\u2019embauche - MISSION LOCALE DE L'AGGLOMERATION ROUENNAISE","isPartOf":{"@id":"https:\/\/www.missionslocalesnormandie.fr\/mission-locale-agglomeration-rouennaise\/#website"},"datePublished":"2023-12-14T14:14:07+00:00","dateModified":"2024-03-19T10:32:06+00:00","breadcrumb":{"@id":"https:\/\/www.missionslocalesnormandie.fr\/mission-locale-agglomeration-rouennaise\/les-mesures-daides-a-lembauche\/#breadcrumb"},"inLanguage":"fr-FR","potentialAction":[{"@type":"ReadAction","target":["https:\/\/www.missionslocalesnormandie.fr\/mission-locale-agglomeration-rouennaise\/les-mesures-daides-a-lembauche\/"]}]},{"@type":"BreadcrumbList","@id":"https:\/\/www.missionslocalesnormandie.fr\/mission-locale-agglomeration-rouennaise\/les-mesures-daides-a-lembauche\/#breadcrumb","itemListElement":[{"@type":"ListItem","position":1,"name":"Home","item":"https:\/\/www.missionslocalesnormandie.fr\/mission-locale-agglomeration-rouennaise\/"},{"@type":"ListItem","position":2,"name":"Les mesures d\u2019aides \u00e0 l\u2019embauche"}]},{"@type":"WebSite","@id":"https:\/\/www.missionslocalesnormandie.fr\/mission-locale-agglomeration-rouennaise\/#website","url":"https:\/\/www.missionslocalesnormandie.fr\/mission-locale-agglomeration-rouennaise\/","name":"MISSION LOCALE DE L'AGGLOMERATION ROUENNAISE","description":"","potentialAction":[{"@type":"SearchAction","target":{"@type":"EntryPoint","urlTemplate":"https:\/\/www.missionslocalesnormandie.fr\/mission-locale-agglomeration-rouennaise\/?s={search_term_string}"},"query-input":"required name=search_term_string"}],"inLanguage":"fr-FR"}]}},"_links":{"self":[{"href":"https:\/\/www.missionslocalesnormandie.fr\/mission-locale-agglomeration-rouennaise\/wp-json\/wp\/v2\/pages\/85"}],"collection":[{"href":"https:\/\/www.missionslocalesnormandie.fr\/mission-locale-agglomeration-rouennaise\/wp-json\/wp\/v2\/pages"}],"about":[{"href":"https:\/\/www.missionslocalesnormandie.fr\/mission-locale-agglomeration-rouennaise\/wp-json\/wp\/v2\/types\/page"}],"author":[{"embeddable":true,"href":"https:\/\/www.missionslocalesnormandie.fr\/mission-locale-agglomeration-rouennaise\/wp-json\/wp\/v2\/users\/1"}],"replies":[{"embeddable":true,"href":"https:\/\/www.missionslocalesnormandie.fr\/mission-locale-agglomeration-rouennaise\/wp-json\/wp\/v2\/comments?post=85"}],"version-history":[{"count":7,"href":"https:\/\/www.missionslocalesnormandie.fr\/mission-locale-agglomeration-rouennaise\/wp-json\/wp\/v2\/pages\/85\/revisions"}],"predecessor-version":[{"id":349,"href":"https:\/\/www.missionslocalesnormandie.fr\/mission-locale-agglomeration-rouennaise\/wp-json\/wp\/v2\/pages\/85\/revisions\/349"}],"wp:attachment":[{"href":"https:\/\/www.missionslocalesnormandie.fr\/mission-locale-agglomeration-rouennaise\/wp-json\/wp\/v2\/media?parent=85"}],"curies":[{"name":"wp","href":"https:\/\/api.w.org\/{rel}","templated":true}]}}