{"id":9,"date":"2023-12-14T14:42:24","date_gmt":"2023-12-14T13:42:24","guid":{"rendered":"https:\/\/www.missionslocalesnormandie.fr\/mission-locale-baie-seine\/?page_id=9"},"modified":"2025-08-25T11:48:27","modified_gmt":"2025-08-25T09:48:27","slug":"notre-organisation","status":"publish","type":"page","link":"https:\/\/www.missionslocalesnormandie.fr\/mission-locale-baie-de-seine\/notre-organisation\/","title":{"rendered":"Notre organisation"},"content":{"rendered":"\t\t<div data-elementor-type=\"wp-page\" data-elementor-id=\"9\" class=\"elementor elementor-9\">\n\t\t\t\t<div class=\"elementor-element elementor-element-540668a e-flex e-con-boxed e-con e-parent\" data-id=\"540668a\" data-element_type=\"container\">\n\t\t\t\t\t<div class=\"e-con-inner\">\n\t\t\t\t<div class=\"elementor-element elementor-element-03aeeec elementor-widget elementor-widget-block_titre\" data-id=\"03aeeec\" data-element_type=\"widget\" data-widget_type=\"block_titre.default\">\n\t\t\t\t<div class=\"elementor-widget-container\">\n\t\t\t    <div class=\"container\">\n        <h2>\n            Notre histoire\n        <\/h2>\n    <\/div>\n\t\t<\/div>\n\t\t\t\t<\/div>\n\t\t\t\t<div class=\"elementor-element elementor-element-6341f18 elementor-widget elementor-widget-block_simple_texte\" data-id=\"6341f18\" data-element_type=\"widget\" data-widget_type=\"block_simple_texte.default\">\n\t\t\t\t<div class=\"elementor-widget-container\">\n\t\t\t    <div class=\"container\">\n        <h2 data-start=\"187\" data-end=\"257\">\ud83d\udcbc Les Missions Locales : un engagement pour les jeunes depuis 1982<\/h2><p data-start=\"259\" data-end=\"580\">Cr\u00e9\u00e9es en mars 1982, les Missions Locales sont n\u00e9es d\u2019un constat fort : l\u2019augmentation du ch\u00f4mage et de la pr\u00e9carit\u00e9 chez les jeunes.<br data-start=\"392\" data-end=\"395\" \/>Suite au rapport de Bertrand Schwartz, une nouvelle approche voit le jour : <strong data-start=\"471\" data-end=\"519\">accompagner les 16-25 ans de mani\u00e8re globale<\/strong>, en tenant compte de toutes les dimensions de leur parcours.<\/p><h3 data-start=\"582\" data-end=\"651\">\ud83c\udfaf <span style=\"color: #003366\">Une mission : construire avec chaque jeune un avenir durable<\/span><\/h3><p data-start=\"652\" data-end=\"736\">Les Missions Locales proposent un accompagnement personnalis\u00e9 dans les domaines de :<\/p><ul data-start=\"737\" data-end=\"853\"><li data-start=\"737\" data-end=\"766\"><p data-start=\"739\" data-end=\"766\">l\u2019emploi et la formation,<\/p><\/li><li data-start=\"767\" data-end=\"806\"><p data-start=\"769\" data-end=\"806\">la sant\u00e9, le logement, la mobilit\u00e9,<\/p><\/li><li data-start=\"807\" data-end=\"853\"><p data-start=\"809\" data-end=\"853\">l\u2019acc\u00e8s aux droits, la culture, les loisirs\u2026<\/p><\/li><\/ul><p data-start=\"855\" data-end=\"981\">Tout est mis en \u0153uvre pour <strong data-start=\"882\" data-end=\"916\">lever les freins \u00e0 l\u2019insertion<\/strong> et permettre \u00e0 chaque jeune de trouver sa place dans la soci\u00e9t\u00e9.<\/p><p data-start=\"855\" data-end=\"981\">\u00a0<\/p><h3 data-start=\"983\" data-end=\"1029\">\ud83e\udd1d <span style=\"color: #003366\">Une structure fond\u00e9e sur le partenariat<\/span><\/h3><p data-start=\"1030\" data-end=\"1315\">Les Missions Locales sont des <strong data-start=\"1060\" data-end=\"1085\">associations loi 1901<\/strong>, pr\u00e9sid\u00e9es par des \u00e9lus locaux, et anim\u00e9es par des \u00e9quipes pluridisciplinaires.<br data-start=\"1165\" data-end=\"1168\" \/>Elles travaillent main dans la main avec tous les acteurs de l\u2019insertion : collectivit\u00e9s, \u00c9tat, entreprises, organismes de formation, associations\u2026<\/p><p data-start=\"1317\" data-end=\"1440\">Aujourd\u2019hui, le r\u00e9seau compte plus de 400 structures r\u00e9parties sur tout le territoire, au plus pr\u00e8s des besoins des jeunes.<\/p>\n    <\/div>\n\t\t<\/div>\n\t\t\t\t<\/div>\n\t\t\t\t\t<\/div>\n\t\t\t\t<\/div>\n\t\t<div class=\"elementor-element elementor-element-cc518f2 e-flex e-con-boxed e-con e-parent\" data-id=\"cc518f2\" data-element_type=\"container\">\n\t\t\t\t\t<div class=\"e-con-inner\">\n\t\t\t\t<div class=\"elementor-element elementor-element-533c822 elementor-widget elementor-widget-block_separateur\" data-id=\"533c822\" data-element_type=\"widget\" data-widget_type=\"block_separateur.default\">\n\t\t\t\t<div class=\"elementor-widget-container\">\n\t\t\t<div class=\"container\">\n    <hr\/>\n<\/div>\t\t<\/div>\n\t\t\t\t<\/div>\n\t\t\t\t<div class=\"elementor-element elementor-element-6b305da elementor-widget elementor-widget-block_titre\" data-id=\"6b305da\" data-element_type=\"widget\" data-widget_type=\"block_titre.default\">\n\t\t\t\t<div class=\"elementor-widget-container\">\n\t\t\t    <div class=\"container\">\n        <h2>\n            Le r\u00e9seau des missions locales\n        <\/h2>\n    <\/div>\n\t\t<\/div>\n\t\t\t\t<\/div>\n\t\t\t\t<div class=\"elementor-element elementor-element-1587f24 elementor-widget elementor-widget-block_simple_texte\" data-id=\"1587f24\" data-element_type=\"widget\" data-widget_type=\"block_simple_texte.default\">\n\t\t\t\t<div class=\"elementor-widget-container\">\n\t\t\t    <div class=\"container\">\n        <h3 data-start=\"277\" data-end=\"357\">\ud83d\ude80 <strong data-start=\"284\" data-end=\"357\">440 Missions Locales, 1,37 million de jeunes accompagn\u00e9s chaque ann\u00e9e<\/strong><\/h3><p data-start=\"359\" data-end=\"554\">Les Missions Locales constituent le <strong data-start=\"395\" data-end=\"452\">premier service public d\u00e9di\u00e9 \u00e0 l\u2019insertion des jeunes<\/strong>. Chaque ann\u00e9e, <strong data-start=\"468\" data-end=\"488\">1 370 000 jeunes<\/strong> sont accompagn\u00e9s dans leur parcours vers l\u2019emploi et l\u2019autonomie.<\/p><h3 data-start=\"556\" data-end=\"598\">\ud83d\udccd <strong data-start=\"563\" data-end=\"598\">Un maillage territorial complet<\/strong><\/h3><p data-start=\"600\" data-end=\"791\">Avec <strong data-start=\"605\" data-end=\"623\">440 structures<\/strong> et pr\u00e8s de <strong data-start=\"635\" data-end=\"660\">6 560 lieux d\u2019accueil<\/strong>, les Missions Locales sont pr\u00e9sentes <strong data-start=\"698\" data-end=\"733\">sur tout le territoire national<\/strong>, au plus pr\u00e8s des jeunes, en ville comme en milieu rural.<\/p><h3 data-start=\"793\" data-end=\"890\">\ud83e\udd1d Membre du r\u00e9seau <strong data-start=\"817\" data-end=\"835\">France Travail<\/strong>, chaque Mission Locale poursuit un objectif commun :<\/h3><p data-start=\"891\" data-end=\"1000\"><strong data-start=\"891\" data-end=\"932\">accompagner les jeunes de 16 \u00e0 25 ans<\/strong> dans tous les aspects de leur insertion professionnelle et sociale.<\/p><p data-start=\"891\" data-end=\"1000\">\u00a0<\/p><p data-start=\"891\" data-end=\"1000\">\u00a0<\/p><h2 data-start=\"1007\" data-end=\"1041\">\ud83e\udded Une organisation \u00e0 3 niveaux<\/h2><h3 data-start=\"1043\" data-end=\"1099\">\ud83c\udfd8\ufe0f <span style=\"color: #000080\"><strong data-start=\"1051\" data-end=\"1061\">Locale<\/strong> : un ancrage dans chaque territoire<\/span><\/h3><p data-start=\"1100\" data-end=\"1221\">Chaque Mission Locale est un acteur de proximit\u00e9, \u00e0 l\u2019\u00e9coute des besoins des jeunes et en lien avec les r\u00e9alit\u00e9s locales.<\/p><p data-start=\"1100\" data-end=\"1221\">\u00a0<\/p><h3 data-start=\"1223\" data-end=\"1299\">\ud83c\udf10 <span style=\"color: #000080\"><strong data-start=\"1230\" data-end=\"1243\">R\u00e9gionale<\/strong> : l'ARML \u2013 Association R\u00e9gionale des Missions Locales<\/span><\/h3><p data-start=\"1300\" data-end=\"1533\">Dans chaque r\u00e9gion, une ARML regroupe les Missions Locales sous une m\u00eame banni\u00e8re.<br data-start=\"1382\" data-end=\"1385\" \/>Pr\u00e9sid\u00e9e par un \u00e9lu, elle repr\u00e9sente le r\u00e9seau aupr\u00e8s des <strong data-start=\"1443\" data-end=\"1513\">collectivit\u00e9s, de l\u2019\u00c9tat et des partenaires \u00e9conomiques et sociaux<\/strong> au niveau r\u00e9gional.<\/p><p data-start=\"1300\" data-end=\"1533\">\u00a0<\/p><h3 data-start=\"1535\" data-end=\"1607\">\ud83c\uddeb\ud83c\uddf7 <span style=\"color: #000080\"><strong data-start=\"1544\" data-end=\"1557\">Nationale<\/strong> : l'UNML \u2013 Union Nationale des Missions Locales<\/span><\/h3><p data-start=\"1608\" data-end=\"1694\">Cr\u00e9\u00e9e en 2003, l\u2019UNML est une association loi 1901 qui a deux missions principales :<\/p><ul data-start=\"1695\" data-end=\"1947\"><li data-start=\"1695\" data-end=\"1826\"><p data-start=\"1697\" data-end=\"1826\"><strong data-start=\"1697\" data-end=\"1762\">Repr\u00e9senter le r\u00e9seau des Missions Locales au niveau national<\/strong>, dans les grandes instances et aupr\u00e8s des d\u00e9cideurs publics ;<\/p><\/li><li data-start=\"1827\" data-end=\"1947\"><p data-start=\"1829\" data-end=\"1947\"><strong data-start=\"1829\" data-end=\"1862\">\u00catre le syndicat d\u2019employeurs<\/strong> de la branche professionnelle des Missions Locales et autres structures d\u2019insertion.<\/p><\/li><\/ul>\n    <\/div>\n\t\t<\/div>\n\t\t\t\t<\/div>\n\t\t\t\t\t<\/div>\n\t\t\t\t<\/div>\n\t\t<div class=\"elementor-element elementor-element-02db1eb e-flex e-con-boxed e-con e-parent\" data-id=\"02db1eb\" data-element_type=\"container\">\n\t\t\t\t\t<div class=\"e-con-inner\">\n\t\t\t\t<div class=\"elementor-element elementor-element-422d7c2 elementor-widget elementor-widget-block_separateur\" data-id=\"422d7c2\" data-element_type=\"widget\" data-widget_type=\"block_separateur.default\">\n\t\t\t\t<div class=\"elementor-widget-container\">\n\t\t\t<div class=\"container\">\n    <hr\/>\n<\/div>\t\t<\/div>\n\t\t\t\t<\/div>\n\t\t\t\t<div class=\"elementor-element elementor-element-41f58f6 elementor-widget elementor-widget-block_titre\" data-id=\"41f58f6\" data-element_type=\"widget\" data-widget_type=\"block_titre.default\">\n\t\t\t\t<div class=\"elementor-widget-container\">\n\t\t\t    <div class=\"container\">\n        <h2>\n            Notre Mission Locale : Baie de Seine \n        <\/h2>\n    <\/div>\n\t\t<\/div>\n\t\t\t\t<\/div>\n\t\t\t\t<div class=\"elementor-element elementor-element-be50d16 elementor-widget elementor-widget-block_simple_texte\" data-id=\"be50d16\" data-element_type=\"widget\" data-widget_type=\"block_simple_texte.default\">\n\t\t\t\t<div class=\"elementor-widget-container\">\n\t\t\t    <div class=\"container\">\n        <h2 data-start=\"202\" data-end=\"246\">\ud83d\udcdc <span style=\"color: #800080\">Une histoire ancr\u00e9e dans le territoire<\/span><\/h2><p data-start=\"248\" data-end=\"391\">Tout commence le <strong data-start=\"265\" data-end=\"283\">5 octobre 1982<\/strong>, avec la cr\u00e9ation de la <strong data-start=\"308\" data-end=\"371\">PAIO (Permanence d\u2019Accueil, d\u2019Information et d\u2019Orientation)<\/strong> \u00e0 l\u2019initiative de :<\/p><ul data-start=\"393\" data-end=\"565\"><li data-start=\"393\" data-end=\"468\"><p data-start=\"395\" data-end=\"468\"><strong data-start=\"395\" data-end=\"413\">Nicole Ameline<\/strong>, alors Secr\u00e9taire G\u00e9n\u00e9rale de la Mairie de Honfleur,<\/p><\/li><li data-start=\"469\" data-end=\"513\"><p data-start=\"471\" data-end=\"513\"><strong data-start=\"471\" data-end=\"491\">Marcel Liabastre<\/strong>, Maire de Honfleur,<\/p><\/li><li data-start=\"514\" data-end=\"565\"><p data-start=\"516\" data-end=\"565\"><strong data-start=\"516\" data-end=\"536\">Christian Cardon<\/strong>, Maire de Trouville-sur-Mer.<\/p><\/li><\/ul><p data-start=\"567\" data-end=\"665\">Cette structure est n\u00e9e pour r\u00e9pondre aux besoins croissants des jeunes sans emploi du territoire.<\/p><p data-start=\"667\" data-end=\"840\">En <strong data-start=\"670\" data-end=\"687\">novembre 2000<\/strong>, la PAIO devient officiellement la <strong data-start=\"723\" data-end=\"761\">Mission Locale de la Baie de Seine<\/strong>, affirmant ainsi sa mission d\u2019accompagnement global des jeunes de 16 \u00e0 25 ans.<\/p><p data-start=\"667\" data-end=\"840\">\u00a0<\/p><h2 data-start=\"847\" data-end=\"876\">\ud83d\udc65 <span style=\"color: #800080\">Une gouvernance engag\u00e9e<\/span><\/h2><p data-start=\"878\" data-end=\"926\">La Mission Locale est aujourd\u2019hui pr\u00e9sid\u00e9e par :<\/p><ul data-start=\"928\" data-end=\"1302\"><li data-start=\"928\" data-end=\"1029\"><p data-start=\"930\" data-end=\"1029\"><strong data-start=\"930\" data-end=\"948\">Michel Lamarre<\/strong>, Maire de Honfleur et Pr\u00e9sident de la Communaut\u00e9 de Communes Pays de Honfleur,<\/p><\/li><li data-start=\"1030\" data-end=\"1184\"><p data-start=\"1032\" data-end=\"1184\">Accompagn\u00e9 de <strong data-start=\"1046\" data-end=\"1065\">Philippe Augier<\/strong>, Maire de Deauville et Pr\u00e9sident de la Communaut\u00e9 de Communes C\u0153ur C\u00f4te Fleurie, en tant que <strong data-start=\"1159\" data-end=\"1181\">1er Vice-Pr\u00e9sident<\/strong>,<\/p><\/li><li data-start=\"1185\" data-end=\"1302\"><p data-start=\"1187\" data-end=\"1302\">Et de <strong data-start=\"1193\" data-end=\"1211\">J\u00e9r\u00e9mie Roseau<\/strong>, Pr\u00e9sident de la Communaut\u00e9 de Communes Terre d\u2019Auge, en tant que <strong data-start=\"1278\" data-end=\"1301\">2\u00e8me Vice-Pr\u00e9sident<\/strong>.<\/p><\/li><\/ul><p data-start=\"1304\" data-end=\"1447\">Ensemble, ils portent une ambition commune : <strong data-start=\"1349\" data-end=\"1412\">favoriser l\u2019insertion professionnelle et sociale des jeunes<\/strong> du territoire de la Baie de Seine.<\/p>\n    <\/div>\n\t\t<\/div>\n\t\t\t\t<\/div>\n\t\t\t\t\t<\/div>\n\t\t\t\t<\/div>\n\t\t<div class=\"elementor-element elementor-element-fd0c63f e-flex e-con-boxed e-con e-parent\" data-id=\"fd0c63f\" data-element_type=\"container\">\n\t\t\t\t\t<div class=\"e-con-inner\">\n\t\t\t\t<div class=\"elementor-element elementor-element-6fc0502 elementor-widget elementor-widget-block_separateur\" data-id=\"6fc0502\" data-element_type=\"widget\" data-widget_type=\"block_separateur.default\">\n\t\t\t\t<div class=\"elementor-widget-container\">\n\t\t\t<div class=\"container\">\n    <hr\/>\n<\/div>\t\t<\/div>\n\t\t\t\t<\/div>\n\t\t\t\t\t<\/div>\n\t\t\t\t<\/div>\n\t\t<div class=\"elementor-element elementor-element-cbcc8c3 e-flex e-con-boxed e-con e-parent\" data-id=\"cbcc8c3\" data-element_type=\"container\">\n\t\t\t\t\t<div class=\"e-con-inner\">\n\t\t\t\t<div class=\"elementor-element elementor-element-2cdd8cf elementor-widget elementor-widget-block_liens_fichiers\" data-id=\"2cdd8cf\" data-element_type=\"widget\" data-widget_type=\"block_liens_fichiers.default\">\n\t\t\t\t<div class=\"elementor-widget-container\">\n\t\t\t    <div class=\"container\">\n        <div class=\"my-4\">\n                                                                        <div class=\"edito-lien-fichier-avance\">\n                                                        <div class=\"titre-date\">\n                                <div class=\"titre\">\n                                    Cadre de r\u00e9f\u00e9rence des missions locales\n                                <\/div>\n                                                            <\/div>\n                            <a href=\"https:\/\/www.missionslocalesnormandie.fr\/content\/uploads\/sites\/14\/2024\/03\/Cadre-de-reference-des-Missions-Locales.pdf\"\n                               class=\"generic-button -color-2 -small -with-text-left-picto-right\"\n                               target=\"_blank\"\n                               rel=\"noopener noreferrer\">\n                                <span>T\u00e9l\u00e9charger<\/span>\n                                <?xml version=\"1.0\" encoding=\"UTF-8\"?>\n<svg width=\"24px\" height=\"24px\" viewBox=\"0 0 24 24\" version=\"1.1\" xmlns=\"http:\/\/www.w3.org\/2000\/svg\" xmlns:xlink=\"http:\/\/www.w3.org\/1999\/xlink\">\n    <title>icons\/Telecharger@3x<\/title>\n    <g id=\"icons\/Telecharger\" stroke=\"none\" stroke-width=\"1\" fill=\"none\" fill-rule=\"evenodd\">\n        <polygon id=\"zone\" points=\"0 24 24 24 24 0 0 0\"><\/polygon>\n        <path d=\"M20,20 C20.5522847,20 21,20.4477153 21,21 C21,21.5522847 20.5522847,22 20,22 L4,22 C3.44771525,22 3,21.5522847 3,21 C3,20.4477153 3.44771525,20 4,20 L20,20 Z M12,2 C12.5522847,2 13,2.44771525 13,3 L13,15.772 L18.0856362,11.2525907 C18.4666664,10.9138971 19.034547,10.9195244 19.4082496,11.2470591 L19.4974093,11.3356362 C19.8643273,11.7484189 19.8271466,12.3804913 19.4143638,12.7474093 L12.6643638,18.7474093 L12.649,18.759 L12.625449,18.7803112 L12.58,18.813 L12.5658632,18.8245898 L12.558,18.828 L12.5360882,18.844312 L12.476,18.877 L12.4606934,18.8877375 L12.454,18.89 L12.4397747,18.8983588 L12.37,18.927 L12.3501884,18.9368523 C12.2670141,18.9668616 12.1931348,18.9843853 12.1166211,18.9932723 L12,19 C11.8816533,19 11.7681082,18.9794416 11.6627412,18.9417014 L11.653,18.937 L11.629,18.927 L11.5602253,18.8983588 L11.545,18.89 L11.523,18.877 L11.4639118,18.844312 L11.441,18.828 L11.419,18.813 L11.374551,18.7803112 L11.35,18.759 L11.3356362,18.7474093 L4.58563616,12.7474093 C4.17285339,12.3804913 4.13567266,11.7484189 4.50259068,11.3356362 C4.8695087,10.9228534 5.50158107,10.8856727 5.91436384,11.2525907 L11,15.773 L11,3 C11,2.48716416 11.3860402,2.06449284 11.8833789,2.00672773 L12,2 Z\" id=\"DL-icon\" fill=\"#000000\"><\/path>\n    <\/g>\n<\/svg>                            <\/a>\n                        <\/div>\n                                                                                                            <div class=\"edito-lien-fichier-avance\">\n                                                        <div class=\"titre-date\">\n                                <div class=\"titre\">\n                                    Plaquette pour les institutionnels\n                                <\/div>\n                                                            <\/div>\n                            <a href=\"https:\/\/www.missionslocalesnormandie.fr\/content\/uploads\/sites\/14\/2024\/03\/Plaquette-pour-les-institutionnels.pdf\"\n                               class=\"generic-button -color-2 -small -with-text-left-picto-right\"\n                               target=\"_blank\"\n                               rel=\"noopener noreferrer\">\n                                <span>T\u00e9l\u00e9charger<\/span>\n                                <?xml version=\"1.0\" encoding=\"UTF-8\"?>\n<svg width=\"24px\" height=\"24px\" viewBox=\"0 0 24 24\" version=\"1.1\" xmlns=\"http:\/\/www.w3.org\/2000\/svg\" xmlns:xlink=\"http:\/\/www.w3.org\/1999\/xlink\">\n    <title>icons\/Telecharger@3x<\/title>\n    <g id=\"icons\/Telecharger\" stroke=\"none\" stroke-width=\"1\" fill=\"none\" fill-rule=\"evenodd\">\n        <polygon id=\"zone\" points=\"0 24 24 24 24 0 0 0\"><\/polygon>\n        <path d=\"M20,20 C20.5522847,20 21,20.4477153 21,21 C21,21.5522847 20.5522847,22 20,22 L4,22 C3.44771525,22 3,21.5522847 3,21 C3,20.4477153 3.44771525,20 4,20 L20,20 Z M12,2 C12.5522847,2 13,2.44771525 13,3 L13,15.772 L18.0856362,11.2525907 C18.4666664,10.9138971 19.034547,10.9195244 19.4082496,11.2470591 L19.4974093,11.3356362 C19.8643273,11.7484189 19.8271466,12.3804913 19.4143638,12.7474093 L12.6643638,18.7474093 L12.649,18.759 L12.625449,18.7803112 L12.58,18.813 L12.5658632,18.8245898 L12.558,18.828 L12.5360882,18.844312 L12.476,18.877 L12.4606934,18.8877375 L12.454,18.89 L12.4397747,18.8983588 L12.37,18.927 L12.3501884,18.9368523 C12.2670141,18.9668616 12.1931348,18.9843853 12.1166211,18.9932723 L12,19 C11.8816533,19 11.7681082,18.9794416 11.6627412,18.9417014 L11.653,18.937 L11.629,18.927 L11.5602253,18.8983588 L11.545,18.89 L11.523,18.877 L11.4639118,18.844312 L11.441,18.828 L11.419,18.813 L11.374551,18.7803112 L11.35,18.759 L11.3356362,18.7474093 L4.58563616,12.7474093 C4.17285339,12.3804913 4.13567266,11.7484189 4.50259068,11.3356362 C4.8695087,10.9228534 5.50158107,10.8856727 5.91436384,11.2525907 L11,15.773 L11,3 C11,2.48716416 11.3860402,2.06449284 11.8833789,2.00672773 L12,2 Z\" id=\"DL-icon\" fill=\"#000000\"><\/path>\n    <\/g>\n<\/svg>                            <\/a>\n                        <\/div>\n                                                        <\/div>\n    <\/div>\n\t\t<\/div>\n\t\t\t\t<\/div>\n\t\t\t\t\t<\/div>\n\t\t\t\t<\/div>\n\t\t\t\t<\/div>\n\t\t","protected":false},"excerpt":{"rendered":"<p>Notre histoire \ud83d\udcbc Les Missions Locales : un engagement pour les jeunes depuis 1982 Cr\u00e9\u00e9es en mars 1982, les Missions Locales sont n\u00e9es d\u2019un constat fort : l\u2019augmentation du ch\u00f4mage et de la pr\u00e9carit\u00e9 chez les jeunes.Suite au rapport de Bertrand Schwartz, une nouvelle approche voit le jour : accompagner les 16-25 ans de mani\u00e8re [&hellip;]<\/p>\n","protected":false},"author":1,"featured_media":0,"parent":0,"menu_order":0,"comment_status":"closed","ping_status":"closed","template":"","meta":{"_acf_changed":false,"_crosspost_to_1":false,"_crosspost_to_2":false,"_crosspost_to_3":false,"_crosspost_to_4":false,"_crosspost_to_5":false,"_crosspost_to_6":false,"_crosspost_to_7":false,"_crosspost_to_8":false,"_crosspost_to_11":false,"_crosspost_to_12":false,"_crosspost_to_13":false,"_crosspost_to_15":false,"_crosspost_to_16":false,"inline_featured_image":false,"footnotes":""},"acf":[],"yoast_head":"<!-- This site is optimized with the Yoast SEO plugin v21.9.1 - https:\/\/yoast.com\/wordpress\/plugins\/seo\/ -->\n<title>Notre organisation - MISSION LOCALE DE LA BAIE DE SEINE<\/title>\n<meta name=\"robots\" content=\"index, follow, max-snippet:-1, max-image-preview:large, max-video-preview:-1\" \/>\n<link rel=\"canonical\" href=\"https:\/\/www.missionslocalesnormandie.fr\/mission-locale-baie-de-seine\/notre-organisation\/\" \/>\n<meta property=\"og:locale\" content=\"fr_FR\" \/>\n<meta property=\"og:type\" content=\"article\" \/>\n<meta property=\"og:title\" content=\"Notre organisation - MISSION LOCALE DE LA BAIE DE SEINE\" \/>\n<meta property=\"og:description\" content=\"Notre histoire \ud83d\udcbc Les Missions Locales : un engagement pour les jeunes depuis 1982 Cr\u00e9\u00e9es en mars 1982, les Missions Locales sont n\u00e9es d\u2019un constat fort : l\u2019augmentation du ch\u00f4mage et de la pr\u00e9carit\u00e9 chez les jeunes.Suite au rapport de Bertrand Schwartz, une nouvelle approche voit le jour : accompagner les 16-25 ans de mani\u00e8re [&hellip;]\" \/>\n<meta property=\"og:url\" content=\"https:\/\/www.missionslocalesnormandie.fr\/mission-locale-baie-de-seine\/notre-organisation\/\" \/>\n<meta property=\"og:site_name\" content=\"MISSION LOCALE DE LA BAIE DE SEINE\" \/>\n<meta property=\"article:modified_time\" content=\"2025-08-25T09:48:27+00:00\" \/>\n<meta name=\"twitter:card\" content=\"summary_large_image\" \/>\n<meta name=\"twitter:label1\" content=\"Dur\u00e9e de lecture estim\u00e9e\" \/>\n\t<meta name=\"twitter:data1\" content=\"4 minutes\" \/>\n<script type=\"application\/ld+json\" class=\"yoast-schema-graph\">{\"@context\":\"https:\/\/schema.org\",\"@graph\":[{\"@type\":\"WebPage\",\"@id\":\"https:\/\/www.missionslocalesnormandie.fr\/mission-locale-baie-de-seine\/notre-organisation\/\",\"url\":\"https:\/\/www.missionslocalesnormandie.fr\/mission-locale-baie-de-seine\/notre-organisation\/\",\"name\":\"Notre organisation - MISSION LOCALE DE LA BAIE DE SEINE\",\"isPartOf\":{\"@id\":\"https:\/\/www.missionslocalesnormandie.fr\/mission-locale-baie-de-seine\/#website\"},\"datePublished\":\"2023-12-14T13:42:24+00:00\",\"dateModified\":\"2025-08-25T09:48:27+00:00\",\"breadcrumb\":{\"@id\":\"https:\/\/www.missionslocalesnormandie.fr\/mission-locale-baie-de-seine\/notre-organisation\/#breadcrumb\"},\"inLanguage\":\"fr-FR\",\"potentialAction\":[{\"@type\":\"ReadAction\",\"target\":[\"https:\/\/www.missionslocalesnormandie.fr\/mission-locale-baie-de-seine\/notre-organisation\/\"]}]},{\"@type\":\"BreadcrumbList\",\"@id\":\"https:\/\/www.missionslocalesnormandie.fr\/mission-locale-baie-de-seine\/notre-organisation\/#breadcrumb\",\"itemListElement\":[{\"@type\":\"ListItem\",\"position\":1,\"name\":\"Home\",\"item\":\"https:\/\/www.missionslocalesnormandie.fr\/mission-locale-baie-de-seine\/\"},{\"@type\":\"ListItem\",\"position\":2,\"name\":\"Notre organisation\"}]},{\"@type\":\"WebSite\",\"@id\":\"https:\/\/www.missionslocalesnormandie.fr\/mission-locale-baie-de-seine\/#website\",\"url\":\"https:\/\/www.missionslocalesnormandie.fr\/mission-locale-baie-de-seine\/\",\"name\":\"MISSION LOCALE DE LA BAIE DE SEINE\",\"description\":\"\",\"potentialAction\":[{\"@type\":\"SearchAction\",\"target\":{\"@type\":\"EntryPoint\",\"urlTemplate\":\"https:\/\/www.missionslocalesnormandie.fr\/mission-locale-baie-de-seine\/?s={search_term_string}\"},\"query-input\":\"required name=search_term_string\"}],\"inLanguage\":\"fr-FR\"}]}<\/script>\n<!-- \/ Yoast SEO plugin. -->","yoast_head_json":{"title":"Notre organisation - MISSION LOCALE DE LA BAIE DE SEINE","robots":{"index":"index","follow":"follow","max-snippet":"max-snippet:-1","max-image-preview":"max-image-preview:large","max-video-preview":"max-video-preview:-1"},"canonical":"https:\/\/www.missionslocalesnormandie.fr\/mission-locale-baie-de-seine\/notre-organisation\/","og_locale":"fr_FR","og_type":"article","og_title":"Notre organisation - MISSION LOCALE DE LA BAIE DE SEINE","og_description":"Notre histoire \ud83d\udcbc Les Missions Locales : un engagement pour les jeunes depuis 1982 Cr\u00e9\u00e9es en mars 1982, les Missions Locales sont n\u00e9es d\u2019un constat fort : l\u2019augmentation du ch\u00f4mage et de la pr\u00e9carit\u00e9 chez les jeunes.Suite au rapport de Bertrand Schwartz, une nouvelle approche voit le jour : accompagner les 16-25 ans de mani\u00e8re [&hellip;]","og_url":"https:\/\/www.missionslocalesnormandie.fr\/mission-locale-baie-de-seine\/notre-organisation\/","og_site_name":"MISSION LOCALE DE LA BAIE DE SEINE","article_modified_time":"2025-08-25T09:48:27+00:00","twitter_card":"summary_large_image","twitter_misc":{"Dur\u00e9e de lecture estim\u00e9e":"4 minutes"},"schema":{"@context":"https:\/\/schema.org","@graph":[{"@type":"WebPage","@id":"https:\/\/www.missionslocalesnormandie.fr\/mission-locale-baie-de-seine\/notre-organisation\/","url":"https:\/\/www.missionslocalesnormandie.fr\/mission-locale-baie-de-seine\/notre-organisation\/","name":"Notre organisation - MISSION LOCALE DE LA BAIE DE SEINE","isPartOf":{"@id":"https:\/\/www.missionslocalesnormandie.fr\/mission-locale-baie-de-seine\/#website"},"datePublished":"2023-12-14T13:42:24+00:00","dateModified":"2025-08-25T09:48:27+00:00","breadcrumb":{"@id":"https:\/\/www.missionslocalesnormandie.fr\/mission-locale-baie-de-seine\/notre-organisation\/#breadcrumb"},"inLanguage":"fr-FR","potentialAction":[{"@type":"ReadAction","target":["https:\/\/www.missionslocalesnormandie.fr\/mission-locale-baie-de-seine\/notre-organisation\/"]}]},{"@type":"BreadcrumbList","@id":"https:\/\/www.missionslocalesnormandie.fr\/mission-locale-baie-de-seine\/notre-organisation\/#breadcrumb","itemListElement":[{"@type":"ListItem","position":1,"name":"Home","item":"https:\/\/www.missionslocalesnormandie.fr\/mission-locale-baie-de-seine\/"},{"@type":"ListItem","position":2,"name":"Notre organisation"}]},{"@type":"WebSite","@id":"https:\/\/www.missionslocalesnormandie.fr\/mission-locale-baie-de-seine\/#website","url":"https:\/\/www.missionslocalesnormandie.fr\/mission-locale-baie-de-seine\/","name":"MISSION LOCALE DE LA BAIE DE SEINE","description":"","potentialAction":[{"@type":"SearchAction","target":{"@type":"EntryPoint","urlTemplate":"https:\/\/www.missionslocalesnormandie.fr\/mission-locale-baie-de-seine\/?s={search_term_string}"},"query-input":"required name=search_term_string"}],"inLanguage":"fr-FR"}]}},"_links":{"self":[{"href":"https:\/\/www.missionslocalesnormandie.fr\/mission-locale-baie-de-seine\/wp-json\/wp\/v2\/pages\/9"}],"collection":[{"href":"https:\/\/www.missionslocalesnormandie.fr\/mission-locale-baie-de-seine\/wp-json\/wp\/v2\/pages"}],"about":[{"href":"https:\/\/www.missionslocalesnormandie.fr\/mission-locale-baie-de-seine\/wp-json\/wp\/v2\/types\/page"}],"author":[{"embeddable":true,"href":"https:\/\/www.missionslocalesnormandie.fr\/mission-locale-baie-de-seine\/wp-json\/wp\/v2\/users\/1"}],"replies":[{"embeddable":true,"href":"https:\/\/www.missionslocalesnormandie.fr\/mission-locale-baie-de-seine\/wp-json\/wp\/v2\/comments?post=9"}],"version-history":[{"count":151,"href":"https:\/\/www.missionslocalesnormandie.fr\/mission-locale-baie-de-seine\/wp-json\/wp\/v2\/pages\/9\/revisions"}],"predecessor-version":[{"id":2395,"href":"https:\/\/www.missionslocalesnormandie.fr\/mission-locale-baie-de-seine\/wp-json\/wp\/v2\/pages\/9\/revisions\/2395"}],"wp:attachment":[{"href":"https:\/\/www.missionslocalesnormandie.fr\/mission-locale-baie-de-seine\/wp-json\/wp\/v2\/media?parent=9"}],"curies":[{"name":"wp","href":"https:\/\/api.w.org\/{rel}","templated":true}]}}