{"id":107,"date":"2023-12-14T15:18:06","date_gmt":"2023-12-14T14:18:06","guid":{"rendered":"https:\/\/www.missionslocalesnormandie.fr\/mission-locale-louviers-valdereuil-andelle\/?page_id=107"},"modified":"2024-04-17T12:53:47","modified_gmt":"2024-04-17T10:53:47","slug":"rse-mecenat","status":"publish","type":"page","link":"https:\/\/www.missionslocalesnormandie.fr\/mission-locale-louviers-valdereuil-andelle\/rse-mecenat\/","title":{"rendered":"Parrainage\/Mentorat"},"content":{"rendered":"\t\t<div data-elementor-type=\"wp-page\" data-elementor-id=\"107\" class=\"elementor elementor-107\">\n\t\t\t\t<div class=\"elementor-element elementor-element-57a9fc4 e-flex e-con-boxed e-con e-parent\" data-id=\"57a9fc4\" data-element_type=\"container\">\n\t\t\t\t\t<div class=\"e-con-inner\">\n\t\t\t\t<div class=\"elementor-element elementor-element-0499886 elementor-widget elementor-widget-block_titre\" data-id=\"0499886\" data-element_type=\"widget\" data-widget_type=\"block_titre.default\">\n\t\t\t\t<div class=\"elementor-widget-container\">\n\t\t\t    <div class=\"container\">\n        <h2>\n            Le parrainage\n        <\/h2>\n    <\/div>\n\t\t<\/div>\n\t\t\t\t<\/div>\n\t\t\t\t\t<\/div>\n\t\t\t\t<\/div>\n\t\t<div class=\"elementor-element elementor-element-19060f0 e-flex e-con-boxed e-con e-parent\" data-id=\"19060f0\" data-element_type=\"container\">\n\t\t\t\t\t<div class=\"e-con-inner\">\n\t\t<div class=\"elementor-element elementor-element-e736bcd e-con-full e-flex e-con e-child\" data-id=\"e736bcd\" data-element_type=\"container\">\n\t\t\t\t<div class=\"elementor-element elementor-element-2d3d09d elementor-widget elementor-widget-block_simple_visuel\" data-id=\"2d3d09d\" data-element_type=\"widget\" data-widget_type=\"block_simple_visuel.default\">\n\t\t\t\t<div class=\"elementor-widget-container\">\n\t\t\t    <div class=\"container\">\n        <figure>\n                        \n                                                            <a href=\"https:\/\/www.missionslocalesnormandie.fr\/content\/uploads\/sites\/12\/2024\/04\/parrainage2.png\">\n                    <img decoding=\"async\" src=\"https:\/\/www.missionslocalesnormandie.fr\/content\/uploads\/sites\/12\/2024\/04\/parrainage2-950x595-c-default.png\"\n                         alt=\"MISSION LOCALE LOUVIERS-VAL DE REUIL-ANDELLE\"\/>\n                <\/a>\n            \n                    <\/figure>\n    <\/div>\n\t\t<\/div>\n\t\t\t\t<\/div>\n\t\t\t\t<\/div>\n\t\t<div class=\"elementor-element elementor-element-1441bbd e-con-full e-flex e-con e-child\" data-id=\"1441bbd\" data-element_type=\"container\">\n\t\t\t\t<div class=\"elementor-element elementor-element-9a48d7e elementor-widget elementor-widget-block_simple_texte\" data-id=\"9a48d7e\" data-element_type=\"widget\" data-widget_type=\"block_simple_texte.default\">\n\t\t\t\t<div class=\"elementor-widget-container\">\n\t\t\t    <div class=\"container\">\n        <p style=\"text-align: justify\"><span style=\"font-weight: 400\"><span style=\"vertical-align: inherit\"><span style=\"vertical-align: inherit\">Le parrainage, c'est insufler une v\u00e9ritable dynamique en faveur de l'emploi des jeunes. <\/span><\/span><\/span><\/p><p style=\"text-align: justify\"><span style=\"font-weight: 400\"><span style=\"vertical-align: inherit\"><span style=\"vertical-align: inherit\">C'est l'opportunit\u00e9 de partager votre exp\u00e9rience, de guider un jeune pour qu'il acqui\u00e8re de nouvelles comp\u00e9tences et de lui faire d\u00e9couvrir vos m\u00e9tiers.<\/span><\/span><\/span><\/p><p style=\"text-align: justify\">Le parrain, la marraine est un.e salari\u00e9.e, chef.e d\u2019entreprise ou retrait\u00e9.e qui souhaite consacrer du temps \u00e0 accompagner un ou plusieurs jeunes au d\u00e9but de son parcours professionnel. Le-la parrain-marraine va apporter des <strong>connaissances sur le monde du travail<\/strong> ainsi qu\u2019une <strong>ouverture sur son r\u00e9seau professionnel<\/strong> afin d\u2019accompagner le ou la filleul.e dans sa recherche d\u2019emploi et lever certaines barri\u00e8res \u00e0 l'emploi.\u00a0 Avec bienveillance, le parrain ou la marraine peut aussi \u00eatre amen\u00e9.e \u00e0 <strong>rassurer<\/strong> le ou la filleul.e sur ses capacit\u00e9s et \u00e0 le <strong>soutenir<\/strong> dans les d\u00e9marches et les \u00e9tapes du parcours qu\u2019il-elle m\u00e8ne. Les parrains-marraines ne sont pas seul-e-s : ils-elles restent en contact avec le-la conseiller-\u00e8re de la Mission locale et ont acc\u00e8s \u00e0 des sources d\u2019information pour se renseigner.\u00a0<\/p><p style=\"text-align: justify\">Le parrainage est une action que vous pouvez valoriser dans le cadre de votre d\u00e9marche de Responsabilit\u00e9 Soci\u00e9tale des Entreprises (R.S.E)<\/p>\n    <\/div>\n\t\t<\/div>\n\t\t\t\t<\/div>\n\t\t\t\t<\/div>\n\t\t\t\t\t<\/div>\n\t\t\t\t<\/div>\n\t\t<div class=\"elementor-element elementor-element-80d9786 e-flex e-con-boxed e-con e-parent\" data-id=\"80d9786\" data-element_type=\"container\">\n\t\t\t\t\t<div class=\"e-con-inner\">\n\t\t\t\t<div class=\"elementor-element elementor-element-75fc152 elementor-widget elementor-widget-block_liens_fichiers\" data-id=\"75fc152\" data-element_type=\"widget\" data-widget_type=\"block_liens_fichiers.default\">\n\t\t\t\t<div class=\"elementor-widget-container\">\n\t\t\t    <div class=\"container\">\n        <div class=\"my-4\">\n                                                                        <div class=\"edito-lien-fichier-avance\">\n                                                        <div class=\"titre-date\">\n                                <div class=\"titre\">\n                                    Plaquette parrainage\n                                <\/div>\n                                                            <\/div>\n                            <a href=\"https:\/\/acrobat.adobe.com\/id\/urn:aaid:sc:EU:8da0731a-0484-4b67-932e-dcb8d0c3ec63\"\n                               class=\"generic-button -color-2 -small -with-text-left-picto-right\"\n                               target=\"_blank\"\n                               rel=\"noopener noreferrer\">\n                                <span>T\u00e9l\u00e9charger<\/span>\n                                <?xml version=\"1.0\" encoding=\"UTF-8\"?>\n<svg width=\"24px\" height=\"24px\" viewBox=\"0 0 24 24\" version=\"1.1\" xmlns=\"http:\/\/www.w3.org\/2000\/svg\" xmlns:xlink=\"http:\/\/www.w3.org\/1999\/xlink\">\n    <title>icons\/Telecharger@3x<\/title>\n    <g id=\"icons\/Telecharger\" stroke=\"none\" stroke-width=\"1\" fill=\"none\" fill-rule=\"evenodd\">\n        <polygon id=\"zone\" points=\"0 24 24 24 24 0 0 0\"><\/polygon>\n        <path d=\"M20,20 C20.5522847,20 21,20.4477153 21,21 C21,21.5522847 20.5522847,22 20,22 L4,22 C3.44771525,22 3,21.5522847 3,21 C3,20.4477153 3.44771525,20 4,20 L20,20 Z M12,2 C12.5522847,2 13,2.44771525 13,3 L13,15.772 L18.0856362,11.2525907 C18.4666664,10.9138971 19.034547,10.9195244 19.4082496,11.2470591 L19.4974093,11.3356362 C19.8643273,11.7484189 19.8271466,12.3804913 19.4143638,12.7474093 L12.6643638,18.7474093 L12.649,18.759 L12.625449,18.7803112 L12.58,18.813 L12.5658632,18.8245898 L12.558,18.828 L12.5360882,18.844312 L12.476,18.877 L12.4606934,18.8877375 L12.454,18.89 L12.4397747,18.8983588 L12.37,18.927 L12.3501884,18.9368523 C12.2670141,18.9668616 12.1931348,18.9843853 12.1166211,18.9932723 L12,19 C11.8816533,19 11.7681082,18.9794416 11.6627412,18.9417014 L11.653,18.937 L11.629,18.927 L11.5602253,18.8983588 L11.545,18.89 L11.523,18.877 L11.4639118,18.844312 L11.441,18.828 L11.419,18.813 L11.374551,18.7803112 L11.35,18.759 L11.3356362,18.7474093 L4.58563616,12.7474093 C4.17285339,12.3804913 4.13567266,11.7484189 4.50259068,11.3356362 C4.8695087,10.9228534 5.50158107,10.8856727 5.91436384,11.2525907 L11,15.773 L11,3 C11,2.48716416 11.3860402,2.06449284 11.8833789,2.00672773 L12,2 Z\" id=\"DL-icon\" fill=\"#000000\"><\/path>\n    <\/g>\n<\/svg>                            <\/a>\n                        <\/div>\n                                                        <\/div>\n    <\/div>\n\t\t<\/div>\n\t\t\t\t<\/div>\n\t\t\t\t\t<\/div>\n\t\t\t\t<\/div>\n\t\t<div class=\"elementor-element elementor-element-19e4293 e-flex e-con-boxed e-con e-parent\" data-id=\"19e4293\" data-element_type=\"container\">\n\t\t\t\t\t<div class=\"e-con-inner\">\n\t\t\t\t<div class=\"elementor-element elementor-element-7b1f19a elementor-widget elementor-widget-block_titre\" data-id=\"7b1f19a\" data-element_type=\"widget\" data-widget_type=\"block_titre.default\">\n\t\t\t\t<div class=\"elementor-widget-container\">\n\t\t\t    <div class=\"container\">\n        <h2>\n            Le m\u00e9c\u00e9nat\n        <\/h2>\n    <\/div>\n\t\t<\/div>\n\t\t\t\t<\/div>\n\t\t\t\t<div class=\"elementor-element elementor-element-76dc87e elementor-widget elementor-widget-block_simple_texte\" data-id=\"76dc87e\" data-element_type=\"widget\" data-widget_type=\"block_simple_texte.default\">\n\t\t\t\t<div class=\"elementor-widget-container\">\n\t\t\t    <div class=\"container\">\n        <p style=\"text-align: justify\"><span style=\"font-weight: 400\">Avec la Mission Locale, faites le choix de vous engager pour l'emploi des jeunes dans le cadre de votre d\u00e9marche RSE<\/span><\/p><p style=\"text-align: justify\"><span style=\"font-weight: 400\">La Mission Locale propose diff\u00e9rentes formes de m\u00e9c\u00e9nat pour vous impliquer :<\/span><\/p><ul><li style=\"text-align: justify\"><span style=\"font-weight: 400\">Le m\u00e9c\u00e9nat en nature : faites don de biens, de services ou de moyens mat\u00e9riels, avec d\u00e9duction fiscale possible.<\/span><\/li><li style=\"text-align: justify\"><span style=\"font-weight: 400\">Le m\u00e9c\u00e9nat de comp\u00e9tences : mettez \u00e0 disposition du personnel pour des prestations de services ou du pr\u00eat de main d'\u0153uvre, en soutien \u00e0 des activit\u00e9s sp\u00e9cifiques, faites d\u00e9couvrir vos m\u00e9tiers (d\u00e9couverte m\u00e9tier, intervention de professionnel, visite de votre entreprise), recrutez des jeunes, faites b\u00e9n\u00e9ficier les jeunes de votre exp\u00e9rience et de votre r\u00e9seau (le parrainage), contribuez \u00e0 notre mission (taxe d'apprentissage, dons)<\/span><\/li><\/ul>\n    <\/div>\n\t\t<\/div>\n\t\t\t\t<\/div>\n\t\t\t\t\t<\/div>\n\t\t\t\t<\/div>\n\t\t<div class=\"elementor-element elementor-element-aae1523 e-flex e-con-boxed e-con e-parent\" data-id=\"aae1523\" data-element_type=\"container\">\n\t\t\t\t\t<div class=\"e-con-inner\">\n\t\t\t\t<div class=\"elementor-element elementor-element-9d7cfb0 elementor-widget elementor-widget-block_titre\" data-id=\"9d7cfb0\" data-element_type=\"widget\" data-widget_type=\"block_titre.default\">\n\t\t\t\t<div class=\"elementor-widget-container\">\n\t\t\t    <div class=\"container\">\n        <h2>\n            Notre Mission Locale est \u00e9ligible au solde de la Taxe d'apprentissage\n        <\/h2>\n    <\/div>\n\t\t<\/div>\n\t\t\t\t<\/div>\n\t\t\t\t\t<\/div>\n\t\t\t\t<\/div>\n\t\t<div class=\"elementor-element elementor-element-393bef4 e-flex e-con-boxed e-con e-parent\" data-id=\"393bef4\" data-element_type=\"container\">\n\t\t\t\t\t<div class=\"e-con-inner\">\n\t\t<div class=\"elementor-element elementor-element-4b104e7 e-con-full e-flex e-con e-child\" data-id=\"4b104e7\" data-element_type=\"container\">\n\t\t\t\t<div class=\"elementor-element elementor-element-c61f151 elementor-widget elementor-widget-block_simple_texte\" data-id=\"c61f151\" data-element_type=\"widget\" data-widget_type=\"block_simple_texte.default\">\n\t\t\t\t<div class=\"elementor-widget-container\">\n\t\t\t    <div class=\"container\">\n        <h6><strong>Notre Mission Locale est \u00e9ligible \u00e0 la\u00a0<u>taxe d\u2019apprentissage<\/u>\u00a0c<\/strong>ar elle joue un r\u00f4le crucial dans l\u2019accompagnement des jeunes vers l\u2019emploi et la formation, en r\u00e9pondant aux besoins des jeunes et des entreprises du territoire.<\/h6><p><strong><img decoding=\"async\" class=\"emoji\" role=\"img\" src=\"https:\/\/s.w.org\/images\/core\/emoji\/15.0.3\/svg\/1f9ed.svg\" alt=\"\ud83e\udded\" \/>\u00a0Orientation et formation des jeunes\u00a0<\/strong>:\u00a0 Nous proposons un accompagnement \u00e0 la formation professionnelle et \u00e0 l\u2019orientation pour contribuer \u00e0 l\u2019employabilit\u00e9 des jeunes.<\/p><p><strong><img decoding=\"async\" class=\"emoji\" role=\"img\" src=\"https:\/\/s.w.org\/images\/core\/emoji\/15.0.3\/svg\/1f4bc.svg\" alt=\"\ud83d\udcbc\" \/>\u00a0Insertion professionnelle<\/strong>: En aidant les jeunes \u00e0 trouver un emploi ou une formation adapt\u00e9e \u00e0 leurs comp\u00e9tences et aspirations, notre Mission Locale contribue \u00e0 l\u2019insertion professionnelle. Les entreprises peuvent soutenir financi\u00e8rement ces actions en versant une partie de leur taxe d\u2019apprentissage.<\/p><p><strong><img decoding=\"async\" class=\"emoji\" role=\"img\" src=\"https:\/\/s.w.org\/images\/core\/emoji\/15.0.3\/svg\/1f3ed.svg\" alt=\"\ud83c\udfed\" \/>\u00a0Partenariat avec les entreprises<\/strong>: Nous travaillons en \u00e9troite collaboration avec les entreprises locales pour identifier les besoins en comp\u00e9tences et faciliter l\u2019insertion professionnelle des jeunes. Les entreprises peuvent voir dans le soutien financier \u00e0 la mission locale une mani\u00e8re d\u2019investir dans le d\u00e9veloppement de leur futur personnel qualifi\u00e9.<\/p><p><strong><img decoding=\"async\" class=\"emoji\" role=\"img\" src=\"https:\/\/s.w.org\/images\/core\/emoji\/15.0.3\/svg\/1f309.svg\" alt=\"\ud83c\udf09\" \/>\u00a0R\u00e9ponse aux besoins du territoire\u00a0<\/strong>: Les actions men\u00e9es par notre Mission Locale r\u00e9pondent aux besoins sp\u00e9cifiques du territoire en termes d\u2019emploi et de formation. En soutenant financi\u00e8rement la Mission Locale, les entreprises participent \u00e0 l\u2019am\u00e9lioration de l\u2019\u00e9cosyst\u00e8me \u00e9conomique local.<\/p><p>\u00a0<\/p>\n    <\/div>\n\t\t<\/div>\n\t\t\t\t<\/div>\n\t\t\t\t<\/div>\n\t\t<div class=\"elementor-element elementor-element-f0fbaea e-con-full e-flex e-con e-child\" data-id=\"f0fbaea\" data-element_type=\"container\">\n\t\t\t\t<div class=\"elementor-element elementor-element-9c99424 elementor-widget elementor-widget-block_simple_embed\" data-id=\"9c99424\" data-element_type=\"widget\" data-widget_type=\"block_simple_embed.default\">\n\t\t\t\t<div class=\"elementor-widget-container\">\n\t\t\t<div class=\"container\">\n    <div class=\"embed-wrapper ratio ratio-16x9 my-4\">\n                <iframe src=\"https:\/\/www.youtube.com\/embed\/n8g2RKTn5_Y\"\n                allowfullscreen><\/iframe>\n            <\/div>\n<\/div>\t\t<\/div>\n\t\t\t\t<\/div>\n\t\t\t\t<\/div>\n\t\t\t\t\t<\/div>\n\t\t\t\t<\/div>\n\t\t\t\t<\/div>\n\t\t","protected":false},"excerpt":{"rendered":"<p>Le parrainage Le parrainage, c&#8217;est insufler une v\u00e9ritable dynamique en faveur de l&#8217;emploi des jeunes. C&#8217;est l&#8217;opportunit\u00e9 de partager votre exp\u00e9rience, de guider un jeune pour qu&#8217;il acqui\u00e8re de nouvelles comp\u00e9tences et de lui faire d\u00e9couvrir vos m\u00e9tiers. Le parrain, la marraine est un.e salari\u00e9.e, chef.e d\u2019entreprise ou retrait\u00e9.e qui souhaite consacrer du temps \u00e0 [&hellip;]<\/p>\n","protected":false},"author":1,"featured_media":0,"parent":0,"menu_order":0,"comment_status":"closed","ping_status":"closed","template":"","meta":{"_acf_changed":false,"_crosspost_to_1":false,"_crosspost_to_2":false,"_crosspost_to_3":false,"_crosspost_to_4":false,"_crosspost_to_5":false,"_crosspost_to_6":false,"_crosspost_to_7":false,"_crosspost_to_8":false,"_crosspost_to_11":false,"_crosspost_to_13":false,"_crosspost_to_14":false,"_crosspost_to_15":false,"_crosspost_to_16":false,"inline_featured_image":false,"footnotes":""},"acf":[],"yoast_head":"<!-- This site is optimized with the Yoast SEO plugin v21.9.1 - https:\/\/yoast.com\/wordpress\/plugins\/seo\/ -->\n<title>Parrainage\/Mentorat - MISSION LOCALE LOUVIERS-VAL DE REUIL-ANDELLE<\/title>\n<meta name=\"robots\" content=\"index, follow, max-snippet:-1, max-image-preview:large, max-video-preview:-1\" \/>\n<link rel=\"canonical\" href=\"https:\/\/www.missionslocalesnormandie.fr\/mission-locale-louviers-valdereuil-andelle\/rse-mecenat\/\" \/>\n<meta property=\"og:locale\" content=\"fr_FR\" \/>\n<meta property=\"og:type\" content=\"article\" \/>\n<meta property=\"og:title\" content=\"Parrainage\/Mentorat - MISSION LOCALE LOUVIERS-VAL DE REUIL-ANDELLE\" \/>\n<meta property=\"og:description\" content=\"Le parrainage Le parrainage, c&#8217;est insufler une v\u00e9ritable dynamique en faveur de l&#8217;emploi des jeunes. C&#8217;est l&#8217;opportunit\u00e9 de partager votre exp\u00e9rience, de guider un jeune pour qu&#8217;il acqui\u00e8re de nouvelles comp\u00e9tences et de lui faire d\u00e9couvrir vos m\u00e9tiers. Le parrain, la marraine est un.e salari\u00e9.e, chef.e d\u2019entreprise ou retrait\u00e9.e qui souhaite consacrer du temps \u00e0 [&hellip;]\" \/>\n<meta property=\"og:url\" content=\"https:\/\/www.missionslocalesnormandie.fr\/mission-locale-louviers-valdereuil-andelle\/rse-mecenat\/\" \/>\n<meta property=\"og:site_name\" content=\"MISSION LOCALE LOUVIERS-VAL DE REUIL-ANDELLE\" \/>\n<meta property=\"article:modified_time\" content=\"2024-04-17T10:53:47+00:00\" \/>\n<meta property=\"og:image\" content=\"https:\/\/www.missionslocalesnormandie.fr\/content\/uploads\/sites\/12\/2024\/04\/parrainage2-950x595-c-default.png\" \/>\n<meta name=\"twitter:card\" content=\"summary_large_image\" \/>\n<meta name=\"twitter:label1\" content=\"Dur\u00e9e de lecture estim\u00e9e\" \/>\n\t<meta name=\"twitter:data1\" content=\"4 minutes\" \/>\n<script type=\"application\/ld+json\" class=\"yoast-schema-graph\">{\"@context\":\"https:\/\/schema.org\",\"@graph\":[{\"@type\":\"WebPage\",\"@id\":\"https:\/\/www.missionslocalesnormandie.fr\/mission-locale-louviers-valdereuil-andelle\/rse-mecenat\/\",\"url\":\"https:\/\/www.missionslocalesnormandie.fr\/mission-locale-louviers-valdereuil-andelle\/rse-mecenat\/\",\"name\":\"Parrainage\/Mentorat - MISSION LOCALE LOUVIERS-VAL DE REUIL-ANDELLE\",\"isPartOf\":{\"@id\":\"https:\/\/www.missionslocalesnormandie.fr\/mission-locale-louviers-valdereuil-andelle\/#website\"},\"datePublished\":\"2023-12-14T14:18:06+00:00\",\"dateModified\":\"2024-04-17T10:53:47+00:00\",\"breadcrumb\":{\"@id\":\"https:\/\/www.missionslocalesnormandie.fr\/mission-locale-louviers-valdereuil-andelle\/rse-mecenat\/#breadcrumb\"},\"inLanguage\":\"fr-FR\",\"potentialAction\":[{\"@type\":\"ReadAction\",\"target\":[\"https:\/\/www.missionslocalesnormandie.fr\/mission-locale-louviers-valdereuil-andelle\/rse-mecenat\/\"]}]},{\"@type\":\"BreadcrumbList\",\"@id\":\"https:\/\/www.missionslocalesnormandie.fr\/mission-locale-louviers-valdereuil-andelle\/rse-mecenat\/#breadcrumb\",\"itemListElement\":[{\"@type\":\"ListItem\",\"position\":1,\"name\":\"Home\",\"item\":\"https:\/\/www.missionslocalesnormandie.fr\/mission-locale-louviers-valdereuil-andelle\/\"},{\"@type\":\"ListItem\",\"position\":2,\"name\":\"Parrainage\/Mentorat\"}]},{\"@type\":\"WebSite\",\"@id\":\"https:\/\/www.missionslocalesnormandie.fr\/mission-locale-louviers-valdereuil-andelle\/#website\",\"url\":\"https:\/\/www.missionslocalesnormandie.fr\/mission-locale-louviers-valdereuil-andelle\/\",\"name\":\"MISSION LOCALE LOUVIERS-VAL DE REUIL-ANDELLE\",\"description\":\"\",\"potentialAction\":[{\"@type\":\"SearchAction\",\"target\":{\"@type\":\"EntryPoint\",\"urlTemplate\":\"https:\/\/www.missionslocalesnormandie.fr\/mission-locale-louviers-valdereuil-andelle\/?s={search_term_string}\"},\"query-input\":\"required name=search_term_string\"}],\"inLanguage\":\"fr-FR\"}]}<\/script>\n<!-- \/ Yoast SEO plugin. -->","yoast_head_json":{"title":"Parrainage\/Mentorat - MISSION LOCALE LOUVIERS-VAL DE REUIL-ANDELLE","robots":{"index":"index","follow":"follow","max-snippet":"max-snippet:-1","max-image-preview":"max-image-preview:large","max-video-preview":"max-video-preview:-1"},"canonical":"https:\/\/www.missionslocalesnormandie.fr\/mission-locale-louviers-valdereuil-andelle\/rse-mecenat\/","og_locale":"fr_FR","og_type":"article","og_title":"Parrainage\/Mentorat - MISSION LOCALE LOUVIERS-VAL DE REUIL-ANDELLE","og_description":"Le parrainage Le parrainage, c&#8217;est insufler une v\u00e9ritable dynamique en faveur de l&#8217;emploi des jeunes. C&#8217;est l&#8217;opportunit\u00e9 de partager votre exp\u00e9rience, de guider un jeune pour qu&#8217;il acqui\u00e8re de nouvelles comp\u00e9tences et de lui faire d\u00e9couvrir vos m\u00e9tiers. Le parrain, la marraine est un.e salari\u00e9.e, chef.e d\u2019entreprise ou retrait\u00e9.e qui souhaite consacrer du temps \u00e0 [&hellip;]","og_url":"https:\/\/www.missionslocalesnormandie.fr\/mission-locale-louviers-valdereuil-andelle\/rse-mecenat\/","og_site_name":"MISSION LOCALE LOUVIERS-VAL DE REUIL-ANDELLE","article_modified_time":"2024-04-17T10:53:47+00:00","og_image":[{"url":"https:\/\/www.missionslocalesnormandie.fr\/content\/uploads\/sites\/12\/2024\/04\/parrainage2-950x595-c-default.png"}],"twitter_card":"summary_large_image","twitter_misc":{"Dur\u00e9e de lecture estim\u00e9e":"4 minutes"},"schema":{"@context":"https:\/\/schema.org","@graph":[{"@type":"WebPage","@id":"https:\/\/www.missionslocalesnormandie.fr\/mission-locale-louviers-valdereuil-andelle\/rse-mecenat\/","url":"https:\/\/www.missionslocalesnormandie.fr\/mission-locale-louviers-valdereuil-andelle\/rse-mecenat\/","name":"Parrainage\/Mentorat - MISSION LOCALE LOUVIERS-VAL DE REUIL-ANDELLE","isPartOf":{"@id":"https:\/\/www.missionslocalesnormandie.fr\/mission-locale-louviers-valdereuil-andelle\/#website"},"datePublished":"2023-12-14T14:18:06+00:00","dateModified":"2024-04-17T10:53:47+00:00","breadcrumb":{"@id":"https:\/\/www.missionslocalesnormandie.fr\/mission-locale-louviers-valdereuil-andelle\/rse-mecenat\/#breadcrumb"},"inLanguage":"fr-FR","potentialAction":[{"@type":"ReadAction","target":["https:\/\/www.missionslocalesnormandie.fr\/mission-locale-louviers-valdereuil-andelle\/rse-mecenat\/"]}]},{"@type":"BreadcrumbList","@id":"https:\/\/www.missionslocalesnormandie.fr\/mission-locale-louviers-valdereuil-andelle\/rse-mecenat\/#breadcrumb","itemListElement":[{"@type":"ListItem","position":1,"name":"Home","item":"https:\/\/www.missionslocalesnormandie.fr\/mission-locale-louviers-valdereuil-andelle\/"},{"@type":"ListItem","position":2,"name":"Parrainage\/Mentorat"}]},{"@type":"WebSite","@id":"https:\/\/www.missionslocalesnormandie.fr\/mission-locale-louviers-valdereuil-andelle\/#website","url":"https:\/\/www.missionslocalesnormandie.fr\/mission-locale-louviers-valdereuil-andelle\/","name":"MISSION LOCALE LOUVIERS-VAL DE REUIL-ANDELLE","description":"","potentialAction":[{"@type":"SearchAction","target":{"@type":"EntryPoint","urlTemplate":"https:\/\/www.missionslocalesnormandie.fr\/mission-locale-louviers-valdereuil-andelle\/?s={search_term_string}"},"query-input":"required name=search_term_string"}],"inLanguage":"fr-FR"}]}},"_links":{"self":[{"href":"https:\/\/www.missionslocalesnormandie.fr\/mission-locale-louviers-valdereuil-andelle\/wp-json\/wp\/v2\/pages\/107"}],"collection":[{"href":"https:\/\/www.missionslocalesnormandie.fr\/mission-locale-louviers-valdereuil-andelle\/wp-json\/wp\/v2\/pages"}],"about":[{"href":"https:\/\/www.missionslocalesnormandie.fr\/mission-locale-louviers-valdereuil-andelle\/wp-json\/wp\/v2\/types\/page"}],"author":[{"embeddable":true,"href":"https:\/\/www.missionslocalesnormandie.fr\/mission-locale-louviers-valdereuil-andelle\/wp-json\/wp\/v2\/users\/1"}],"replies":[{"embeddable":true,"href":"https:\/\/www.missionslocalesnormandie.fr\/mission-locale-louviers-valdereuil-andelle\/wp-json\/wp\/v2\/comments?post=107"}],"version-history":[{"count":56,"href":"https:\/\/www.missionslocalesnormandie.fr\/mission-locale-louviers-valdereuil-andelle\/wp-json\/wp\/v2\/pages\/107\/revisions"}],"predecessor-version":[{"id":1425,"href":"https:\/\/www.missionslocalesnormandie.fr\/mission-locale-louviers-valdereuil-andelle\/wp-json\/wp\/v2\/pages\/107\/revisions\/1425"}],"wp:attachment":[{"href":"https:\/\/www.missionslocalesnormandie.fr\/mission-locale-louviers-valdereuil-andelle\/wp-json\/wp\/v2\/media?parent=107"}],"curies":[{"name":"wp","href":"https:\/\/api.w.org\/{rel}","templated":true}]}}