{"id":151,"date":"2023-12-14T15:36:07","date_gmt":"2023-12-14T14:36:07","guid":{"rendered":"https:\/\/www.missionslocalesnormandie.fr\/mission-locale-louviers-valdereuil-andelle\/?page_id=151"},"modified":"2025-05-23T14:46:04","modified_gmt":"2025-05-23T12:46:04","slug":"minformer","status":"publish","type":"page","link":"https:\/\/www.missionslocalesnormandie.fr\/mission-locale-louviers-valdereuil-andelle\/minformer\/","title":{"rendered":"Mon accompagnement"},"content":{"rendered":"\t\t<div data-elementor-type=\"wp-page\" data-elementor-id=\"151\" class=\"elementor elementor-151\">\n\t\t\t\t<div class=\"elementor-element elementor-element-b6d2518 e-flex e-con-boxed e-con e-parent\" data-id=\"b6d2518\" data-element_type=\"container\">\n\t\t\t\t\t<div class=\"e-con-inner\">\n\t\t\t\t<div class=\"elementor-element elementor-element-c9acd6d elementor-widget elementor-widget-block_titre\" data-id=\"c9acd6d\" data-element_type=\"widget\" data-widget_type=\"block_titre.default\">\n\t\t\t\t<div class=\"elementor-widget-container\">\n\t\t\t    <div class=\"container\">\n        <h2>\n            Un accompagnement qui r\u00e9pond \u00e0 tes besoins !\n        <\/h2>\n    <\/div>\n\t\t<\/div>\n\t\t\t\t<\/div>\n\t\t\t\t\t<\/div>\n\t\t\t\t<\/div>\n\t\t<div class=\"elementor-element elementor-element-9be68a1 e-flex e-con-boxed e-con e-parent\" data-id=\"9be68a1\" data-element_type=\"container\">\n\t\t\t\t\t<div class=\"e-con-inner\">\n\t\t<div class=\"elementor-element elementor-element-71bf393 e-con-full e-flex e-con e-child\" data-id=\"71bf393\" data-element_type=\"container\">\n\t\t\t\t<div class=\"elementor-element elementor-element-e9ae24e elementor-widget elementor-widget-block_simple_texte\" data-id=\"e9ae24e\" data-element_type=\"widget\" data-widget_type=\"block_simple_texte.default\">\n\t\t\t\t<div class=\"elementor-widget-container\">\n\t\t\t    <div class=\"container\">\n        <div class=\"\"><h3>Tu as entre 16 et 25 ans (29 ans pour les jeunes en situation de handicap)\u00a0 et\u00a0 :<\/h3><\/div><div class=\"\"><ul><li>tu es \u00e0 la <strong>recherche d\u2019un emploi,<\/strong><\/li><li style=\"text-align: justify\">tu as une id\u00e9e de <strong>projet professionnel<\/strong> et tu te demandes comment le r\u00e9aliser,<\/li><li>tu souhaites avoir acc\u00e8s \u00e0 une <strong>formation ou une alternance,<\/strong><\/li><li style=\"text-align: justify\">tu as besoin d'acc\u00e9der \u00e0 tes <strong>droits<\/strong> (sant\u00e9, logement, citoyennet\u00e9...),<\/li><li>tu cherches un <strong>m\u00e9tier<\/strong> qui te plait vraiment,<\/li><li>tu ne sais pas comment financer ton permis ou l'\u00e9quipement de ton premier logement,<\/li><li><strong>EN BREF<\/strong> tu as besoin de trouver des r\u00e9ponses \u00e0 toutes tes questions qui concerne ton <strong>avenir<\/strong> !<\/li><\/ul><p style=\"text-align: justify\">\u00a0Les conseillers des Missions Locales sont l\u00e0 pour te guider dans tes d\u00e9marches.<\/p><\/div>\n    <\/div>\n\t\t<\/div>\n\t\t\t\t<\/div>\n\t\t\t\t<\/div>\n\t\t<div class=\"elementor-element elementor-element-dadbf26 e-con-full e-flex e-con e-child\" data-id=\"dadbf26\" data-element_type=\"container\">\n\t\t\t\t<div class=\"elementor-element elementor-element-6e9593d elementor-widget elementor-widget-block_simple_visuel\" data-id=\"6e9593d\" data-element_type=\"widget\" data-widget_type=\"block_simple_visuel.default\">\n\t\t\t\t<div class=\"elementor-widget-container\">\n\t\t\t    <div class=\"container\">\n        <figure>\n                        \n                                                            <a href=\"https:\/\/www.missionslocalesnormandie.fr\/content\/uploads\/sites\/12\/2024\/04\/Jeune-2.jpg\">\n                    <img decoding=\"async\" src=\"https:\/\/www.missionslocalesnormandie.fr\/content\/uploads\/sites\/12\/2024\/04\/Jeune-2-950x595-c-default.jpg\"\n                         alt=\"MISSION LOCALE LOUVIERS-VAL DE REUIL-ANDELLE\"\/>\n                <\/a>\n            \n                    <\/figure>\n    <\/div>\n\t\t<\/div>\n\t\t\t\t<\/div>\n\t\t\t\t<\/div>\n\t\t<div class=\"elementor-element elementor-element-5b27dde e-con-full e-flex e-con e-child\" data-id=\"5b27dde\" data-element_type=\"container\">\n\t\t\t\t<div class=\"elementor-element elementor-element-9a3e790 elementor-widget elementor-widget-block_simple_visuel\" data-id=\"9a3e790\" data-element_type=\"widget\" data-widget_type=\"block_simple_visuel.default\">\n\t\t\t\t<div class=\"elementor-widget-container\">\n\t\t\t    <div class=\"container\">\n        <figure>\n                        \n                                                            <a href=\"https:\/\/www.missionslocalesnormandie.fr\/content\/uploads\/sites\/12\/2024\/04\/JeuneH.jpg\">\n                    <img decoding=\"async\" src=\"https:\/\/www.missionslocalesnormandie.fr\/content\/uploads\/sites\/12\/2024\/04\/JeuneH-950x595-c-default.jpg\"\n                         alt=\"MISSION LOCALE LOUVIERS-VAL DE REUIL-ANDELLE\"\/>\n                <\/a>\n            \n                    <\/figure>\n    <\/div>\n\t\t<\/div>\n\t\t\t\t<\/div>\n\t\t\t\t<\/div>\n\t\t<div class=\"elementor-element elementor-element-646439c e-con-full e-flex e-con e-child\" data-id=\"646439c\" data-element_type=\"container\">\n\t\t\t\t<div class=\"elementor-element elementor-element-33efe2a elementor-widget elementor-widget-block_simple_texte\" data-id=\"33efe2a\" data-element_type=\"widget\" data-widget_type=\"block_simple_texte.default\">\n\t\t\t\t<div class=\"elementor-widget-container\">\n\t\t\t    <div class=\"container\">\n        <div class=\"\"><h3>Qu\u2019est-ce que la Mission Locale ?<\/h3><\/div><div class=\"\"><p style=\"text-align: justify\">Les Missions Locales sont des associations qui accompagnent gratuitement les jeunes de 16 \u00e0 25 ans (29 ans si tu es en situation de handicap) pour favoriser leur autonomie\u00a0 sociale et professionnelle.<\/p><p>Dans une Mission Locale, on te propose un accompagnement personnalis\u00e9 avec :<\/p><ul><li>des entretiens individuels,<\/li><li>des ateliers collectifs pour l\u2019orientation et la recherche d\u2019emploi,<\/li><li>de la documentation, des supports num\u00e9riques,<\/li><li>des actions et des dispositifs cibl\u00e9s.<\/li><\/ul><\/div>\n    <\/div>\n\t\t<\/div>\n\t\t\t\t<\/div>\n\t\t\t\t<\/div>\n\t\t\t\t\t<\/div>\n\t\t\t\t<\/div>\n\t\t<div class=\"elementor-element elementor-element-82292ed e-flex e-con-boxed e-con e-parent\" data-id=\"82292ed\" data-element_type=\"container\">\n\t\t\t\t\t<div class=\"e-con-inner\">\n\t\t\t\t<div class=\"elementor-element elementor-element-44695ff elementor-widget elementor-widget-block_liens_fichiers\" data-id=\"44695ff\" data-element_type=\"widget\" data-widget_type=\"block_liens_fichiers.default\">\n\t\t\t\t<div class=\"elementor-widget-container\">\n\t\t\t    <div class=\"container\">\n        <div class=\"my-4\">\n                                                                        <a href=\"https:\/\/acrobat.adobe.com\/id\/urn:aaid:sc:EU:64daf22e-3ef2-4284-8296-859fd06baced\" class=\"generic-link-file -pdf me-4 mb-3\"\n                           target=\"_blank\"\n                           rel=\"noopener noreferrer\">\n                            Plaquette Jeunes\n                        <\/a>\n                                                                                                            <a href=\"https:\/\/www.missionslocalesnormandie.fr\/content\/uploads\/sites\/12\/2025\/05\/LIVRET-ACCUEIL-JEUNES-DEF-.pdf\" class=\"generic-link-file -pdf me-4 mb-3\"\n                           target=\"_blank\"\n                           rel=\"noopener noreferrer\">\n                            Livret d'accueil\n                        <\/a>\n                                                        <\/div>\n    <\/div>\n\t\t<\/div>\n\t\t\t\t<\/div>\n\t\t\t\t\t<\/div>\n\t\t\t\t<\/div>\n\t\t<div class=\"elementor-element elementor-element-fe5906a e-flex e-con-boxed e-con e-parent\" data-id=\"fe5906a\" data-element_type=\"container\">\n\t\t\t\t\t<div class=\"e-con-inner\">\n\t\t\t\t<div class=\"elementor-element elementor-element-1310c6a elementor-widget elementor-widget-block_titre\" data-id=\"1310c6a\" data-element_type=\"widget\" data-widget_type=\"block_titre.default\">\n\t\t\t\t<div class=\"elementor-widget-container\">\n\t\t\t    <div class=\"container\">\n        <h2>\n            Le contrat Engagement Jeune\n        <\/h2>\n    <\/div>\n\t\t<\/div>\n\t\t\t\t<\/div>\n\t\t\t\t\t<\/div>\n\t\t\t\t<\/div>\n\t\t<div class=\"elementor-element elementor-element-6423c54 e-flex e-con-boxed e-con e-parent\" data-id=\"6423c54\" data-element_type=\"container\">\n\t\t\t\t\t<div class=\"e-con-inner\">\n\t\t<div class=\"elementor-element elementor-element-229d1fc e-con-full e-flex e-con e-child\" data-id=\"229d1fc\" data-element_type=\"container\">\n\t\t\t\t<div class=\"elementor-element elementor-element-697e7d8 elementor-widget elementor-widget-block_simple_embed\" data-id=\"697e7d8\" data-element_type=\"widget\" data-widget_type=\"block_simple_embed.default\">\n\t\t\t\t<div class=\"elementor-widget-container\">\n\t\t\t<div class=\"container\">\n    <div class=\"embed-wrapper ratio ratio-16x9 my-4\">\n                <iframe src=\"https:\/\/www.youtube.com\/embed\/cIyYThTS5MM\"\n                allowfullscreen><\/iframe>\n            <\/div>\n<\/div>\t\t<\/div>\n\t\t\t\t<\/div>\n\t\t\t\t<\/div>\n\t\t<div class=\"elementor-element elementor-element-20a142c e-con-full e-flex e-con e-child\" data-id=\"20a142c\" data-element_type=\"container\">\n\t\t\t\t<div class=\"elementor-element elementor-element-5eee21d elementor-widget__width-initial elementor-invisible elementor-widget elementor-widget-block_simple_visuel\" data-id=\"5eee21d\" data-element_type=\"widget\" data-settings=\"{&quot;_animation&quot;:&quot;fadeInDown&quot;}\" data-widget_type=\"block_simple_visuel.default\">\n\t\t\t\t<div class=\"elementor-widget-container\">\n\t\t\t    <div class=\"container\">\n        <figure>\n                        \n                                                            <a href=\"https:\/\/www.missionslocalesnormandie.fr\/content\/uploads\/sites\/12\/2024\/04\/affichebonsplansQRCODECEJ-950-x-595-px.png\">\n                    <img decoding=\"async\" src=\"https:\/\/www.missionslocalesnormandie.fr\/content\/uploads\/sites\/12\/2024\/04\/affichebonsplansQRCODECEJ-950-x-595-px-950x595-c-default.png\"\n                         alt=\"MISSION LOCALE LOUVIERS-VAL DE REUIL-ANDELLE\"\/>\n                <\/a>\n            \n                    <\/figure>\n    <\/div>\n\t\t<\/div>\n\t\t\t\t<\/div>\n\t\t\t\t<\/div>\n\t\t\t\t\t<\/div>\n\t\t\t\t<\/div>\n\t\t<div class=\"elementor-element elementor-element-81ff785 e-flex e-con-boxed e-con e-parent\" data-id=\"81ff785\" data-element_type=\"container\">\n\t\t\t\t\t<div class=\"e-con-inner\">\n\t\t<div class=\"elementor-element elementor-element-451dedf e-con-full e-flex e-con e-child\" data-id=\"451dedf\" data-element_type=\"container\">\n\t\t\t\t<div class=\"elementor-element elementor-element-4aa59ea elementor-widget elementor-widget-block_simple_texte\" data-id=\"4aa59ea\" data-element_type=\"widget\" data-widget_type=\"block_simple_texte.default\">\n\t\t\t\t<div class=\"elementor-widget-container\">\n\t\t\t    <div class=\"container\">\n        <section class=\"elementor-section elementor-top-section elementor-element elementor-element-156ac3a elementor-section-boxed elementor-section-height-default elementor-section-height-default\" data-id=\"156ac3a\" data-element_type=\"section\"><div class=\"elementor-container elementor-column-gap-custom\"><div class=\"elementor-column elementor-col-100 elementor-top-column elementor-element elementor-element-cd46d39\" data-id=\"cd46d39\" data-element_type=\"column\"><div class=\"elementor-widget-wrap elementor-element-populated\"><div class=\"elementor-element elementor-element-e0d2055 elementor-widget elementor-widget-text-editor\" data-id=\"e0d2055\" data-element_type=\"widget\" data-widget_type=\"text-editor.default\"><div class=\"elementor-widget-container\"><p><strong><span style=\"color: #00ccff\">Le Contrat d\u2019Engagement Jeune, qu\u2019est-ce que c\u2019est ?<\/span><\/strong><\/p><\/div><\/div><\/div><\/div><\/div><\/section><section class=\"elementor-section elementor-top-section elementor-element elementor-element-23c1bde elementor-section-boxed elementor-section-height-default elementor-section-height-default\" data-id=\"23c1bde\" data-element_type=\"section\"><div class=\"elementor-container elementor-column-gap-default\"><div class=\"elementor-column elementor-col-100 elementor-top-column elementor-element elementor-element-00505af\" data-id=\"00505af\" data-element_type=\"column\"><div class=\"elementor-widget-wrap elementor-element-populated\"><div class=\"elementor-element elementor-element-bd0bb10 elementor-widget elementor-widget-text-editor\" data-id=\"bd0bb10\" data-element_type=\"widget\" data-widget_type=\"text-editor.default\"><div class=\"elementor-widget-container\"><ul><li><span style=\"vertical-align: inherit\">Un\u00a0<\/span><b><span style=\"vertical-align: inherit\">programme intensif d\u2019accompagnement\u00a0<\/span><\/b><strong><span style=\"vertical-align: inherit\">de 15 \u00e0 20 heures<\/span><\/strong><span style=\"vertical-align: inherit\">\u00a0par semaine minimum\u00a0<\/span><\/li><li><span style=\"vertical-align: inherit\">Une\u00a0<\/span><b><span style=\"vertical-align: inherit\">mise en activit\u00e9 syst\u00e9matique et r\u00e9guli\u00e8re\u00a0<\/span><\/b><span style=\"vertical-align: inherit\">du premier au dernier jour, pendant une p\u00e9riode pouvant aller jusqu\u2019\u00e0 12 mois\u00a0<\/span><\/li><li><span style=\"vertical-align: inherit\">Une\u00a0<\/span><b><span style=\"vertical-align: inherit\">allocation<\/span><\/b><span style=\"vertical-align: inherit\">\u00a0pouvant aller jusqu\u2019\u00e0\u00a0<\/span><b><span style=\"vertical-align: inherit\">528 euros par mois<\/span><\/b><\/li><\/ul><div class=\"elementor-element elementor-element-8c60ce5 elementor-widget elementor-widget-heading\" data-id=\"8c60ce5\" data-element_type=\"widget\" data-widget_type=\"heading.default\"><div class=\"elementor-widget-container\"><p class=\"elementor-heading-title elementor-size-default\"><span style=\"vertical-align: inherit;color: #00ccff\"><span style=\"vertical-align: inherit\">Comment se passe l'accompagnement ?<\/span><\/span><\/p><\/div><\/div><div class=\"elementor-element elementor-element-d9ba128 elementor-widget elementor-widget-text-editor\" data-id=\"d9ba128\" data-element_type=\"widget\" data-widget_type=\"text-editor.default\"><div class=\"elementor-widget-container\"><p><span style=\"vertical-align: inherit\">En fonction de ton profil, tes comp\u00e9tences et tes besoins, avoir acc\u00e8s \u00e0 :<\/span><\/p><ul><li><strong><span style=\"vertical-align: inherit\">Des ateliers collectifs<\/span><\/strong><span style=\"vertical-align: inherit\"> avec d\u2019autres jeunes pour partager vos exp\u00e9riences<\/span><\/li><li><strong><span style=\"vertical-align: inherit\">Des stages<\/span><\/strong><span style=\"vertical-align: inherit\">\u00a0en immersion en entreprise pour d\u00e9couvrir diff\u00e9rents m\u00e9tiers<\/span><\/li><li><strong><span style=\"vertical-align: inherit\">Une formation<\/span><\/strong><span style=\"vertical-align: inherit\"> pour acc\u00e9der \u00e0 un m\u00e9tier qui te pla\u00eet<\/span><\/li><li><span style=\"vertical-align: inherit\">Une mission d\u2019utilit\u00e9 sociale, par exemple gr\u00e2ce au\u00a0<\/span><strong><span style=\"vertical-align: inherit\">Service Civique<\/span><\/strong><\/li><li><span style=\"vertical-align: inherit\">Le suivi d\u2019un programme ext\u00e9rieur\u00a0<\/span><\/li><li><span style=\"vertical-align: inherit\">Des aides pour faciliter ton quotidien<\/span><\/li><\/ul><\/div><\/div><\/div><\/div><\/div><\/div><\/div><\/section>\n    <\/div>\n\t\t<\/div>\n\t\t\t\t<\/div>\n\t\t\t\t<\/div>\n\t\t<div class=\"elementor-element elementor-element-d294dc2 e-con-full e-flex e-con e-child\" data-id=\"d294dc2\" data-element_type=\"container\">\n\t\t\t\t<div class=\"elementor-element elementor-element-0913f5b elementor-widget elementor-widget-block_simple_texte\" data-id=\"0913f5b\" data-element_type=\"widget\" data-widget_type=\"block_simple_texte.default\">\n\t\t\t\t<div class=\"elementor-widget-container\">\n\t\t\t    <div class=\"container\">\n        <section class=\"elementor-section elementor-top-section elementor-element elementor-element-6997d1e elementor-section-boxed elementor-section-height-default elementor-section-height-default\" data-id=\"6997d1e\" data-element_type=\"section\"><div class=\"elementor-container elementor-column-gap-default\"><div class=\"elementor-column elementor-col-100 elementor-top-column elementor-element elementor-element-c6c2207\" data-id=\"c6c2207\" data-element_type=\"column\"><div class=\"elementor-widget-wrap elementor-element-populated\"><div class=\"elementor-element elementor-element-ae57b24 elementor-widget elementor-widget-heading\" data-id=\"ae57b24\" data-element_type=\"widget\" data-widget_type=\"heading.default\"><div class=\"elementor-widget-container\"><p class=\"elementor-heading-title elementor-size-default\"><strong><span style=\"vertical-align: inherit;color: #00ccff\"><span style=\"vertical-align: inherit\">A qui s'adresse le Contrat d'Engagement Jeune ?<\/span><\/span><\/strong><\/p><\/div><\/div><\/div><\/div><\/div><\/section><section class=\"elementor-section elementor-top-section elementor-element elementor-element-841db60 elementor-section-boxed elementor-section-height-default elementor-section-height-default\" data-id=\"841db60\" data-element_type=\"section\"><div class=\"elementor-container elementor-column-gap-default\"><div class=\"elementor-column elementor-col-100 elementor-top-column elementor-element elementor-element-a163e01\" data-id=\"a163e01\" data-element_type=\"column\"><div class=\"elementor-widget-wrap elementor-element-populated\"><div class=\"elementor-element elementor-element-49758a1 elementor-widget elementor-widget-text-editor\" data-id=\"49758a1\" data-element_type=\"widget\" data-widget_type=\"text-editor.default\"><div class=\"elementor-widget-container\"><p><span style=\"vertical-align: inherit\">Pour b\u00e9n\u00e9ficier du Contrat d\u2019Engagement Jeune, il faut :<\/span><\/p><ul><li><span style=\"vertical-align: inherit\">Avoir entre\u00a0<\/span><strong><span style=\"vertical-align: inherit\">16 et moins de 26 ans<\/span><\/strong><span style=\"vertical-align: inherit\">\u00a0(moins de 30 ans pour les jeunes en situation de handicap)<\/span><\/li><li><span style=\"vertical-align: inherit\">\u00catre\u00a0<\/span><strong><span style=\"vertical-align: inherit\">sans emploi durable<\/span><\/strong><span style=\"vertical-align: inherit\">\u00a0(CDI ou CDD longue dur\u00e9e),\u00a0<\/span><strong><span style=\"vertical-align: inherit\">ni formation<\/span><\/strong><\/li><li><span style=\"vertical-align: inherit\">Ne pas avoir de\u00a0<\/span><strong><span style=\"vertical-align: inherit\">projet professionnel d\u00e9fini<\/span><\/strong><\/li><li><span style=\"vertical-align: inherit\">Etre capable de suivre un parcours intensif de 15 \u00e0 20 h d\u2019activit\u00e9\/d'actions par semaine<\/span><\/li><li><span style=\"vertical-align: inherit\">Etre pr\u00eat \u00e0\u00a0<\/span><strong><span style=\"vertical-align: inherit\">s\u2019engager \u00e0 suivre le programme<\/span><\/strong><\/li><\/ul><p><strong><span style=\"vertical-align: inherit\">L\u2019allocation pourra aller jusqu\u2019\u00e0 528 euros par mois en fonction de :<\/span><\/strong><\/p><ul><li><span style=\"vertical-align: inherit\">L\u2019\u00e2ge<\/span><\/li><li><span style=\"vertical-align: inherit\">Des ressources<\/span><\/li><li><span style=\"vertical-align: inherit\">Du statut (d\u00e9tach\u00e9 fiscalement ou rattach\u00e9 \u00e0 un foyer aux revenus modestes)<\/span><\/li><li><span style=\"vertical-align: inherit\">Du respect des engagements<\/span><\/li><\/ul><\/div><\/div><\/div><\/div><\/div><\/section>\n    <\/div>\n\t\t<\/div>\n\t\t\t\t<\/div>\n\t\t\t\t<\/div>\n\t\t\t\t\t<\/div>\n\t\t\t\t<\/div>\n\t\t<div class=\"elementor-element elementor-element-9daa7da e-flex e-con-boxed e-con e-parent\" data-id=\"9daa7da\" data-element_type=\"container\">\n\t\t\t\t\t<div class=\"e-con-inner\">\n\t\t\t\t<div class=\"elementor-element elementor-element-ae53342 elementor-widget elementor-widget-block_titre\" data-id=\"ae53342\" data-element_type=\"widget\" data-widget_type=\"block_titre.default\">\n\t\t\t\t<div class=\"elementor-widget-container\">\n\t\t\t    <div class=\"container\">\n        <h2>\n            Dans le respect de tes donn\u00e9es personnelles\n        <\/h2>\n    <\/div>\n\t\t<\/div>\n\t\t\t\t<\/div>\n\t\t\t\t<div class=\"elementor-element elementor-element-034599e elementor-widget elementor-widget-block_simple_visuel\" data-id=\"034599e\" data-element_type=\"widget\" data-widget_type=\"block_simple_visuel.default\">\n\t\t\t\t<div class=\"elementor-widget-container\">\n\t\t\t    <div class=\"container\">\n        <figure>\n                        \n                                                            <a href=\"https:\/\/www.missionslocalesnormandie.fr\/content\/uploads\/sites\/12\/2025\/01\/autocollant-RGPD.png\">\n                    <img decoding=\"async\" src=\"https:\/\/www.missionslocalesnormandie.fr\/content\/uploads\/sites\/12\/2025\/01\/autocollant-RGPD-950x595-c-default.png\"\n                         alt=\"MISSION LOCALE LOUVIERS-VAL DE REUIL-ANDELLE\"\/>\n                <\/a>\n            \n                    <\/figure>\n    <\/div>\n\t\t<\/div>\n\t\t\t\t<\/div>\n\t\t\t\t\t<\/div>\n\t\t\t\t<\/div>\n\t\t\t\t<\/div>\n\t\t","protected":false},"excerpt":{"rendered":"<p>Un accompagnement qui r\u00e9pond \u00e0 tes besoins ! Tu as entre 16 et 25 ans (29 ans pour les jeunes en situation de handicap)\u00a0 et\u00a0 : tu es \u00e0 la recherche d\u2019un emploi, tu as une id\u00e9e de projet professionnel et tu te demandes comment le r\u00e9aliser, tu souhaites avoir acc\u00e8s \u00e0 une formation ou [&hellip;]<\/p>\n","protected":false},"author":1,"featured_media":0,"parent":0,"menu_order":0,"comment_status":"closed","ping_status":"closed","template":"","meta":{"_acf_changed":false,"_crosspost_to_1":false,"_crosspost_to_2":false,"_crosspost_to_3":false,"_crosspost_to_4":false,"_crosspost_to_5":false,"_crosspost_to_6":false,"_crosspost_to_7":false,"_crosspost_to_8":false,"_crosspost_to_11":false,"_crosspost_to_13":false,"_crosspost_to_14":false,"_crosspost_to_15":false,"_crosspost_to_16":false,"inline_featured_image":false,"footnotes":""},"acf":[],"yoast_head":"<!-- This site is optimized with the Yoast SEO plugin v21.9.1 - https:\/\/yoast.com\/wordpress\/plugins\/seo\/ -->\n<title>Mon accompagnement - MISSION LOCALE LOUVIERS-VAL DE REUIL-ANDELLE<\/title>\n<meta name=\"robots\" content=\"index, follow, max-snippet:-1, max-image-preview:large, max-video-preview:-1\" \/>\n<link rel=\"canonical\" href=\"https:\/\/www.missionslocalesnormandie.fr\/mission-locale-louviers-valdereuil-andelle\/minformer\/\" \/>\n<meta property=\"og:locale\" content=\"fr_FR\" \/>\n<meta property=\"og:type\" content=\"article\" \/>\n<meta property=\"og:title\" content=\"Mon accompagnement - MISSION LOCALE LOUVIERS-VAL DE REUIL-ANDELLE\" \/>\n<meta property=\"og:description\" content=\"Un accompagnement qui r\u00e9pond \u00e0 tes besoins ! Tu as entre 16 et 25 ans (29 ans pour les jeunes en situation de handicap)\u00a0 et\u00a0 : tu es \u00e0 la recherche d\u2019un emploi, tu as une id\u00e9e de projet professionnel et tu te demandes comment le r\u00e9aliser, tu souhaites avoir acc\u00e8s \u00e0 une formation ou [&hellip;]\" \/>\n<meta property=\"og:url\" content=\"https:\/\/www.missionslocalesnormandie.fr\/mission-locale-louviers-valdereuil-andelle\/minformer\/\" \/>\n<meta property=\"og:site_name\" content=\"MISSION LOCALE LOUVIERS-VAL DE REUIL-ANDELLE\" \/>\n<meta property=\"article:modified_time\" content=\"2025-05-23T12:46:04+00:00\" \/>\n<meta property=\"og:image\" content=\"https:\/\/www.missionslocalesnormandie.fr\/content\/uploads\/sites\/12\/2024\/04\/Jeune-2-950x595-c-default.jpg\" \/>\n<meta name=\"twitter:card\" content=\"summary_large_image\" \/>\n<meta name=\"twitter:label1\" content=\"Dur\u00e9e de lecture estim\u00e9e\" \/>\n\t<meta name=\"twitter:data1\" content=\"5 minutes\" \/>\n<script type=\"application\/ld+json\" class=\"yoast-schema-graph\">{\"@context\":\"https:\/\/schema.org\",\"@graph\":[{\"@type\":\"WebPage\",\"@id\":\"https:\/\/www.missionslocalesnormandie.fr\/mission-locale-louviers-valdereuil-andelle\/minformer\/\",\"url\":\"https:\/\/www.missionslocalesnormandie.fr\/mission-locale-louviers-valdereuil-andelle\/minformer\/\",\"name\":\"Mon accompagnement - MISSION LOCALE LOUVIERS-VAL DE REUIL-ANDELLE\",\"isPartOf\":{\"@id\":\"https:\/\/www.missionslocalesnormandie.fr\/mission-locale-louviers-valdereuil-andelle\/#website\"},\"datePublished\":\"2023-12-14T14:36:07+00:00\",\"dateModified\":\"2025-05-23T12:46:04+00:00\",\"breadcrumb\":{\"@id\":\"https:\/\/www.missionslocalesnormandie.fr\/mission-locale-louviers-valdereuil-andelle\/minformer\/#breadcrumb\"},\"inLanguage\":\"fr-FR\",\"potentialAction\":[{\"@type\":\"ReadAction\",\"target\":[\"https:\/\/www.missionslocalesnormandie.fr\/mission-locale-louviers-valdereuil-andelle\/minformer\/\"]}]},{\"@type\":\"BreadcrumbList\",\"@id\":\"https:\/\/www.missionslocalesnormandie.fr\/mission-locale-louviers-valdereuil-andelle\/minformer\/#breadcrumb\",\"itemListElement\":[{\"@type\":\"ListItem\",\"position\":1,\"name\":\"Home\",\"item\":\"https:\/\/www.missionslocalesnormandie.fr\/mission-locale-louviers-valdereuil-andelle\/\"},{\"@type\":\"ListItem\",\"position\":2,\"name\":\"Mon accompagnement\"}]},{\"@type\":\"WebSite\",\"@id\":\"https:\/\/www.missionslocalesnormandie.fr\/mission-locale-louviers-valdereuil-andelle\/#website\",\"url\":\"https:\/\/www.missionslocalesnormandie.fr\/mission-locale-louviers-valdereuil-andelle\/\",\"name\":\"MISSION LOCALE LOUVIERS-VAL DE REUIL-ANDELLE\",\"description\":\"\",\"potentialAction\":[{\"@type\":\"SearchAction\",\"target\":{\"@type\":\"EntryPoint\",\"urlTemplate\":\"https:\/\/www.missionslocalesnormandie.fr\/mission-locale-louviers-valdereuil-andelle\/?s={search_term_string}\"},\"query-input\":\"required name=search_term_string\"}],\"inLanguage\":\"fr-FR\"}]}<\/script>\n<!-- \/ Yoast SEO plugin. -->","yoast_head_json":{"title":"Mon accompagnement - MISSION LOCALE LOUVIERS-VAL DE REUIL-ANDELLE","robots":{"index":"index","follow":"follow","max-snippet":"max-snippet:-1","max-image-preview":"max-image-preview:large","max-video-preview":"max-video-preview:-1"},"canonical":"https:\/\/www.missionslocalesnormandie.fr\/mission-locale-louviers-valdereuil-andelle\/minformer\/","og_locale":"fr_FR","og_type":"article","og_title":"Mon accompagnement - MISSION LOCALE LOUVIERS-VAL DE REUIL-ANDELLE","og_description":"Un accompagnement qui r\u00e9pond \u00e0 tes besoins ! Tu as entre 16 et 25 ans (29 ans pour les jeunes en situation de handicap)\u00a0 et\u00a0 : tu es \u00e0 la recherche d\u2019un emploi, tu as une id\u00e9e de projet professionnel et tu te demandes comment le r\u00e9aliser, tu souhaites avoir acc\u00e8s \u00e0 une formation ou [&hellip;]","og_url":"https:\/\/www.missionslocalesnormandie.fr\/mission-locale-louviers-valdereuil-andelle\/minformer\/","og_site_name":"MISSION LOCALE LOUVIERS-VAL DE REUIL-ANDELLE","article_modified_time":"2025-05-23T12:46:04+00:00","og_image":[{"url":"https:\/\/www.missionslocalesnormandie.fr\/content\/uploads\/sites\/12\/2024\/04\/Jeune-2-950x595-c-default.jpg"}],"twitter_card":"summary_large_image","twitter_misc":{"Dur\u00e9e de lecture estim\u00e9e":"5 minutes"},"schema":{"@context":"https:\/\/schema.org","@graph":[{"@type":"WebPage","@id":"https:\/\/www.missionslocalesnormandie.fr\/mission-locale-louviers-valdereuil-andelle\/minformer\/","url":"https:\/\/www.missionslocalesnormandie.fr\/mission-locale-louviers-valdereuil-andelle\/minformer\/","name":"Mon accompagnement - MISSION LOCALE LOUVIERS-VAL DE REUIL-ANDELLE","isPartOf":{"@id":"https:\/\/www.missionslocalesnormandie.fr\/mission-locale-louviers-valdereuil-andelle\/#website"},"datePublished":"2023-12-14T14:36:07+00:00","dateModified":"2025-05-23T12:46:04+00:00","breadcrumb":{"@id":"https:\/\/www.missionslocalesnormandie.fr\/mission-locale-louviers-valdereuil-andelle\/minformer\/#breadcrumb"},"inLanguage":"fr-FR","potentialAction":[{"@type":"ReadAction","target":["https:\/\/www.missionslocalesnormandie.fr\/mission-locale-louviers-valdereuil-andelle\/minformer\/"]}]},{"@type":"BreadcrumbList","@id":"https:\/\/www.missionslocalesnormandie.fr\/mission-locale-louviers-valdereuil-andelle\/minformer\/#breadcrumb","itemListElement":[{"@type":"ListItem","position":1,"name":"Home","item":"https:\/\/www.missionslocalesnormandie.fr\/mission-locale-louviers-valdereuil-andelle\/"},{"@type":"ListItem","position":2,"name":"Mon accompagnement"}]},{"@type":"WebSite","@id":"https:\/\/www.missionslocalesnormandie.fr\/mission-locale-louviers-valdereuil-andelle\/#website","url":"https:\/\/www.missionslocalesnormandie.fr\/mission-locale-louviers-valdereuil-andelle\/","name":"MISSION LOCALE LOUVIERS-VAL DE REUIL-ANDELLE","description":"","potentialAction":[{"@type":"SearchAction","target":{"@type":"EntryPoint","urlTemplate":"https:\/\/www.missionslocalesnormandie.fr\/mission-locale-louviers-valdereuil-andelle\/?s={search_term_string}"},"query-input":"required name=search_term_string"}],"inLanguage":"fr-FR"}]}},"_links":{"self":[{"href":"https:\/\/www.missionslocalesnormandie.fr\/mission-locale-louviers-valdereuil-andelle\/wp-json\/wp\/v2\/pages\/151"}],"collection":[{"href":"https:\/\/www.missionslocalesnormandie.fr\/mission-locale-louviers-valdereuil-andelle\/wp-json\/wp\/v2\/pages"}],"about":[{"href":"https:\/\/www.missionslocalesnormandie.fr\/mission-locale-louviers-valdereuil-andelle\/wp-json\/wp\/v2\/types\/page"}],"author":[{"embeddable":true,"href":"https:\/\/www.missionslocalesnormandie.fr\/mission-locale-louviers-valdereuil-andelle\/wp-json\/wp\/v2\/users\/1"}],"replies":[{"embeddable":true,"href":"https:\/\/www.missionslocalesnormandie.fr\/mission-locale-louviers-valdereuil-andelle\/wp-json\/wp\/v2\/comments?post=151"}],"version-history":[{"count":116,"href":"https:\/\/www.missionslocalesnormandie.fr\/mission-locale-louviers-valdereuil-andelle\/wp-json\/wp\/v2\/pages\/151\/revisions"}],"predecessor-version":[{"id":1615,"href":"https:\/\/www.missionslocalesnormandie.fr\/mission-locale-louviers-valdereuil-andelle\/wp-json\/wp\/v2\/pages\/151\/revisions\/1615"}],"wp:attachment":[{"href":"https:\/\/www.missionslocalesnormandie.fr\/mission-locale-louviers-valdereuil-andelle\/wp-json\/wp\/v2\/media?parent=151"}],"curies":[{"name":"wp","href":"https:\/\/api.w.org\/{rel}","templated":true}]}}