{"id":19,"date":"2023-12-14T14:49:32","date_gmt":"2023-12-14T13:49:32","guid":{"rendered":"https:\/\/www.missionslocalesnormandie.fr\/mission-locale-louviers-valdereuil-andelle\/?page_id=19"},"modified":"2026-03-10T16:02:44","modified_gmt":"2026-03-10T15:02:44","slug":"notre-territoire","status":"publish","type":"page","link":"https:\/\/www.missionslocalesnormandie.fr\/mission-locale-louviers-valdereuil-andelle\/notre-territoire\/","title":{"rendered":"Notre territoire"},"content":{"rendered":"\t\t<div data-elementor-type=\"wp-page\" data-elementor-id=\"19\" class=\"elementor elementor-19\">\n\t\t\t\t<div class=\"elementor-element elementor-element-e939d56 e-flex e-con-boxed e-con e-parent\" data-id=\"e939d56\" data-element_type=\"container\">\n\t\t\t\t\t<div class=\"e-con-inner\">\n\t\t\t\t<div class=\"elementor-element elementor-element-596ebbc elementor-widget elementor-widget-block_titre\" data-id=\"596ebbc\" data-element_type=\"widget\" data-widget_type=\"block_titre.default\">\n\t\t\t\t<div class=\"elementor-widget-container\">\n\t\t\t    <div class=\"container\">\n        <h2>\n            3 antennes et 8 permanences au plus pr\u00e8s de chez toi ! \n        <\/h2>\n    <\/div>\n\t\t<\/div>\n\t\t\t\t<\/div>\n\t\t\t\t<div class=\"elementor-element elementor-element-6bbf2b3 elementor-widget elementor-widget-block_simple_texte\" data-id=\"6bbf2b3\" data-element_type=\"widget\" data-widget_type=\"block_simple_texte.default\">\n\t\t\t\t<div class=\"elementor-widget-container\">\n\t\t\t    <div class=\"container\">\n        <p><span style=\"font-weight: 400;color: #000000\"><span style=\"vertical-align: inherit\">La Mission Locale couvre\u00a0 quatre vingt\u00a0 huit communes sur <strong>l'Agglom\u00e9ration Seine Eure<\/strong>, la <strong>Communaut\u00e9 de Communes Lyons-Andelle<\/strong> et une partie de la <strong>Communaut\u00e9 de Communaut\u00e9 Roumois-Seine<\/strong>. <\/span><\/span><\/p><p><span style=\"font-weight: 400;color: #000000\"><span style=\"vertical-align: inherit\">Trouve l'antenne la plus proche de chez toi et contacte nous directement.\u00a0<\/span><\/span><\/p><p><span style=\"font-size: 14pt;color: #000000\"><strong><span style=\"vertical-align: inherit\">Nos Antennes\u00a0<\/span><\/strong><\/span><\/p>\n    <\/div>\n\t\t<\/div>\n\t\t\t\t<\/div>\n\t\t\t\t\t<\/div>\n\t\t\t\t<\/div>\n\t\t<div class=\"elementor-element elementor-element-7fc5f62 e-flex e-con-boxed e-con e-parent\" data-id=\"7fc5f62\" data-element_type=\"container\">\n\t\t\t\t\t<div class=\"e-con-inner\">\n\t\t<div class=\"elementor-element elementor-element-f7b2daa e-con-full e-flex e-con e-child\" data-id=\"f7b2daa\" data-element_type=\"container\">\n\t\t\t\t<div class=\"elementor-element elementor-element-67a9661 elementor-widget elementor-widget-block_simple_visuel\" data-id=\"67a9661\" data-element_type=\"widget\" data-widget_type=\"block_simple_visuel.default\">\n\t\t\t\t<div class=\"elementor-widget-container\">\n\t\t\t    <div class=\"container\">\n        <figure>\n                        \n                                                            <a href=\"https:\/\/www.missionslocalesnormandie.fr\/content\/uploads\/sites\/12\/2025\/10\/vueMLvdrexterieure-scaled.jpeg\">\n                    <img decoding=\"async\" src=\"https:\/\/www.missionslocalesnormandie.fr\/content\/uploads\/sites\/12\/2025\/10\/vueMLvdrexterieure-scaled-950x595-c-default.jpeg\"\n                         alt=\"MISSION LOCALE LOUVIERS-VAL DE REUIL-ANDELLE\"\/>\n                <\/a>\n            \n                    <\/figure>\n    <\/div>\n\t\t<\/div>\n\t\t\t\t<\/div>\n\t\t\t\t<\/div>\n\t\t<div class=\"elementor-element elementor-element-3aa7716 e-con-full e-flex e-con e-child\" data-id=\"3aa7716\" data-element_type=\"container\">\n\t\t\t\t<div class=\"elementor-element elementor-element-8f66315 elementor-widget elementor-widget-block_simple_texte\" data-id=\"8f66315\" data-element_type=\"widget\" data-widget_type=\"block_simple_texte.default\">\n\t\t\t\t<div class=\"elementor-widget-container\">\n\t\t\t    <div class=\"container\">\n        <ul><li><span style=\"color: #993366\"><strong><span style=\"vertical-align: inherit\"><span style=\"vertical-align: inherit\"><span style=\"vertical-align: inherit\"><span style=\"vertical-align: inherit\"><span style=\"vertical-align: inherit\"><span style=\"vertical-align: inherit\"><span style=\"vertical-align: inherit\"><span style=\"vertical-align: inherit\"><span style=\"vertical-align: inherit\">ANTENNE DE VAL DE REUIL<\/span><\/span><\/span><\/span><\/span><\/span><\/span><\/span><\/span><\/strong><\/span><\/li><\/ul><p><span style=\"vertical-align: inherit\"><span style=\"vertical-align: inherit\"><span style=\"vertical-align: inherit\"><span style=\"vertical-align: inherit\"><span style=\"vertical-align: inherit\"><span style=\"vertical-align: inherit\"><span style=\"vertical-align: inherit\"><span style=\"vertical-align: inherit\"><span style=\"vertical-align: inherit\">Place de l'Astrolabe (en face de la poste)<\/span><\/span><\/span><\/span><\/span><\/span><\/span><\/span><\/span><\/p><p>T\u00e9l : 02.32.59.76.90<\/p><p><span style=\"vertical-align: inherit\"><span style=\"vertical-align: inherit\"><span style=\"vertical-align: inherit\"><span style=\"vertical-align: inherit\"><span style=\"vertical-align: inherit\"><strong><span style=\"color: #993366\">ET SON ANNEXE<\/span><\/strong> au 1 Rue Pierre Premi\u00e8re<\/span><\/span><\/span><\/span><\/span><\/p>\n    <\/div>\n\t\t<\/div>\n\t\t\t\t<\/div>\n\t\t\t\t<\/div>\n\t\t\t\t\t<\/div>\n\t\t\t\t<\/div>\n\t\t<div class=\"elementor-element elementor-element-c2cfc5f e-flex e-con-boxed e-con e-parent\" data-id=\"c2cfc5f\" data-element_type=\"container\">\n\t\t\t\t\t<div class=\"e-con-inner\">\n\t\t<div class=\"elementor-element elementor-element-968c79d e-con-full e-flex e-con e-child\" data-id=\"968c79d\" data-element_type=\"container\">\n\t\t\t\t<div class=\"elementor-element elementor-element-6197099 elementor-widget elementor-widget-block_simple_visuel\" data-id=\"6197099\" data-element_type=\"widget\" data-widget_type=\"block_simple_visuel.default\">\n\t\t\t\t<div class=\"elementor-widget-container\">\n\t\t\t    <div class=\"container\">\n        <figure>\n                        \n                                                            <a href=\"https:\/\/www.missionslocalesnormandie.fr\/content\/uploads\/sites\/12\/2024\/03\/antenne-louviers.png\">\n                    <img decoding=\"async\" src=\"https:\/\/www.missionslocalesnormandie.fr\/content\/uploads\/sites\/12\/2024\/03\/antenne-louviers-950x595-c-default.png\"\n                         alt=\"MISSION LOCALE LOUVIERS-VAL DE REUIL-ANDELLE\"\/>\n                <\/a>\n            \n                    <\/figure>\n    <\/div>\n\t\t<\/div>\n\t\t\t\t<\/div>\n\t\t\t\t<\/div>\n\t\t<div class=\"elementor-element elementor-element-b7b221c e-con-full e-flex e-con e-child\" data-id=\"b7b221c\" data-element_type=\"container\">\n\t\t\t\t<div class=\"elementor-element elementor-element-e3cc91a elementor-widget elementor-widget-block_simple_texte\" data-id=\"e3cc91a\" data-element_type=\"widget\" data-widget_type=\"block_simple_texte.default\">\n\t\t\t\t<div class=\"elementor-widget-container\">\n\t\t\t    <div class=\"container\">\n        <ul><li><strong><span style=\"vertical-align: inherit;color: #800080\"><span style=\"vertical-align: inherit\"><span style=\"vertical-align: inherit\">ANTENNE DE LOUVIERS<\/span><\/span><\/span><\/strong><\/li><\/ul><p><span style=\"vertical-align: inherit\"><span style=\"vertical-align: inherit\"><span style=\"vertical-align: inherit\">5 Rue Saint Louis, 2\u00e8me \u00e9tage<\/span><\/span><\/span><\/p><p>T\u00e9l : 02.32.25.06.72<\/p>\n    <\/div>\n\t\t<\/div>\n\t\t\t\t<\/div>\n\t\t\t\t<\/div>\n\t\t\t\t\t<\/div>\n\t\t\t\t<\/div>\n\t\t<div class=\"elementor-element elementor-element-cc9d800 e-flex e-con-boxed e-con e-parent\" data-id=\"cc9d800\" data-element_type=\"container\">\n\t\t\t\t\t<div class=\"e-con-inner\">\n\t\t<div class=\"elementor-element elementor-element-3b569d8 e-con-full e-flex e-con e-child\" data-id=\"3b569d8\" data-element_type=\"container\">\n\t\t\t\t<div class=\"elementor-element elementor-element-5928588 elementor-widget elementor-widget-block_simple_visuel\" data-id=\"5928588\" data-element_type=\"widget\" data-widget_type=\"block_simple_visuel.default\">\n\t\t\t\t<div class=\"elementor-widget-container\">\n\t\t\t    <div class=\"container\">\n        <figure>\n                        \n                                                            <a href=\"https:\/\/www.missionslocalesnormandie.fr\/content\/uploads\/sites\/12\/2024\/03\/entreecharleval.jpg\">\n                    <img decoding=\"async\" src=\"https:\/\/www.missionslocalesnormandie.fr\/content\/uploads\/sites\/12\/2024\/03\/entreecharleval-950x595-c-default.jpg\"\n                         alt=\"MISSION LOCALE LOUVIERS-VAL DE REUIL-ANDELLE\"\/>\n                <\/a>\n            \n                    <\/figure>\n    <\/div>\n\t\t<\/div>\n\t\t\t\t<\/div>\n\t\t\t\t<\/div>\n\t\t<div class=\"elementor-element elementor-element-d8acfa5 e-con-full e-flex e-con e-child\" data-id=\"d8acfa5\" data-element_type=\"container\">\n\t\t\t\t<div class=\"elementor-element elementor-element-0577e9b elementor-widget elementor-widget-block_simple_texte\" data-id=\"0577e9b\" data-element_type=\"widget\" data-widget_type=\"block_simple_texte.default\">\n\t\t\t\t<div class=\"elementor-widget-container\">\n\t\t\t    <div class=\"container\">\n        <ul><li><strong><span style=\"vertical-align: inherit;color: #800080\"><span style=\"vertical-align: inherit\"><span style=\"vertical-align: inherit\">ANTENNE DE CHARLEVAL<\/span><\/span><\/span><\/strong><\/li><\/ul><p><span style=\"vertical-align: inherit\"><span style=\"vertical-align: inherit\"><span style=\"vertical-align: inherit\">Rue Martin Liesse (2\u00e8me entr\u00e9e de la ZA) - ZA la vente cartier<\/span><\/span><\/span><\/p><p>T\u00e9l : 02.32.49.90.09<\/p>\n    <\/div>\n\t\t<\/div>\n\t\t\t\t<\/div>\n\t\t\t\t<\/div>\n\t\t\t\t\t<\/div>\n\t\t\t\t<\/div>\n\t\t<div class=\"elementor-element elementor-element-9b7e39c e-flex e-con-boxed e-con e-parent\" data-id=\"9b7e39c\" data-element_type=\"container\">\n\t\t\t\t\t<div class=\"e-con-inner\">\n\t\t\t\t<div class=\"elementor-element elementor-element-000d661 elementor-widget elementor-widget-block_simple_texte\" data-id=\"000d661\" data-element_type=\"widget\" data-widget_type=\"block_simple_texte.default\">\n\t\t\t\t<div class=\"elementor-widget-container\">\n\t\t\t    <div class=\"container\">\n        <p><span style=\"font-size: 14pt\"><strong><span style=\"vertical-align: inherit\"><span style=\"vertical-align: inherit\"><span style=\"vertical-align: inherit\"><span style=\"vertical-align: inherit\"><span style=\"vertical-align: inherit\"><span style=\"vertical-align: inherit\"><span style=\"vertical-align: inherit\"><span style=\"vertical-align: inherit\"><span style=\"vertical-align: inherit\"><span style=\"vertical-align: inherit\"><span style=\"vertical-align: inherit\"><span style=\"vertical-align: inherit\"><span style=\"vertical-align: inherit\"><span style=\"vertical-align: inherit\"><span style=\"vertical-align: inherit\"><span style=\"vertical-align: inherit\"><span style=\"vertical-align: inherit\"><span style=\"vertical-align: inherit\"><span style=\"vertical-align: inherit\"><span style=\"vertical-align: inherit\"><span style=\"vertical-align: inherit\"><span style=\"vertical-align: inherit\"><span style=\"vertical-align: inherit\"><span style=\"vertical-align: inherit\"><span style=\"vertical-align: inherit\"><span style=\"vertical-align: inherit\"><span style=\"vertical-align: inherit\"><span style=\"vertical-align: inherit\"><span style=\"vertical-align: inherit\"><span style=\"vertical-align: inherit\"><span style=\"vertical-align: inherit\"><span style=\"vertical-align: inherit\"><span style=\"vertical-align: inherit\"><span style=\"vertical-align: inherit\">Nos Permanences<\/span><\/span><\/span><\/span><\/span><\/span><\/span><\/span><\/span><\/span><\/span><\/span><\/span><\/span><\/span><\/span><\/span><\/span><\/span><\/span><\/span><\/span><\/span><\/span><\/span><\/span><\/span><\/span><\/span><\/span><\/span><\/span><\/span><\/span><\/strong><\/span><\/p><ul><li><span style=\"vertical-align: inherit\"><span style=\"vertical-align: inherit\"><span style=\"vertical-align: inherit\"><span style=\"vertical-align: inherit\"><span style=\"vertical-align: inherit\"><span style=\"vertical-align: inherit\"><span style=\"vertical-align: inherit\"><span style=\"vertical-align: inherit\"><span style=\"vertical-align: inherit\"><span style=\"vertical-align: inherit\"><span style=\"vertical-align: inherit\"><span style=\"vertical-align: inherit\"><span style=\"vertical-align: inherit\"><span style=\"vertical-align: inherit\"><span style=\"vertical-align: inherit\"><span style=\"vertical-align: inherit\"><span style=\"vertical-align: inherit\"><span style=\"vertical-align: inherit\"><span style=\"vertical-align: inherit\"><span style=\"vertical-align: inherit\"><span style=\"vertical-align: inherit\"><span style=\"vertical-align: inherit\"><span style=\"vertical-align: inherit\"><span style=\"vertical-align: inherit\"><span style=\"vertical-align: inherit\"><span style=\"vertical-align: inherit\"><span style=\"vertical-align: inherit\"><span style=\"vertical-align: inherit\"><span style=\"vertical-align: inherit\"><span style=\"vertical-align: inherit\"><span style=\"vertical-align: inherit\"><span style=\"vertical-align: inherit\"><span style=\"vertical-align: inherit\"><span style=\"vertical-align: inherit\">LOUVIERS - \u00e0 la Chaloupe, 3 bis chem des Fontenelles<\/span><\/span><\/span><\/span><\/span><\/span><\/span><\/span><\/span><\/span><\/span><\/span><\/span><\/span><\/span><\/span><\/span><\/span><\/span><\/span><\/span><\/span><\/span><\/span><\/span><\/span><\/span><\/span><\/span><\/span><\/span><\/span><\/span><\/span><\/li><\/ul><h6><span style=\"vertical-align: inherit\"><span style=\"vertical-align: inherit\"><span style=\"vertical-align: inherit\"><span style=\"vertical-align: inherit\"><span style=\"vertical-align: inherit\"><span style=\"vertical-align: inherit\"><span style=\"vertical-align: inherit\"><span style=\"vertical-align: inherit\"><span style=\"vertical-align: inherit\"><span style=\"vertical-align: inherit\"><span style=\"vertical-align: inherit\"><span style=\"vertical-align: inherit\"><span style=\"vertical-align: inherit\"><span style=\"vertical-align: inherit\"><span style=\"vertical-align: inherit\"><span style=\"vertical-align: inherit\"><span style=\"vertical-align: inherit\"><span style=\"vertical-align: inherit\"><span style=\"vertical-align: inherit\"><span style=\"vertical-align: inherit\"><span style=\"vertical-align: inherit\"><span style=\"vertical-align: inherit\"><span style=\"vertical-align: inherit\"><span style=\"vertical-align: inherit\"><span style=\"vertical-align: inherit\"><span style=\"vertical-align: inherit\"><span style=\"vertical-align: inherit\"><span style=\"vertical-align: inherit\"><span style=\"vertical-align: inherit\"><span style=\"vertical-align: inherit\"><span style=\"vertical-align: inherit\"><span style=\"vertical-align: inherit\"><span style=\"vertical-align: inherit\"><span style=\"vertical-align: inherit\">Tous les mardis apr\u00e8s-midi, semaines paires, de 13h30 \u00e0 17h00<\/span><\/span><\/span><\/span><\/span><\/span><\/span><\/span><\/span><\/span><\/span><\/span><\/span><\/span><\/span><\/span><\/span><\/span><\/span><\/span><\/span><\/span><\/span><\/span><\/span><\/span><\/span><\/span><\/span><\/span><\/span><\/span><\/span><\/span><\/h6><ul><li><span style=\"vertical-align: inherit\"><span style=\"vertical-align: inherit\"><span style=\"vertical-align: inherit\"><span style=\"vertical-align: inherit\"><span style=\"vertical-align: inherit\"><span style=\"vertical-align: inherit\"><span style=\"vertical-align: inherit\"><span style=\"vertical-align: inherit\"><span style=\"vertical-align: inherit\"><span style=\"vertical-align: inherit\"><span style=\"vertical-align: inherit\"><span style=\"vertical-align: inherit\"><span style=\"vertical-align: inherit\"><span style=\"vertical-align: inherit\"><span style=\"vertical-align: inherit\"><span style=\"vertical-align: inherit\"><span style=\"vertical-align: inherit\"><span style=\"vertical-align: inherit\"><span style=\"vertical-align: inherit\"><span style=\"vertical-align: inherit\"><span style=\"vertical-align: inherit\"><span style=\"vertical-align: inherit\"><span style=\"vertical-align: inherit\"><span style=\"vertical-align: inherit\"><span style=\"vertical-align: inherit\"><span style=\"vertical-align: inherit\"><span style=\"vertical-align: inherit\"><span style=\"vertical-align: inherit\"><span style=\"vertical-align: inherit\"><span style=\"vertical-align: inherit\"><span style=\"vertical-align: inherit\"><span style=\"vertical-align: inherit\"><span style=\"vertical-align: inherit\"><span style=\"vertical-align: inherit\">ALIZAY, \u00e0 la Mairie, 99 rue de l'Andelle<\/span><\/span><\/span><\/span><\/span><\/span><\/span><\/span><\/span><\/span><\/span><\/span><\/span><\/span><\/span><\/span><\/span><\/span><\/span><\/span><\/span><\/span><\/span><\/span><\/span><\/span><\/span><\/span><\/span><\/span><\/span><\/span><\/span><\/span><\/li><\/ul><h6><span style=\"font-size: 12pt\">Tous les vendredis matin, semaines impaires, de 09h00 \u00e0 12h00<\/span><\/h6><ul><li><span style=\"vertical-align: inherit\"><span style=\"vertical-align: inherit\"><span style=\"vertical-align: inherit\"><span style=\"vertical-align: inherit\"><span style=\"vertical-align: inherit\"><span style=\"vertical-align: inherit\"><span style=\"vertical-align: inherit\"><span style=\"vertical-align: inherit\"><span style=\"vertical-align: inherit\"><span style=\"vertical-align: inherit\"><span style=\"vertical-align: inherit\"><span style=\"vertical-align: inherit\"><span style=\"vertical-align: inherit\"><span style=\"vertical-align: inherit\"><span style=\"vertical-align: inherit\"><span style=\"vertical-align: inherit\"><span style=\"vertical-align: inherit\"><span style=\"vertical-align: inherit\"><span style=\"vertical-align: inherit\"><span style=\"vertical-align: inherit\"><span style=\"vertical-align: inherit\"><span style=\"vertical-align: inherit\"><span style=\"vertical-align: inherit\"><span style=\"vertical-align: inherit\"><span style=\"vertical-align: inherit\"><span style=\"vertical-align: inherit\"><span style=\"vertical-align: inherit\"><span style=\"vertical-align: inherit\"><span style=\"vertical-align: inherit\"><span style=\"vertical-align: inherit\"><span style=\"vertical-align: inherit\"><span style=\"vertical-align: inherit\"><span style=\"vertical-align: inherit\"><span style=\"vertical-align: inherit\">PITRES, Espaces des 2 Rives, 4 place de la Fraternit\u00e9<\/span><\/span><\/span><\/span><\/span><\/span><\/span><\/span><\/span><\/span><\/span><\/span><\/span><\/span><\/span><\/span><\/span><\/span><\/span><\/span><\/span><\/span><\/span><\/span><\/span><\/span><\/span><\/span><\/span><\/span><\/span><\/span><\/span><\/span><\/li><\/ul><h6><span style=\"vertical-align: inherit\"><span style=\"vertical-align: inherit\"><span style=\"vertical-align: inherit\"><span style=\"vertical-align: inherit\"><span style=\"vertical-align: inherit\"><span style=\"vertical-align: inherit\"><span style=\"vertical-align: inherit\"><span style=\"vertical-align: inherit\"><span style=\"vertical-align: inherit\"><span style=\"vertical-align: inherit\"><span style=\"vertical-align: inherit\"><span style=\"vertical-align: inherit\"><span style=\"vertical-align: inherit\"><span style=\"vertical-align: inherit\"><span style=\"vertical-align: inherit\"><span style=\"vertical-align: inherit\"><span style=\"vertical-align: inherit\"><span style=\"vertical-align: inherit\"><span style=\"vertical-align: inherit\"><span style=\"vertical-align: inherit\"><span style=\"vertical-align: inherit\"><span style=\"vertical-align: inherit\"><span style=\"vertical-align: inherit\"><span style=\"vertical-align: inherit\"><span style=\"vertical-align: inherit\"><span style=\"vertical-align: inherit\"><span style=\"vertical-align: inherit\"><span style=\"vertical-align: inherit\"><span style=\"vertical-align: inherit\"><span style=\"vertical-align: inherit\"><span style=\"vertical-align: inherit\"><span style=\"vertical-align: inherit\"><span style=\"vertical-align: inherit\"><span style=\"vertical-align: inherit\">Tous les vendredis matin, semaines paires, de 09h00 \u00e0 12h00<\/span><\/span><\/span><\/span><\/span><\/span><\/span><\/span><\/span><\/span><\/span><\/span><\/span><\/span><\/span><\/span><\/span><\/span><\/span><\/span><\/span><\/span><\/span><\/span><\/span><\/span><\/span><\/span><\/span><\/span><\/span><\/span><\/span><\/span><\/h6><ul><li><span style=\"vertical-align: inherit\"><span style=\"vertical-align: inherit\"><span style=\"vertical-align: inherit\"><span style=\"vertical-align: inherit\"><span style=\"vertical-align: inherit\"><span style=\"vertical-align: inherit\"><span style=\"vertical-align: inherit\"><span style=\"vertical-align: inherit\"><span style=\"vertical-align: inherit\"><span style=\"vertical-align: inherit\"><span style=\"vertical-align: inherit\"><span style=\"vertical-align: inherit\"><span style=\"vertical-align: inherit\"><span style=\"vertical-align: inherit\"><span style=\"vertical-align: inherit\"><span style=\"vertical-align: inherit\"><span style=\"vertical-align: inherit\"><span style=\"vertical-align: inherit\"><span style=\"vertical-align: inherit\"><span style=\"vertical-align: inherit\"><span style=\"vertical-align: inherit\"><span style=\"vertical-align: inherit\"><span style=\"vertical-align: inherit\"><span style=\"vertical-align: inherit\"><span style=\"vertical-align: inherit\"><span style=\"vertical-align: inherit\"><span style=\"vertical-align: inherit\"><span style=\"vertical-align: inherit\"><span style=\"vertical-align: inherit\"><span style=\"vertical-align: inherit\"><span style=\"vertical-align: inherit\"><span style=\"vertical-align: inherit\"><span style=\"vertical-align: inherit\"><span style=\"vertical-align: inherit\">ROMILLY SUR ANDELLE, MJC Aler, 25 sente du couchant<\/span><\/span><\/span><\/span><\/span><\/span><\/span><\/span><\/span><\/span><\/span><\/span><\/span><\/span><\/span><\/span><\/span><\/span><\/span><\/span><\/span><\/span><\/span><\/span><\/span><\/span><\/span><\/span><\/span><\/span><\/span><\/span><\/span><\/span><\/li><\/ul><h6><span style=\"vertical-align: inherit\"><span style=\"vertical-align: inherit\"><span style=\"vertical-align: inherit\"><span style=\"vertical-align: inherit\"><span style=\"vertical-align: inherit\"><span style=\"vertical-align: inherit\"><span style=\"vertical-align: inherit\"><span style=\"vertical-align: inherit\"><span style=\"vertical-align: inherit\"><span style=\"vertical-align: inherit\"><span style=\"vertical-align: inherit\"><span style=\"vertical-align: inherit\"><span style=\"vertical-align: inherit\"><span style=\"vertical-align: inherit\"><span style=\"vertical-align: inherit\"><span style=\"vertical-align: inherit\"><span style=\"vertical-align: inherit\"><span style=\"vertical-align: inherit\"><span style=\"vertical-align: inherit\"><span style=\"vertical-align: inherit\"><span style=\"vertical-align: inherit\"><span style=\"vertical-align: inherit\"><span style=\"vertical-align: inherit\"><span style=\"vertical-align: inherit\"><span style=\"vertical-align: inherit\"><span style=\"vertical-align: inherit\"><span style=\"vertical-align: inherit\"><span style=\"vertical-align: inherit\"><span style=\"vertical-align: inherit\"><span style=\"vertical-align: inherit\"><span style=\"vertical-align: inherit\"><span style=\"vertical-align: inherit\"><span style=\"vertical-align: inherit\"><span style=\"vertical-align: inherit\">Tous les 1er mardis de chaque mois, l'apr\u00e8s-midi de 14h00 \u00e0 16h30<\/span><\/span><\/span><\/span><\/span><\/span><\/span><\/span><\/span><\/span><\/span><\/span><\/span><\/span><\/span><\/span><\/span><\/span><\/span><\/span><\/span><\/span><\/span><\/span><\/span><\/span><\/span><\/span><\/span><\/span><\/span><\/span><\/span><\/span><\/h6><ul><li><span style=\"vertical-align: inherit\"><span style=\"vertical-align: inherit\"><span style=\"vertical-align: inherit\"><span style=\"vertical-align: inherit\"><span style=\"vertical-align: inherit\"><span style=\"vertical-align: inherit\"><span style=\"vertical-align: inherit\"><span style=\"vertical-align: inherit\"><span style=\"vertical-align: inherit\"><span style=\"vertical-align: inherit\"><span style=\"vertical-align: inherit\"><span style=\"vertical-align: inherit\"><span style=\"vertical-align: inherit\"><span style=\"vertical-align: inherit\"><span style=\"vertical-align: inherit\"><span style=\"vertical-align: inherit\"><span style=\"vertical-align: inherit\"><span style=\"vertical-align: inherit\"><span style=\"vertical-align: inherit\"><span style=\"vertical-align: inherit\"><span style=\"vertical-align: inherit\"><span style=\"vertical-align: inherit\"><span style=\"vertical-align: inherit\"><span style=\"vertical-align: inherit\"><span style=\"vertical-align: inherit\"><span style=\"vertical-align: inherit\"><span style=\"vertical-align: inherit\"><span style=\"vertical-align: inherit\"><span style=\"vertical-align: inherit\"><span style=\"vertical-align: inherit\"><span style=\"vertical-align: inherit\"><span style=\"vertical-align: inherit\"><span style=\"vertical-align: inherit\"><span style=\"vertical-align: inherit\">PONT DE L'ARCHE, 52 rue du G\u00e9n\u00e9ral de Gaulle<\/span><\/span><\/span><\/span><\/span><\/span><\/span><\/span><\/span><\/span><\/span><\/span><\/span><\/span><\/span><\/span><\/span><\/span><\/span><\/span><\/span><\/span><\/span><\/span><\/span><\/span><\/span><\/span><\/span><\/span><\/span><\/span><\/span><\/span><\/li><\/ul><h6><span style=\"vertical-align: inherit\"><span style=\"vertical-align: inherit\"><span style=\"vertical-align: inherit\"><span style=\"vertical-align: inherit\"><span style=\"vertical-align: inherit\"><span style=\"vertical-align: inherit\"><span style=\"vertical-align: inherit\"><span style=\"vertical-align: inherit\"><span style=\"vertical-align: inherit\"><span style=\"vertical-align: inherit\"><span style=\"vertical-align: inherit\"><span style=\"vertical-align: inherit\"><span style=\"vertical-align: inherit\"><span style=\"vertical-align: inherit\"><span style=\"vertical-align: inherit\"><span style=\"vertical-align: inherit\"><span style=\"vertical-align: inherit\"><span style=\"vertical-align: inherit\"><span style=\"vertical-align: inherit\"><span style=\"vertical-align: inherit\"><span style=\"vertical-align: inherit\"><span style=\"vertical-align: inherit\"><span style=\"vertical-align: inherit\"><span style=\"vertical-align: inherit\"><span style=\"vertical-align: inherit\"><span style=\"vertical-align: inherit\"><span style=\"vertical-align: inherit\"><span style=\"vertical-align: inherit\"><span style=\"vertical-align: inherit\"><span style=\"vertical-align: inherit\"><span style=\"vertical-align: inherit\"><span style=\"vertical-align: inherit\"><span style=\"vertical-align: inherit\"><span style=\"vertical-align: inherit\">les jeudis toute la journ\u00e9e de 09h00 \u00e0 12h00 et de 13h30 \u00e0 16h30<\/span><\/span><\/span><\/span><\/span><\/span><\/span><\/span><\/span><\/span><\/span><\/span><\/span><\/span><\/span><\/span><\/span><\/span><\/span><\/span><\/span><\/span><\/span><\/span><\/span><\/span><\/span><\/span><\/span><\/span><\/span><\/span><\/span><\/span><\/h6><ul><li><span style=\"vertical-align: inherit\"><span style=\"vertical-align: inherit\"><span style=\"vertical-align: inherit\"><span style=\"vertical-align: inherit\"><span style=\"vertical-align: inherit\"><span style=\"vertical-align: inherit\"><span style=\"vertical-align: inherit\"><span style=\"vertical-align: inherit\"><span style=\"vertical-align: inherit\"><span style=\"vertical-align: inherit\"><span style=\"vertical-align: inherit\"><span style=\"vertical-align: inherit\"><span style=\"vertical-align: inherit\"><span style=\"vertical-align: inherit\"><span style=\"vertical-align: inherit\"><span style=\"vertical-align: inherit\"><span style=\"vertical-align: inherit\"><span style=\"vertical-align: inherit\"><span style=\"vertical-align: inherit\"><span style=\"vertical-align: inherit\"><span style=\"vertical-align: inherit\"><span style=\"vertical-align: inherit\"><span style=\"vertical-align: inherit\"><span style=\"vertical-align: inherit\"><span style=\"vertical-align: inherit\"><span style=\"vertical-align: inherit\"><span style=\"vertical-align: inherit\"><span style=\"vertical-align: inherit\"><span style=\"vertical-align: inherit\"><span style=\"vertical-align: inherit\"><span style=\"vertical-align: inherit\"><span style=\"vertical-align: inherit\"><span style=\"vertical-align: inherit\"><span style=\"vertical-align: inherit\">AMFREVILLE SAINT AMAND, \u00e0 la Mairie, 2 rue Blosseville<\/span><\/span><\/span><\/span><\/span><\/span><\/span><\/span><\/span><\/span><\/span><\/span><\/span><\/span><\/span><\/span><\/span><\/span><\/span><\/span><\/span><\/span><\/span><\/span><\/span><\/span><\/span><\/span><\/span><\/span><\/span><\/span><\/span><\/span><\/li><\/ul><h6><span style=\"vertical-align: inherit\"><span style=\"vertical-align: inherit\"><span style=\"vertical-align: inherit\"><span style=\"vertical-align: inherit\"><span style=\"vertical-align: inherit\"><span style=\"vertical-align: inherit\"><span style=\"vertical-align: inherit\"><span style=\"vertical-align: inherit\"><span style=\"vertical-align: inherit\"><span style=\"vertical-align: inherit\"><span style=\"vertical-align: inherit\"><span style=\"vertical-align: inherit\"><span style=\"vertical-align: inherit\"><span style=\"vertical-align: inherit\"><span style=\"vertical-align: inherit\"><span style=\"vertical-align: inherit\"><span style=\"vertical-align: inherit\"><span style=\"vertical-align: inherit\"><span style=\"vertical-align: inherit\"><span style=\"vertical-align: inherit\"><span style=\"vertical-align: inherit\"><span style=\"vertical-align: inherit\"><span style=\"vertical-align: inherit\"><span style=\"vertical-align: inherit\"><span style=\"vertical-align: inherit\"><span style=\"vertical-align: inherit\"><span style=\"vertical-align: inherit\"><span style=\"vertical-align: inherit\"><span style=\"vertical-align: inherit\"><span style=\"vertical-align: inherit\"><span style=\"vertical-align: inherit\"><span style=\"vertical-align: inherit\"><span style=\"vertical-align: inherit\"><span style=\"vertical-align: inherit\">Tous les mercredis matin, semaines paires, de 09h00 \u00e0 11h30<\/span><\/span><\/span><\/span><\/span><\/span><\/span><\/span><\/span><\/span><\/span><\/span><\/span><\/span><\/span><\/span><\/span><\/span><\/span><\/span><\/span><\/span><\/span><\/span><\/span><\/span><\/span><\/span><\/span><\/span><\/span><\/span><\/span><\/span><\/h6><ul><li><span style=\"vertical-align: inherit\"><span style=\"vertical-align: inherit\"><span style=\"vertical-align: inherit\"><span style=\"vertical-align: inherit\"><span style=\"vertical-align: inherit\"><span style=\"vertical-align: inherit\"><span style=\"vertical-align: inherit\"><span style=\"vertical-align: inherit\"><span style=\"vertical-align: inherit\"><span style=\"vertical-align: inherit\"><span style=\"vertical-align: inherit\"><span style=\"vertical-align: inherit\"><span style=\"vertical-align: inherit\"><span style=\"vertical-align: inherit\"><span style=\"vertical-align: inherit\"><span style=\"vertical-align: inherit\"><span style=\"vertical-align: inherit\"><span style=\"vertical-align: inherit\"><span style=\"vertical-align: inherit\"><span style=\"vertical-align: inherit\"><span style=\"vertical-align: inherit\"><span style=\"vertical-align: inherit\"><span style=\"vertical-align: inherit\"><span style=\"vertical-align: inherit\"><span style=\"vertical-align: inherit\"><span style=\"vertical-align: inherit\"><span style=\"vertical-align: inherit\"><span style=\"vertical-align: inherit\"><span style=\"vertical-align: inherit\"><span style=\"vertical-align: inherit\"><span style=\"vertical-align: inherit\"><span style=\"vertical-align: inherit\"><span style=\"vertical-align: inherit\"><span style=\"vertical-align: inherit\">BOSC DU THEIL, \u00e0 la Mairie, 1 route d'Elbeuf<\/span><\/span><\/span><\/span><\/span><\/span><\/span><\/span><\/span><\/span><\/span><\/span><\/span><\/span><\/span><\/span><\/span><\/span><\/span><\/span><\/span><\/span><\/span><\/span><\/span><\/span><\/span><\/span><\/span><\/span><\/span><\/span><\/span><\/span><\/li><\/ul><h6><span style=\"vertical-align: inherit\"><span style=\"vertical-align: inherit\"><span style=\"vertical-align: inherit\"><span style=\"vertical-align: inherit\"><span style=\"vertical-align: inherit\"><span style=\"vertical-align: inherit\"><span style=\"vertical-align: inherit\"><span style=\"vertical-align: inherit\"><span style=\"vertical-align: inherit\"><span style=\"vertical-align: inherit\"><span style=\"vertical-align: inherit\"><span style=\"vertical-align: inherit\"><span style=\"vertical-align: inherit\"><span style=\"vertical-align: inherit\"><span style=\"vertical-align: inherit\"><span style=\"vertical-align: inherit\"><span style=\"vertical-align: inherit\"><span style=\"vertical-align: inherit\"><span style=\"vertical-align: inherit\"><span style=\"vertical-align: inherit\"><span style=\"vertical-align: inherit\"><span style=\"vertical-align: inherit\"><span style=\"vertical-align: inherit\"><span style=\"vertical-align: inherit\"><span style=\"vertical-align: inherit\"><span style=\"vertical-align: inherit\"><span style=\"vertical-align: inherit\"><span style=\"vertical-align: inherit\"><span style=\"vertical-align: inherit\"><span style=\"vertical-align: inherit\"><span style=\"vertical-align: inherit\"><span style=\"vertical-align: inherit\"><span style=\"vertical-align: inherit\"><span style=\"vertical-align: inherit\">Tous les lundis apr\u00e8s-midi, semaines paires, de 14h00 \u00e0 16h30<\/span><\/span><\/span><\/span><\/span><\/span><\/span><\/span><\/span><\/span><\/span><\/span><\/span><\/span><\/span><\/span><\/span><\/span><\/span><\/span><\/span><\/span><\/span><\/span><\/span><\/span><\/span><\/span><\/span><\/span><\/span><\/span><\/span><\/span><\/h6><ul><li><span style=\"vertical-align: inherit\"><span style=\"vertical-align: inherit\"><span style=\"vertical-align: inherit\"><span style=\"vertical-align: inherit\"><span style=\"vertical-align: inherit\"><span style=\"vertical-align: inherit\"><span style=\"vertical-align: inherit\"><span style=\"vertical-align: inherit\"><span style=\"vertical-align: inherit\"><span style=\"vertical-align: inherit\"><span style=\"vertical-align: inherit\"><span style=\"vertical-align: inherit\"><span style=\"vertical-align: inherit\"><span style=\"vertical-align: inherit\"><span style=\"vertical-align: inherit\"><span style=\"vertical-align: inherit\"><span style=\"vertical-align: inherit\"><span style=\"vertical-align: inherit\"><span style=\"vertical-align: inherit\"><span style=\"vertical-align: inherit\"><span style=\"vertical-align: inherit\"><span style=\"vertical-align: inherit\"><span style=\"vertical-align: inherit\"><span style=\"vertical-align: inherit\"><span style=\"vertical-align: inherit\"><span style=\"vertical-align: inherit\"><span style=\"vertical-align: inherit\"><span style=\"vertical-align: inherit\"><span style=\"vertical-align: inherit\"><span style=\"vertical-align: inherit\"><span style=\"vertical-align: inherit\"><span style=\"vertical-align: inherit\"><span style=\"vertical-align: inherit\"><span style=\"vertical-align: inherit\">THUIT DE L'OISON, \u00e0 la Mairie, rue Henri de Campion<\/span><\/span><\/span><\/span><\/span><\/span><\/span><\/span><\/span><\/span><\/span><\/span><\/span><\/span><\/span><\/span><\/span><\/span><\/span><\/span><\/span><\/span><\/span><\/span><\/span><\/span><\/span><\/span><\/span><\/span><\/span><\/span><\/span><\/span><\/li><\/ul><h6><span style=\"vertical-align: inherit\"><span style=\"vertical-align: inherit\"><span style=\"vertical-align: inherit\"><span style=\"vertical-align: inherit\"><span style=\"vertical-align: inherit\"><span style=\"vertical-align: inherit\"><span style=\"vertical-align: inherit\"><span style=\"vertical-align: inherit\"><span style=\"vertical-align: inherit\"><span style=\"vertical-align: inherit\"><span style=\"vertical-align: inherit\"><span style=\"vertical-align: inherit\"><span style=\"vertical-align: inherit\"><span style=\"vertical-align: inherit\"><span style=\"vertical-align: inherit\"><span style=\"vertical-align: inherit\"><span style=\"vertical-align: inherit\"><span style=\"vertical-align: inherit\"><span style=\"vertical-align: inherit\"><span style=\"vertical-align: inherit\"><span style=\"vertical-align: inherit\"><span style=\"vertical-align: inherit\"><span style=\"vertical-align: inherit\"><span style=\"vertical-align: inherit\"><span style=\"vertical-align: inherit\"><span style=\"vertical-align: inherit\"><span style=\"vertical-align: inherit\"><span style=\"vertical-align: inherit\"><span style=\"vertical-align: inherit\"><span style=\"vertical-align: inherit\"><span style=\"vertical-align: inherit\"><span style=\"vertical-align: inherit\"><span style=\"vertical-align: inherit\"><span style=\"vertical-align: inherit\">Tous les mercredis matin, semaines impaires, de 09h00 \u00e0 12h00<\/span><\/span><\/span><\/span><\/span><\/span><\/span><\/span><\/span><\/span><\/span><\/span><\/span><\/span><\/span><\/span><\/span><\/span><\/span><\/span><\/span><\/span><\/span><\/span><\/span><\/span><\/span><\/span><\/span><\/span><\/span><\/span><\/span><\/span><\/h6><h6>\u00a0<\/h6>\n    <\/div>\n\t\t<\/div>\n\t\t\t\t<\/div>\n\t\t\t\t\t<\/div>\n\t\t\t\t<\/div>\n\t\t\t\t<\/div>\n\t\t","protected":false},"excerpt":{"rendered":"<p>3 antennes et 8 permanences au plus pr\u00e8s de chez toi ! La Mission Locale couvre\u00a0 quatre vingt\u00a0 huit communes sur l&#8217;Agglom\u00e9ration Seine Eure, la Communaut\u00e9 de Communes Lyons-Andelle et une partie de la Communaut\u00e9 de Communaut\u00e9 Roumois-Seine. Trouve l&#8217;antenne la plus proche de chez toi et contacte nous directement.\u00a0 Nos Antennes\u00a0 ANTENNE DE VAL [&hellip;]<\/p>\n","protected":false},"author":1,"featured_media":0,"parent":0,"menu_order":0,"comment_status":"closed","ping_status":"closed","template":"","meta":{"_acf_changed":false,"_crosspost_to_1":false,"_crosspost_to_2":false,"_crosspost_to_3":false,"_crosspost_to_4":false,"_crosspost_to_5":false,"_crosspost_to_6":false,"_crosspost_to_7":false,"_crosspost_to_8":false,"_crosspost_to_11":false,"_crosspost_to_13":false,"_crosspost_to_14":false,"_crosspost_to_15":false,"_crosspost_to_16":false,"inline_featured_image":false,"footnotes":""},"acf":[],"yoast_head":"<!-- This site is optimized with the Yoast SEO plugin v21.9.1 - https:\/\/yoast.com\/wordpress\/plugins\/seo\/ -->\n<title>Notre territoire - MISSION LOCALE LOUVIERS-VAL DE REUIL-ANDELLE<\/title>\n<meta name=\"robots\" content=\"index, follow, max-snippet:-1, max-image-preview:large, max-video-preview:-1\" \/>\n<link rel=\"canonical\" href=\"https:\/\/www.missionslocalesnormandie.fr\/mission-locale-louviers-valdereuil-andelle\/notre-territoire\/\" \/>\n<meta property=\"og:locale\" content=\"fr_FR\" \/>\n<meta property=\"og:type\" content=\"article\" \/>\n<meta property=\"og:title\" content=\"Notre territoire - MISSION LOCALE LOUVIERS-VAL DE REUIL-ANDELLE\" \/>\n<meta property=\"og:description\" content=\"3 antennes et 8 permanences au plus pr\u00e8s de chez toi ! La Mission Locale couvre\u00a0 quatre vingt\u00a0 huit communes sur l&#8217;Agglom\u00e9ration Seine Eure, la Communaut\u00e9 de Communes Lyons-Andelle et une partie de la Communaut\u00e9 de Communaut\u00e9 Roumois-Seine. Trouve l&#8217;antenne la plus proche de chez toi et contacte nous directement.\u00a0 Nos Antennes\u00a0 ANTENNE DE VAL [&hellip;]\" \/>\n<meta property=\"og:url\" content=\"https:\/\/www.missionslocalesnormandie.fr\/mission-locale-louviers-valdereuil-andelle\/notre-territoire\/\" \/>\n<meta property=\"og:site_name\" content=\"MISSION LOCALE LOUVIERS-VAL DE REUIL-ANDELLE\" \/>\n<meta property=\"article:modified_time\" content=\"2026-03-10T15:02:44+00:00\" \/>\n<meta property=\"og:image\" content=\"https:\/\/www.missionslocalesnormandie.fr\/content\/uploads\/sites\/12\/2025\/10\/vueMLvdrexterieure-scaled-950x595-c-default.jpeg\" \/>\n<meta name=\"twitter:card\" content=\"summary_large_image\" \/>\n<meta name=\"twitter:label1\" content=\"Dur\u00e9e de lecture estim\u00e9e\" \/>\n\t<meta name=\"twitter:data1\" content=\"2 minutes\" \/>\n<script type=\"application\/ld+json\" class=\"yoast-schema-graph\">{\"@context\":\"https:\/\/schema.org\",\"@graph\":[{\"@type\":\"WebPage\",\"@id\":\"https:\/\/www.missionslocalesnormandie.fr\/mission-locale-louviers-valdereuil-andelle\/notre-territoire\/\",\"url\":\"https:\/\/www.missionslocalesnormandie.fr\/mission-locale-louviers-valdereuil-andelle\/notre-territoire\/\",\"name\":\"Notre territoire - MISSION LOCALE LOUVIERS-VAL DE REUIL-ANDELLE\",\"isPartOf\":{\"@id\":\"https:\/\/www.missionslocalesnormandie.fr\/mission-locale-louviers-valdereuil-andelle\/#website\"},\"datePublished\":\"2023-12-14T13:49:32+00:00\",\"dateModified\":\"2026-03-10T15:02:44+00:00\",\"breadcrumb\":{\"@id\":\"https:\/\/www.missionslocalesnormandie.fr\/mission-locale-louviers-valdereuil-andelle\/notre-territoire\/#breadcrumb\"},\"inLanguage\":\"fr-FR\",\"potentialAction\":[{\"@type\":\"ReadAction\",\"target\":[\"https:\/\/www.missionslocalesnormandie.fr\/mission-locale-louviers-valdereuil-andelle\/notre-territoire\/\"]}]},{\"@type\":\"BreadcrumbList\",\"@id\":\"https:\/\/www.missionslocalesnormandie.fr\/mission-locale-louviers-valdereuil-andelle\/notre-territoire\/#breadcrumb\",\"itemListElement\":[{\"@type\":\"ListItem\",\"position\":1,\"name\":\"Home\",\"item\":\"https:\/\/www.missionslocalesnormandie.fr\/mission-locale-louviers-valdereuil-andelle\/\"},{\"@type\":\"ListItem\",\"position\":2,\"name\":\"Notre territoire\"}]},{\"@type\":\"WebSite\",\"@id\":\"https:\/\/www.missionslocalesnormandie.fr\/mission-locale-louviers-valdereuil-andelle\/#website\",\"url\":\"https:\/\/www.missionslocalesnormandie.fr\/mission-locale-louviers-valdereuil-andelle\/\",\"name\":\"MISSION LOCALE LOUVIERS-VAL DE REUIL-ANDELLE\",\"description\":\"\",\"potentialAction\":[{\"@type\":\"SearchAction\",\"target\":{\"@type\":\"EntryPoint\",\"urlTemplate\":\"https:\/\/www.missionslocalesnormandie.fr\/mission-locale-louviers-valdereuil-andelle\/?s={search_term_string}\"},\"query-input\":\"required name=search_term_string\"}],\"inLanguage\":\"fr-FR\"}]}<\/script>\n<!-- \/ Yoast SEO plugin. -->","yoast_head_json":{"title":"Notre territoire - MISSION LOCALE LOUVIERS-VAL DE REUIL-ANDELLE","robots":{"index":"index","follow":"follow","max-snippet":"max-snippet:-1","max-image-preview":"max-image-preview:large","max-video-preview":"max-video-preview:-1"},"canonical":"https:\/\/www.missionslocalesnormandie.fr\/mission-locale-louviers-valdereuil-andelle\/notre-territoire\/","og_locale":"fr_FR","og_type":"article","og_title":"Notre territoire - MISSION LOCALE LOUVIERS-VAL DE REUIL-ANDELLE","og_description":"3 antennes et 8 permanences au plus pr\u00e8s de chez toi ! La Mission Locale couvre\u00a0 quatre vingt\u00a0 huit communes sur l&#8217;Agglom\u00e9ration Seine Eure, la Communaut\u00e9 de Communes Lyons-Andelle et une partie de la Communaut\u00e9 de Communaut\u00e9 Roumois-Seine. Trouve l&#8217;antenne la plus proche de chez toi et contacte nous directement.\u00a0 Nos Antennes\u00a0 ANTENNE DE VAL [&hellip;]","og_url":"https:\/\/www.missionslocalesnormandie.fr\/mission-locale-louviers-valdereuil-andelle\/notre-territoire\/","og_site_name":"MISSION LOCALE LOUVIERS-VAL DE REUIL-ANDELLE","article_modified_time":"2026-03-10T15:02:44+00:00","og_image":[{"url":"https:\/\/www.missionslocalesnormandie.fr\/content\/uploads\/sites\/12\/2025\/10\/vueMLvdrexterieure-scaled-950x595-c-default.jpeg"}],"twitter_card":"summary_large_image","twitter_misc":{"Dur\u00e9e de lecture estim\u00e9e":"2 minutes"},"schema":{"@context":"https:\/\/schema.org","@graph":[{"@type":"WebPage","@id":"https:\/\/www.missionslocalesnormandie.fr\/mission-locale-louviers-valdereuil-andelle\/notre-territoire\/","url":"https:\/\/www.missionslocalesnormandie.fr\/mission-locale-louviers-valdereuil-andelle\/notre-territoire\/","name":"Notre territoire - MISSION LOCALE LOUVIERS-VAL DE REUIL-ANDELLE","isPartOf":{"@id":"https:\/\/www.missionslocalesnormandie.fr\/mission-locale-louviers-valdereuil-andelle\/#website"},"datePublished":"2023-12-14T13:49:32+00:00","dateModified":"2026-03-10T15:02:44+00:00","breadcrumb":{"@id":"https:\/\/www.missionslocalesnormandie.fr\/mission-locale-louviers-valdereuil-andelle\/notre-territoire\/#breadcrumb"},"inLanguage":"fr-FR","potentialAction":[{"@type":"ReadAction","target":["https:\/\/www.missionslocalesnormandie.fr\/mission-locale-louviers-valdereuil-andelle\/notre-territoire\/"]}]},{"@type":"BreadcrumbList","@id":"https:\/\/www.missionslocalesnormandie.fr\/mission-locale-louviers-valdereuil-andelle\/notre-territoire\/#breadcrumb","itemListElement":[{"@type":"ListItem","position":1,"name":"Home","item":"https:\/\/www.missionslocalesnormandie.fr\/mission-locale-louviers-valdereuil-andelle\/"},{"@type":"ListItem","position":2,"name":"Notre territoire"}]},{"@type":"WebSite","@id":"https:\/\/www.missionslocalesnormandie.fr\/mission-locale-louviers-valdereuil-andelle\/#website","url":"https:\/\/www.missionslocalesnormandie.fr\/mission-locale-louviers-valdereuil-andelle\/","name":"MISSION LOCALE LOUVIERS-VAL DE REUIL-ANDELLE","description":"","potentialAction":[{"@type":"SearchAction","target":{"@type":"EntryPoint","urlTemplate":"https:\/\/www.missionslocalesnormandie.fr\/mission-locale-louviers-valdereuil-andelle\/?s={search_term_string}"},"query-input":"required name=search_term_string"}],"inLanguage":"fr-FR"}]}},"_links":{"self":[{"href":"https:\/\/www.missionslocalesnormandie.fr\/mission-locale-louviers-valdereuil-andelle\/wp-json\/wp\/v2\/pages\/19"}],"collection":[{"href":"https:\/\/www.missionslocalesnormandie.fr\/mission-locale-louviers-valdereuil-andelle\/wp-json\/wp\/v2\/pages"}],"about":[{"href":"https:\/\/www.missionslocalesnormandie.fr\/mission-locale-louviers-valdereuil-andelle\/wp-json\/wp\/v2\/types\/page"}],"author":[{"embeddable":true,"href":"https:\/\/www.missionslocalesnormandie.fr\/mission-locale-louviers-valdereuil-andelle\/wp-json\/wp\/v2\/users\/1"}],"replies":[{"embeddable":true,"href":"https:\/\/www.missionslocalesnormandie.fr\/mission-locale-louviers-valdereuil-andelle\/wp-json\/wp\/v2\/comments?post=19"}],"version-history":[{"count":105,"href":"https:\/\/www.missionslocalesnormandie.fr\/mission-locale-louviers-valdereuil-andelle\/wp-json\/wp\/v2\/pages\/19\/revisions"}],"predecessor-version":[{"id":1788,"href":"https:\/\/www.missionslocalesnormandie.fr\/mission-locale-louviers-valdereuil-andelle\/wp-json\/wp\/v2\/pages\/19\/revisions\/1788"}],"wp:attachment":[{"href":"https:\/\/www.missionslocalesnormandie.fr\/mission-locale-louviers-valdereuil-andelle\/wp-json\/wp\/v2\/media?parent=19"}],"curies":[{"name":"wp","href":"https:\/\/api.w.org\/{rel}","templated":true}]}}