{"id":221,"date":"2023-12-14T16:19:59","date_gmt":"2023-12-14T15:19:59","guid":{"rendered":"https:\/\/www.missionslocalesnormandie.fr\/mission-locale-louviers-valdereuil-andelle\/?page_id=221"},"modified":"2026-03-18T13:58:12","modified_gmt":"2026-03-18T12:58:12","slug":"mentions-legales","status":"publish","type":"page","link":"https:\/\/www.missionslocalesnormandie.fr\/mission-locale-louviers-valdereuil-andelle\/mentions-legales\/","title":{"rendered":"Mentions l\u00e9gales"},"content":{"rendered":"\t\t<div data-elementor-type=\"wp-page\" data-elementor-id=\"221\" class=\"elementor elementor-221\">\n\t\t\t\t<div class=\"elementor-element elementor-element-b8a5657 e-flex e-con-boxed e-con e-parent\" data-id=\"b8a5657\" data-element_type=\"container\">\n\t\t\t\t\t<div class=\"e-con-inner\">\n\t\t\t\t<div class=\"elementor-element elementor-element-4cc5fa3 elementor-widget elementor-widget-block_titre\" data-id=\"4cc5fa3\" data-element_type=\"widget\" data-widget_type=\"block_titre.default\">\n\t\t\t\t<div class=\"elementor-widget-container\">\n\t\t\t    <div class=\"container\">\n        <h2>\n            Qui sommes-nous ?\n        <\/h2>\n    <\/div>\n\t\t<\/div>\n\t\t\t\t<\/div>\n\t\t\t\t\t<\/div>\n\t\t\t\t<\/div>\n\t\t<div class=\"elementor-element elementor-element-888c0e7 e-flex e-con-boxed e-con e-parent\" data-id=\"888c0e7\" data-element_type=\"container\">\n\t\t\t\t\t<div class=\"e-con-inner\">\n\t\t\t\t<div class=\"elementor-element elementor-element-9bbbae3 elementor-widget elementor-widget-block_simple_texte\" data-id=\"9bbbae3\" data-element_type=\"widget\" data-widget_type=\"block_simple_texte.default\">\n\t\t\t\t<div class=\"elementor-widget-container\">\n\t\t\t    <div class=\"container\">\n        <p>Le directeur de la publication : Janick Leger, Pr\u00e9sidente de la Mission Locale<\/p><p>Le si\u00e8ge social de la Mission Locale Louviers-Val de Reuil-Andelle se situe au 4 rue septentrion, 27100 VAL DE REUIL<\/p><p>Son num\u00e9ro RNA est :\u00a0 W271000398\u00a0<\/p><p>L\u2019adresse de notre site est\u00a0:\u00a0<a href=\"https:\/\/www.mlv2al.fr\">https:\/\/www.mlv2al.fr<\/a><\/p><p>Le num\u00e9ro de t\u00e9l\u00e9phone \u00e0 contacter est : 02 32 59 76 80.<\/p><p>Conseil, conception et d\u00e9veloppement de ce site : <a href=\"https:\/\/www.agence-bbird.fr\/\">Bbird<\/a> &amp; <a href=\"https:\/\/www.asuwish.fr\/structures\/internetrama\">Internetrama<\/a><\/p>\n    <\/div>\n\t\t<\/div>\n\t\t\t\t<\/div>\n\t\t\t\t\t<\/div>\n\t\t\t\t<\/div>\n\t\t<div class=\"elementor-element elementor-element-af1d53e e-flex e-con-boxed e-con e-parent\" data-id=\"af1d53e\" data-element_type=\"container\">\n\t\t\t\t\t<div class=\"e-con-inner\">\n\t\t\t\t<div class=\"elementor-element elementor-element-13fcc89 elementor-widget elementor-widget-block_titre\" data-id=\"13fcc89\" data-element_type=\"widget\" data-widget_type=\"block_titre.default\">\n\t\t\t\t<div class=\"elementor-widget-container\">\n\t\t\t    <div class=\"container\">\n        <h2>\n            Conditions G\u00e9n\u00e9rales d'Utilisation &amp; RGPD\n        <\/h2>\n    <\/div>\n\t\t<\/div>\n\t\t\t\t<\/div>\n\t\t\t\t\t<\/div>\n\t\t\t\t<\/div>\n\t\t<div class=\"elementor-element elementor-element-7e3be6d e-flex e-con-boxed e-con e-parent\" data-id=\"7e3be6d\" data-element_type=\"container\">\n\t\t\t\t\t<div class=\"e-con-inner\">\n\t\t\t\t<div class=\"elementor-element elementor-element-661a6a5 elementor-widget elementor-widget-block_simple_texte\" data-id=\"661a6a5\" data-element_type=\"widget\" data-widget_type=\"block_simple_texte.default\">\n\t\t\t\t<div class=\"elementor-widget-container\">\n\t\t\t    <div class=\"container\">\n        <p>La Mission Locale de Louviers-Val de Reuil-Andelle assure le traitement et la protection des donn\u00e9es personnelles dans le respect du R\u00e8glement G\u00e9n\u00e9ral sur la Protection des Donn\u00e9es (RGPD) applicable dans tous les pays europ\u00e9ens depuis le 25 mai 2018, et de la loi Informatique et Libert\u00e9s du 06 ao\u00fbt 2004.<\/p><h5><strong>Traitement et protection des donn\u00e9es personnelles<\/strong><\/h5><h5><span style=\"font-size: 24pt\"><a id=\"jeunes\"><\/a>Jeunes\u00a0<\/span><\/h5><p>Vos donn\u00e9es \u00e0 caract\u00e8re personnel, collect\u00e9es dans le cadre de votre accompagnement social et professionnel au sein de la Mission Locale, sont uniquement accessibles aux collaborateurs habilit\u00e9s. Ce traitement est n\u00e9cessaire \u00e0 l\u2019ex\u00e9cution de notre mission d\u2019int\u00e9r\u00eat public, il permet de personnaliser votre accompagnement selon vos besoins. Elles sont obligatoires et indispensables pour acc\u00e9der \u00e0 nos services.<\/p><p>La Mission Locale s\u2019engage \u00e0\u00a0:<\/p><ul><li>Conserver des copies de vos documents uniquement si cela s\u2019av\u00e8re n\u00e9cessaire.<\/li><li>Ne pas utiliser les documents ou informations \u00e0 d\u2019autres fins que celles annonc\u00e9es.<\/li><li>Prendre les mesures pour \u00e9viter toute utilisation d\u00e9tourn\u00e9e.<\/li><li>Prendre les mesures de s\u00e9curit\u00e9 pour assurer la conservation et l\u2019int\u00e9grit\u00e9 des documents et donn\u00e9es.<\/li><li>Proc\u00e9der \u00e0 la destruction des fichiers manuels ou informatis\u00e9s dans le respect des d\u00e9lais fix\u00e9s.<\/li><\/ul><p>Vous pouvez acc\u00e9der aux donn\u00e9es vous concernant. Vous disposez \u00e9galement d\u2019un droit d\u2019acc\u00e8s, de rectification, de mise \u00e0 jour, d\u2019opposition ou d\u2019effacement\u00a0 (sous certaines conditions) des donn\u00e9es \u00e0 caract\u00e8re personnel.<\/p><p>Pour plus d\u2019informations sur vos droits : <a href=\"http:\/\/www.cnil.fr\/\"><strong>cnil.fr<\/strong><\/a><\/p><p>Pour exercer ces droits ou pour toute question sur le traitement de vos donn\u00e9es, vous pouvez contacter la Mission Locale par courrier ou mail en joignant une copie de votre pi\u00e8ce d\u2019identit\u00e9 \u00e0 :<\/p><p><strong>Mission Locale Louviers-Val de Reuil-Andelle - R\u00e9f\u00e9rent RGPD<\/strong><\/p><ul><li>4 rue septentrion, 27400 VAL DE REUIL<\/li><li><span style=\"color: #800080\"><a style=\"color: #800080\" href=\"mailto:mondpo@mlv2al.fr\">mondpo@mlv2al.fr<\/a><\/span><\/li><\/ul><h3><span style=\"font-size: 24pt\"><a id=\"Financeurs\"><\/a>Financeurs\u00a0<\/span><\/h3><p>Conform\u00e9ment \u00e0 notre mission de service public, la Mission Locale Louviers-Val de Reuil-Andelle collecte des donn\u00e9es \u00e0 caract\u00e8re personnel aupr\u00e8s des jeunes. Dans ce cadre, nous sommes amen\u00e9s \u00e0 \u00e9changer avec vous, en votre qualit\u00e9 de financeur de la Mission Locale, sur ces donn\u00e9es parfois sensibles et sous le signe de la confidentialit\u00e9.<\/p><p>Aussi, les listes fournies le sont uniquement \u00e0 des fins d\u2019actions relevant des obligations\u00a0qui vous sont d\u00e9volues. En l\u2019absence d\u2019un consentement explicite, vous ne pouvez pas les utiliser \u00e0 d\u2019autres finalit\u00e9s.<\/p><p>Vous mettez en \u0153uvre des traitements de donn\u00e9es \u00e0 caract\u00e8re personnel qu\u2019il vous appartient de g\u00e9rer conform\u00e9ment aux attendus du RGDP et de la loi Informatique et Libert\u00e9s.<\/p><p>Concernant toute \u00e9volution des prestations que vous souhaiteriez mettre en \u0153uvre dans le cadre de notre relation, vous pouvez prendre contact avec notre D\u00e9l\u00e9gu\u00e9-e \u00e0 la Protection des Donn\u00e9es.<\/p><p>Dans le cadre de notre partenariat et afin de pouvoir vous tenir inform\u00e9, le cas \u00e9ch\u00e9ant, de notre actualit\u00e9 et des \u00e9v\u00e9nements que nous organisons, vos coordonn\u00e9es et celles de votre structure font l\u2019objet d\u2019un enregistrement dans notre base de contact.<\/p><p>Dans ce cadre, vous disposez de droits d\u2019acc\u00e8s, de rectification ou d\u2019effacement que vous pouvez exercer aupr\u00e8s de notre D\u00e9l\u00e9gu\u00e9-e \u00e0 la Protection des Donn\u00e9es.<\/p><p>Pour contacter notre D\u00e9l\u00e9gu\u00e9-e \u00e0 la Protection des Donn\u00e9es : <a href=\"mailto:mondpo@mlv2al.fr\"><span style=\"color: #800080\">mondpo@mlv2al.fr<\/span><\/a><\/p><h3><a id=\"Partenaires\"><\/a>Partenaires<\/h3><p>Dans le cadre de notre partenariat, nous sommes amen\u00e9s \u00e0 vous communiquer des CV et coordonn\u00e9es de jeunes suivis par notre Mission Locale.<\/p><p>Aussi, les listes fournies le sont uniquement \u00e0 des fins d\u2019actions relevant des obligations\u00a0qui vous sont d\u00e9volues. En l\u2019absence d\u2019un consentement explicite, vous ne pouvez pas les utiliser \u00e0 d\u2019autres finalit\u00e9s.<\/p><p>Vous mettez en \u0153uvre des traitements de donn\u00e9es \u00e0 caract\u00e8re personnel qu\u2019il vous appartient de g\u00e9rer conform\u00e9ment aux attendus du RGDP et de la loi Informatique et Libert\u00e9s.<\/p><p>En conformit\u00e9 avec le RGPD et la loi Informatique et Libert\u00e9s, les personnes concern\u00e9es par cet \u00e9change disposent de droits quant aux donn\u00e9es \u00e0 caract\u00e8re personnel.<\/p><p>En cas de demande,\u00a0il vous appartient de faire conna\u00eetre aux int\u00e9ress\u00e9s les traitements que vous mettez en \u0153uvre, la conservation et\/ou transmission \u00e0 des tiers.<\/p><p>Pour toute question, vous pouvez prendre contact avec notre D\u00e9l\u00e9gu\u00e9-e \u00e0 la Protection des Donn\u00e9es.<\/p><p>Dans le cadre de notre partenariat et afin de pouvoir vous tenir inform\u00e9, le cas \u00e9ch\u00e9ant, de notre actualit\u00e9 et des \u00e9v\u00e9nements que nous organisons, vos coordonn\u00e9es et celles de votre entreprise font l\u2019objet d\u2019un enregistrement dans notre base de contact.<\/p><p>Dans ce cadre, vous disposez de droits d\u2019acc\u00e8s, de rectification ou d\u2019effacement que vous pouvez exercer aupr\u00e8s de notre D\u00e9l\u00e9gu\u00e9-e \u00e0 la Protection des Donn\u00e9es.<\/p><p>Pour contacter notre D\u00e9l\u00e9gu\u00e9-e \u00e0 la Protection des Donn\u00e9es :\u00a0 <a href=\"mailto:rgpd@mlv2al.fr\">mondpo@mlv2al.fr<\/a><\/p>\n    <\/div>\n\t\t<\/div>\n\t\t\t\t<\/div>\n\t\t\t\t\t<\/div>\n\t\t\t\t<\/div>\n\t\t\t\t<\/div>\n\t\t","protected":false},"excerpt":{"rendered":"<p>Qui sommes-nous ? Le directeur de la publication : Janick Leger, Pr\u00e9sidente de la Mission Locale Le si\u00e8ge social de la Mission Locale Louviers-Val de Reuil-Andelle se situe au 4 rue septentrion, 27100 VAL DE REUIL Son num\u00e9ro RNA est :\u00a0 W271000398\u00a0 L\u2019adresse de notre site est\u00a0:\u00a0https:\/\/www.mlv2al.fr Le num\u00e9ro de t\u00e9l\u00e9phone \u00e0 contacter est : [&hellip;]<\/p>\n","protected":false},"author":1,"featured_media":0,"parent":0,"menu_order":0,"comment_status":"closed","ping_status":"closed","template":"","meta":{"_acf_changed":false,"_crosspost_to_1":false,"_crosspost_to_2":false,"_crosspost_to_3":false,"_crosspost_to_4":false,"_crosspost_to_5":false,"_crosspost_to_6":false,"_crosspost_to_7":false,"_crosspost_to_8":false,"_crosspost_to_11":false,"_crosspost_to_13":false,"_crosspost_to_14":false,"_crosspost_to_15":false,"_crosspost_to_16":false,"inline_featured_image":false,"footnotes":""},"acf":[],"yoast_head":"<!-- This site is optimized with the Yoast SEO plugin v21.9.1 - https:\/\/yoast.com\/wordpress\/plugins\/seo\/ -->\n<title>Mentions l\u00e9gales - MISSION LOCALE LOUVIERS-VAL DE REUIL-ANDELLE<\/title>\n<meta name=\"robots\" content=\"index, follow, max-snippet:-1, max-image-preview:large, max-video-preview:-1\" \/>\n<link rel=\"canonical\" href=\"https:\/\/www.missionslocalesnormandie.fr\/mission-locale-louviers-valdereuil-andelle\/mentions-legales\/\" \/>\n<meta property=\"og:locale\" content=\"fr_FR\" \/>\n<meta property=\"og:type\" content=\"article\" \/>\n<meta property=\"og:title\" content=\"Mentions l\u00e9gales - MISSION LOCALE LOUVIERS-VAL DE REUIL-ANDELLE\" \/>\n<meta property=\"og:description\" content=\"Qui sommes-nous ? Le directeur de la publication : Janick Leger, Pr\u00e9sidente de la Mission Locale Le si\u00e8ge social de la Mission Locale Louviers-Val de Reuil-Andelle se situe au 4 rue septentrion, 27100 VAL DE REUIL Son num\u00e9ro RNA est :\u00a0 W271000398\u00a0 L\u2019adresse de notre site est\u00a0:\u00a0https:\/\/www.mlv2al.fr Le num\u00e9ro de t\u00e9l\u00e9phone \u00e0 contacter est : [&hellip;]\" \/>\n<meta property=\"og:url\" content=\"https:\/\/www.missionslocalesnormandie.fr\/mission-locale-louviers-valdereuil-andelle\/mentions-legales\/\" \/>\n<meta property=\"og:site_name\" content=\"MISSION LOCALE LOUVIERS-VAL DE REUIL-ANDELLE\" \/>\n<meta property=\"article:modified_time\" content=\"2026-03-18T12:58:12+00:00\" \/>\n<meta name=\"twitter:card\" content=\"summary_large_image\" \/>\n<meta name=\"twitter:label1\" content=\"Dur\u00e9e de lecture estim\u00e9e\" \/>\n\t<meta name=\"twitter:data1\" content=\"5 minutes\" \/>\n<script type=\"application\/ld+json\" class=\"yoast-schema-graph\">{\"@context\":\"https:\/\/schema.org\",\"@graph\":[{\"@type\":\"WebPage\",\"@id\":\"https:\/\/www.missionslocalesnormandie.fr\/mission-locale-louviers-valdereuil-andelle\/mentions-legales\/\",\"url\":\"https:\/\/www.missionslocalesnormandie.fr\/mission-locale-louviers-valdereuil-andelle\/mentions-legales\/\",\"name\":\"Mentions l\u00e9gales - MISSION LOCALE LOUVIERS-VAL DE REUIL-ANDELLE\",\"isPartOf\":{\"@id\":\"https:\/\/www.missionslocalesnormandie.fr\/mission-locale-louviers-valdereuil-andelle\/#website\"},\"datePublished\":\"2023-12-14T15:19:59+00:00\",\"dateModified\":\"2026-03-18T12:58:12+00:00\",\"breadcrumb\":{\"@id\":\"https:\/\/www.missionslocalesnormandie.fr\/mission-locale-louviers-valdereuil-andelle\/mentions-legales\/#breadcrumb\"},\"inLanguage\":\"fr-FR\",\"potentialAction\":[{\"@type\":\"ReadAction\",\"target\":[\"https:\/\/www.missionslocalesnormandie.fr\/mission-locale-louviers-valdereuil-andelle\/mentions-legales\/\"]}]},{\"@type\":\"BreadcrumbList\",\"@id\":\"https:\/\/www.missionslocalesnormandie.fr\/mission-locale-louviers-valdereuil-andelle\/mentions-legales\/#breadcrumb\",\"itemListElement\":[{\"@type\":\"ListItem\",\"position\":1,\"name\":\"Home\",\"item\":\"https:\/\/www.missionslocalesnormandie.fr\/mission-locale-louviers-valdereuil-andelle\/\"},{\"@type\":\"ListItem\",\"position\":2,\"name\":\"Mentions l\u00e9gales\"}]},{\"@type\":\"WebSite\",\"@id\":\"https:\/\/www.missionslocalesnormandie.fr\/mission-locale-louviers-valdereuil-andelle\/#website\",\"url\":\"https:\/\/www.missionslocalesnormandie.fr\/mission-locale-louviers-valdereuil-andelle\/\",\"name\":\"MISSION LOCALE LOUVIERS-VAL DE REUIL-ANDELLE\",\"description\":\"\",\"potentialAction\":[{\"@type\":\"SearchAction\",\"target\":{\"@type\":\"EntryPoint\",\"urlTemplate\":\"https:\/\/www.missionslocalesnormandie.fr\/mission-locale-louviers-valdereuil-andelle\/?s={search_term_string}\"},\"query-input\":\"required name=search_term_string\"}],\"inLanguage\":\"fr-FR\"}]}<\/script>\n<!-- \/ Yoast SEO plugin. -->","yoast_head_json":{"title":"Mentions l\u00e9gales - MISSION LOCALE LOUVIERS-VAL DE REUIL-ANDELLE","robots":{"index":"index","follow":"follow","max-snippet":"max-snippet:-1","max-image-preview":"max-image-preview:large","max-video-preview":"max-video-preview:-1"},"canonical":"https:\/\/www.missionslocalesnormandie.fr\/mission-locale-louviers-valdereuil-andelle\/mentions-legales\/","og_locale":"fr_FR","og_type":"article","og_title":"Mentions l\u00e9gales - MISSION LOCALE LOUVIERS-VAL DE REUIL-ANDELLE","og_description":"Qui sommes-nous ? Le directeur de la publication : Janick Leger, Pr\u00e9sidente de la Mission Locale Le si\u00e8ge social de la Mission Locale Louviers-Val de Reuil-Andelle se situe au 4 rue septentrion, 27100 VAL DE REUIL Son num\u00e9ro RNA est :\u00a0 W271000398\u00a0 L\u2019adresse de notre site est\u00a0:\u00a0https:\/\/www.mlv2al.fr Le num\u00e9ro de t\u00e9l\u00e9phone \u00e0 contacter est : [&hellip;]","og_url":"https:\/\/www.missionslocalesnormandie.fr\/mission-locale-louviers-valdereuil-andelle\/mentions-legales\/","og_site_name":"MISSION LOCALE LOUVIERS-VAL DE REUIL-ANDELLE","article_modified_time":"2026-03-18T12:58:12+00:00","twitter_card":"summary_large_image","twitter_misc":{"Dur\u00e9e de lecture estim\u00e9e":"5 minutes"},"schema":{"@context":"https:\/\/schema.org","@graph":[{"@type":"WebPage","@id":"https:\/\/www.missionslocalesnormandie.fr\/mission-locale-louviers-valdereuil-andelle\/mentions-legales\/","url":"https:\/\/www.missionslocalesnormandie.fr\/mission-locale-louviers-valdereuil-andelle\/mentions-legales\/","name":"Mentions l\u00e9gales - MISSION LOCALE LOUVIERS-VAL DE REUIL-ANDELLE","isPartOf":{"@id":"https:\/\/www.missionslocalesnormandie.fr\/mission-locale-louviers-valdereuil-andelle\/#website"},"datePublished":"2023-12-14T15:19:59+00:00","dateModified":"2026-03-18T12:58:12+00:00","breadcrumb":{"@id":"https:\/\/www.missionslocalesnormandie.fr\/mission-locale-louviers-valdereuil-andelle\/mentions-legales\/#breadcrumb"},"inLanguage":"fr-FR","potentialAction":[{"@type":"ReadAction","target":["https:\/\/www.missionslocalesnormandie.fr\/mission-locale-louviers-valdereuil-andelle\/mentions-legales\/"]}]},{"@type":"BreadcrumbList","@id":"https:\/\/www.missionslocalesnormandie.fr\/mission-locale-louviers-valdereuil-andelle\/mentions-legales\/#breadcrumb","itemListElement":[{"@type":"ListItem","position":1,"name":"Home","item":"https:\/\/www.missionslocalesnormandie.fr\/mission-locale-louviers-valdereuil-andelle\/"},{"@type":"ListItem","position":2,"name":"Mentions l\u00e9gales"}]},{"@type":"WebSite","@id":"https:\/\/www.missionslocalesnormandie.fr\/mission-locale-louviers-valdereuil-andelle\/#website","url":"https:\/\/www.missionslocalesnormandie.fr\/mission-locale-louviers-valdereuil-andelle\/","name":"MISSION LOCALE LOUVIERS-VAL DE REUIL-ANDELLE","description":"","potentialAction":[{"@type":"SearchAction","target":{"@type":"EntryPoint","urlTemplate":"https:\/\/www.missionslocalesnormandie.fr\/mission-locale-louviers-valdereuil-andelle\/?s={search_term_string}"},"query-input":"required name=search_term_string"}],"inLanguage":"fr-FR"}]}},"_links":{"self":[{"href":"https:\/\/www.missionslocalesnormandie.fr\/mission-locale-louviers-valdereuil-andelle\/wp-json\/wp\/v2\/pages\/221"}],"collection":[{"href":"https:\/\/www.missionslocalesnormandie.fr\/mission-locale-louviers-valdereuil-andelle\/wp-json\/wp\/v2\/pages"}],"about":[{"href":"https:\/\/www.missionslocalesnormandie.fr\/mission-locale-louviers-valdereuil-andelle\/wp-json\/wp\/v2\/types\/page"}],"author":[{"embeddable":true,"href":"https:\/\/www.missionslocalesnormandie.fr\/mission-locale-louviers-valdereuil-andelle\/wp-json\/wp\/v2\/users\/1"}],"replies":[{"embeddable":true,"href":"https:\/\/www.missionslocalesnormandie.fr\/mission-locale-louviers-valdereuil-andelle\/wp-json\/wp\/v2\/comments?post=221"}],"version-history":[{"count":42,"href":"https:\/\/www.missionslocalesnormandie.fr\/mission-locale-louviers-valdereuil-andelle\/wp-json\/wp\/v2\/pages\/221\/revisions"}],"predecessor-version":[{"id":1795,"href":"https:\/\/www.missionslocalesnormandie.fr\/mission-locale-louviers-valdereuil-andelle\/wp-json\/wp\/v2\/pages\/221\/revisions\/1795"}],"wp:attachment":[{"href":"https:\/\/www.missionslocalesnormandie.fr\/mission-locale-louviers-valdereuil-andelle\/wp-json\/wp\/v2\/media?parent=221"}],"curies":[{"name":"wp","href":"https:\/\/api.w.org\/{rel}","templated":true}]}}