{"id":247,"date":"2023-12-15T09:08:27","date_gmt":"2023-12-15T08:08:27","guid":{"rendered":"https:\/\/www.missionslocalesnormandie.fr\/mission-locale-louviers-valdereuil-andelle\/?page_id=247"},"modified":"2024-04-23T13:49:58","modified_gmt":"2024-04-23T11:49:58","slug":"un-soutien","status":"publish","type":"page","link":"https:\/\/www.missionslocalesnormandie.fr\/mission-locale-louviers-valdereuil-andelle\/un-soutien\/","title":{"rendered":"Acc\u00e9der \u00e0 mes droits"},"content":{"rendered":"\t\t<div data-elementor-type=\"wp-page\" data-elementor-id=\"247\" class=\"elementor elementor-247\">\n\t\t\t\t<div class=\"elementor-element elementor-element-13ab418 e-flex e-con-boxed e-con e-parent\" data-id=\"13ab418\" data-element_type=\"container\">\n\t\t\t\t\t<div class=\"e-con-inner\">\n\t\t<div class=\"elementor-element elementor-element-e460a40 e-con-full e-flex e-con e-child\" data-id=\"e460a40\" data-element_type=\"container\">\n\t\t\t\t<div class=\"elementor-element elementor-element-de12ba2 elementor-widget elementor-widget-block_titre\" data-id=\"de12ba2\" data-element_type=\"widget\" data-widget_type=\"block_titre.default\">\n\t\t\t\t<div class=\"elementor-widget-container\">\n\t\t\t    <div class=\"container\">\n        <h2>\n            Sant\u00e9\n        <\/h2>\n    <\/div>\n\t\t<\/div>\n\t\t\t\t<\/div>\n\t\t\t\t<div class=\"elementor-element elementor-element-5f93183 elementor-widget elementor-widget-block_simple_texte\" data-id=\"5f93183\" data-element_type=\"widget\" data-widget_type=\"block_simple_texte.default\">\n\t\t\t\t<div class=\"elementor-widget-container\">\n\t\t\t    <div class=\"container\">\n        <h4 style=\"text-align: justify\"><strong><span style=\"vertical-align: inherit\"><span style=\"vertical-align: inherit\"><span style=\"vertical-align: inherit\"><span style=\"vertical-align: inherit\"><span style=\"vertical-align: inherit\"><span style=\"vertical-align: inherit\">Des questions sur ta sant\u00e9, l\u2019acc\u00e8s aux soins, ta sexualit\u00e9 ?<\/span><\/span><\/span><\/span><\/span><\/span><\/strong><\/h4><p style=\"text-align: justify\"><span style=\"font-weight: 400\"><span style=\"vertical-align: inherit\"><span style=\"vertical-align: inherit\"><span style=\"vertical-align: inherit\"><span style=\"vertical-align: inherit\"><span style=\"vertical-align: inherit\"><span style=\"vertical-align: inherit\"> Nos conseillers sont \u00e0 l\u2019\u00e9coute de tes questionnements afin de te rediriger vers les professionnels les plus comp\u00e9tents ou te proposer de participer \u00e0 l'un de nos ateliers bien-\u00eatre.<\/span><\/span><\/span><\/span><\/span><\/span><\/span><\/p><p style=\"text-align: justify\"><span style=\"font-weight: 400\"><span style=\"vertical-align: inherit\"><span style=\"vertical-align: inherit\"><span style=\"vertical-align: inherit\"><span style=\"vertical-align: inherit\"><span style=\"vertical-align: inherit\"><span style=\"vertical-align: inherit\"><span style=\"vertical-align: inherit\"><span style=\"vertical-align: inherit\">Tu peux \u00e9galement rencontrer notre psychologue tous les jeudis sur rendez-vous, soit sur notre antenne de Louviers ou sur notre antenne de Val de Reuil.<\/span><\/span><\/span><\/span><\/span><\/span><\/span><\/span><\/span><\/p><p style=\"text-align: justify\"><span style=\"font-weight: 400\"><span style=\"vertical-align: inherit\"><span style=\"vertical-align: inherit\"><span style=\"vertical-align: inherit\"><span style=\"vertical-align: inherit\"><span style=\"vertical-align: inherit\"><span style=\"vertical-align: inherit\"><span style=\"vertical-align: inherit\"><span style=\"vertical-align: inherit\">Parles-en \u00e0 ton conseiller pour pouvoir en b\u00e9n\u00e9ficier.<\/span><\/span><\/span><\/span><\/span><\/span><\/span><\/span><\/span><\/p>\n    <\/div>\n\t\t<\/div>\n\t\t\t\t<\/div>\n\t\t\t\t<\/div>\n\t\t<div class=\"elementor-element elementor-element-5a587f5 e-con-full e-flex e-con e-child\" data-id=\"5a587f5\" data-element_type=\"container\">\n\t\t\t\t<div class=\"elementor-element elementor-element-61c2723 elementor-widget elementor-widget-block_simple_visuel\" data-id=\"61c2723\" data-element_type=\"widget\" data-widget_type=\"block_simple_visuel.default\">\n\t\t\t\t<div class=\"elementor-widget-container\">\n\t\t\t    <div class=\"container\">\n        <figure>\n                        \n                                                            <a href=\"https:\/\/www.missionslocalesnormandie.fr\/content\/uploads\/sites\/12\/2024\/04\/Prevention-sante.png\">\n                    <img decoding=\"async\" src=\"https:\/\/www.missionslocalesnormandie.fr\/content\/uploads\/sites\/12\/2024\/04\/Prevention-sante-950x595-c-default.png\"\n                         alt=\"MISSION LOCALE LOUVIERS-VAL DE REUIL-ANDELLE\"\/>\n                <\/a>\n            \n                    <\/figure>\n    <\/div>\n\t\t<\/div>\n\t\t\t\t<\/div>\n\t\t\t\t<\/div>\n\t\t\t\t\t<\/div>\n\t\t\t\t<\/div>\n\t\t<div class=\"elementor-element elementor-element-f95e65a e-flex e-con-boxed e-con e-parent\" data-id=\"f95e65a\" data-element_type=\"container\">\n\t\t\t\t\t<div class=\"e-con-inner\">\n\t\t\t\t<div class=\"elementor-element elementor-element-e602123 elementor-widget elementor-widget-block_titre\" data-id=\"e602123\" data-element_type=\"widget\" data-widget_type=\"block_titre.default\">\n\t\t\t\t<div class=\"elementor-widget-container\">\n\t\t\t    <div class=\"container\">\n        <h2>\n            Vie sociale \n        <\/h2>\n    <\/div>\n\t\t<\/div>\n\t\t\t\t<\/div>\n\t\t\t\t\t<\/div>\n\t\t\t\t<\/div>\n\t\t<div class=\"elementor-element elementor-element-8fdb62c e-flex e-con-boxed e-con e-parent\" data-id=\"8fdb62c\" data-element_type=\"container\">\n\t\t\t\t\t<div class=\"e-con-inner\">\n\t\t<div class=\"elementor-element elementor-element-2941f97 e-con-full e-flex e-con e-child\" data-id=\"2941f97\" data-element_type=\"container\">\n\t\t\t\t<div class=\"elementor-element elementor-element-dbae048 elementor-widget elementor-widget-block_simple_visuel\" data-id=\"dbae048\" data-element_type=\"widget\" data-widget_type=\"block_simple_visuel.default\">\n\t\t\t\t<div class=\"elementor-widget-container\">\n\t\t\t    <div class=\"container\">\n        <figure>\n                        \n                                                            <a href=\"https:\/\/www.missionslocalesnormandie.fr\/content\/uploads\/sites\/12\/2024\/04\/imageatoutsnie-1.jpg\">\n                    <img decoding=\"async\" src=\"https:\/\/www.missionslocalesnormandie.fr\/content\/uploads\/sites\/12\/2024\/04\/imageatoutsnie-1-950x595-c-default.jpg\"\n                         alt=\"MISSION LOCALE LOUVIERS-VAL DE REUIL-ANDELLE\"\/>\n                <\/a>\n            \n                    <\/figure>\n    <\/div>\n\t\t<\/div>\n\t\t\t\t<\/div>\n\t\t\t\t<\/div>\n\t\t\t\t<div class=\"elementor-element elementor-element-51e5d72 elementor-widget elementor-widget-block_simple_texte\" data-id=\"51e5d72\" data-element_type=\"widget\" data-widget_type=\"block_simple_texte.default\">\n\t\t\t\t<div class=\"elementor-widget-container\">\n\t\t\t    <div class=\"container\">\n        <p style=\"text-align: justify\"><span style=\"font-weight: 400\"><span style=\"vertical-align: inherit\"><span style=\"vertical-align: inherit\"><span style=\"vertical-align: inherit\"><span style=\"vertical-align: inherit\"><span style=\"vertical-align: inherit\"><span style=\"vertical-align: inherit\"><span style=\"vertical-align: inherit\"><span style=\"vertical-align: inherit\"><span style=\"vertical-align: inherit\"><span style=\"vertical-align: inherit\">La Mission Locale propose r\u00e9guli\u00e8rement des actions en groupe afin de favoriser les \u00e9changes et rencontres entre jeunes : sorties cin\u00e9ma, ateliers cr\u00e9atifs, randonn\u00e9es, chantiers b\u00e9n\u00e9voles...<\/span><\/span><\/span><\/span><\/span><\/span><\/span><\/span><\/span><\/span><\/span><\/p><p><span style=\"font-weight: 400\"><span style=\"vertical-align: inherit\"><span style=\"vertical-align: inherit\"><span style=\"vertical-align: inherit\"><span style=\"vertical-align: inherit\"><span style=\"vertical-align: inherit\"><span style=\"vertical-align: inherit\"><span style=\"vertical-align: inherit\"><span style=\"vertical-align: inherit\"><span style=\"vertical-align: inherit\"><span style=\"vertical-align: inherit\">Nous te facilitons \u00e9galement ton acc\u00e8s sur des dispositifs d\u2019acc\u00e8s \u00e0 la culture comme :<\/span><\/span><\/span><\/span><\/span><\/span><\/span><\/span><\/span><\/span><\/span><\/p><ul><li style=\"font-weight: 400\"><span style=\"font-weight: 400\"><span style=\"vertical-align: inherit\"><span style=\"vertical-align: inherit\"><span style=\"vertical-align: inherit\"><span style=\"vertical-align: inherit\"><span style=\"vertical-align: inherit\"><span style=\"vertical-align: inherit\"><span style=\"vertical-align: inherit\"><span style=\"vertical-align: inherit\"><span style=\"vertical-align: inherit\"><span style=\"vertical-align: inherit\">Le pass culture <\/span><\/span><\/span><\/span><\/span><\/span><\/span><\/span><\/span><\/span><a href=\"https:\/\/pass.culture.fr\"><span style=\"vertical-align: inherit\"><span style=\"vertical-align: inherit\"><span style=\"vertical-align: inherit\"><span style=\"vertical-align: inherit\"><span style=\"vertical-align: inherit\"><span style=\"vertical-align: inherit\"><span style=\"vertical-align: inherit\"><span style=\"vertical-align: inherit\"><span style=\"vertical-align: inherit\"><span style=\"vertical-align: inherit\">https:\/\/pass.culture.fr\u00a0<\/span><\/span><\/span><\/span><\/span><\/span><\/span><\/span><\/span><\/span><\/a><\/span><\/li><li style=\"font-weight: 400\"><span style=\"font-weight: 400\"><span style=\"vertical-align: inherit\"><span style=\"vertical-align: inherit\"><span style=\"vertical-align: inherit\"><span style=\"vertical-align: inherit\"><span style=\"vertical-align: inherit\"><span style=\"vertical-align: inherit\"><span style=\"vertical-align: inherit\"><span style=\"vertical-align: inherit\"><span style=\"vertical-align: inherit\"><span style=\"vertical-align: inherit\">Atout Normandie <\/span><\/span><\/span><\/span><\/span><\/span><\/span><\/span><\/span><\/span><a href=\"https:\/\/atouts.normandie.fr\"><span style=\"vertical-align: inherit\"><span style=\"vertical-align: inherit\"><span style=\"vertical-align: inherit\"><span style=\"vertical-align: inherit\"><span style=\"vertical-align: inherit\"><span style=\"vertical-align: inherit\"><span style=\"vertical-align: inherit\"><span style=\"vertical-align: inherit\"><span style=\"vertical-align: inherit\"><span style=\"vertical-align: inherit\">https:\/\/atouts.normandie.fr<\/span><\/span><\/span><\/span><\/span><\/span><\/span><\/span><\/span><\/span><\/a><\/span><\/li><\/ul>\n    <\/div>\n\t\t<\/div>\n\t\t\t\t<\/div>\n\t\t\t\t\t<\/div>\n\t\t\t\t<\/div>\n\t\t<div class=\"elementor-element elementor-element-9d744e4 e-flex e-con-boxed e-con e-parent\" data-id=\"9d744e4\" data-element_type=\"container\">\n\t\t\t\t\t<div class=\"e-con-inner\">\n\t\t\t\t<div class=\"elementor-element elementor-element-49d0f9b elementor-widget elementor-widget-block_titre\" data-id=\"49d0f9b\" data-element_type=\"widget\" data-widget_type=\"block_titre.default\">\n\t\t\t\t<div class=\"elementor-widget-container\">\n\t\t\t    <div class=\"container\">\n        <h2>\n            Logement\n        <\/h2>\n    <\/div>\n\t\t<\/div>\n\t\t\t\t<\/div>\n\t\t\t\t\t<\/div>\n\t\t\t\t<\/div>\n\t\t<div class=\"elementor-element elementor-element-9afb881 e-flex e-con-boxed e-con e-parent\" data-id=\"9afb881\" data-element_type=\"container\">\n\t\t\t\t\t<div class=\"e-con-inner\">\n\t\t<div class=\"elementor-element elementor-element-4682df9 e-con-full e-flex e-con e-child\" data-id=\"4682df9\" data-element_type=\"container\">\n\t\t\t\t<div class=\"elementor-element elementor-element-8d3c0d2 elementor-widget elementor-widget-block_simple_texte\" data-id=\"8d3c0d2\" data-element_type=\"widget\" data-widget_type=\"block_simple_texte.default\">\n\t\t\t\t<div class=\"elementor-widget-container\">\n\t\t\t    <div class=\"container\">\n        <p style=\"text-align: justify\">Nos conseillers\u00a0 peuvent aussi\u00a0 t\u2019aider dans ta recherche de logement, t'apporter des conseils et outils pour g\u00e9rer ton budget ou encore t'aider dans tes d\u00e9marches administratives.\u00a0<\/p><p style=\"text-align: justify\">Ils pourront aussi te faire d\u00e9couvrir tous les bons plans pour s'\u00e9quiper sans se ruiner.\u00a0<\/p><p>D'ailleurs connais tu la <a href=\"https:\/\/www.label-emmaus.co\/fr\/?gad_source=1&amp;gclid=Cj0KCQjwiYOxBhC5ARIsAIvdH53RrJlVaH5unFI1G42oL29MZGUmUQsjcg4_xVuz2JwpUcDsILazI5UaAga3EALw_wcB\">plateforme d'Emma\u00fcs\u00a0 ?<\/a><\/p>\n    <\/div>\n\t\t<\/div>\n\t\t\t\t<\/div>\n\t\t\t\t<\/div>\n\t\t<div class=\"elementor-element elementor-element-446ea53 e-con-full e-flex e-con e-child\" data-id=\"446ea53\" data-element_type=\"container\">\n\t\t\t\t<div class=\"elementor-element elementor-element-33f9f97 elementor-widget elementor-widget-block_simple_visuel\" data-id=\"33f9f97\" data-element_type=\"widget\" data-widget_type=\"block_simple_visuel.default\">\n\t\t\t\t<div class=\"elementor-widget-container\">\n\t\t\t    <div class=\"container\">\n        <figure>\n                        \n                                                            <a href=\"https:\/\/www.missionslocalesnormandie.fr\/content\/uploads\/sites\/12\/2024\/04\/logement.jpg\">\n                    <img decoding=\"async\" src=\"https:\/\/www.missionslocalesnormandie.fr\/content\/uploads\/sites\/12\/2024\/04\/logement-950x595-c-default.jpg\"\n                         alt=\"MISSION LOCALE LOUVIERS-VAL DE REUIL-ANDELLE\"\/>\n                <\/a>\n            \n                    <\/figure>\n    <\/div>\n\t\t<\/div>\n\t\t\t\t<\/div>\n\t\t\t\t<\/div>\n\t\t\t\t\t<\/div>\n\t\t\t\t<\/div>\n\t\t<div class=\"elementor-element elementor-element-2c10f98 e-flex e-con-boxed e-con e-parent\" data-id=\"2c10f98\" data-element_type=\"container\">\n\t\t\t\t\t<div class=\"e-con-inner\">\n\t\t\t\t<div class=\"elementor-element elementor-element-8019a29 elementor-widget elementor-widget-block_titre\" data-id=\"8019a29\" data-element_type=\"widget\" data-widget_type=\"block_titre.default\">\n\t\t\t\t<div class=\"elementor-widget-container\">\n\t\t\t    <div class=\"container\">\n        <h2>\n            Mobilit\u00e9\n        <\/h2>\n    <\/div>\n\t\t<\/div>\n\t\t\t\t<\/div>\n\t\t\t\t\t<\/div>\n\t\t\t\t<\/div>\n\t\t<div class=\"elementor-element elementor-element-62aef51 e-flex e-con-boxed e-con e-parent\" data-id=\"62aef51\" data-element_type=\"container\">\n\t\t\t\t\t<div class=\"e-con-inner\">\n\t\t<div class=\"elementor-element elementor-element-e5ae3f4 e-con-full e-flex e-con e-child\" data-id=\"e5ae3f4\" data-element_type=\"container\">\n\t\t\t\t<div class=\"elementor-element elementor-element-b87bfab elementor-widget__width-initial elementor-widget elementor-widget-block_simple_visuel\" data-id=\"b87bfab\" data-element_type=\"widget\" data-widget_type=\"block_simple_visuel.default\">\n\t\t\t\t<div class=\"elementor-widget-container\">\n\t\t\t    <div class=\"container\">\n        <figure>\n                        \n                                                            <a href=\"https:\/\/www.missionslocalesnormandie.fr\/content\/uploads\/sites\/12\/2024\/04\/simulateur2.jpg\">\n                    <img decoding=\"async\" src=\"https:\/\/www.missionslocalesnormandie.fr\/content\/uploads\/sites\/12\/2024\/04\/simulateur2-950x595-c-default.jpg\"\n                         alt=\"MISSION LOCALE LOUVIERS-VAL DE REUIL-ANDELLE\"\/>\n                <\/a>\n            \n                    <\/figure>\n    <\/div>\n\t\t<\/div>\n\t\t\t\t<\/div>\n\t\t\t\t<\/div>\n\t\t<div class=\"elementor-element elementor-element-24ec514 e-con-full e-flex e-con e-child\" data-id=\"24ec514\" data-element_type=\"container\">\n\t\t\t\t<div class=\"elementor-element elementor-element-1f23718 elementor-widget elementor-widget-block_simple_texte\" data-id=\"1f23718\" data-element_type=\"widget\" data-widget_type=\"block_simple_texte.default\">\n\t\t\t\t<div class=\"elementor-widget-container\">\n\t\t\t    <div class=\"container\">\n        <h3>Ton permis\u00a0<\/h3><p><span style=\"font-weight: 400\">La mobilit\u00e9 peut \u00eatre un frein vers l\u2019autonomie et l\u2019emploi.<\/span><\/p><p><span style=\"font-weight: 400\"> C\u2019est la raison pour laquelle nous te proposons plusieurs actions :<\/span><\/p><ul><li style=\"font-weight: 400\"><span style=\"font-weight: 400\">Atelier code de la route<\/span><\/li><li style=\"font-weight: 400\"><span style=\"font-weight: 400\">Simulateur de conduite<\/span><\/li><li style=\"font-weight: 400\"><span style=\"font-weight: 400\">Action de sensibilisation<\/span><\/li><\/ul><p><span style=\"font-weight: 400\">N'h\u00e9site pas \u00e0 te rapprocher de ton conseiller pour participer \u00e0 ces actions.<\/span><\/p>\n    <\/div>\n\t\t<\/div>\n\t\t\t\t<\/div>\n\t\t\t\t<\/div>\n\t\t\t\t\t<\/div>\n\t\t\t\t<\/div>\n\t\t<div class=\"elementor-element elementor-element-d434216 e-flex e-con-boxed e-con e-parent\" data-id=\"d434216\" data-element_type=\"container\">\n\t\t\t\t\t<div class=\"e-con-inner\">\n\t\t\t\t<div class=\"elementor-element elementor-element-c3e27b2 elementor-widget elementor-widget-block_simple_texte\" data-id=\"c3e27b2\" data-element_type=\"widget\" data-widget_type=\"block_simple_texte.default\">\n\t\t\t\t<div class=\"elementor-widget-container\">\n\t\t\t    <div class=\"container\">\n        <section class=\"elementor-section elementor-top-section elementor-element elementor-element-23aed57 elementor-section-boxed elementor-section-height-default elementor-section-height-default\" data-id=\"23aed57\" data-element_type=\"section\"><div class=\"elementor-container elementor-column-gap-default\"><div class=\"elementor-column elementor-col-100 elementor-top-column elementor-element elementor-element-2d41f01\" data-id=\"2d41f01\" data-element_type=\"column\"><div class=\"elementor-widget-wrap elementor-element-populated\"><div class=\"elementor-element elementor-element-1584dd5 elementor-widget elementor-widget-text-editor\" data-id=\"1584dd5\" data-element_type=\"widget\" data-widget_type=\"text-editor.default\"><div class=\"elementor-widget-container\"><h3>et aussi \u00e0 l'international !<\/h3><p style=\"text-align: justify\"><span style=\"font-family: georgia, palatino, serif;font-size: 12pt\">La Mission Locale peut aussi t'aider \u00e0 concr\u00e9tiser ton projet de d\u00e9part \u00e0 l\u2019\u00e9tranger\u00a0 (d\u00e9marches administratives, aides financi\u00e8res, recherche de partenaires\u2026).\u00a0 Partir \u00e0 l\u2019\u00e9tranger, pendant quelques semaines ou quelques mois, permet de s\u2019ouvrir au monde, d\u2019apprendre \u00e0 mieux se conna\u00eetre, de gagner en confiance en soi, de d\u00e9velopper ses comp\u00e9tences et de faire sortir son CV du lot ! <\/span><\/p><p style=\"text-align: justify\"><span style=\"font-family: georgia, palatino, serif;font-size: 12pt\">Des solutions divers existent : V<\/span><span style=\"font-size: 12pt\">olontariat \u00e0 l\u2019international, stage, alternance, au pair, etc.<\/span><\/p><\/div><\/div><\/div><\/div><\/div><\/section>\n    <\/div>\n\t\t<\/div>\n\t\t\t\t<\/div>\n\t\t\t\t\t<\/div>\n\t\t\t\t<\/div>\n\t\t<div class=\"elementor-element elementor-element-717f2a6 e-flex e-con-boxed e-con e-parent\" data-id=\"717f2a6\" data-element_type=\"container\">\n\t\t\t\t\t<div class=\"e-con-inner\">\n\t\t\t\t<div class=\"elementor-element elementor-element-eff57ed elementor-widget elementor-widget-block_liens_fichiers\" data-id=\"eff57ed\" data-element_type=\"widget\" data-widget_type=\"block_liens_fichiers.default\">\n\t\t\t\t<div class=\"elementor-widget-container\">\n\t\t\t    <div class=\"container\">\n        <div class=\"my-4\">\n                                                                        <div class=\"edito-lien-fichier-avance\">\n                                                        <div class=\"titre-date\">\n                                <div class=\"titre\">\n                                    Destination ERASMUS \n                                <\/div>\n                                                            <\/div>\n                            <a href=\"https:\/\/www.missionslocalesnormandie.fr\/content\/uploads\/sites\/12\/2024\/04\/AFFICHEERASMUSSTAGE3MOIS.pdf\"\n                               class=\"generic-button -color-2 -small -with-text-left-picto-right\"\n                               target=\"_blank\"\n                               rel=\"noopener noreferrer\">\n                                <span>T\u00e9l\u00e9charger<\/span>\n                                <?xml version=\"1.0\" encoding=\"UTF-8\"?>\n<svg width=\"24px\" height=\"24px\" viewBox=\"0 0 24 24\" version=\"1.1\" xmlns=\"http:\/\/www.w3.org\/2000\/svg\" xmlns:xlink=\"http:\/\/www.w3.org\/1999\/xlink\">\n    <title>icons\/Telecharger@3x<\/title>\n    <g id=\"icons\/Telecharger\" stroke=\"none\" stroke-width=\"1\" fill=\"none\" fill-rule=\"evenodd\">\n        <polygon id=\"zone\" points=\"0 24 24 24 24 0 0 0\"><\/polygon>\n        <path d=\"M20,20 C20.5522847,20 21,20.4477153 21,21 C21,21.5522847 20.5522847,22 20,22 L4,22 C3.44771525,22 3,21.5522847 3,21 C3,20.4477153 3.44771525,20 4,20 L20,20 Z M12,2 C12.5522847,2 13,2.44771525 13,3 L13,15.772 L18.0856362,11.2525907 C18.4666664,10.9138971 19.034547,10.9195244 19.4082496,11.2470591 L19.4974093,11.3356362 C19.8643273,11.7484189 19.8271466,12.3804913 19.4143638,12.7474093 L12.6643638,18.7474093 L12.649,18.759 L12.625449,18.7803112 L12.58,18.813 L12.5658632,18.8245898 L12.558,18.828 L12.5360882,18.844312 L12.476,18.877 L12.4606934,18.8877375 L12.454,18.89 L12.4397747,18.8983588 L12.37,18.927 L12.3501884,18.9368523 C12.2670141,18.9668616 12.1931348,18.9843853 12.1166211,18.9932723 L12,19 C11.8816533,19 11.7681082,18.9794416 11.6627412,18.9417014 L11.653,18.937 L11.629,18.927 L11.5602253,18.8983588 L11.545,18.89 L11.523,18.877 L11.4639118,18.844312 L11.441,18.828 L11.419,18.813 L11.374551,18.7803112 L11.35,18.759 L11.3356362,18.7474093 L4.58563616,12.7474093 C4.17285339,12.3804913 4.13567266,11.7484189 4.50259068,11.3356362 C4.8695087,10.9228534 5.50158107,10.8856727 5.91436384,11.2525907 L11,15.773 L11,3 C11,2.48716416 11.3860402,2.06449284 11.8833789,2.00672773 L12,2 Z\" id=\"DL-icon\" fill=\"#000000\"><\/path>\n    <\/g>\n<\/svg>                            <\/a>\n                        <\/div>\n                                                        <\/div>\n    <\/div>\n\t\t<\/div>\n\t\t\t\t<\/div>\n\t\t\t\t\t<\/div>\n\t\t\t\t<\/div>\n\t\t<div class=\"elementor-element elementor-element-fa8a622 e-flex e-con-boxed e-con e-parent\" data-id=\"fa8a622\" data-element_type=\"container\">\n\t\t\t\t\t<div class=\"e-con-inner\">\n\t\t\t\t<div class=\"elementor-element elementor-element-f0ddc8b elementor-widget elementor-widget-block_titre\" data-id=\"f0ddc8b\" data-element_type=\"widget\" data-widget_type=\"block_titre.default\">\n\t\t\t\t<div class=\"elementor-widget-container\">\n\t\t\t    <div class=\"container\">\n        <h2>\n            Citoyennet\u00e9\n        <\/h2>\n    <\/div>\n\t\t<\/div>\n\t\t\t\t<\/div>\n\t\t\t\t\t<\/div>\n\t\t\t\t<\/div>\n\t\t<div class=\"elementor-element elementor-element-3b37e49 e-flex e-con-boxed e-con e-parent\" data-id=\"3b37e49\" data-element_type=\"container\">\n\t\t\t\t\t<div class=\"e-con-inner\">\n\t\t<div class=\"elementor-element elementor-element-8f05506 e-con-full e-flex e-con e-child\" data-id=\"8f05506\" data-element_type=\"container\">\n\t\t\t\t<div class=\"elementor-element elementor-element-4d5b42f elementor-widget elementor-widget-block_simple_visuel\" data-id=\"4d5b42f\" data-element_type=\"widget\" data-widget_type=\"block_simple_visuel.default\">\n\t\t\t\t<div class=\"elementor-widget-container\">\n\t\t\t    <div class=\"container\">\n        <figure>\n                        \n                                                            <a href=\"https:\/\/www.missionslocalesnormandie.fr\/content\/uploads\/sites\/12\/2024\/04\/1702907761190.jpg\">\n                    <img decoding=\"async\" src=\"https:\/\/www.missionslocalesnormandie.fr\/content\/uploads\/sites\/12\/2024\/04\/1702907761190-950x595-c-default.jpg\"\n                         alt=\"MISSION LOCALE LOUVIERS-VAL DE REUIL-ANDELLE\"\/>\n                <\/a>\n            \n                    <\/figure>\n    <\/div>\n\t\t<\/div>\n\t\t\t\t<\/div>\n\t\t\t\t<\/div>\n\t\t<div class=\"elementor-element elementor-element-df15a0d e-con-full e-flex e-con e-child\" data-id=\"df15a0d\" data-element_type=\"container\">\n\t\t\t\t<div class=\"elementor-element elementor-element-b92629b elementor-widget elementor-widget-block_simple_texte\" data-id=\"b92629b\" data-element_type=\"widget\" data-widget_type=\"block_simple_texte.default\">\n\t\t\t\t<div class=\"elementor-widget-container\">\n\t\t\t    <div class=\"container\">\n        <p style=\"text-align: justify\"><span style=\"font-weight: 400\">La Mission Locale t\u2019apporte les informations et les outils qui te permettent d\u2019exercer pleinement ta citoyennet\u00e9 : d\u00e9marches administratives, demande de naturalisation, recensement, Journ\u00e9e D\u00e9fense et Citoyennet\u00e9 (JDC), SNU, imp\u00f4ts, banque, droit de vote, etc.<\/span><\/p><h3 style=\"text-align: justify\">Envie de t'engager !\u00a0<\/h3><p style=\"text-align: justify\">Tu souhaites am\u00e9liorer la soci\u00e9t\u00e9, donner du sens \u00e0 ton action, t'engager pour l'environnement ou pour plus de solidarit\u00e9 ? T'engager en Service Civique te permet d'aller \u00e0 la rencontre de ceux et celles qui agissent pour faire bouger les choses. Il t'offre une garantie d'une exp\u00e9rience unique pour aider les autres et gagner en confiance. Aupr\u00e8s de ton conseiller tu trouveras toute l'aide pour chercher ta mission de service civique.<\/p><p style=\"text-align: justify\">Plus d'information sur\u00a0<a href=\"https:\/\/www.service-civique.gouv.fr\/\">https:\/\/www.service-civique.gouv.fr\/<\/a><\/p><p style=\"text-align: justify\">Mais tu peux aussi <strong>participer aux nombreuses actions de chantiers jeunes<\/strong> que nous menons (restauration de sites naturels, jardins partag\u00e9s, tri solidaire, collecte de dons alimentaires, colis de No\u00ebl...)<\/p>\n    <\/div>\n\t\t<\/div>\n\t\t\t\t<\/div>\n\t\t\t\t<\/div>\n\t\t\t\t\t<\/div>\n\t\t\t\t<\/div>\n\t\t<div class=\"elementor-element elementor-element-e3cd0a9 e-flex e-con-boxed e-con e-parent\" data-id=\"e3cd0a9\" data-element_type=\"container\">\n\t\t\t\t\t<div class=\"e-con-inner\">\n\t\t\t\t<div class=\"elementor-element elementor-element-2ffd8b2 elementor-widget elementor-widget-block_titre\" data-id=\"2ffd8b2\" data-element_type=\"widget\" data-widget_type=\"block_titre.default\">\n\t\t\t\t<div class=\"elementor-widget-container\">\n\t\t\t    <div class=\"container\">\n        <h2>\n            Le num\u00e9rique utile pour faciliter ton parcours\n        <\/h2>\n    <\/div>\n\t\t<\/div>\n\t\t\t\t<\/div>\n\t\t\t\t\t<\/div>\n\t\t\t\t<\/div>\n\t\t<div class=\"elementor-element elementor-element-9fe7efd e-flex e-con-boxed e-con e-parent\" data-id=\"9fe7efd\" data-element_type=\"container\">\n\t\t\t\t\t<div class=\"e-con-inner\">\n\t\t\t\t<div class=\"elementor-element elementor-element-5671ed3 elementor-widget__width-initial elementor-widget elementor-widget-block_simple_embed\" data-id=\"5671ed3\" data-element_type=\"widget\" data-widget_type=\"block_simple_embed.default\">\n\t\t\t\t<div class=\"elementor-widget-container\">\n\t\t\t<div class=\"container\">\n    <div class=\"embed-wrapper ratio ratio-16x9 my-4\">\n                <iframe src=\"https:\/\/fr.padlet.com\/joelle_lefrancois\/outils-utiles-pour-faciliter-ton-parcours-vers-l-emploi-jq069ost1eg7x2vm\"\n                allowfullscreen><\/iframe>\n            <\/div>\n<\/div>\t\t<\/div>\n\t\t\t\t<\/div>\n\t\t\t\t\t<\/div>\n\t\t\t\t<\/div>\n\t\t\t\t<\/div>\n\t\t","protected":false},"excerpt":{"rendered":"<p>Sant\u00e9 Des questions sur ta sant\u00e9, l\u2019acc\u00e8s aux soins, ta sexualit\u00e9 ? Nos conseillers sont \u00e0 l\u2019\u00e9coute de tes questionnements afin de te rediriger vers les professionnels les plus comp\u00e9tents ou te proposer de participer \u00e0 l&#8217;un de nos ateliers bien-\u00eatre. Tu peux \u00e9galement rencontrer notre psychologue tous les jeudis sur rendez-vous, soit sur notre [&hellip;]<\/p>\n","protected":false},"author":1,"featured_media":0,"parent":0,"menu_order":0,"comment_status":"closed","ping_status":"closed","template":"","meta":{"_acf_changed":false,"_crosspost_to_1":false,"_crosspost_to_2":false,"_crosspost_to_3":false,"_crosspost_to_4":false,"_crosspost_to_5":false,"_crosspost_to_6":false,"_crosspost_to_7":false,"_crosspost_to_8":false,"_crosspost_to_11":false,"_crosspost_to_13":false,"_crosspost_to_14":false,"_crosspost_to_15":false,"_crosspost_to_16":false,"inline_featured_image":false,"footnotes":""},"acf":[],"yoast_head":"<!-- This site is optimized with the Yoast SEO plugin v21.9.1 - https:\/\/yoast.com\/wordpress\/plugins\/seo\/ -->\n<title>Acc\u00e9der \u00e0 mes droits - MISSION LOCALE LOUVIERS-VAL DE REUIL-ANDELLE<\/title>\n<meta name=\"robots\" content=\"index, follow, max-snippet:-1, max-image-preview:large, max-video-preview:-1\" \/>\n<link rel=\"canonical\" href=\"https:\/\/www.missionslocalesnormandie.fr\/mission-locale-louviers-valdereuil-andelle\/un-soutien\/\" \/>\n<meta property=\"og:locale\" content=\"fr_FR\" \/>\n<meta property=\"og:type\" content=\"article\" \/>\n<meta property=\"og:title\" content=\"Acc\u00e9der \u00e0 mes droits - MISSION LOCALE LOUVIERS-VAL DE REUIL-ANDELLE\" \/>\n<meta property=\"og:description\" content=\"Sant\u00e9 Des questions sur ta sant\u00e9, l\u2019acc\u00e8s aux soins, ta sexualit\u00e9 ? Nos conseillers sont \u00e0 l\u2019\u00e9coute de tes questionnements afin de te rediriger vers les professionnels les plus comp\u00e9tents ou te proposer de participer \u00e0 l&#8217;un de nos ateliers bien-\u00eatre. Tu peux \u00e9galement rencontrer notre psychologue tous les jeudis sur rendez-vous, soit sur notre [&hellip;]\" \/>\n<meta property=\"og:url\" content=\"https:\/\/www.missionslocalesnormandie.fr\/mission-locale-louviers-valdereuil-andelle\/un-soutien\/\" \/>\n<meta property=\"og:site_name\" content=\"MISSION LOCALE LOUVIERS-VAL DE REUIL-ANDELLE\" \/>\n<meta property=\"article:modified_time\" content=\"2024-04-23T11:49:58+00:00\" \/>\n<meta property=\"og:image\" content=\"https:\/\/www.missionslocalesnormandie.fr\/content\/uploads\/sites\/12\/2024\/04\/Prevention-sante-950x595-c-default.png\" \/>\n<meta name=\"twitter:card\" content=\"summary_large_image\" \/>\n<meta name=\"twitter:label1\" content=\"Dur\u00e9e de lecture estim\u00e9e\" \/>\n\t<meta name=\"twitter:data1\" content=\"4 minutes\" \/>\n<script type=\"application\/ld+json\" class=\"yoast-schema-graph\">{\"@context\":\"https:\/\/schema.org\",\"@graph\":[{\"@type\":\"WebPage\",\"@id\":\"https:\/\/www.missionslocalesnormandie.fr\/mission-locale-louviers-valdereuil-andelle\/un-soutien\/\",\"url\":\"https:\/\/www.missionslocalesnormandie.fr\/mission-locale-louviers-valdereuil-andelle\/un-soutien\/\",\"name\":\"Acc\u00e9der \u00e0 mes droits - MISSION LOCALE LOUVIERS-VAL DE REUIL-ANDELLE\",\"isPartOf\":{\"@id\":\"https:\/\/www.missionslocalesnormandie.fr\/mission-locale-louviers-valdereuil-andelle\/#website\"},\"datePublished\":\"2023-12-15T08:08:27+00:00\",\"dateModified\":\"2024-04-23T11:49:58+00:00\",\"breadcrumb\":{\"@id\":\"https:\/\/www.missionslocalesnormandie.fr\/mission-locale-louviers-valdereuil-andelle\/un-soutien\/#breadcrumb\"},\"inLanguage\":\"fr-FR\",\"potentialAction\":[{\"@type\":\"ReadAction\",\"target\":[\"https:\/\/www.missionslocalesnormandie.fr\/mission-locale-louviers-valdereuil-andelle\/un-soutien\/\"]}]},{\"@type\":\"BreadcrumbList\",\"@id\":\"https:\/\/www.missionslocalesnormandie.fr\/mission-locale-louviers-valdereuil-andelle\/un-soutien\/#breadcrumb\",\"itemListElement\":[{\"@type\":\"ListItem\",\"position\":1,\"name\":\"Home\",\"item\":\"https:\/\/www.missionslocalesnormandie.fr\/mission-locale-louviers-valdereuil-andelle\/\"},{\"@type\":\"ListItem\",\"position\":2,\"name\":\"Acc\u00e9der \u00e0 mes droits\"}]},{\"@type\":\"WebSite\",\"@id\":\"https:\/\/www.missionslocalesnormandie.fr\/mission-locale-louviers-valdereuil-andelle\/#website\",\"url\":\"https:\/\/www.missionslocalesnormandie.fr\/mission-locale-louviers-valdereuil-andelle\/\",\"name\":\"MISSION LOCALE LOUVIERS-VAL DE REUIL-ANDELLE\",\"description\":\"\",\"potentialAction\":[{\"@type\":\"SearchAction\",\"target\":{\"@type\":\"EntryPoint\",\"urlTemplate\":\"https:\/\/www.missionslocalesnormandie.fr\/mission-locale-louviers-valdereuil-andelle\/?s={search_term_string}\"},\"query-input\":\"required name=search_term_string\"}],\"inLanguage\":\"fr-FR\"}]}<\/script>\n<!-- \/ Yoast SEO plugin. -->","yoast_head_json":{"title":"Acc\u00e9der \u00e0 mes droits - MISSION LOCALE LOUVIERS-VAL DE REUIL-ANDELLE","robots":{"index":"index","follow":"follow","max-snippet":"max-snippet:-1","max-image-preview":"max-image-preview:large","max-video-preview":"max-video-preview:-1"},"canonical":"https:\/\/www.missionslocalesnormandie.fr\/mission-locale-louviers-valdereuil-andelle\/un-soutien\/","og_locale":"fr_FR","og_type":"article","og_title":"Acc\u00e9der \u00e0 mes droits - MISSION LOCALE LOUVIERS-VAL DE REUIL-ANDELLE","og_description":"Sant\u00e9 Des questions sur ta sant\u00e9, l\u2019acc\u00e8s aux soins, ta sexualit\u00e9 ? Nos conseillers sont \u00e0 l\u2019\u00e9coute de tes questionnements afin de te rediriger vers les professionnels les plus comp\u00e9tents ou te proposer de participer \u00e0 l&#8217;un de nos ateliers bien-\u00eatre. Tu peux \u00e9galement rencontrer notre psychologue tous les jeudis sur rendez-vous, soit sur notre [&hellip;]","og_url":"https:\/\/www.missionslocalesnormandie.fr\/mission-locale-louviers-valdereuil-andelle\/un-soutien\/","og_site_name":"MISSION LOCALE LOUVIERS-VAL DE REUIL-ANDELLE","article_modified_time":"2024-04-23T11:49:58+00:00","og_image":[{"url":"https:\/\/www.missionslocalesnormandie.fr\/content\/uploads\/sites\/12\/2024\/04\/Prevention-sante-950x595-c-default.png"}],"twitter_card":"summary_large_image","twitter_misc":{"Dur\u00e9e de lecture estim\u00e9e":"4 minutes"},"schema":{"@context":"https:\/\/schema.org","@graph":[{"@type":"WebPage","@id":"https:\/\/www.missionslocalesnormandie.fr\/mission-locale-louviers-valdereuil-andelle\/un-soutien\/","url":"https:\/\/www.missionslocalesnormandie.fr\/mission-locale-louviers-valdereuil-andelle\/un-soutien\/","name":"Acc\u00e9der \u00e0 mes droits - MISSION LOCALE LOUVIERS-VAL DE REUIL-ANDELLE","isPartOf":{"@id":"https:\/\/www.missionslocalesnormandie.fr\/mission-locale-louviers-valdereuil-andelle\/#website"},"datePublished":"2023-12-15T08:08:27+00:00","dateModified":"2024-04-23T11:49:58+00:00","breadcrumb":{"@id":"https:\/\/www.missionslocalesnormandie.fr\/mission-locale-louviers-valdereuil-andelle\/un-soutien\/#breadcrumb"},"inLanguage":"fr-FR","potentialAction":[{"@type":"ReadAction","target":["https:\/\/www.missionslocalesnormandie.fr\/mission-locale-louviers-valdereuil-andelle\/un-soutien\/"]}]},{"@type":"BreadcrumbList","@id":"https:\/\/www.missionslocalesnormandie.fr\/mission-locale-louviers-valdereuil-andelle\/un-soutien\/#breadcrumb","itemListElement":[{"@type":"ListItem","position":1,"name":"Home","item":"https:\/\/www.missionslocalesnormandie.fr\/mission-locale-louviers-valdereuil-andelle\/"},{"@type":"ListItem","position":2,"name":"Acc\u00e9der \u00e0 mes droits"}]},{"@type":"WebSite","@id":"https:\/\/www.missionslocalesnormandie.fr\/mission-locale-louviers-valdereuil-andelle\/#website","url":"https:\/\/www.missionslocalesnormandie.fr\/mission-locale-louviers-valdereuil-andelle\/","name":"MISSION LOCALE LOUVIERS-VAL DE REUIL-ANDELLE","description":"","potentialAction":[{"@type":"SearchAction","target":{"@type":"EntryPoint","urlTemplate":"https:\/\/www.missionslocalesnormandie.fr\/mission-locale-louviers-valdereuil-andelle\/?s={search_term_string}"},"query-input":"required name=search_term_string"}],"inLanguage":"fr-FR"}]}},"_links":{"self":[{"href":"https:\/\/www.missionslocalesnormandie.fr\/mission-locale-louviers-valdereuil-andelle\/wp-json\/wp\/v2\/pages\/247"}],"collection":[{"href":"https:\/\/www.missionslocalesnormandie.fr\/mission-locale-louviers-valdereuil-andelle\/wp-json\/wp\/v2\/pages"}],"about":[{"href":"https:\/\/www.missionslocalesnormandie.fr\/mission-locale-louviers-valdereuil-andelle\/wp-json\/wp\/v2\/types\/page"}],"author":[{"embeddable":true,"href":"https:\/\/www.missionslocalesnormandie.fr\/mission-locale-louviers-valdereuil-andelle\/wp-json\/wp\/v2\/users\/1"}],"replies":[{"embeddable":true,"href":"https:\/\/www.missionslocalesnormandie.fr\/mission-locale-louviers-valdereuil-andelle\/wp-json\/wp\/v2\/comments?post=247"}],"version-history":[{"count":94,"href":"https:\/\/www.missionslocalesnormandie.fr\/mission-locale-louviers-valdereuil-andelle\/wp-json\/wp\/v2\/pages\/247\/revisions"}],"predecessor-version":[{"id":1457,"href":"https:\/\/www.missionslocalesnormandie.fr\/mission-locale-louviers-valdereuil-andelle\/wp-json\/wp\/v2\/pages\/247\/revisions\/1457"}],"wp:attachment":[{"href":"https:\/\/www.missionslocalesnormandie.fr\/mission-locale-louviers-valdereuil-andelle\/wp-json\/wp\/v2\/media?parent=247"}],"curies":[{"name":"wp","href":"https:\/\/api.w.org\/{rel}","templated":true}]}}