{"id":25,"date":"2023-12-14T14:52:53","date_gmt":"2023-12-14T13:52:53","guid":{"rendered":"https:\/\/www.missionslocalesnormandie.fr\/mission-locale-louviers-valdereuil-andelle\/?page_id=25"},"modified":"2025-06-05T14:38:06","modified_gmt":"2025-06-05T12:38:06","slug":"nos-services","status":"publish","type":"page","link":"https:\/\/www.missionslocalesnormandie.fr\/mission-locale-louviers-valdereuil-andelle\/nos-services\/","title":{"rendered":"Nos services"},"content":{"rendered":"\t\t<div data-elementor-type=\"wp-page\" data-elementor-id=\"25\" class=\"elementor elementor-25\">\n\t\t\t\t<div class=\"elementor-element elementor-element-8e7ced9 e-flex e-con-boxed e-con e-parent\" data-id=\"8e7ced9\" data-element_type=\"container\">\n\t\t\t\t\t<div class=\"e-con-inner\">\n\t\t\t\t<div class=\"elementor-element elementor-element-9f6004f elementor-widget elementor-widget-block_titre\" data-id=\"9f6004f\" data-element_type=\"widget\" data-widget_type=\"block_titre.default\">\n\t\t\t\t<div class=\"elementor-widget-container\">\n\t\t\t    <div class=\"container\">\n        <h2>\n            Nos services aux jeunes\n        <\/h2>\n    <\/div>\n\t\t<\/div>\n\t\t\t\t<\/div>\n\t\t\t\t<div class=\"elementor-element elementor-element-35ce4f1 elementor-widget elementor-widget-block_simple_texte\" data-id=\"35ce4f1\" data-element_type=\"widget\" data-widget_type=\"block_simple_texte.default\">\n\t\t\t\t<div class=\"elementor-widget-container\">\n\t\t\t    <div class=\"container\">\n        <p style=\"text-align: justify\"><span style=\"font-weight: 400\"><span style=\"vertical-align: inherit\"><span style=\"vertical-align: inherit\">Le r\u00f4le principal de la Mission Locale est d\u2019accompagner les jeunes de 16 \u00e0 25 ans sortis du syst\u00e8me scolaire ou demandeurs d'emploi et les jeunes reconnus Travailleurs Handicap\u00e9s jusqu'\u00e0 29 ans dans plusieurs domaines :<\/span><\/span><\/span><\/p><ul><li><span style=\"vertical-align: inherit\"><span style=\"vertical-align: inherit\">Orientation<\/span><\/span><\/li><li><span style=\"vertical-align: inherit\"><span style=\"vertical-align: inherit\">Formation<\/span><\/span><\/li><li style=\"font-weight: 400\"><span style=\"font-weight: 400\"><span style=\"vertical-align: inherit\"><span style=\"vertical-align: inherit\">Emploi<\/span><\/span><\/span><\/li><li style=\"font-weight: 400\"><span style=\"font-weight: 400\"><span style=\"vertical-align: inherit\"><span style=\"vertical-align: inherit\">Mobilit\u00e9<\/span><\/span><\/span><\/li><li style=\"font-weight: 400\"><span style=\"font-weight: 400\"><span style=\"vertical-align: inherit\"><span style=\"vertical-align: inherit\">Logement<\/span><\/span><\/span><\/li><li style=\"font-weight: 400\"><span style=\"font-weight: 400\"><span style=\"vertical-align: inherit\"><span style=\"vertical-align: inherit\">Sant\u00e9<\/span><\/span><\/span><\/li><li><span style=\"vertical-align: inherit\"><span style=\"vertical-align: inherit\">Citoyennet\u00e9 (acc\u00e8s aux droits, SNU, Service Civique...)<\/span><\/span><\/li><li><span style=\"vertical-align: inherit\"><span style=\"vertical-align: inherit\">Culture et Loisirs<\/span><\/span><\/li><\/ul><p style=\"text-align: justify\"><span style=\"font-weight: 400\"><span style=\"vertical-align: inherit\"><span style=\"vertical-align: inherit\">Cet accompagnement se mat\u00e9rialise par un suivi avec des entretiens r\u00e9guliers, des mises en situation professionnelles (stage, PMSMP), des ateliers, des rencontres avec des professionnels, des informations sur les m\u00e9tiers, des chantiers jeunes...des actions qui\u00a0 te permettront de prendre confiance en toi, de d\u00e9velopper tes comp\u00e9tences et tes connaissances pour rapidement devenir autonome dans tes d\u00e9marches et concr\u00e9tiser ton projet professionnel, ton acc\u00e8s \u00e0 ton premier emploi.<\/span><\/span><\/span><\/p><p style=\"text-align: justify\"><span style=\"font-weight: 400\"><span style=\"vertical-align: inherit\"><span style=\"vertical-align: inherit\">Pour faciliter tes d\u00e9marches, un accompagnement contractualis\u00e9 comme le Contrat Engagement Jeunes peut-\u00eatre propos\u00e9. En contre partie d'un accompagnement tr\u00e8s soutenu, tu peux percevoir une allocation qui <\/span><\/span><\/span><span style=\"vertical-align: inherit\"><span style=\"vertical-align: inherit\">en fonction de ton \u00e2ge et de ton statut fiscal peut varier de 211 \u20ac \u00e0 528 \u20ac. Cette allocation est souvent utilis\u00e9e pour financer un permis, payer un loyer, acheter de l\u2019alimentation, couvrir les frais de d\u00e9placement dans le cadre de ses recherches, ses stages en entreprises ou son premier emploi.<\/span><\/span><\/p>\n    <\/div>\n\t\t<\/div>\n\t\t\t\t<\/div>\n\t\t\t\t\t<\/div>\n\t\t\t\t<\/div>\n\t\t<div class=\"elementor-element elementor-element-c60f4da e-flex e-con-boxed e-con e-parent\" data-id=\"c60f4da\" data-element_type=\"container\">\n\t\t\t\t\t<div class=\"e-con-inner\">\n\t\t\t\t<div class=\"elementor-element elementor-element-6c6f391 elementor-widget elementor-widget-block_liens_fichiers\" data-id=\"6c6f391\" data-element_type=\"widget\" data-widget_type=\"block_liens_fichiers.default\">\n\t\t\t\t<div class=\"elementor-widget-container\">\n\t\t\t    <div class=\"container\">\n        <div class=\"my-4\">\n                                                                        <a href=\"https:\/\/acrobat.adobe.com\/id\/urn:aaid:sc:EU:6f940800-4057-40c8-a29c-c56dc14a55c4\" class=\"generic-link-file -pdf me-4 mb-3\"\n                           target=\"_blank\"\n                           rel=\"noopener noreferrer\">\n                            Plaquette institutionnelle jeunes\n                        <\/a>\n                                                                                                            <a href=\"https:\/\/www.missionslocalesnormandie.fr\/content\/uploads\/sites\/12\/2025\/06\/RAPPORT-ACTIVITE-2024compresse_2.pdf\" class=\"generic-link-file -pdf me-4 mb-3\"\n                           target=\"_blank\"\n                           rel=\"noopener noreferrer\">\n                            Rapport d'activit\u00e9 2024\n                        <\/a>\n                                                                                                            <a href=\"https:\/\/www.missionslocalesnormandie.fr\/content\/uploads\/sites\/12\/2025\/06\/PROJET-ASSOCIATIF-ml2alcompresse.pdf\" class=\"generic-link-file -pdf me-4 mb-3\"\n                           target=\"_blank\"\n                           rel=\"noopener noreferrer\">\n                            Projet Associatif\n                        <\/a>\n                                                                                                            <a href=\"https:\/\/www.missionslocalesnormandie.fr\/content\/uploads\/sites\/12\/2025\/06\/DIAGNOSTIC-TERRITORIAL-MLV2ALcompresse.pdf\" class=\"generic-link-file -pdf me-4 mb-3\"\n                           target=\"_blank\"\n                           rel=\"noopener noreferrer\">\n                            Diagnostic territorial\n                        <\/a>\n                                                                                                            <a href=\"https:\/\/www.missionslocalesnormandie.fr\/content\/uploads\/sites\/12\/2025\/06\/LIVRET-ACCUEIL-JEUNES-DEF-.pdf\" class=\"generic-link-file -pdf me-4 mb-3\"\n                           target=\"_blank\"\n                           rel=\"noopener noreferrer\">\n                            Livret d'accueil\n                        <\/a>\n                                                        <\/div>\n    <\/div>\n\t\t<\/div>\n\t\t\t\t<\/div>\n\t\t\t\t\t<\/div>\n\t\t\t\t<\/div>\n\t\t<div class=\"elementor-element elementor-element-73d9a1f e-flex e-con-boxed e-con e-parent\" data-id=\"73d9a1f\" data-element_type=\"container\">\n\t\t\t\t\t<div class=\"e-con-inner\">\n\t\t\t\t<div class=\"elementor-element elementor-element-eb1c587 elementor-widget elementor-widget-block_separateur\" data-id=\"eb1c587\" data-element_type=\"widget\" data-widget_type=\"block_separateur.default\">\n\t\t\t\t<div class=\"elementor-widget-container\">\n\t\t\t<div class=\"container\">\n    <hr\/>\n<\/div>\t\t<\/div>\n\t\t\t\t<\/div>\n\t\t\t\t<div class=\"elementor-element elementor-element-561eabf elementor-widget elementor-widget-block_titre\" data-id=\"561eabf\" data-element_type=\"widget\" data-widget_type=\"block_titre.default\">\n\t\t\t\t<div class=\"elementor-widget-container\">\n\t\t\t    <div class=\"container\">\n        <h2>\n            Nos services aux entreprises\n        <\/h2>\n    <\/div>\n\t\t<\/div>\n\t\t\t\t<\/div>\n\t\t\t\t\t<\/div>\n\t\t\t\t<\/div>\n\t\t<div class=\"elementor-element elementor-element-4a6a983 e-flex e-con-boxed e-con e-parent\" data-id=\"4a6a983\" data-element_type=\"container\">\n\t\t\t\t\t<div class=\"e-con-inner\">\n\t\t<div class=\"elementor-element elementor-element-bdfb84b e-con-full e-flex e-con e-child\" data-id=\"bdfb84b\" data-element_type=\"container\">\n\t\t\t\t<div class=\"elementor-element elementor-element-5226583 elementor-widget elementor-widget-block_simple_visuel\" data-id=\"5226583\" data-element_type=\"widget\" data-widget_type=\"block_simple_visuel.default\">\n\t\t\t\t<div class=\"elementor-widget-container\">\n\t\t\t    <div class=\"container\">\n        <figure>\n                        \n                                                            <a href=\"https:\/\/www.missionslocalesnormandie.fr\/content\/uploads\/sites\/12\/2024\/03\/cfaie4.jpg\">\n                    <img decoding=\"async\" src=\"https:\/\/www.missionslocalesnormandie.fr\/content\/uploads\/sites\/12\/2024\/03\/cfaie4-950x595-c-default.jpg\"\n                         alt=\"MISSION LOCALE LOUVIERS-VAL DE REUIL-ANDELLE\"\/>\n                <\/a>\n            \n                    <\/figure>\n    <\/div>\n\t\t<\/div>\n\t\t\t\t<\/div>\n\t\t\t\t<\/div>\n\t\t<div class=\"elementor-element elementor-element-d090f24 e-con-full e-flex e-con e-child\" data-id=\"d090f24\" data-element_type=\"container\">\n\t\t\t\t<div class=\"elementor-element elementor-element-71bb54b elementor-widget elementor-widget-block_simple_texte\" data-id=\"71bb54b\" data-element_type=\"widget\" data-widget_type=\"block_simple_texte.default\">\n\t\t\t\t<div class=\"elementor-widget-container\">\n\t\t\t    <div class=\"container\">\n        <p><span style=\"font-weight: 400\">La Mission Locale a \u00e9galement pour but d\u2019aider les entreprises dans leur recrutement, et plus largement dans la d\u00e9couverte de leur fili\u00e8re. <\/span><\/p><p><span style=\"font-weight: 400\">N'h\u00e9sitez pas \u00e0 consulter la section d\u00e9di\u00e9e aux employeurs sur notre site !<\/span><\/p><h5>Chaque ann\u00e9e ce sont plus de 500 offres trait\u00e9s, permettant ainsi \u00e0 plus de 700 jeunes dans l'ann\u00e9e de trouver leur premier emploi.<\/h5>\n    <\/div>\n\t\t<\/div>\n\t\t\t\t<\/div>\n\t\t\t\t<\/div>\n\t\t\t\t\t<\/div>\n\t\t\t\t<\/div>\n\t\t<div class=\"elementor-element elementor-element-4bdf3c7 e-flex e-con-boxed e-con e-parent\" data-id=\"4bdf3c7\" data-element_type=\"container\">\n\t\t\t\t\t<div class=\"e-con-inner\">\n\t\t<div class=\"elementor-element elementor-element-ed4e713 e-con-full e-flex e-con e-child\" data-id=\"ed4e713\" data-element_type=\"container\">\n\t\t\t\t<div class=\"elementor-element elementor-element-8205aa5 elementor-widget elementor-widget-block_liens_fichiers\" data-id=\"8205aa5\" data-element_type=\"widget\" data-widget_type=\"block_liens_fichiers.default\">\n\t\t\t\t<div class=\"elementor-widget-container\">\n\t\t\t    <div class=\"container\">\n        <div class=\"my-4\">\n                                                                        <a href=\"https:\/\/acrobat.adobe.com\/id\/urn:aaid:sc:EU:77543f0a-fc81-4243-8f9e-9d77d317f247\" class=\"generic-link-file -pdf me-4 mb-3\"\n                           target=\"_blank\"\n                           rel=\"noopener noreferrer\">\n                            Plaquette Entreprise\n                        <\/a>\n                                                        <\/div>\n    <\/div>\n\t\t<\/div>\n\t\t\t\t<\/div>\n\t\t\t\t<\/div>\n\t\t<div class=\"elementor-element elementor-element-08f45d5 e-con-full e-flex e-con e-child\" data-id=\"08f45d5\" data-element_type=\"container\">\n\t\t\t\t<\/div>\n\t\t\t\t\t<\/div>\n\t\t\t\t<\/div>\n\t\t<div class=\"elementor-element elementor-element-4dfa692 e-flex e-con-boxed e-con e-parent\" data-id=\"4dfa692\" data-element_type=\"container\">\n\t\t\t\t\t<div class=\"e-con-inner\">\n\t\t\t\t<div class=\"elementor-element elementor-element-0a790a3 elementor-widget elementor-widget-block_titre\" data-id=\"0a790a3\" data-element_type=\"widget\" data-widget_type=\"block_titre.default\">\n\t\t\t\t<div class=\"elementor-widget-container\">\n\t\t\t    <div class=\"container\">\n        <h2>\n            Nos partenaires\n        <\/h2>\n    <\/div>\n\t\t<\/div>\n\t\t\t\t<\/div>\n\t\t\t\t\t<\/div>\n\t\t\t\t<\/div>\n\t\t<div class=\"elementor-element elementor-element-ac0ca5e e-flex e-con-boxed e-con e-parent\" data-id=\"ac0ca5e\" data-element_type=\"container\">\n\t\t\t\t\t<div class=\"e-con-inner\">\n\t\t<div class=\"elementor-element elementor-element-6b56e19 e-con-full e-flex e-con e-child\" data-id=\"6b56e19\" data-element_type=\"container\">\n\t\t\t\t<div class=\"elementor-element elementor-element-ed7c10f elementor-widget elementor-widget-block_simple_texte\" data-id=\"ed7c10f\" data-element_type=\"widget\" data-widget_type=\"block_simple_texte.default\">\n\t\t\t\t<div class=\"elementor-widget-container\">\n\t\t\t    <div class=\"container\">\n        <p style=\"text-align: justify\">Afin d\u2019apporter aux jeunes les r\u00e9ponses n\u00e9cessaires, la Mission Locale mobilise un r\u00e9seau de partenaires locaux : entreprises, organismes de formation, autres acteurs du service public de l\u2019emploi, services de sant\u00e9, de logement et d\u2019action sociale, services publics locaux, collectivit\u00e9s, associations, clubs de pr\u00e9vention, etc.<\/p><p style=\"text-align: justify\"><br \/>Ce partenariat permet de proposer aux jeunes des r\u00e9ponses multiples, efficaces et adapt\u00e9es, de mettre en coh\u00e9rence les politiques d\u2019emploi et d\u2019insertion men\u00e9es<br \/>au niveau local.<\/p><p style=\"text-align: justify\"><br \/>Des partenariats sont \u00e9galement d\u00e9velopp\u00e9s avec des grandes entreprises qui ont des besoins de comp\u00e9tences.<\/p>\n    <\/div>\n\t\t<\/div>\n\t\t\t\t<\/div>\n\t\t\t\t<\/div>\n\t\t<div class=\"elementor-element elementor-element-04bf2b8 e-con-full e-flex e-con e-child\" data-id=\"04bf2b8\" data-element_type=\"container\">\n\t\t\t\t<div class=\"elementor-element elementor-element-a58ae9e elementor-widget elementor-widget-block_simple_visuel\" data-id=\"a58ae9e\" data-element_type=\"widget\" data-widget_type=\"block_simple_visuel.default\">\n\t\t\t\t<div class=\"elementor-widget-container\">\n\t\t\t    <div class=\"container\">\n        <figure>\n                        \n                                                            <a href=\"https:\/\/www.missionslocalesnormandie.fr\/content\/uploads\/sites\/12\/2024\/04\/nos-partenaires.png\">\n                    <img decoding=\"async\" src=\"https:\/\/www.missionslocalesnormandie.fr\/content\/uploads\/sites\/12\/2024\/04\/nos-partenaires-950x595-c-default.png\"\n                         alt=\"MISSION LOCALE LOUVIERS-VAL DE REUIL-ANDELLE\"\/>\n                <\/a>\n            \n                    <\/figure>\n    <\/div>\n\t\t<\/div>\n\t\t\t\t<\/div>\n\t\t\t\t<\/div>\n\t\t\t\t\t<\/div>\n\t\t\t\t<\/div>\n\t\t\t\t<\/div>\n\t\t","protected":false},"excerpt":{"rendered":"<p>Nos services aux jeunes Le r\u00f4le principal de la Mission Locale est d\u2019accompagner les jeunes de 16 \u00e0 25 ans sortis du syst\u00e8me scolaire ou demandeurs d&#8217;emploi et les jeunes reconnus Travailleurs Handicap\u00e9s jusqu&#8217;\u00e0 29 ans dans plusieurs domaines : Orientation Formation Emploi Mobilit\u00e9 Logement Sant\u00e9 Citoyennet\u00e9 (acc\u00e8s aux droits, SNU, Service Civique&#8230;) Culture et [&hellip;]<\/p>\n","protected":false},"author":1,"featured_media":0,"parent":0,"menu_order":0,"comment_status":"closed","ping_status":"closed","template":"","meta":{"_acf_changed":false,"_crosspost_to_1":false,"_crosspost_to_2":false,"_crosspost_to_3":false,"_crosspost_to_4":false,"_crosspost_to_5":false,"_crosspost_to_6":false,"_crosspost_to_7":false,"_crosspost_to_8":false,"_crosspost_to_11":false,"_crosspost_to_13":false,"_crosspost_to_14":false,"_crosspost_to_15":false,"_crosspost_to_16":false,"inline_featured_image":false,"footnotes":""},"acf":[],"yoast_head":"<!-- This site is optimized with the Yoast SEO plugin v21.9.1 - https:\/\/yoast.com\/wordpress\/plugins\/seo\/ -->\n<title>Nos services - MISSION LOCALE LOUVIERS-VAL DE REUIL-ANDELLE<\/title>\n<meta name=\"robots\" content=\"index, follow, max-snippet:-1, max-image-preview:large, max-video-preview:-1\" \/>\n<link rel=\"canonical\" href=\"https:\/\/www.missionslocalesnormandie.fr\/mission-locale-louviers-valdereuil-andelle\/nos-services\/\" \/>\n<meta property=\"og:locale\" content=\"fr_FR\" \/>\n<meta property=\"og:type\" content=\"article\" \/>\n<meta property=\"og:title\" content=\"Nos services - MISSION LOCALE LOUVIERS-VAL DE REUIL-ANDELLE\" \/>\n<meta property=\"og:description\" content=\"Nos services aux jeunes Le r\u00f4le principal de la Mission Locale est d\u2019accompagner les jeunes de 16 \u00e0 25 ans sortis du syst\u00e8me scolaire ou demandeurs d&#8217;emploi et les jeunes reconnus Travailleurs Handicap\u00e9s jusqu&#8217;\u00e0 29 ans dans plusieurs domaines : Orientation Formation Emploi Mobilit\u00e9 Logement Sant\u00e9 Citoyennet\u00e9 (acc\u00e8s aux droits, SNU, Service Civique&#8230;) Culture et [&hellip;]\" \/>\n<meta property=\"og:url\" content=\"https:\/\/www.missionslocalesnormandie.fr\/mission-locale-louviers-valdereuil-andelle\/nos-services\/\" \/>\n<meta property=\"og:site_name\" content=\"MISSION LOCALE LOUVIERS-VAL DE REUIL-ANDELLE\" \/>\n<meta property=\"article:modified_time\" content=\"2025-06-05T12:38:06+00:00\" \/>\n<meta property=\"og:image\" content=\"https:\/\/www.missionslocalesnormandie.fr\/content\/uploads\/sites\/12\/2024\/03\/cfaie4-950x595-c-default.jpg\" \/>\n<meta name=\"twitter:card\" content=\"summary_large_image\" \/>\n<meta name=\"twitter:label1\" content=\"Dur\u00e9e de lecture estim\u00e9e\" \/>\n\t<meta name=\"twitter:data1\" content=\"3 minutes\" \/>\n<script type=\"application\/ld+json\" class=\"yoast-schema-graph\">{\"@context\":\"https:\/\/schema.org\",\"@graph\":[{\"@type\":\"WebPage\",\"@id\":\"https:\/\/www.missionslocalesnormandie.fr\/mission-locale-louviers-valdereuil-andelle\/nos-services\/\",\"url\":\"https:\/\/www.missionslocalesnormandie.fr\/mission-locale-louviers-valdereuil-andelle\/nos-services\/\",\"name\":\"Nos services - MISSION LOCALE LOUVIERS-VAL DE REUIL-ANDELLE\",\"isPartOf\":{\"@id\":\"https:\/\/www.missionslocalesnormandie.fr\/mission-locale-louviers-valdereuil-andelle\/#website\"},\"datePublished\":\"2023-12-14T13:52:53+00:00\",\"dateModified\":\"2025-06-05T12:38:06+00:00\",\"breadcrumb\":{\"@id\":\"https:\/\/www.missionslocalesnormandie.fr\/mission-locale-louviers-valdereuil-andelle\/nos-services\/#breadcrumb\"},\"inLanguage\":\"fr-FR\",\"potentialAction\":[{\"@type\":\"ReadAction\",\"target\":[\"https:\/\/www.missionslocalesnormandie.fr\/mission-locale-louviers-valdereuil-andelle\/nos-services\/\"]}]},{\"@type\":\"BreadcrumbList\",\"@id\":\"https:\/\/www.missionslocalesnormandie.fr\/mission-locale-louviers-valdereuil-andelle\/nos-services\/#breadcrumb\",\"itemListElement\":[{\"@type\":\"ListItem\",\"position\":1,\"name\":\"Home\",\"item\":\"https:\/\/www.missionslocalesnormandie.fr\/mission-locale-louviers-valdereuil-andelle\/\"},{\"@type\":\"ListItem\",\"position\":2,\"name\":\"Nos services\"}]},{\"@type\":\"WebSite\",\"@id\":\"https:\/\/www.missionslocalesnormandie.fr\/mission-locale-louviers-valdereuil-andelle\/#website\",\"url\":\"https:\/\/www.missionslocalesnormandie.fr\/mission-locale-louviers-valdereuil-andelle\/\",\"name\":\"MISSION LOCALE LOUVIERS-VAL DE REUIL-ANDELLE\",\"description\":\"\",\"potentialAction\":[{\"@type\":\"SearchAction\",\"target\":{\"@type\":\"EntryPoint\",\"urlTemplate\":\"https:\/\/www.missionslocalesnormandie.fr\/mission-locale-louviers-valdereuil-andelle\/?s={search_term_string}\"},\"query-input\":\"required name=search_term_string\"}],\"inLanguage\":\"fr-FR\"}]}<\/script>\n<!-- \/ Yoast SEO plugin. -->","yoast_head_json":{"title":"Nos services - MISSION LOCALE LOUVIERS-VAL DE REUIL-ANDELLE","robots":{"index":"index","follow":"follow","max-snippet":"max-snippet:-1","max-image-preview":"max-image-preview:large","max-video-preview":"max-video-preview:-1"},"canonical":"https:\/\/www.missionslocalesnormandie.fr\/mission-locale-louviers-valdereuil-andelle\/nos-services\/","og_locale":"fr_FR","og_type":"article","og_title":"Nos services - MISSION LOCALE LOUVIERS-VAL DE REUIL-ANDELLE","og_description":"Nos services aux jeunes Le r\u00f4le principal de la Mission Locale est d\u2019accompagner les jeunes de 16 \u00e0 25 ans sortis du syst\u00e8me scolaire ou demandeurs d&#8217;emploi et les jeunes reconnus Travailleurs Handicap\u00e9s jusqu&#8217;\u00e0 29 ans dans plusieurs domaines : Orientation Formation Emploi Mobilit\u00e9 Logement Sant\u00e9 Citoyennet\u00e9 (acc\u00e8s aux droits, SNU, Service Civique&#8230;) Culture et [&hellip;]","og_url":"https:\/\/www.missionslocalesnormandie.fr\/mission-locale-louviers-valdereuil-andelle\/nos-services\/","og_site_name":"MISSION LOCALE LOUVIERS-VAL DE REUIL-ANDELLE","article_modified_time":"2025-06-05T12:38:06+00:00","og_image":[{"url":"https:\/\/www.missionslocalesnormandie.fr\/content\/uploads\/sites\/12\/2024\/03\/cfaie4-950x595-c-default.jpg"}],"twitter_card":"summary_large_image","twitter_misc":{"Dur\u00e9e de lecture estim\u00e9e":"3 minutes"},"schema":{"@context":"https:\/\/schema.org","@graph":[{"@type":"WebPage","@id":"https:\/\/www.missionslocalesnormandie.fr\/mission-locale-louviers-valdereuil-andelle\/nos-services\/","url":"https:\/\/www.missionslocalesnormandie.fr\/mission-locale-louviers-valdereuil-andelle\/nos-services\/","name":"Nos services - MISSION LOCALE LOUVIERS-VAL DE REUIL-ANDELLE","isPartOf":{"@id":"https:\/\/www.missionslocalesnormandie.fr\/mission-locale-louviers-valdereuil-andelle\/#website"},"datePublished":"2023-12-14T13:52:53+00:00","dateModified":"2025-06-05T12:38:06+00:00","breadcrumb":{"@id":"https:\/\/www.missionslocalesnormandie.fr\/mission-locale-louviers-valdereuil-andelle\/nos-services\/#breadcrumb"},"inLanguage":"fr-FR","potentialAction":[{"@type":"ReadAction","target":["https:\/\/www.missionslocalesnormandie.fr\/mission-locale-louviers-valdereuil-andelle\/nos-services\/"]}]},{"@type":"BreadcrumbList","@id":"https:\/\/www.missionslocalesnormandie.fr\/mission-locale-louviers-valdereuil-andelle\/nos-services\/#breadcrumb","itemListElement":[{"@type":"ListItem","position":1,"name":"Home","item":"https:\/\/www.missionslocalesnormandie.fr\/mission-locale-louviers-valdereuil-andelle\/"},{"@type":"ListItem","position":2,"name":"Nos services"}]},{"@type":"WebSite","@id":"https:\/\/www.missionslocalesnormandie.fr\/mission-locale-louviers-valdereuil-andelle\/#website","url":"https:\/\/www.missionslocalesnormandie.fr\/mission-locale-louviers-valdereuil-andelle\/","name":"MISSION LOCALE LOUVIERS-VAL DE REUIL-ANDELLE","description":"","potentialAction":[{"@type":"SearchAction","target":{"@type":"EntryPoint","urlTemplate":"https:\/\/www.missionslocalesnormandie.fr\/mission-locale-louviers-valdereuil-andelle\/?s={search_term_string}"},"query-input":"required name=search_term_string"}],"inLanguage":"fr-FR"}]}},"_links":{"self":[{"href":"https:\/\/www.missionslocalesnormandie.fr\/mission-locale-louviers-valdereuil-andelle\/wp-json\/wp\/v2\/pages\/25"}],"collection":[{"href":"https:\/\/www.missionslocalesnormandie.fr\/mission-locale-louviers-valdereuil-andelle\/wp-json\/wp\/v2\/pages"}],"about":[{"href":"https:\/\/www.missionslocalesnormandie.fr\/mission-locale-louviers-valdereuil-andelle\/wp-json\/wp\/v2\/types\/page"}],"author":[{"embeddable":true,"href":"https:\/\/www.missionslocalesnormandie.fr\/mission-locale-louviers-valdereuil-andelle\/wp-json\/wp\/v2\/users\/1"}],"replies":[{"embeddable":true,"href":"https:\/\/www.missionslocalesnormandie.fr\/mission-locale-louviers-valdereuil-andelle\/wp-json\/wp\/v2\/comments?post=25"}],"version-history":[{"count":75,"href":"https:\/\/www.missionslocalesnormandie.fr\/mission-locale-louviers-valdereuil-andelle\/wp-json\/wp\/v2\/pages\/25\/revisions"}],"predecessor-version":[{"id":1628,"href":"https:\/\/www.missionslocalesnormandie.fr\/mission-locale-louviers-valdereuil-andelle\/wp-json\/wp\/v2\/pages\/25\/revisions\/1628"}],"wp:attachment":[{"href":"https:\/\/www.missionslocalesnormandie.fr\/mission-locale-louviers-valdereuil-andelle\/wp-json\/wp\/v2\/media?parent=25"}],"curies":[{"name":"wp","href":"https:\/\/api.w.org\/{rel}","templated":true}]}}