{"id":116,"date":"2023-12-14T15:20:36","date_gmt":"2023-12-14T14:20:36","guid":{"rendered":"https:\/\/www.missionslocalesnormandie.fr\/mission-locale-pays-alencon\/?page_id=116"},"modified":"2024-04-25T10:47:09","modified_gmt":"2024-04-25T08:47:09","slug":"nous-contacter-3","status":"publish","type":"page","link":"https:\/\/www.missionslocalesnormandie.fr\/mission-locale-pays-alencon\/nous-contacter-3\/","title":{"rendered":"Nous contacter"},"content":{"rendered":"\t\t<div data-elementor-type=\"wp-page\" data-elementor-id=\"116\" class=\"elementor elementor-116\">\n\t\t\t\t<div class=\"elementor-element elementor-element-ab15d24 e-flex e-con-boxed e-con e-parent\" data-id=\"ab15d24\" data-element_type=\"container\">\n\t\t\t\t\t<div class=\"e-con-inner\">\n\t\t<div class=\"elementor-element elementor-element-0bf57a8 e-con-full e-flex e-con e-child\" data-id=\"0bf57a8\" data-element_type=\"container\">\n\t\t\t\t<div class=\"elementor-element elementor-element-9d1a4f9 elementor-widget elementor-widget-block_simple_texte\" data-id=\"9d1a4f9\" data-element_type=\"widget\" data-widget_type=\"block_simple_texte.default\">\n\t\t\t\t<div class=\"elementor-widget-container\">\n\t\t\t    <div class=\"container\">\n        <p style=\"text-align: left\"><strong>Sandrine MICHEL<br \/><\/strong><a href=\"mailto:h.robine@missionlocale-alencon.fr\">s.michel@missionlocale-alencon.fr<\/a><\/p>\n    <\/div>\n\t\t<\/div>\n\t\t\t\t<\/div>\n\t\t\t\t<div class=\"elementor-element elementor-element-3544638 animated-fast elementor-invisible elementor-widget elementor-widget-block_colonnes_texte\" data-id=\"3544638\" data-element_type=\"widget\" data-settings=\"{&quot;_animation&quot;:&quot;fadeInLeft&quot;}\" data-widget_type=\"block_colonnes_texte.default\">\n\t\t\t\t<div class=\"elementor-widget-container\">\n\t\t\t    <div class=\"container\">\n                <div class=\"row my-4 row-cols-1 row-cols-lg-2 row-cols-xl-1\">\n                            <div class=\"col mb-4\">\n                    <p><span style=\"text-decoration: underline\"><strong>R\u00e9f\u00e9rences secteurs d'activit\u00e9<\/strong><\/span><strong> :<\/strong><\/p><ul><li>Personnel de la distribution et de la vente<\/li><li>Personnel du B\u00e2timent et des Travaux Publics \/ Artisanat<\/li><li>Personnel de l'agriculture<\/li><li>Personnel de la m\u00e9canique, de l\u2019\u00e9lectricit\u00e9 et de l\u2019\u00e9lectronique<\/li><li>Personnel de la logistique<\/li><li>Personnel des industries de process<\/li><li>Personnel de l'h\u00f4tellerie-restauration<\/li><\/ul><p><strong><span style=\"text-decoration: underline\">Dispositifs<\/span> :<\/strong><\/p><ul><li>Parrainage<\/li><li>Groupement de cr\u00e9ateurs<\/li><\/ul>\n                <\/div>\n                    <\/div>\n    <\/div>\n\t\t<\/div>\n\t\t\t\t<\/div>\n\t\t\t\t<\/div>\n\t\t<div class=\"elementor-element elementor-element-fda3a2b e-con-full e-flex e-con e-child\" data-id=\"fda3a2b\" data-element_type=\"container\">\n\t\t\t\t<div class=\"elementor-element elementor-element-35e91ba elementor-widget elementor-widget-block_simple_texte\" data-id=\"35e91ba\" data-element_type=\"widget\" data-widget_type=\"block_simple_texte.default\">\n\t\t\t\t<div class=\"elementor-widget-container\">\n\t\t\t    <div class=\"container\">\n        <p style=\"text-align: left\"><strong>H\u00e9l\u00e8ne HUSSON-ROBINE<br \/><\/strong><a href=\"mailto:h.robine@missionlocale-alencon.fr\">h.robine@missionlocale-alencon.fr<\/a><\/p>\n    <\/div>\n\t\t<\/div>\n\t\t\t\t<\/div>\n\t\t\t\t<div class=\"elementor-element elementor-element-07da395 elementor-invisible elementor-widget elementor-widget-block_colonnes_texte\" data-id=\"07da395\" data-element_type=\"widget\" data-settings=\"{&quot;_animation&quot;:&quot;fadeInDown&quot;}\" data-widget_type=\"block_colonnes_texte.default\">\n\t\t\t\t<div class=\"elementor-widget-container\">\n\t\t\t    <div class=\"container\">\n                <div class=\"row my-4 row-cols-1 row-cols-lg-2 row-cols-xl-1\">\n                            <div class=\"col mb-4\">\n                    <p><strong><span style=\"text-decoration: underline\">R\u00e9f\u00e9rences secteurs d'activit\u00e9<\/span> :<\/strong><\/p><ul><li>Personnel du service \u00e0 la personne et \u00e0 la collectivit\u00e9<\/li><li>Personnel du service administratif<\/li><li>Professionnels de la sant\u00e9 (professions param\u00e9dicales)<\/li><li>Professionnels des arts et spectacles<\/li><li>En charge de la mise en place et du suivi des contrats aid\u00e9s pour le secteur non marchand (CAE)<\/li><li>R\u00e9f\u00e9rente Plateforme Service Civique<\/li><\/ul>\n                <\/div>\n                    <\/div>\n    <\/div>\n\t\t<\/div>\n\t\t\t\t<\/div>\n\t\t\t\t<\/div>\n\t\t<div class=\"elementor-element elementor-element-ec6d9a3 e-con-full e-flex e-con e-child\" data-id=\"ec6d9a3\" data-element_type=\"container\">\n\t\t\t\t<div class=\"elementor-element elementor-element-4f89dd9 elementor-widget elementor-widget-block_simple_texte\" data-id=\"4f89dd9\" data-element_type=\"widget\" data-widget_type=\"block_simple_texte.default\">\n\t\t\t\t<div class=\"elementor-widget-container\">\n\t\t\t    <div class=\"container\">\n        <p style=\"text-align: left\"><strong>Sonia MARTINEZ<br \/><\/strong><a href=\"mailto:s.martinez@missionlocale-alencon.fr\">s.martinez@missionlocale-alencon.fr<\/a><\/p>\n    <\/div>\n\t\t<\/div>\n\t\t\t\t<\/div>\n\t\t\t\t<div class=\"elementor-element elementor-element-15395e0 animated-slow elementor-invisible elementor-widget elementor-widget-block_colonnes_texte\" data-id=\"15395e0\" data-element_type=\"widget\" data-settings=\"{&quot;_animation&quot;:&quot;fadeInRight&quot;}\" data-widget_type=\"block_colonnes_texte.default\">\n\t\t\t\t<div class=\"elementor-widget-container\">\n\t\t\t    <div class=\"container\">\n                <div class=\"row my-4 row-cols-1 row-cols-lg-2 row-cols-xl-1\">\n                            <div class=\"col mb-4\">\n                    <p><strong><span style=\"text-decoration: underline\">R\u00e9f\u00e9rences<\/span>\u00a0:<\/strong><\/p><ul><li>Recherche et suivi de PMSMP<\/li><li>Recueil offres d'emploi et suivi dans l'emploi<\/li><li>Organisation des actions collectives emploi-formation : d\u00e9couverte secteur des m\u00e9tiers en partenariat avec France Travail, visite entreprise<\/li><li>R\u00e9f\u00e9rente de l\u2019Alternance et des CFA<\/li><li>En charge de la mise en place et du suivi des contrats aid\u00e9s dans le secteur marchand (CIE, Emploi Francs)<\/li><\/ul>\n                <\/div>\n                    <\/div>\n    <\/div>\n\t\t<\/div>\n\t\t\t\t<\/div>\n\t\t\t\t<\/div>\n\t\t\t\t\t<\/div>\n\t\t\t\t<\/div>\n\t\t<div class=\"elementor-element elementor-element-c4a71cc e-flex e-con-boxed e-con e-parent\" data-id=\"c4a71cc\" data-element_type=\"container\">\n\t\t\t\t\t<div class=\"e-con-inner\">\n\t\t\t\t\t<\/div>\n\t\t\t\t<\/div>\n\t\t\t\t<\/div>\n\t\t","protected":false},"excerpt":{"rendered":"<p>Sandrine MICHELs.michel@missionlocale-alencon.fr R\u00e9f\u00e9rences secteurs d&#8217;activit\u00e9 : Personnel de la distribution et de la vente Personnel du B\u00e2timent et des Travaux Publics \/ Artisanat Personnel de l&#8217;agriculture Personnel de la m\u00e9canique, de l\u2019\u00e9lectricit\u00e9 et de l\u2019\u00e9lectronique Personnel de la logistique Personnel des industries de process Personnel de l&#8217;h\u00f4tellerie-restauration Dispositifs : Parrainage Groupement de cr\u00e9ateurs H\u00e9l\u00e8ne HUSSON-ROBINEh.robine@missionlocale-alencon.fr [&hellip;]<\/p>\n","protected":false},"author":1,"featured_media":0,"parent":0,"menu_order":0,"comment_status":"closed","ping_status":"closed","template":"","meta":{"_acf_changed":false,"_crosspost_to_1":false,"_crosspost_to_2":false,"_crosspost_to_3":false,"_crosspost_to_5":false,"_crosspost_to_6":false,"_crosspost_to_7":false,"_crosspost_to_8":false,"_crosspost_to_11":false,"_crosspost_to_12":false,"_crosspost_to_13":false,"_crosspost_to_14":false,"_crosspost_to_15":false,"_crosspost_to_16":false,"inline_featured_image":false,"footnotes":""},"acf":[],"yoast_head":"<!-- This site is optimized with the Yoast SEO plugin v21.9.1 - https:\/\/yoast.com\/wordpress\/plugins\/seo\/ -->\n<title>Nous contacter - MISSION LOCALE DU PAYS D&#039;ALENCON<\/title>\n<meta name=\"robots\" content=\"index, follow, max-snippet:-1, max-image-preview:large, max-video-preview:-1\" \/>\n<link rel=\"canonical\" href=\"https:\/\/www.missionslocalesnormandie.fr\/mission-locale-pays-alencon\/nous-contacter-3\/\" \/>\n<meta property=\"og:locale\" content=\"fr_FR\" \/>\n<meta property=\"og:type\" content=\"article\" \/>\n<meta property=\"og:title\" content=\"Nous contacter - MISSION LOCALE DU PAYS D&#039;ALENCON\" \/>\n<meta property=\"og:description\" content=\"Sandrine MICHELs.michel@missionlocale-alencon.fr R\u00e9f\u00e9rences secteurs d&#8217;activit\u00e9 : Personnel de la distribution et de la vente Personnel du B\u00e2timent et des Travaux Publics \/ Artisanat Personnel de l&#8217;agriculture Personnel de la m\u00e9canique, de l\u2019\u00e9lectricit\u00e9 et de l\u2019\u00e9lectronique Personnel de la logistique Personnel des industries de process Personnel de l&#8217;h\u00f4tellerie-restauration Dispositifs : Parrainage Groupement de cr\u00e9ateurs H\u00e9l\u00e8ne HUSSON-ROBINEh.robine@missionlocale-alencon.fr [&hellip;]\" \/>\n<meta property=\"og:url\" content=\"https:\/\/www.missionslocalesnormandie.fr\/mission-locale-pays-alencon\/nous-contacter-3\/\" \/>\n<meta property=\"og:site_name\" content=\"MISSION LOCALE DU PAYS D&#039;ALENCON\" \/>\n<meta property=\"article:modified_time\" content=\"2024-04-25T08:47:09+00:00\" \/>\n<meta name=\"twitter:card\" content=\"summary_large_image\" \/>\n<meta name=\"twitter:label1\" content=\"Dur\u00e9e de lecture estim\u00e9e\" \/>\n\t<meta name=\"twitter:data1\" content=\"1 minute\" \/>\n<script type=\"application\/ld+json\" class=\"yoast-schema-graph\">{\"@context\":\"https:\/\/schema.org\",\"@graph\":[{\"@type\":\"WebPage\",\"@id\":\"https:\/\/www.missionslocalesnormandie.fr\/mission-locale-pays-alencon\/nous-contacter-3\/\",\"url\":\"https:\/\/www.missionslocalesnormandie.fr\/mission-locale-pays-alencon\/nous-contacter-3\/\",\"name\":\"Nous contacter - MISSION LOCALE DU PAYS D'ALENCON\",\"isPartOf\":{\"@id\":\"https:\/\/www.missionslocalesnormandie.fr\/mission-locale-pays-alencon\/#website\"},\"datePublished\":\"2023-12-14T14:20:36+00:00\",\"dateModified\":\"2024-04-25T08:47:09+00:00\",\"breadcrumb\":{\"@id\":\"https:\/\/www.missionslocalesnormandie.fr\/mission-locale-pays-alencon\/nous-contacter-3\/#breadcrumb\"},\"inLanguage\":\"fr-FR\",\"potentialAction\":[{\"@type\":\"ReadAction\",\"target\":[\"https:\/\/www.missionslocalesnormandie.fr\/mission-locale-pays-alencon\/nous-contacter-3\/\"]}]},{\"@type\":\"BreadcrumbList\",\"@id\":\"https:\/\/www.missionslocalesnormandie.fr\/mission-locale-pays-alencon\/nous-contacter-3\/#breadcrumb\",\"itemListElement\":[{\"@type\":\"ListItem\",\"position\":1,\"name\":\"Home\",\"item\":\"https:\/\/www.missionslocalesnormandie.fr\/mission-locale-pays-alencon\/\"},{\"@type\":\"ListItem\",\"position\":2,\"name\":\"Nous contacter\"}]},{\"@type\":\"WebSite\",\"@id\":\"https:\/\/www.missionslocalesnormandie.fr\/mission-locale-pays-alencon\/#website\",\"url\":\"https:\/\/www.missionslocalesnormandie.fr\/mission-locale-pays-alencon\/\",\"name\":\"MISSION LOCALE DU PAYS D'ALENCON\",\"description\":\"\",\"potentialAction\":[{\"@type\":\"SearchAction\",\"target\":{\"@type\":\"EntryPoint\",\"urlTemplate\":\"https:\/\/www.missionslocalesnormandie.fr\/mission-locale-pays-alencon\/?s={search_term_string}\"},\"query-input\":\"required name=search_term_string\"}],\"inLanguage\":\"fr-FR\"}]}<\/script>\n<!-- \/ Yoast SEO plugin. -->","yoast_head_json":{"title":"Nous contacter - MISSION LOCALE DU PAYS D'ALENCON","robots":{"index":"index","follow":"follow","max-snippet":"max-snippet:-1","max-image-preview":"max-image-preview:large","max-video-preview":"max-video-preview:-1"},"canonical":"https:\/\/www.missionslocalesnormandie.fr\/mission-locale-pays-alencon\/nous-contacter-3\/","og_locale":"fr_FR","og_type":"article","og_title":"Nous contacter - MISSION LOCALE DU PAYS D'ALENCON","og_description":"Sandrine MICHELs.michel@missionlocale-alencon.fr R\u00e9f\u00e9rences secteurs d&#8217;activit\u00e9 : Personnel de la distribution et de la vente Personnel du B\u00e2timent et des Travaux Publics \/ Artisanat Personnel de l&#8217;agriculture Personnel de la m\u00e9canique, de l\u2019\u00e9lectricit\u00e9 et de l\u2019\u00e9lectronique Personnel de la logistique Personnel des industries de process Personnel de l&#8217;h\u00f4tellerie-restauration Dispositifs : Parrainage Groupement de cr\u00e9ateurs H\u00e9l\u00e8ne HUSSON-ROBINEh.robine@missionlocale-alencon.fr [&hellip;]","og_url":"https:\/\/www.missionslocalesnormandie.fr\/mission-locale-pays-alencon\/nous-contacter-3\/","og_site_name":"MISSION LOCALE DU PAYS D'ALENCON","article_modified_time":"2024-04-25T08:47:09+00:00","twitter_card":"summary_large_image","twitter_misc":{"Dur\u00e9e de lecture estim\u00e9e":"1 minute"},"schema":{"@context":"https:\/\/schema.org","@graph":[{"@type":"WebPage","@id":"https:\/\/www.missionslocalesnormandie.fr\/mission-locale-pays-alencon\/nous-contacter-3\/","url":"https:\/\/www.missionslocalesnormandie.fr\/mission-locale-pays-alencon\/nous-contacter-3\/","name":"Nous contacter - MISSION LOCALE DU PAYS D'ALENCON","isPartOf":{"@id":"https:\/\/www.missionslocalesnormandie.fr\/mission-locale-pays-alencon\/#website"},"datePublished":"2023-12-14T14:20:36+00:00","dateModified":"2024-04-25T08:47:09+00:00","breadcrumb":{"@id":"https:\/\/www.missionslocalesnormandie.fr\/mission-locale-pays-alencon\/nous-contacter-3\/#breadcrumb"},"inLanguage":"fr-FR","potentialAction":[{"@type":"ReadAction","target":["https:\/\/www.missionslocalesnormandie.fr\/mission-locale-pays-alencon\/nous-contacter-3\/"]}]},{"@type":"BreadcrumbList","@id":"https:\/\/www.missionslocalesnormandie.fr\/mission-locale-pays-alencon\/nous-contacter-3\/#breadcrumb","itemListElement":[{"@type":"ListItem","position":1,"name":"Home","item":"https:\/\/www.missionslocalesnormandie.fr\/mission-locale-pays-alencon\/"},{"@type":"ListItem","position":2,"name":"Nous contacter"}]},{"@type":"WebSite","@id":"https:\/\/www.missionslocalesnormandie.fr\/mission-locale-pays-alencon\/#website","url":"https:\/\/www.missionslocalesnormandie.fr\/mission-locale-pays-alencon\/","name":"MISSION LOCALE DU PAYS D'ALENCON","description":"","potentialAction":[{"@type":"SearchAction","target":{"@type":"EntryPoint","urlTemplate":"https:\/\/www.missionslocalesnormandie.fr\/mission-locale-pays-alencon\/?s={search_term_string}"},"query-input":"required name=search_term_string"}],"inLanguage":"fr-FR"}]}},"_links":{"self":[{"href":"https:\/\/www.missionslocalesnormandie.fr\/mission-locale-pays-alencon\/wp-json\/wp\/v2\/pages\/116"}],"collection":[{"href":"https:\/\/www.missionslocalesnormandie.fr\/mission-locale-pays-alencon\/wp-json\/wp\/v2\/pages"}],"about":[{"href":"https:\/\/www.missionslocalesnormandie.fr\/mission-locale-pays-alencon\/wp-json\/wp\/v2\/types\/page"}],"author":[{"embeddable":true,"href":"https:\/\/www.missionslocalesnormandie.fr\/mission-locale-pays-alencon\/wp-json\/wp\/v2\/users\/1"}],"replies":[{"embeddable":true,"href":"https:\/\/www.missionslocalesnormandie.fr\/mission-locale-pays-alencon\/wp-json\/wp\/v2\/comments?post=116"}],"version-history":[{"count":99,"href":"https:\/\/www.missionslocalesnormandie.fr\/mission-locale-pays-alencon\/wp-json\/wp\/v2\/pages\/116\/revisions"}],"predecessor-version":[{"id":2491,"href":"https:\/\/www.missionslocalesnormandie.fr\/mission-locale-pays-alencon\/wp-json\/wp\/v2\/pages\/116\/revisions\/2491"}],"wp:attachment":[{"href":"https:\/\/www.missionslocalesnormandie.fr\/mission-locale-pays-alencon\/wp-json\/wp\/v2\/media?parent=116"}],"curies":[{"name":"wp","href":"https:\/\/api.w.org\/{rel}","templated":true}]}}