{"id":156,"date":"2023-12-14T15:36:58","date_gmt":"2023-12-14T14:36:58","guid":{"rendered":"https:\/\/www.missionslocalesnormandie.fr\/mission-locale-pays-alencon\/?page_id=156"},"modified":"2024-08-01T10:18:46","modified_gmt":"2024-08-01T08:18:46","slug":"morienter","status":"publish","type":"page","link":"https:\/\/www.missionslocalesnormandie.fr\/mission-locale-pays-alencon\/morienter\/","title":{"rendered":"Me d\u00e9placer"},"content":{"rendered":"\t\t<div data-elementor-type=\"wp-page\" data-elementor-id=\"156\" class=\"elementor elementor-156\">\n\t\t\t\t<div class=\"elementor-element elementor-element-5a27e6d e-flex e-con-boxed e-con e-parent\" data-id=\"5a27e6d\" data-element_type=\"container\">\n\t\t\t\t\t<div class=\"e-con-inner\">\n\t\t\t\t<div class=\"elementor-element elementor-element-6e0d71f elementor-widget elementor-widget-block_simple_texte\" data-id=\"6e0d71f\" data-element_type=\"widget\" data-widget_type=\"block_simple_texte.default\">\n\t\t\t\t<div class=\"elementor-widget-container\">\n\t\t\t    <div class=\"container\">\n        <p style=\"text-align: justify\"><span style=\"font-size: 14pt\">L'acc\u00e8s \u00e0 la mobilit\u00e9 constitue l'un des derniers freins \u00e0 l'insertion des jeunes et plus particuli\u00e8rement dans les zones rurales. La Mission Locale a d\u00e9cid\u00e9 de d\u00e9velopper ses partenariats et son offre de services interne afin de vous proposer des solutions adapt\u00e9es \u00e0 vos besoins.<\/span><\/p>\n    <\/div>\n\t\t<\/div>\n\t\t\t\t<\/div>\n\t\t\t\t\t<\/div>\n\t\t\t\t<\/div>\n\t\t<div class=\"elementor-element elementor-element-c4b0b6b e-flex e-con-boxed e-con e-parent\" data-id=\"c4b0b6b\" data-element_type=\"container\">\n\t\t\t\t\t<div class=\"e-con-inner\">\n\t\t<div class=\"elementor-element elementor-element-5ebbb3c e-con-full e-flex e-con e-child\" data-id=\"5ebbb3c\" data-element_type=\"container\">\n\t\t\t\t<div class=\"elementor-element elementor-element-c296e14 e-transform elementor-widget elementor-widget-block_titre\" data-id=\"c296e14\" data-element_type=\"widget\" data-settings=\"{&quot;_transform_translateX_effect&quot;:{&quot;unit&quot;:&quot;px&quot;,&quot;size&quot;:&quot;-10&quot;,&quot;sizes&quot;:[]},&quot;_transform_translateX_effect_tablet&quot;:{&quot;unit&quot;:&quot;px&quot;,&quot;size&quot;:&quot;&quot;,&quot;sizes&quot;:[]},&quot;_transform_translateX_effect_mobile&quot;:{&quot;unit&quot;:&quot;px&quot;,&quot;size&quot;:&quot;&quot;,&quot;sizes&quot;:[]},&quot;_transform_translateY_effect&quot;:{&quot;unit&quot;:&quot;px&quot;,&quot;size&quot;:&quot;&quot;,&quot;sizes&quot;:[]},&quot;_transform_translateY_effect_tablet&quot;:{&quot;unit&quot;:&quot;px&quot;,&quot;size&quot;:&quot;&quot;,&quot;sizes&quot;:[]},&quot;_transform_translateY_effect_mobile&quot;:{&quot;unit&quot;:&quot;px&quot;,&quot;size&quot;:&quot;&quot;,&quot;sizes&quot;:[]}}\" data-widget_type=\"block_titre.default\">\n\t\t\t\t<div class=\"elementor-widget-container\">\n\t\t\t    <div class=\"container\">\n        <h2>\n            Atelier Mob\n        <\/h2>\n    <\/div>\n\t\t<\/div>\n\t\t\t\t<\/div>\n\t\t\t\t<div class=\"elementor-element elementor-element-b5a150f elementor-widget__width-initial elementor-widget elementor-widget-block_simple_texte\" data-id=\"b5a150f\" data-element_type=\"widget\" data-widget_type=\"block_simple_texte.default\">\n\t\t\t\t<div class=\"elementor-widget-container\">\n\t\t\t    <div class=\"container\">\n        <p style=\"text-align: justify\">Afin de faciliter l'acc\u00e8s \u00e0 l'emploi et \u00e0 la formation des personnes rencontrant des probl\u00e8mes de d\u00e9placement, l'association (port\u00e9e par la Mission Locale) propose des pr\u00eats de v\u00e9los, scooters, trottinettes, voiturettes AMI.<\/p><p style=\"text-align: justify\">Le contrat de pr\u00eat est \u00e9tabli entre l\u2019association et le demandeur apr\u00e8s r\u00e9ception de la demande \u00e9tablie obligatoirement par un r\u00e9f\u00e9rent\/prescripteur.<\/p><p style=\"text-align: justify\">Le 1er mois de pr\u00eat est GRATUIT. Pass\u00e9 ce mois, le v\u00e9hicule peut \u00eatre lou\u00e9.<\/p><p style=\"text-align: justify\"><strong><span style=\"font-size: 12pt\">Plus de renseignements :<\/span><\/strong><\/p><p style=\"text-align: left\"><span style=\"font-size: 12pt\">Atelier MOB \u2013 59 rue Saint Blaise 61000 ALEN\u00c7ON<\/span><br \/><span style=\"font-size: 12pt\">T\u00e9l : 06 83 359 359 \u2013 Mail :\u00a0<a href=\"mailto:atelier.mob@orange.fr\" target=\"_blank\" rel=\"noreferrer noopener\">atelier.mob@orange.fr<\/a>\u00a0<\/span><span style=\"font-size: 12pt\"> -<a href=\"https:\/\/www.facebook.com\/profile.php?id=100066351864893\" target=\"_blank\" rel=\"noopener\"><img decoding=\"async\" class=\"alignleft\" src=\"https:\/\/logodownload.org\/wp-content\/uploads\/2014\/09\/facebook-logo-0.png\" alt=\"Facebook Logo \" width=\"34\" height=\"34\" \/><\/a><br \/>\u00a0<\/span><\/p>\n    <\/div>\n\t\t<\/div>\n\t\t\t\t<\/div>\n\t\t\t\t<\/div>\n\t\t<div class=\"elementor-element elementor-element-1cacdb0 e-con-full e-flex e-con e-child\" data-id=\"1cacdb0\" data-element_type=\"container\">\n\t\t\t\t<div class=\"elementor-element elementor-element-c49f9d5 elementor-widget__width-initial elementor-widget elementor-widget-block_simple_visuel\" data-id=\"c49f9d5\" data-element_type=\"widget\" data-widget_type=\"block_simple_visuel.default\">\n\t\t\t\t<div class=\"elementor-widget-container\">\n\t\t\t    <div class=\"container\">\n        <figure>\n                        \n                                                            <a href=\"https:\/\/www.missionslocalesnormandie.fr\/content\/uploads\/sites\/4\/2024\/04\/atelier-mob-format-microsite-web-2.png\">\n                    <img decoding=\"async\" src=\"https:\/\/www.missionslocalesnormandie.fr\/content\/uploads\/sites\/4\/2024\/04\/atelier-mob-format-microsite-web-2-950x595-c-default.png\"\n                         alt=\"MISSION LOCALE DU PAYS D'ALENCON\"\/>\n                <\/a>\n            \n                    <\/figure>\n    <\/div>\n\t\t<\/div>\n\t\t\t\t<\/div>\n\t\t\t\t<\/div>\n\t\t\t\t\t<\/div>\n\t\t\t\t<\/div>\n\t\t<div class=\"elementor-element elementor-element-9762791 e-flex e-con-boxed e-con e-parent\" data-id=\"9762791\" data-element_type=\"container\">\n\t\t\t\t\t<div class=\"e-con-inner\">\n\t\t\t\t<div class=\"elementor-element elementor-element-50a3148 elementor-widget elementor-widget-block_liens_fichiers\" data-id=\"50a3148\" data-element_type=\"widget\" data-widget_type=\"block_liens_fichiers.default\">\n\t\t\t\t<div class=\"elementor-widget-container\">\n\t\t\t    <div class=\"container\">\n        <div class=\"my-4\">\n                                                                        <div class=\"edito-lien-fichier-avance\">\n                                                            <figure class=\"miniature\">\n                                    <img decoding=\"async\" src=\"https:\/\/www.missionslocalesnormandie.fr\/content\/uploads\/sites\/4\/2024\/04\/atelier-mob-plaquette-recto-35x50-c-default.png\"\n                                         alt=\"D\u00e9pliant Atelier Mob (recto)\"\/>\n                                <\/figure>\n                                                        <div class=\"titre-date\">\n                                <div class=\"titre\">\n                                    D\u00e9pliant Atelier Mob (recto)\n                                <\/div>\n                                                            <\/div>\n                            <a href=\"https:\/\/www.missionslocalesnormandie.fr\/content\/uploads\/sites\/4\/2024\/04\/atelier-mob-plaquette-recto.png\"\n                               class=\"generic-button -color-2 -small -with-text-left-picto-right\"\n                               target=\"_blank\"\n                               rel=\"noopener noreferrer\">\n                                <span>T\u00e9l\u00e9charger<\/span>\n                                <?xml version=\"1.0\" encoding=\"UTF-8\"?>\n<svg width=\"24px\" height=\"24px\" viewBox=\"0 0 24 24\" version=\"1.1\" xmlns=\"http:\/\/www.w3.org\/2000\/svg\" xmlns:xlink=\"http:\/\/www.w3.org\/1999\/xlink\">\n    <title>icons\/Telecharger@3x<\/title>\n    <g id=\"icons\/Telecharger\" stroke=\"none\" stroke-width=\"1\" fill=\"none\" fill-rule=\"evenodd\">\n        <polygon id=\"zone\" points=\"0 24 24 24 24 0 0 0\"><\/polygon>\n        <path d=\"M20,20 C20.5522847,20 21,20.4477153 21,21 C21,21.5522847 20.5522847,22 20,22 L4,22 C3.44771525,22 3,21.5522847 3,21 C3,20.4477153 3.44771525,20 4,20 L20,20 Z M12,2 C12.5522847,2 13,2.44771525 13,3 L13,15.772 L18.0856362,11.2525907 C18.4666664,10.9138971 19.034547,10.9195244 19.4082496,11.2470591 L19.4974093,11.3356362 C19.8643273,11.7484189 19.8271466,12.3804913 19.4143638,12.7474093 L12.6643638,18.7474093 L12.649,18.759 L12.625449,18.7803112 L12.58,18.813 L12.5658632,18.8245898 L12.558,18.828 L12.5360882,18.844312 L12.476,18.877 L12.4606934,18.8877375 L12.454,18.89 L12.4397747,18.8983588 L12.37,18.927 L12.3501884,18.9368523 C12.2670141,18.9668616 12.1931348,18.9843853 12.1166211,18.9932723 L12,19 C11.8816533,19 11.7681082,18.9794416 11.6627412,18.9417014 L11.653,18.937 L11.629,18.927 L11.5602253,18.8983588 L11.545,18.89 L11.523,18.877 L11.4639118,18.844312 L11.441,18.828 L11.419,18.813 L11.374551,18.7803112 L11.35,18.759 L11.3356362,18.7474093 L4.58563616,12.7474093 C4.17285339,12.3804913 4.13567266,11.7484189 4.50259068,11.3356362 C4.8695087,10.9228534 5.50158107,10.8856727 5.91436384,11.2525907 L11,15.773 L11,3 C11,2.48716416 11.3860402,2.06449284 11.8833789,2.00672773 L12,2 Z\" id=\"DL-icon\" fill=\"#000000\"><\/path>\n    <\/g>\n<\/svg>                            <\/a>\n                        <\/div>\n                                                                                                            <div class=\"edito-lien-fichier-avance\">\n                                                            <figure class=\"miniature\">\n                                    <img decoding=\"async\" src=\"https:\/\/www.missionslocalesnormandie.fr\/content\/uploads\/sites\/4\/2024\/04\/atelier-mob-plaquette-verso-35x50-c-default.png\"\n                                         alt=\"D\u00e9pliant Atelier Mob (verso)\"\/>\n                                <\/figure>\n                                                        <div class=\"titre-date\">\n                                <div class=\"titre\">\n                                    D\u00e9pliant Atelier Mob (verso)\n                                <\/div>\n                                                            <\/div>\n                            <a href=\"https:\/\/www.missionslocalesnormandie.fr\/content\/uploads\/sites\/4\/2024\/04\/atelier-mob-plaquette-verso.png\"\n                               class=\"generic-button -color-2 -small -with-text-left-picto-right\"\n                               target=\"_blank\"\n                               rel=\"noopener noreferrer\">\n                                <span>T\u00e9l\u00e9charger<\/span>\n                                <?xml version=\"1.0\" encoding=\"UTF-8\"?>\n<svg width=\"24px\" height=\"24px\" viewBox=\"0 0 24 24\" version=\"1.1\" xmlns=\"http:\/\/www.w3.org\/2000\/svg\" xmlns:xlink=\"http:\/\/www.w3.org\/1999\/xlink\">\n    <title>icons\/Telecharger@3x<\/title>\n    <g id=\"icons\/Telecharger\" stroke=\"none\" stroke-width=\"1\" fill=\"none\" fill-rule=\"evenodd\">\n        <polygon id=\"zone\" points=\"0 24 24 24 24 0 0 0\"><\/polygon>\n        <path d=\"M20,20 C20.5522847,20 21,20.4477153 21,21 C21,21.5522847 20.5522847,22 20,22 L4,22 C3.44771525,22 3,21.5522847 3,21 C3,20.4477153 3.44771525,20 4,20 L20,20 Z M12,2 C12.5522847,2 13,2.44771525 13,3 L13,15.772 L18.0856362,11.2525907 C18.4666664,10.9138971 19.034547,10.9195244 19.4082496,11.2470591 L19.4974093,11.3356362 C19.8643273,11.7484189 19.8271466,12.3804913 19.4143638,12.7474093 L12.6643638,18.7474093 L12.649,18.759 L12.625449,18.7803112 L12.58,18.813 L12.5658632,18.8245898 L12.558,18.828 L12.5360882,18.844312 L12.476,18.877 L12.4606934,18.8877375 L12.454,18.89 L12.4397747,18.8983588 L12.37,18.927 L12.3501884,18.9368523 C12.2670141,18.9668616 12.1931348,18.9843853 12.1166211,18.9932723 L12,19 C11.8816533,19 11.7681082,18.9794416 11.6627412,18.9417014 L11.653,18.937 L11.629,18.927 L11.5602253,18.8983588 L11.545,18.89 L11.523,18.877 L11.4639118,18.844312 L11.441,18.828 L11.419,18.813 L11.374551,18.7803112 L11.35,18.759 L11.3356362,18.7474093 L4.58563616,12.7474093 C4.17285339,12.3804913 4.13567266,11.7484189 4.50259068,11.3356362 C4.8695087,10.9228534 5.50158107,10.8856727 5.91436384,11.2525907 L11,15.773 L11,3 C11,2.48716416 11.3860402,2.06449284 11.8833789,2.00672773 L12,2 Z\" id=\"DL-icon\" fill=\"#000000\"><\/path>\n    <\/g>\n<\/svg>                            <\/a>\n                        <\/div>\n                                                        <\/div>\n    <\/div>\n\t\t<\/div>\n\t\t\t\t<\/div>\n\t\t\t\t<div class=\"elementor-element elementor-element-4df35d5 elementor-widget elementor-widget-block_titre\" data-id=\"4df35d5\" data-element_type=\"widget\" data-widget_type=\"block_titre.default\">\n\t\t\t\t<div class=\"elementor-widget-container\">\n\t\t\t    <div class=\"container\">\n        <h2>\n            Les aides \u00e0 la mobilit\u00e9\n        <\/h2>\n    <\/div>\n\t\t<\/div>\n\t\t\t\t<\/div>\n\t\t\t\t<div class=\"elementor-element elementor-element-2bc2d1b animated-slow elementor-invisible elementor-widget elementor-widget-block_accordeons\" data-id=\"2bc2d1b\" data-element_type=\"widget\" data-settings=\"{&quot;_animation&quot;:&quot;slideInUp&quot;}\" data-widget_type=\"block_accordeons.default\">\n\t\t\t\t<div class=\"elementor-widget-container\">\n\t\t\t                        <section class=\"accordeons-wrapper\">\n        <div class=\"container\">\n            <div class=\"accordeons\">\n                <div class=\"row\">\n                                            <div class=\"col-lg-4\">\n                            <div class=\"generic-title-2 -without-black-dash-round -white\">\n                                nos dispositifs \n                            <\/div>\n\n                            <div class=\"text-white\">\n                                \n                            <\/div>\n                        <\/div>\n                                        <div class=\"col-lg-8\">\n                        <div class=\"informations-accordeons-wrapper\">\n                                                                                            <a href=\"#annuaireContact3432\" class=\"generic-link-arrow\"\n                                   data-bs-toggle=\"collapse\"\n                                   aria-expanded=\"false\" aria-controls=\"annuaireContact1\">\n                                    <span class=\"label\">Stages \u00e0 l'\u00e9tranger <\/span>\n                                <\/a>\n                                <div class=\"collapse\" id=\"annuaireContact3432\">\n                                    <div class=\"informations-accordeons\">\n                                        <div class=\"informations-accordeon\">\n                                            <p style=\"text-align: justify\"><strong>Objectif<\/strong> : permettre aux jeunes ayant valid\u00e9 un projet professionnel de vivre une exp\u00e9rience de mobilit\u00e9 internationale de 13 semaines en Espagne ou au Portugal.<\/p>\n<p style=\"text-align: justify\"><strong>Financement<\/strong> : Erasmus prend en charge les co\u00fbts de transport et d'h\u00e9bergement. Le jeune devra participer \u00e0 hauteur de 300\u20ac et subvenir \u00e0 ses d\u00e9penses quotidiennes sur place.<\/p>\n<p style=\"text-align: justify\"><strong>En savoir plus<\/strong> : <a href=\"https:\/\/www.youtube.com\/channel\/UCV3kBD5VjuMW1lomrHetIDA\/featured\" target=\"_blank\" rel=\"noreferrer noopener\">YouTube<\/a>.<\/p>\n                                        <\/div>\n                                    <\/div>\n                                <\/div>\n                                                                                            <a href=\"#annuaireContact9825\" class=\"generic-link-arrow\"\n                                   data-bs-toggle=\"collapse\"\n                                   aria-expanded=\"false\" aria-controls=\"annuaireContact1\">\n                                    <span class=\"label\">R\u00e9pare ton v\u00e9lo<\/span>\n                                <\/a>\n                                <div class=\"collapse\" id=\"annuaireContact9825\">\n                                    <div class=\"informations-accordeons\">\n                                        <div class=\"informations-accordeon\">\n                                            <p style=\"text-align: justify\">En partenariat avec\u00a0<strong>Atelier MOB<\/strong>, un professionnel de la m\u00e9canique intervient \u00e0 la Mission Locale et dans les diff\u00e9rents centres sociaux pour proposer une prestation de r\u00e9paration de v\u00e9lo. <span style=\"color: #993366\"><strong>Outils et mat\u00e9riels sont mis \u00e0 disposition gratuitement<\/strong><\/span>.<\/p>\n                                        <\/div>\n                                    <\/div>\n                                <\/div>\n                                                                                            <a href=\"#annuaireContact7689\" class=\"generic-link-arrow\"\n                                   data-bs-toggle=\"collapse\"\n                                   aria-expanded=\"false\" aria-controls=\"annuaireContact1\">\n                                    <span class=\"label\">Permis<\/span>\n                                <\/a>\n                                <div class=\"collapse\" id=\"annuaireContact7689\">\n                                    <div class=\"informations-accordeons\">\n                                        <div class=\"informations-accordeon\">\n                                            <p style=\"text-align: justify\">Sous condition de ressources et en fonction de votre projet professionnel, nous participons au <strong>financement des permis B et AM. <\/strong>Des sessions <span style=\"color: #800080\"><strong>\"codes de la route\"<\/strong><\/span> et <span style=\"color: #800080\"><strong>\"simulateurs de conduite\"<\/strong><\/span> sont anim\u00e9es chaque semaine dans nos locaux.<\/p>\n                                        <\/div>\n                                    <\/div>\n                                <\/div>\n                                                                                            <a href=\"#annuaireContact6653\" class=\"generic-link-arrow\"\n                                   data-bs-toggle=\"collapse\"\n                                   aria-expanded=\"false\" aria-controls=\"annuaireContact1\">\n                                    <span class=\"label\">Billet de train<\/span>\n                                <\/a>\n                                <div class=\"collapse\" id=\"annuaireContact6653\">\n                                    <div class=\"informations-accordeons\">\n                                        <div class=\"informations-accordeon\">\n                                            <p><span style=\"color: #000000\">Par le biais de votre conseiller, vous pouvez b\u00e9n\u00e9ficier (sous conditions) des billets de train Tempo qui permettent de se d\u00e9placer, \u00e0 la journ\u00e9e, en Normandie, \u00e0 un tarif pr\u00e9f\u00e9rentiel.<\/span><\/p>\n                                        <\/div>\n                                    <\/div>\n                                <\/div>\n                                                                                            <a href=\"#annuaireContact3728\" class=\"generic-link-arrow\"\n                                   data-bs-toggle=\"collapse\"\n                                   aria-expanded=\"false\" aria-controls=\"annuaireContact1\">\n                                    <span class=\"label\">Micro cr\u00e9dit personnel garanti<\/span>\n                                <\/a>\n                                <div class=\"collapse\" id=\"annuaireContact3728\">\n                                    <div class=\"informations-accordeons\">\n                                        <div class=\"informations-accordeon\">\n                                            <p style=\"text-align: justify\">Vous cherchez une solution pour financer l'achat de votre v\u00e9hicule ou effectuer des r\u00e9parations ? Nous pouvons vous accompagner\u00a0 dans le montage et le suivi de votre dossier de Micro Cr\u00e9dit Personnel Garanti.<\/p>\n                                        <\/div>\n                                    <\/div>\n                                <\/div>\n                                                    <\/div>\n\n                                            <\/div>\n                <\/div>\n            <\/div>\n        <\/div>\n    <\/section>\n\t\t<\/div>\n\t\t\t\t<\/div>\n\t\t\t\t\t<\/div>\n\t\t\t\t<\/div>\n\t\t<div class=\"elementor-element elementor-element-a869095 e-flex e-con-boxed e-con e-parent\" data-id=\"a869095\" data-element_type=\"container\">\n\t\t\t\t\t<div class=\"e-con-inner\">\n\t\t\t\t\t<\/div>\n\t\t\t\t<\/div>\n\t\t<div class=\"elementor-element elementor-element-adc76f3 e-flex e-con-boxed e-con e-parent\" data-id=\"adc76f3\" data-element_type=\"container\">\n\t\t\t\t\t<div class=\"e-con-inner\">\n\t\t\t\t\t<\/div>\n\t\t\t\t<\/div>\n\t\t\t\t<\/div>\n\t\t","protected":false},"excerpt":{"rendered":"<p>L&#8217;acc\u00e8s \u00e0 la mobilit\u00e9 constitue l&#8217;un des derniers freins \u00e0 l&#8217;insertion des jeunes et plus particuli\u00e8rement dans les zones rurales. La Mission Locale a d\u00e9cid\u00e9 de d\u00e9velopper ses partenariats et son offre de services interne afin de vous proposer des solutions adapt\u00e9es \u00e0 vos besoins. Atelier Mob Afin de faciliter l&#8217;acc\u00e8s \u00e0 l&#8217;emploi et \u00e0 [&hellip;]<\/p>\n","protected":false},"author":1,"featured_media":0,"parent":0,"menu_order":0,"comment_status":"closed","ping_status":"closed","template":"","meta":{"_acf_changed":false,"_crosspost_to_1":false,"_crosspost_to_2":false,"_crosspost_to_3":false,"_crosspost_to_5":false,"_crosspost_to_6":false,"_crosspost_to_7":false,"_crosspost_to_8":false,"_crosspost_to_11":false,"_crosspost_to_12":false,"_crosspost_to_13":false,"_crosspost_to_14":false,"_crosspost_to_15":false,"_crosspost_to_16":false,"inline_featured_image":false,"footnotes":""},"acf":[],"yoast_head":"<!-- This site is optimized with the Yoast SEO plugin v21.9.1 - https:\/\/yoast.com\/wordpress\/plugins\/seo\/ -->\n<title>Me d\u00e9placer - MISSION LOCALE DU PAYS D&#039;ALENCON<\/title>\n<meta name=\"robots\" content=\"index, follow, max-snippet:-1, max-image-preview:large, max-video-preview:-1\" \/>\n<link rel=\"canonical\" href=\"https:\/\/www.missionslocalesnormandie.fr\/mission-locale-pays-alencon\/morienter\/\" \/>\n<meta property=\"og:locale\" content=\"fr_FR\" \/>\n<meta property=\"og:type\" content=\"article\" \/>\n<meta property=\"og:title\" content=\"Me d\u00e9placer - MISSION LOCALE DU PAYS D&#039;ALENCON\" \/>\n<meta property=\"og:description\" content=\"L&#8217;acc\u00e8s \u00e0 la mobilit\u00e9 constitue l&#8217;un des derniers freins \u00e0 l&#8217;insertion des jeunes et plus particuli\u00e8rement dans les zones rurales. La Mission Locale a d\u00e9cid\u00e9 de d\u00e9velopper ses partenariats et son offre de services interne afin de vous proposer des solutions adapt\u00e9es \u00e0 vos besoins. Atelier Mob Afin de faciliter l&#8217;acc\u00e8s \u00e0 l&#8217;emploi et \u00e0 [&hellip;]\" \/>\n<meta property=\"og:url\" content=\"https:\/\/www.missionslocalesnormandie.fr\/mission-locale-pays-alencon\/morienter\/\" \/>\n<meta property=\"og:site_name\" content=\"MISSION LOCALE DU PAYS D&#039;ALENCON\" \/>\n<meta property=\"article:modified_time\" content=\"2024-08-01T08:18:46+00:00\" \/>\n<meta property=\"og:image\" content=\"https:\/\/logodownload.org\/wp-content\/uploads\/2014\/09\/facebook-logo-0.png\" \/>\n<meta name=\"twitter:card\" content=\"summary_large_image\" \/>\n<meta name=\"twitter:label1\" content=\"Dur\u00e9e de lecture estim\u00e9e\" \/>\n\t<meta name=\"twitter:data1\" content=\"3 minutes\" \/>\n<script type=\"application\/ld+json\" class=\"yoast-schema-graph\">{\"@context\":\"https:\/\/schema.org\",\"@graph\":[{\"@type\":\"WebPage\",\"@id\":\"https:\/\/www.missionslocalesnormandie.fr\/mission-locale-pays-alencon\/morienter\/\",\"url\":\"https:\/\/www.missionslocalesnormandie.fr\/mission-locale-pays-alencon\/morienter\/\",\"name\":\"Me d\u00e9placer - MISSION LOCALE DU PAYS D'ALENCON\",\"isPartOf\":{\"@id\":\"https:\/\/www.missionslocalesnormandie.fr\/mission-locale-pays-alencon\/#website\"},\"datePublished\":\"2023-12-14T14:36:58+00:00\",\"dateModified\":\"2024-08-01T08:18:46+00:00\",\"breadcrumb\":{\"@id\":\"https:\/\/www.missionslocalesnormandie.fr\/mission-locale-pays-alencon\/morienter\/#breadcrumb\"},\"inLanguage\":\"fr-FR\",\"potentialAction\":[{\"@type\":\"ReadAction\",\"target\":[\"https:\/\/www.missionslocalesnormandie.fr\/mission-locale-pays-alencon\/morienter\/\"]}]},{\"@type\":\"BreadcrumbList\",\"@id\":\"https:\/\/www.missionslocalesnormandie.fr\/mission-locale-pays-alencon\/morienter\/#breadcrumb\",\"itemListElement\":[{\"@type\":\"ListItem\",\"position\":1,\"name\":\"Home\",\"item\":\"https:\/\/www.missionslocalesnormandie.fr\/mission-locale-pays-alencon\/\"},{\"@type\":\"ListItem\",\"position\":2,\"name\":\"Me d\u00e9placer\"}]},{\"@type\":\"WebSite\",\"@id\":\"https:\/\/www.missionslocalesnormandie.fr\/mission-locale-pays-alencon\/#website\",\"url\":\"https:\/\/www.missionslocalesnormandie.fr\/mission-locale-pays-alencon\/\",\"name\":\"MISSION LOCALE DU PAYS D'ALENCON\",\"description\":\"\",\"potentialAction\":[{\"@type\":\"SearchAction\",\"target\":{\"@type\":\"EntryPoint\",\"urlTemplate\":\"https:\/\/www.missionslocalesnormandie.fr\/mission-locale-pays-alencon\/?s={search_term_string}\"},\"query-input\":\"required name=search_term_string\"}],\"inLanguage\":\"fr-FR\"}]}<\/script>\n<!-- \/ Yoast SEO plugin. -->","yoast_head_json":{"title":"Me d\u00e9placer - MISSION LOCALE DU PAYS D'ALENCON","robots":{"index":"index","follow":"follow","max-snippet":"max-snippet:-1","max-image-preview":"max-image-preview:large","max-video-preview":"max-video-preview:-1"},"canonical":"https:\/\/www.missionslocalesnormandie.fr\/mission-locale-pays-alencon\/morienter\/","og_locale":"fr_FR","og_type":"article","og_title":"Me d\u00e9placer - MISSION LOCALE DU PAYS D'ALENCON","og_description":"L&#8217;acc\u00e8s \u00e0 la mobilit\u00e9 constitue l&#8217;un des derniers freins \u00e0 l&#8217;insertion des jeunes et plus particuli\u00e8rement dans les zones rurales. La Mission Locale a d\u00e9cid\u00e9 de d\u00e9velopper ses partenariats et son offre de services interne afin de vous proposer des solutions adapt\u00e9es \u00e0 vos besoins. Atelier Mob Afin de faciliter l&#8217;acc\u00e8s \u00e0 l&#8217;emploi et \u00e0 [&hellip;]","og_url":"https:\/\/www.missionslocalesnormandie.fr\/mission-locale-pays-alencon\/morienter\/","og_site_name":"MISSION LOCALE DU PAYS D'ALENCON","article_modified_time":"2024-08-01T08:18:46+00:00","og_image":[{"url":"https:\/\/logodownload.org\/wp-content\/uploads\/2014\/09\/facebook-logo-0.png"}],"twitter_card":"summary_large_image","twitter_misc":{"Dur\u00e9e de lecture estim\u00e9e":"3 minutes"},"schema":{"@context":"https:\/\/schema.org","@graph":[{"@type":"WebPage","@id":"https:\/\/www.missionslocalesnormandie.fr\/mission-locale-pays-alencon\/morienter\/","url":"https:\/\/www.missionslocalesnormandie.fr\/mission-locale-pays-alencon\/morienter\/","name":"Me d\u00e9placer - MISSION LOCALE DU PAYS D'ALENCON","isPartOf":{"@id":"https:\/\/www.missionslocalesnormandie.fr\/mission-locale-pays-alencon\/#website"},"datePublished":"2023-12-14T14:36:58+00:00","dateModified":"2024-08-01T08:18:46+00:00","breadcrumb":{"@id":"https:\/\/www.missionslocalesnormandie.fr\/mission-locale-pays-alencon\/morienter\/#breadcrumb"},"inLanguage":"fr-FR","potentialAction":[{"@type":"ReadAction","target":["https:\/\/www.missionslocalesnormandie.fr\/mission-locale-pays-alencon\/morienter\/"]}]},{"@type":"BreadcrumbList","@id":"https:\/\/www.missionslocalesnormandie.fr\/mission-locale-pays-alencon\/morienter\/#breadcrumb","itemListElement":[{"@type":"ListItem","position":1,"name":"Home","item":"https:\/\/www.missionslocalesnormandie.fr\/mission-locale-pays-alencon\/"},{"@type":"ListItem","position":2,"name":"Me d\u00e9placer"}]},{"@type":"WebSite","@id":"https:\/\/www.missionslocalesnormandie.fr\/mission-locale-pays-alencon\/#website","url":"https:\/\/www.missionslocalesnormandie.fr\/mission-locale-pays-alencon\/","name":"MISSION LOCALE DU PAYS D'ALENCON","description":"","potentialAction":[{"@type":"SearchAction","target":{"@type":"EntryPoint","urlTemplate":"https:\/\/www.missionslocalesnormandie.fr\/mission-locale-pays-alencon\/?s={search_term_string}"},"query-input":"required name=search_term_string"}],"inLanguage":"fr-FR"}]}},"_links":{"self":[{"href":"https:\/\/www.missionslocalesnormandie.fr\/mission-locale-pays-alencon\/wp-json\/wp\/v2\/pages\/156"}],"collection":[{"href":"https:\/\/www.missionslocalesnormandie.fr\/mission-locale-pays-alencon\/wp-json\/wp\/v2\/pages"}],"about":[{"href":"https:\/\/www.missionslocalesnormandie.fr\/mission-locale-pays-alencon\/wp-json\/wp\/v2\/types\/page"}],"author":[{"embeddable":true,"href":"https:\/\/www.missionslocalesnormandie.fr\/mission-locale-pays-alencon\/wp-json\/wp\/v2\/users\/1"}],"replies":[{"embeddable":true,"href":"https:\/\/www.missionslocalesnormandie.fr\/mission-locale-pays-alencon\/wp-json\/wp\/v2\/comments?post=156"}],"version-history":[{"count":195,"href":"https:\/\/www.missionslocalesnormandie.fr\/mission-locale-pays-alencon\/wp-json\/wp\/v2\/pages\/156\/revisions"}],"predecessor-version":[{"id":3179,"href":"https:\/\/www.missionslocalesnormandie.fr\/mission-locale-pays-alencon\/wp-json\/wp\/v2\/pages\/156\/revisions\/3179"}],"wp:attachment":[{"href":"https:\/\/www.missionslocalesnormandie.fr\/mission-locale-pays-alencon\/wp-json\/wp\/v2\/media?parent=156"}],"curies":[{"name":"wp","href":"https:\/\/api.w.org\/{rel}","templated":true}]}}