{"id":167,"date":"2023-12-14T15:37:45","date_gmt":"2023-12-14T14:37:45","guid":{"rendered":"https:\/\/www.missionslocalesnormandie.fr\/mission-locale-pays-alencon\/?page_id=167"},"modified":"2025-02-26T11:18:59","modified_gmt":"2025-02-26T10:18:59","slug":"travailler","status":"publish","type":"page","link":"https:\/\/www.missionslocalesnormandie.fr\/mission-locale-pays-alencon\/travailler\/","title":{"rendered":"Trouver un emploi, un stage"},"content":{"rendered":"\t\t<div data-elementor-type=\"wp-page\" data-elementor-id=\"167\" class=\"elementor elementor-167\">\n\t\t\t\t<div class=\"elementor-element elementor-element-cc0df95 e-flex e-con-boxed e-con e-parent\" data-id=\"cc0df95\" data-element_type=\"container\">\n\t\t\t\t\t<div class=\"e-con-inner\">\n\t\t\t\t\t<\/div>\n\t\t\t\t<\/div>\n\t\t<div class=\"elementor-element elementor-element-0015847 e-flex e-con-boxed e-con e-parent\" data-id=\"0015847\" data-element_type=\"container\">\n\t\t\t\t\t<div class=\"e-con-inner\">\n\t\t\t\t<div class=\"elementor-element elementor-element-629118a elementor-widget elementor-widget-block_intro\" data-id=\"629118a\" data-element_type=\"widget\" data-widget_type=\"block_intro.default\">\n\t\t\t\t<div class=\"elementor-widget-container\">\n\t\t\t    <div class=\"container\">\n        <div class=\"edito-intro\">\n            <p><span style=\"font-weight: 400\">Vous \u00eates en recherche d\u2019emploi sur Alen\u00e7on et ses alentours ? Nous pouvons vous accompagner dans vos d\u00e9marches gr\u00e2ce \u00e0 des ateliers, des simulations d\u2019entretiens, un accompagnement personnalis\u00e9 avec un conseiller emploi. Nous vous proposons de participer \u00e0 des journ\u00e9es de recrutement et vous faisons b\u00e9n\u00e9ficier de notre r\u00e9seau professionnel.<\/span><\/p>\n        <\/div>\n    <\/div>\n\t\t<\/div>\n\t\t\t\t<\/div>\n\t\t\t\t<div class=\"elementor-element elementor-element-19ace55 elementor-widget elementor-widget-block_titre\" data-id=\"19ace55\" data-element_type=\"widget\" data-widget_type=\"block_titre.default\">\n\t\t\t\t<div class=\"elementor-widget-container\">\n\t\t\t    <div class=\"container\">\n        <h2>\n            Nos offres d'emploi\n        <\/h2>\n    <\/div>\n\t\t<\/div>\n\t\t\t\t<\/div>\n\t\t\t\t<div class=\"elementor-element elementor-element-1a022e3 elementor-widget elementor-widget-block_simple_texte\" data-id=\"1a022e3\" data-element_type=\"widget\" data-widget_type=\"block_simple_texte.default\">\n\t\t\t\t<div class=\"elementor-widget-container\">\n\t\t\t    <div class=\"container\">\n        <p>A travers leur d\u00e9marchage et en mobilisant leur r\u00e9seau professionnel, nos charg\u00e9es de relation entreprises r\u00e9coltent et g\u00e8rent des offres d'emploi. En fonction de votre profil, de vos attentes et de celles de l'employeur, nous pouvons vous mettre en relation, assurer votre suivi en entreprise et faciliter votre int\u00e9gration.<\/p>\n    <\/div>\n\t\t<\/div>\n\t\t\t\t<\/div>\n\t\t\t\t<div class=\"elementor-element elementor-element-f8a62de elementor-widget elementor-widget-block_titre\" data-id=\"f8a62de\" data-element_type=\"widget\" data-widget_type=\"block_titre.default\">\n\t\t\t\t<div class=\"elementor-widget-container\">\n\t\t\t    <div class=\"container\">\n        <h2>\n            Les stages en entreprises\n        <\/h2>\n    <\/div>\n\t\t<\/div>\n\t\t\t\t<\/div>\n\t\t\t\t<div class=\"elementor-element elementor-element-ede46f6 elementor-widget elementor-widget-block_simple_texte\" data-id=\"ede46f6\" data-element_type=\"widget\" data-widget_type=\"block_simple_texte.default\">\n\t\t\t\t<div class=\"elementor-widget-container\">\n\t\t\t    <div class=\"container\">\n        <p style=\"text-align: justify\">Votre conseiller r\u00e9f\u00e9rent peut mettre en place une\u00a0<strong>P\u00e9riode de Mise en Situation en Milieu Professionnel<\/strong>. D\u2019une dur\u00e9e maximale d\u2019un mois, la PMSMP permet de vous confronter \u00e0 des situations r\u00e9elles pour d\u00e9couvrir un m\u00e9tier ou un secteur d\u2019activit\u00e9, confirmer un projet professionnel ou initier une d\u00e9marche de recrutement. Vous b\u00e9n\u00e9ficiez d'une assurance durant votre temps en entreprise.\u00a0<\/p>\n    <\/div>\n\t\t<\/div>\n\t\t\t\t<\/div>\n\t\t\t\t<div class=\"elementor-element elementor-element-79a6dff elementor-widget elementor-widget-block_titre\" data-id=\"79a6dff\" data-element_type=\"widget\" data-widget_type=\"block_titre.default\">\n\t\t\t\t<div class=\"elementor-widget-container\">\n\t\t\t    <div class=\"container\">\n        <h2>\n            Les stages \u00e0 l'\u00e9tranger\n        <\/h2>\n    <\/div>\n\t\t<\/div>\n\t\t\t\t<\/div>\n\t\t\t\t<div class=\"elementor-element elementor-element-0012415 elementor-widget elementor-widget-block_simple_texte\" data-id=\"0012415\" data-element_type=\"widget\" data-widget_type=\"block_simple_texte.default\">\n\t\t\t\t<div class=\"elementor-widget-container\">\n\t\t\t    <div class=\"container\">\n        <p>Vous avez valid\u00e9 votre projet professionnel et souhaitez vivre une exp\u00e9rience de mobilit\u00e9 internationale ? Nous pouvons vous proposer des stages de 13 semaines dans nos pays partenaires. <strong>En savoir plus :<\/strong> <a href=\"https:\/\/www.youtube.com\/channel\/UCV3kBD5VjuMW1lomrHetIDA\/featured\">Youtube\u00a0<\/a><\/p>\n    <\/div>\n\t\t<\/div>\n\t\t\t\t<\/div>\n\t\t\t\t<div class=\"elementor-element elementor-element-f3f8b14 elementor-widget elementor-widget-block_titre\" data-id=\"f3f8b14\" data-element_type=\"widget\" data-widget_type=\"block_titre.default\">\n\t\t\t\t<div class=\"elementor-widget-container\">\n\t\t\t    <div class=\"container\">\n        <h2>\n            Nos ateliers T.R.E.\n        <\/h2>\n    <\/div>\n\t\t<\/div>\n\t\t\t\t<\/div>\n\t\t\t\t<div class=\"elementor-element elementor-element-e82c540 elementor-widget elementor-widget-block_simple_texte\" data-id=\"e82c540\" data-element_type=\"widget\" data-widget_type=\"block_simple_texte.default\">\n\t\t\t\t<div class=\"elementor-widget-container\">\n\t\t\t    <div class=\"container\">\n        <p style=\"text-align: justify\">En rendez-vous individuel ou en groupe, vous acqu\u00e9rez une m\u00e9thodologie pour concevoir votre CV et votre lettre de motivation. Afin de faciliter votre entr\u00e9e dans le monde professionnel, vous pouvez \u00e9galement b\u00e9n\u00e9ficier de pr\u00e9paration aux entretiens, de conseils pour d\u00e9marcher les entreprises et t\u00e9l\u00e9candidater, d'aide \u00e0 la cr\u00e9ation d'espaces emploi\u2026\u00a0<\/p>\n    <\/div>\n\t\t<\/div>\n\t\t\t\t<\/div>\n\t\t\t\t<div class=\"elementor-element elementor-element-f202264 elementor-widget elementor-widget-block_titre\" data-id=\"f202264\" data-element_type=\"widget\" data-widget_type=\"block_titre.default\">\n\t\t\t\t<div class=\"elementor-widget-container\">\n\t\t\t    <div class=\"container\">\n        <h2>\n            Le Contrat d'Engagement Jeune\n        <\/h2>\n    <\/div>\n\t\t<\/div>\n\t\t\t\t<\/div>\n\t\t\t\t<div class=\"elementor-element elementor-element-b30d0d7 elementor-widget elementor-widget-block_simple_texte\" data-id=\"b30d0d7\" data-element_type=\"widget\" data-widget_type=\"block_simple_texte.default\">\n\t\t\t\t<div class=\"elementor-widget-container\">\n\t\t\t    <div class=\"container\">\n        <p style=\"text-align: justify\">En signant un Contrat d'Engagement Jeune, vous b\u00e9n\u00e9ficiez de :<\/p><ul style=\"text-align: justify\" aria-labelledby=\"beneficesCEJ\"><li>Un accompagnement personnalis\u00e9 avec un conseiller d\u00e9di\u00e9 qui vous suit tout au long de votre parcours et jusqu\u2018\u00e0 ce que vous acc\u00e9diez \u00e0 un emploi durable<\/li><li>Un programme intensif\u00a0d\u2019au minimum 15 \u00e0 20 heures par semaine compos\u00e9 de diff\u00e9rents types d\u2018activit\u00e9s<\/li><li>Une allocation pouvant aller jusqu\u2018\u00e0 552 euros par mois en fonction de vos ressources et sous r\u00e9serve que vous respectiez vos engagements<\/li><\/ul><p style=\"text-align: justify\">En fonction de votre profil et de votre situation, votre parcours d'accompagnement peut durer jusqu\u2019\u00e0 12 mois (voire 18 mois sous conditions).<\/p>\n    <\/div>\n\t\t<\/div>\n\t\t\t\t<\/div>\n\t\t\t\t\t<\/div>\n\t\t\t\t<\/div>\n\t\t<div class=\"elementor-element elementor-element-88d2bbc e-flex e-con-boxed e-con e-parent\" data-id=\"88d2bbc\" data-element_type=\"container\">\n\t\t\t\t\t<div class=\"e-con-inner\">\n\t\t\t\t<div class=\"elementor-element elementor-element-d509040 elementor-widget elementor-widget-block_liens_fichiers\" data-id=\"d509040\" data-element_type=\"widget\" data-widget_type=\"block_liens_fichiers.default\">\n\t\t\t\t<div class=\"elementor-widget-container\">\n\t\t\t    <div class=\"container\">\n        <div class=\"my-4\">\n                                                                        <div class=\"edito-lien-fichier-avance\">\n                                                            <figure class=\"miniature\">\n                                    <img decoding=\"async\" src=\"https:\/\/www.missionslocalesnormandie.fr\/content\/uploads\/sites\/4\/2025\/02\/flyer-cej-png-35x50-c-default.png\"\n                                         alt=\"Le Contrat d'Engagement Jeune\"\/>\n                                <\/figure>\n                                                        <div class=\"titre-date\">\n                                <div class=\"titre\">\n                                    Le Contrat d'Engagement Jeune\n                                <\/div>\n                                                                    <div class=\"date\">\n                                        Publi\u00e9 le 02 avr. 2024\n                                    <\/div>\n                                                            <\/div>\n                            <a href=\"https:\/\/www.missionslocalesnormandie.fr\/content\/uploads\/sites\/4\/2025\/02\/flyer-cej.pdf\"\n                               class=\"generic-button -color-2 -small -with-text-left-picto-right\"\n                               target=\"_blank\"\n                               rel=\"noopener noreferrer\">\n                                <span>T\u00e9l\u00e9charger<\/span>\n                                <?xml version=\"1.0\" encoding=\"UTF-8\"?>\n<svg width=\"24px\" height=\"24px\" viewBox=\"0 0 24 24\" version=\"1.1\" xmlns=\"http:\/\/www.w3.org\/2000\/svg\" xmlns:xlink=\"http:\/\/www.w3.org\/1999\/xlink\">\n    <title>icons\/Telecharger@3x<\/title>\n    <g id=\"icons\/Telecharger\" stroke=\"none\" stroke-width=\"1\" fill=\"none\" fill-rule=\"evenodd\">\n        <polygon id=\"zone\" points=\"0 24 24 24 24 0 0 0\"><\/polygon>\n        <path d=\"M20,20 C20.5522847,20 21,20.4477153 21,21 C21,21.5522847 20.5522847,22 20,22 L4,22 C3.44771525,22 3,21.5522847 3,21 C3,20.4477153 3.44771525,20 4,20 L20,20 Z M12,2 C12.5522847,2 13,2.44771525 13,3 L13,15.772 L18.0856362,11.2525907 C18.4666664,10.9138971 19.034547,10.9195244 19.4082496,11.2470591 L19.4974093,11.3356362 C19.8643273,11.7484189 19.8271466,12.3804913 19.4143638,12.7474093 L12.6643638,18.7474093 L12.649,18.759 L12.625449,18.7803112 L12.58,18.813 L12.5658632,18.8245898 L12.558,18.828 L12.5360882,18.844312 L12.476,18.877 L12.4606934,18.8877375 L12.454,18.89 L12.4397747,18.8983588 L12.37,18.927 L12.3501884,18.9368523 C12.2670141,18.9668616 12.1931348,18.9843853 12.1166211,18.9932723 L12,19 C11.8816533,19 11.7681082,18.9794416 11.6627412,18.9417014 L11.653,18.937 L11.629,18.927 L11.5602253,18.8983588 L11.545,18.89 L11.523,18.877 L11.4639118,18.844312 L11.441,18.828 L11.419,18.813 L11.374551,18.7803112 L11.35,18.759 L11.3356362,18.7474093 L4.58563616,12.7474093 C4.17285339,12.3804913 4.13567266,11.7484189 4.50259068,11.3356362 C4.8695087,10.9228534 5.50158107,10.8856727 5.91436384,11.2525907 L11,15.773 L11,3 C11,2.48716416 11.3860402,2.06449284 11.8833789,2.00672773 L12,2 Z\" id=\"DL-icon\" fill=\"#000000\"><\/path>\n    <\/g>\n<\/svg>                            <\/a>\n                        <\/div>\n                                                        <\/div>\n    <\/div>\n\t\t<\/div>\n\t\t\t\t<\/div>\n\t\t\t\t\t<\/div>\n\t\t\t\t<\/div>\n\t\t\t\t<\/div>\n\t\t","protected":false},"excerpt":{"rendered":"<p>Vous \u00eates en recherche d\u2019emploi sur Alen\u00e7on et ses alentours ? Nous pouvons vous accompagner dans vos d\u00e9marches gr\u00e2ce \u00e0 des ateliers, des simulations d\u2019entretiens, un accompagnement personnalis\u00e9 avec un conseiller emploi. Nous vous proposons de participer \u00e0 des journ\u00e9es de recrutement et vous faisons b\u00e9n\u00e9ficier de notre r\u00e9seau professionnel. Nos offres d&#8217;emploi A travers [&hellip;]<\/p>\n","protected":false},"author":1,"featured_media":0,"parent":0,"menu_order":0,"comment_status":"closed","ping_status":"closed","template":"","meta":{"_acf_changed":false,"_crosspost_to_1":false,"_crosspost_to_2":false,"_crosspost_to_3":false,"_crosspost_to_5":false,"_crosspost_to_6":false,"_crosspost_to_7":false,"_crosspost_to_8":false,"_crosspost_to_11":false,"_crosspost_to_12":false,"_crosspost_to_13":false,"_crosspost_to_14":false,"_crosspost_to_15":false,"_crosspost_to_16":false,"inline_featured_image":false,"footnotes":""},"acf":[],"yoast_head":"<!-- This site is optimized with the Yoast SEO plugin v21.9.1 - https:\/\/yoast.com\/wordpress\/plugins\/seo\/ -->\n<title>Trouver un emploi, un stage - MISSION LOCALE DU PAYS D&#039;ALENCON<\/title>\n<meta name=\"robots\" content=\"index, follow, max-snippet:-1, max-image-preview:large, max-video-preview:-1\" \/>\n<link rel=\"canonical\" href=\"https:\/\/www.missionslocalesnormandie.fr\/mission-locale-pays-alencon\/travailler\/\" \/>\n<meta property=\"og:locale\" content=\"fr_FR\" \/>\n<meta property=\"og:type\" content=\"article\" \/>\n<meta property=\"og:title\" content=\"Trouver un emploi, un stage - MISSION LOCALE DU PAYS D&#039;ALENCON\" \/>\n<meta property=\"og:description\" content=\"Vous \u00eates en recherche d\u2019emploi sur Alen\u00e7on et ses alentours ? Nous pouvons vous accompagner dans vos d\u00e9marches gr\u00e2ce \u00e0 des ateliers, des simulations d\u2019entretiens, un accompagnement personnalis\u00e9 avec un conseiller emploi. Nous vous proposons de participer \u00e0 des journ\u00e9es de recrutement et vous faisons b\u00e9n\u00e9ficier de notre r\u00e9seau professionnel. Nos offres d&#8217;emploi A travers [&hellip;]\" \/>\n<meta property=\"og:url\" content=\"https:\/\/www.missionslocalesnormandie.fr\/mission-locale-pays-alencon\/travailler\/\" \/>\n<meta property=\"og:site_name\" content=\"MISSION LOCALE DU PAYS D&#039;ALENCON\" \/>\n<meta property=\"article:modified_time\" content=\"2025-02-26T10:18:59+00:00\" \/>\n<meta property=\"og:image\" content=\"https:\/\/www.missionslocalesnormandie.fr\/content\/uploads\/sites\/4\/2025\/02\/flyer-cej-png-35x50-c-default.png\" \/>\n<meta name=\"twitter:card\" content=\"summary_large_image\" \/>\n<meta name=\"twitter:label1\" content=\"Dur\u00e9e de lecture estim\u00e9e\" \/>\n\t<meta name=\"twitter:data1\" content=\"3 minutes\" \/>\n<script type=\"application\/ld+json\" class=\"yoast-schema-graph\">{\"@context\":\"https:\/\/schema.org\",\"@graph\":[{\"@type\":\"WebPage\",\"@id\":\"https:\/\/www.missionslocalesnormandie.fr\/mission-locale-pays-alencon\/travailler\/\",\"url\":\"https:\/\/www.missionslocalesnormandie.fr\/mission-locale-pays-alencon\/travailler\/\",\"name\":\"Trouver un emploi, un stage - MISSION LOCALE DU PAYS D'ALENCON\",\"isPartOf\":{\"@id\":\"https:\/\/www.missionslocalesnormandie.fr\/mission-locale-pays-alencon\/#website\"},\"datePublished\":\"2023-12-14T14:37:45+00:00\",\"dateModified\":\"2025-02-26T10:18:59+00:00\",\"breadcrumb\":{\"@id\":\"https:\/\/www.missionslocalesnormandie.fr\/mission-locale-pays-alencon\/travailler\/#breadcrumb\"},\"inLanguage\":\"fr-FR\",\"potentialAction\":[{\"@type\":\"ReadAction\",\"target\":[\"https:\/\/www.missionslocalesnormandie.fr\/mission-locale-pays-alencon\/travailler\/\"]}]},{\"@type\":\"BreadcrumbList\",\"@id\":\"https:\/\/www.missionslocalesnormandie.fr\/mission-locale-pays-alencon\/travailler\/#breadcrumb\",\"itemListElement\":[{\"@type\":\"ListItem\",\"position\":1,\"name\":\"Home\",\"item\":\"https:\/\/www.missionslocalesnormandie.fr\/mission-locale-pays-alencon\/\"},{\"@type\":\"ListItem\",\"position\":2,\"name\":\"Trouver un emploi, un stage\"}]},{\"@type\":\"WebSite\",\"@id\":\"https:\/\/www.missionslocalesnormandie.fr\/mission-locale-pays-alencon\/#website\",\"url\":\"https:\/\/www.missionslocalesnormandie.fr\/mission-locale-pays-alencon\/\",\"name\":\"MISSION LOCALE DU PAYS D'ALENCON\",\"description\":\"\",\"potentialAction\":[{\"@type\":\"SearchAction\",\"target\":{\"@type\":\"EntryPoint\",\"urlTemplate\":\"https:\/\/www.missionslocalesnormandie.fr\/mission-locale-pays-alencon\/?s={search_term_string}\"},\"query-input\":\"required name=search_term_string\"}],\"inLanguage\":\"fr-FR\"}]}<\/script>\n<!-- \/ Yoast SEO plugin. -->","yoast_head_json":{"title":"Trouver un emploi, un stage - MISSION LOCALE DU PAYS D'ALENCON","robots":{"index":"index","follow":"follow","max-snippet":"max-snippet:-1","max-image-preview":"max-image-preview:large","max-video-preview":"max-video-preview:-1"},"canonical":"https:\/\/www.missionslocalesnormandie.fr\/mission-locale-pays-alencon\/travailler\/","og_locale":"fr_FR","og_type":"article","og_title":"Trouver un emploi, un stage - MISSION LOCALE DU PAYS D'ALENCON","og_description":"Vous \u00eates en recherche d\u2019emploi sur Alen\u00e7on et ses alentours ? Nous pouvons vous accompagner dans vos d\u00e9marches gr\u00e2ce \u00e0 des ateliers, des simulations d\u2019entretiens, un accompagnement personnalis\u00e9 avec un conseiller emploi. Nous vous proposons de participer \u00e0 des journ\u00e9es de recrutement et vous faisons b\u00e9n\u00e9ficier de notre r\u00e9seau professionnel. Nos offres d&#8217;emploi A travers [&hellip;]","og_url":"https:\/\/www.missionslocalesnormandie.fr\/mission-locale-pays-alencon\/travailler\/","og_site_name":"MISSION LOCALE DU PAYS D'ALENCON","article_modified_time":"2025-02-26T10:18:59+00:00","og_image":[{"url":"https:\/\/www.missionslocalesnormandie.fr\/content\/uploads\/sites\/4\/2025\/02\/flyer-cej-png-35x50-c-default.png"}],"twitter_card":"summary_large_image","twitter_misc":{"Dur\u00e9e de lecture estim\u00e9e":"3 minutes"},"schema":{"@context":"https:\/\/schema.org","@graph":[{"@type":"WebPage","@id":"https:\/\/www.missionslocalesnormandie.fr\/mission-locale-pays-alencon\/travailler\/","url":"https:\/\/www.missionslocalesnormandie.fr\/mission-locale-pays-alencon\/travailler\/","name":"Trouver un emploi, un stage - MISSION LOCALE DU PAYS D'ALENCON","isPartOf":{"@id":"https:\/\/www.missionslocalesnormandie.fr\/mission-locale-pays-alencon\/#website"},"datePublished":"2023-12-14T14:37:45+00:00","dateModified":"2025-02-26T10:18:59+00:00","breadcrumb":{"@id":"https:\/\/www.missionslocalesnormandie.fr\/mission-locale-pays-alencon\/travailler\/#breadcrumb"},"inLanguage":"fr-FR","potentialAction":[{"@type":"ReadAction","target":["https:\/\/www.missionslocalesnormandie.fr\/mission-locale-pays-alencon\/travailler\/"]}]},{"@type":"BreadcrumbList","@id":"https:\/\/www.missionslocalesnormandie.fr\/mission-locale-pays-alencon\/travailler\/#breadcrumb","itemListElement":[{"@type":"ListItem","position":1,"name":"Home","item":"https:\/\/www.missionslocalesnormandie.fr\/mission-locale-pays-alencon\/"},{"@type":"ListItem","position":2,"name":"Trouver un emploi, un stage"}]},{"@type":"WebSite","@id":"https:\/\/www.missionslocalesnormandie.fr\/mission-locale-pays-alencon\/#website","url":"https:\/\/www.missionslocalesnormandie.fr\/mission-locale-pays-alencon\/","name":"MISSION LOCALE DU PAYS D'ALENCON","description":"","potentialAction":[{"@type":"SearchAction","target":{"@type":"EntryPoint","urlTemplate":"https:\/\/www.missionslocalesnormandie.fr\/mission-locale-pays-alencon\/?s={search_term_string}"},"query-input":"required name=search_term_string"}],"inLanguage":"fr-FR"}]}},"_links":{"self":[{"href":"https:\/\/www.missionslocalesnormandie.fr\/mission-locale-pays-alencon\/wp-json\/wp\/v2\/pages\/167"}],"collection":[{"href":"https:\/\/www.missionslocalesnormandie.fr\/mission-locale-pays-alencon\/wp-json\/wp\/v2\/pages"}],"about":[{"href":"https:\/\/www.missionslocalesnormandie.fr\/mission-locale-pays-alencon\/wp-json\/wp\/v2\/types\/page"}],"author":[{"embeddable":true,"href":"https:\/\/www.missionslocalesnormandie.fr\/mission-locale-pays-alencon\/wp-json\/wp\/v2\/users\/1"}],"replies":[{"embeddable":true,"href":"https:\/\/www.missionslocalesnormandie.fr\/mission-locale-pays-alencon\/wp-json\/wp\/v2\/comments?post=167"}],"version-history":[{"count":55,"href":"https:\/\/www.missionslocalesnormandie.fr\/mission-locale-pays-alencon\/wp-json\/wp\/v2\/pages\/167\/revisions"}],"predecessor-version":[{"id":3671,"href":"https:\/\/www.missionslocalesnormandie.fr\/mission-locale-pays-alencon\/wp-json\/wp\/v2\/pages\/167\/revisions\/3671"}],"wp:attachment":[{"href":"https:\/\/www.missionslocalesnormandie.fr\/mission-locale-pays-alencon\/wp-json\/wp\/v2\/media?parent=167"}],"curies":[{"name":"wp","href":"https:\/\/api.w.org\/{rel}","templated":true}]}}