{"id":25,"date":"2023-12-14T14:52:53","date_gmt":"2023-12-14T13:52:53","guid":{"rendered":"https:\/\/www.missionslocalesnormandie.fr\/mission-locale-pays-alencon\/?page_id=25"},"modified":"2025-02-27T10:16:52","modified_gmt":"2025-02-27T09:16:52","slug":"nos-services","status":"publish","type":"page","link":"https:\/\/www.missionslocalesnormandie.fr\/mission-locale-pays-alencon\/nos-services\/","title":{"rendered":"Nos services"},"content":{"rendered":"\t\t<div data-elementor-type=\"wp-page\" data-elementor-id=\"25\" class=\"elementor elementor-25\">\n\t\t\t\t<div class=\"elementor-element elementor-element-8e7ced9 e-flex e-con-boxed e-con e-parent\" data-id=\"8e7ced9\" data-element_type=\"container\">\n\t\t\t\t\t<div class=\"e-con-inner\">\n\t\t\t\t<div class=\"elementor-element elementor-element-9f6004f elementor-widget elementor-widget-block_titre\" data-id=\"9f6004f\" data-element_type=\"widget\" data-widget_type=\"block_titre.default\">\n\t\t\t\t<div class=\"elementor-widget-container\">\n\t\t\t    <div class=\"container\">\n        <h2>\n            Nos services aux jeunes\n        <\/h2>\n    <\/div>\n\t\t<\/div>\n\t\t\t\t<\/div>\n\t\t\t\t<div class=\"elementor-element elementor-element-35ce4f1 elementor-widget elementor-widget-block_simple_texte\" data-id=\"35ce4f1\" data-element_type=\"widget\" data-widget_type=\"block_simple_texte.default\">\n\t\t\t\t<div class=\"elementor-widget-container\">\n\t\t\t    <div class=\"container\">\n        <p style=\"text-align: justify\"><span style=\"font-weight: 400\">La Mission Locale jeunes du Pays d'Alen\u00e7on accompagne les jeunes de mani\u00e8re individualis\u00e9e lors <strong>d'entretiens r\u00e9guliers<\/strong> avec un <strong>conseiller r\u00e9f\u00e9rent, <\/strong>ou encore lors <strong>d'ateliers <\/strong>ou<strong> d'actions collectives<\/strong>. L'offre de services de la Mission Locale est propos\u00e9e et mobilis\u00e9e apr\u00e8s adh\u00e9sion du jeune.<\/span><\/p><p style=\"text-align: justify\"><span style=\"font-weight: 400\">Parce chaque jeune est diff\u00e9rent, nous construisons avec lui les diff\u00e9rentes \u00e9tapes de son parcours et l'aidons \u00e0 lever les freins \u00e0 son insertion socio-professionnelle en travaillant sur :<\/span><\/p><ul><li><strong>L'emploi<\/strong><\/li><li><strong>L'orientation<\/strong><\/li><li style=\"text-align: justify\"><strong>La formation<\/strong><\/li><li><strong>La mobilit\u00e9<\/strong><\/li><li style=\"font-weight: 400;text-align: justify\"><strong>La sant\u00e9<\/strong><\/li><li style=\"font-weight: 400;text-align: justify\"><strong>Le logement<\/strong><\/li><li style=\"text-align: justify\"><strong>La citoyennet\u00e9<\/strong><\/li><li style=\"text-align: justify\"><strong>Les loisirs et la culture<\/strong><\/li><li><strong>La vie quotidienne<\/strong><\/li><\/ul>\n    <\/div>\n\t\t<\/div>\n\t\t\t\t<\/div>\n\t\t\t\t\t<\/div>\n\t\t\t\t<\/div>\n\t\t<div class=\"elementor-element elementor-element-a790b9d e-flex e-con-boxed e-con e-parent\" data-id=\"a790b9d\" data-element_type=\"container\">\n\t\t\t\t\t<div class=\"e-con-inner\">\n\t\t\t\t<div class=\"elementor-element elementor-element-5264727 elementor-widget elementor-widget-block_titre\" data-id=\"5264727\" data-element_type=\"widget\" data-widget_type=\"block_titre.default\">\n\t\t\t\t<div class=\"elementor-widget-container\">\n\t\t\t    <div class=\"container\">\n        <h3>\n            Notre offre de services\n        <\/h3>\n    <\/div>\n\t\t<\/div>\n\t\t\t\t<\/div>\n\t\t\t\t<div class=\"elementor-element elementor-element-a5e9396 elementor-widget elementor-widget-block_simple_visuel\" data-id=\"a5e9396\" data-element_type=\"widget\" data-widget_type=\"block_simple_visuel.default\">\n\t\t\t\t<div class=\"elementor-widget-container\">\n\t\t\t    <div class=\"container\">\n        <figure>\n                        \n                                                            <a href=\"https:\/\/www.missionslocalesnormandie.fr\/content\/uploads\/sites\/4\/2025\/01\/depliant-16-25-final-page-2-web-1.png\">\n                    <img decoding=\"async\" src=\"https:\/\/www.missionslocalesnormandie.fr\/content\/uploads\/sites\/4\/2025\/01\/depliant-16-25-final-page-2-web-1-950x595-c-default.png\"\n                         alt=\"MISSION LOCALE DU PAYS D'ALENCON\"\/>\n                <\/a>\n            \n                    <\/figure>\n    <\/div>\n\t\t<\/div>\n\t\t\t\t<\/div>\n\t\t\t\t<div class=\"elementor-element elementor-element-eb1c587 elementor-widget elementor-widget-block_separateur\" data-id=\"eb1c587\" data-element_type=\"widget\" data-widget_type=\"block_separateur.default\">\n\t\t\t\t<div class=\"elementor-widget-container\">\n\t\t\t<div class=\"container\">\n    <hr\/>\n<\/div>\t\t<\/div>\n\t\t\t\t<\/div>\n\t\t\t\t<div class=\"elementor-element elementor-element-561eabf elementor-widget elementor-widget-block_titre\" data-id=\"561eabf\" data-element_type=\"widget\" data-widget_type=\"block_titre.default\">\n\t\t\t\t<div class=\"elementor-widget-container\">\n\t\t\t    <div class=\"container\">\n        <h2>\n            Nos services aux entreprises\n        <\/h2>\n    <\/div>\n\t\t<\/div>\n\t\t\t\t<\/div>\n\t\t\t\t<div class=\"elementor-element elementor-element-38ee6bf elementor-widget elementor-widget-block_simple_texte\" data-id=\"38ee6bf\" data-element_type=\"widget\" data-widget_type=\"block_simple_texte.default\">\n\t\t\t\t<div class=\"elementor-widget-container\">\n\t\t\t    <div class=\"container\">\n        <p style=\"text-align: justify\"><span style=\"font-weight: 400\">Tisser un lien avec les entreprises du bassin d'emploi alen\u00e7onnais fait partie de nos missions. Nous aidons les entreprises dans leur recrutement, et plus largement dans la d\u00e9couverte de leur fili\u00e8re d'activit\u00e9. <\/span><\/p><p style=\"text-align: justify\">Pour ce faire, la Mission Locale d'Alen\u00e7on compte 3 salari\u00e9es charg\u00e9es sp\u00e9cifiquement de la relation avec les entreprises.\u00a0<\/p><p style=\"text-align: justify\">Notre Mission Locale a la particularit\u00e9 de porter le <strong>Dispositif Local d'Accompagnement de l'Orne<\/strong> visant \u00e0 accompagner les entreprises de l'Economie Sociale et Solidaire. <a href=\"https:\/\/www.missionslocalesnormandie.fr\/mission-locale-pays-alencon\/contenu-libre-1\/\">En savoir +<\/a><\/p>\n    <\/div>\n\t\t<\/div>\n\t\t\t\t<\/div>\n\t\t\t\t\t<\/div>\n\t\t\t\t<\/div>\n\t\t\t\t<\/div>\n\t\t","protected":false},"excerpt":{"rendered":"<p>Nos services aux jeunes La Mission Locale jeunes du Pays d&#8217;Alen\u00e7on accompagne les jeunes de mani\u00e8re individualis\u00e9e lors d&#8217;entretiens r\u00e9guliers avec un conseiller r\u00e9f\u00e9rent, ou encore lors d&#8217;ateliers ou d&#8217;actions collectives. L&#8217;offre de services de la Mission Locale est propos\u00e9e et mobilis\u00e9e apr\u00e8s adh\u00e9sion du jeune. Parce chaque jeune est diff\u00e9rent, nous construisons avec lui [&hellip;]<\/p>\n","protected":false},"author":1,"featured_media":0,"parent":0,"menu_order":0,"comment_status":"closed","ping_status":"closed","template":"","meta":{"_acf_changed":false,"_crosspost_to_1":false,"_crosspost_to_2":false,"_crosspost_to_3":false,"_crosspost_to_5":false,"_crosspost_to_6":false,"_crosspost_to_7":false,"_crosspost_to_8":false,"_crosspost_to_11":false,"_crosspost_to_12":false,"_crosspost_to_13":false,"_crosspost_to_14":false,"_crosspost_to_15":false,"_crosspost_to_16":false,"inline_featured_image":false,"footnotes":""},"acf":[],"yoast_head":"<!-- This site is optimized with the Yoast SEO plugin v21.9.1 - https:\/\/yoast.com\/wordpress\/plugins\/seo\/ -->\n<title>Nos services - MISSION LOCALE DU PAYS D&#039;ALENCON<\/title>\n<meta name=\"robots\" content=\"index, follow, max-snippet:-1, max-image-preview:large, max-video-preview:-1\" \/>\n<link rel=\"canonical\" href=\"https:\/\/www.missionslocalesnormandie.fr\/mission-locale-pays-alencon\/nos-services\/\" \/>\n<meta property=\"og:locale\" content=\"fr_FR\" \/>\n<meta property=\"og:type\" content=\"article\" \/>\n<meta property=\"og:title\" content=\"Nos services - MISSION LOCALE DU PAYS D&#039;ALENCON\" \/>\n<meta property=\"og:description\" content=\"Nos services aux jeunes La Mission Locale jeunes du Pays d&#8217;Alen\u00e7on accompagne les jeunes de mani\u00e8re individualis\u00e9e lors d&#8217;entretiens r\u00e9guliers avec un conseiller r\u00e9f\u00e9rent, ou encore lors d&#8217;ateliers ou d&#8217;actions collectives. L&#8217;offre de services de la Mission Locale est propos\u00e9e et mobilis\u00e9e apr\u00e8s adh\u00e9sion du jeune. Parce chaque jeune est diff\u00e9rent, nous construisons avec lui [&hellip;]\" \/>\n<meta property=\"og:url\" content=\"https:\/\/www.missionslocalesnormandie.fr\/mission-locale-pays-alencon\/nos-services\/\" \/>\n<meta property=\"og:site_name\" content=\"MISSION LOCALE DU PAYS D&#039;ALENCON\" \/>\n<meta property=\"article:modified_time\" content=\"2025-02-27T09:16:52+00:00\" \/>\n<meta property=\"og:image\" content=\"https:\/\/www.missionslocalesnormandie.fr\/content\/uploads\/sites\/4\/2025\/01\/depliant-16-25-final-page-2-web-1-950x595-c-default.png\" \/>\n<meta name=\"twitter:card\" content=\"summary_large_image\" \/>\n<meta name=\"twitter:label1\" content=\"Dur\u00e9e de lecture estim\u00e9e\" \/>\n\t<meta name=\"twitter:data1\" content=\"2 minutes\" \/>\n<script type=\"application\/ld+json\" class=\"yoast-schema-graph\">{\"@context\":\"https:\/\/schema.org\",\"@graph\":[{\"@type\":\"WebPage\",\"@id\":\"https:\/\/www.missionslocalesnormandie.fr\/mission-locale-pays-alencon\/nos-services\/\",\"url\":\"https:\/\/www.missionslocalesnormandie.fr\/mission-locale-pays-alencon\/nos-services\/\",\"name\":\"Nos services - MISSION LOCALE DU PAYS D'ALENCON\",\"isPartOf\":{\"@id\":\"https:\/\/www.missionslocalesnormandie.fr\/mission-locale-pays-alencon\/#website\"},\"datePublished\":\"2023-12-14T13:52:53+00:00\",\"dateModified\":\"2025-02-27T09:16:52+00:00\",\"breadcrumb\":{\"@id\":\"https:\/\/www.missionslocalesnormandie.fr\/mission-locale-pays-alencon\/nos-services\/#breadcrumb\"},\"inLanguage\":\"fr-FR\",\"potentialAction\":[{\"@type\":\"ReadAction\",\"target\":[\"https:\/\/www.missionslocalesnormandie.fr\/mission-locale-pays-alencon\/nos-services\/\"]}]},{\"@type\":\"BreadcrumbList\",\"@id\":\"https:\/\/www.missionslocalesnormandie.fr\/mission-locale-pays-alencon\/nos-services\/#breadcrumb\",\"itemListElement\":[{\"@type\":\"ListItem\",\"position\":1,\"name\":\"Home\",\"item\":\"https:\/\/www.missionslocalesnormandie.fr\/mission-locale-pays-alencon\/\"},{\"@type\":\"ListItem\",\"position\":2,\"name\":\"Nos services\"}]},{\"@type\":\"WebSite\",\"@id\":\"https:\/\/www.missionslocalesnormandie.fr\/mission-locale-pays-alencon\/#website\",\"url\":\"https:\/\/www.missionslocalesnormandie.fr\/mission-locale-pays-alencon\/\",\"name\":\"MISSION LOCALE DU PAYS D'ALENCON\",\"description\":\"\",\"potentialAction\":[{\"@type\":\"SearchAction\",\"target\":{\"@type\":\"EntryPoint\",\"urlTemplate\":\"https:\/\/www.missionslocalesnormandie.fr\/mission-locale-pays-alencon\/?s={search_term_string}\"},\"query-input\":\"required name=search_term_string\"}],\"inLanguage\":\"fr-FR\"}]}<\/script>\n<!-- \/ Yoast SEO plugin. -->","yoast_head_json":{"title":"Nos services - MISSION LOCALE DU PAYS D'ALENCON","robots":{"index":"index","follow":"follow","max-snippet":"max-snippet:-1","max-image-preview":"max-image-preview:large","max-video-preview":"max-video-preview:-1"},"canonical":"https:\/\/www.missionslocalesnormandie.fr\/mission-locale-pays-alencon\/nos-services\/","og_locale":"fr_FR","og_type":"article","og_title":"Nos services - MISSION LOCALE DU PAYS D'ALENCON","og_description":"Nos services aux jeunes La Mission Locale jeunes du Pays d&#8217;Alen\u00e7on accompagne les jeunes de mani\u00e8re individualis\u00e9e lors d&#8217;entretiens r\u00e9guliers avec un conseiller r\u00e9f\u00e9rent, ou encore lors d&#8217;ateliers ou d&#8217;actions collectives. L&#8217;offre de services de la Mission Locale est propos\u00e9e et mobilis\u00e9e apr\u00e8s adh\u00e9sion du jeune. Parce chaque jeune est diff\u00e9rent, nous construisons avec lui [&hellip;]","og_url":"https:\/\/www.missionslocalesnormandie.fr\/mission-locale-pays-alencon\/nos-services\/","og_site_name":"MISSION LOCALE DU PAYS D'ALENCON","article_modified_time":"2025-02-27T09:16:52+00:00","og_image":[{"url":"https:\/\/www.missionslocalesnormandie.fr\/content\/uploads\/sites\/4\/2025\/01\/depliant-16-25-final-page-2-web-1-950x595-c-default.png"}],"twitter_card":"summary_large_image","twitter_misc":{"Dur\u00e9e de lecture estim\u00e9e":"2 minutes"},"schema":{"@context":"https:\/\/schema.org","@graph":[{"@type":"WebPage","@id":"https:\/\/www.missionslocalesnormandie.fr\/mission-locale-pays-alencon\/nos-services\/","url":"https:\/\/www.missionslocalesnormandie.fr\/mission-locale-pays-alencon\/nos-services\/","name":"Nos services - MISSION LOCALE DU PAYS D'ALENCON","isPartOf":{"@id":"https:\/\/www.missionslocalesnormandie.fr\/mission-locale-pays-alencon\/#website"},"datePublished":"2023-12-14T13:52:53+00:00","dateModified":"2025-02-27T09:16:52+00:00","breadcrumb":{"@id":"https:\/\/www.missionslocalesnormandie.fr\/mission-locale-pays-alencon\/nos-services\/#breadcrumb"},"inLanguage":"fr-FR","potentialAction":[{"@type":"ReadAction","target":["https:\/\/www.missionslocalesnormandie.fr\/mission-locale-pays-alencon\/nos-services\/"]}]},{"@type":"BreadcrumbList","@id":"https:\/\/www.missionslocalesnormandie.fr\/mission-locale-pays-alencon\/nos-services\/#breadcrumb","itemListElement":[{"@type":"ListItem","position":1,"name":"Home","item":"https:\/\/www.missionslocalesnormandie.fr\/mission-locale-pays-alencon\/"},{"@type":"ListItem","position":2,"name":"Nos services"}]},{"@type":"WebSite","@id":"https:\/\/www.missionslocalesnormandie.fr\/mission-locale-pays-alencon\/#website","url":"https:\/\/www.missionslocalesnormandie.fr\/mission-locale-pays-alencon\/","name":"MISSION LOCALE DU PAYS D'ALENCON","description":"","potentialAction":[{"@type":"SearchAction","target":{"@type":"EntryPoint","urlTemplate":"https:\/\/www.missionslocalesnormandie.fr\/mission-locale-pays-alencon\/?s={search_term_string}"},"query-input":"required name=search_term_string"}],"inLanguage":"fr-FR"}]}},"_links":{"self":[{"href":"https:\/\/www.missionslocalesnormandie.fr\/mission-locale-pays-alencon\/wp-json\/wp\/v2\/pages\/25"}],"collection":[{"href":"https:\/\/www.missionslocalesnormandie.fr\/mission-locale-pays-alencon\/wp-json\/wp\/v2\/pages"}],"about":[{"href":"https:\/\/www.missionslocalesnormandie.fr\/mission-locale-pays-alencon\/wp-json\/wp\/v2\/types\/page"}],"author":[{"embeddable":true,"href":"https:\/\/www.missionslocalesnormandie.fr\/mission-locale-pays-alencon\/wp-json\/wp\/v2\/users\/1"}],"replies":[{"embeddable":true,"href":"https:\/\/www.missionslocalesnormandie.fr\/mission-locale-pays-alencon\/wp-json\/wp\/v2\/comments?post=25"}],"version-history":[{"count":126,"href":"https:\/\/www.missionslocalesnormandie.fr\/mission-locale-pays-alencon\/wp-json\/wp\/v2\/pages\/25\/revisions"}],"predecessor-version":[{"id":3690,"href":"https:\/\/www.missionslocalesnormandie.fr\/mission-locale-pays-alencon\/wp-json\/wp\/v2\/pages\/25\/revisions\/3690"}],"wp:attachment":[{"href":"https:\/\/www.missionslocalesnormandie.fr\/mission-locale-pays-alencon\/wp-json\/wp\/v2\/media?parent=25"}],"curies":[{"name":"wp","href":"https:\/\/api.w.org\/{rel}","templated":true}]}}