{"id":3076,"date":"2024-07-31T14:30:11","date_gmt":"2024-07-31T12:30:11","guid":{"rendered":"https:\/\/www.missionslocalesnormandie.fr\/mission-locale-pays-alencon\/?page_id=3076"},"modified":"2025-04-01T13:50:49","modified_gmt":"2025-04-01T11:50:49","slug":"avoir-un-conseiller","status":"publish","type":"page","link":"https:\/\/www.missionslocalesnormandie.fr\/mission-locale-pays-alencon\/avoir-un-conseiller\/","title":{"rendered":"Avoir un conseiller"},"content":{"rendered":"\t\t<div data-elementor-type=\"wp-page\" data-elementor-id=\"3076\" class=\"elementor elementor-3076\">\n\t\t\t\t<div class=\"elementor-element elementor-element-104ebbf e-flex e-con-boxed e-con e-parent\" data-id=\"104ebbf\" data-element_type=\"container\">\n\t\t\t\t\t<div class=\"e-con-inner\">\n\t\t\t\t<div class=\"elementor-element elementor-element-77ba486 elementor-widget elementor-widget-block_intro\" data-id=\"77ba486\" data-element_type=\"widget\" data-widget_type=\"block_intro.default\">\n\t\t\t\t<div class=\"elementor-widget-container\">\n\t\t\t    <div class=\"container\">\n        <div class=\"edito-intro\">\n            <p>La Mission Locale d\u2019Alen\u00e7on met en place un accompagnement global et personnalis\u00e9 pour les jeunes de 16 \u00e0 25 ans.<\/p>\n        <\/div>\n    <\/div>\n\t\t<\/div>\n\t\t\t\t<\/div>\n\t\t\t\t\t<\/div>\n\t\t\t\t<\/div>\n\t\t<div class=\"elementor-element elementor-element-0938b32 e-flex e-con-boxed e-con e-parent\" data-id=\"0938b32\" data-element_type=\"container\">\n\t\t\t\t\t<div class=\"e-con-inner\">\n\t\t\t\t<div class=\"elementor-element elementor-element-50b64a6 elementor-widget elementor-widget-block_titre\" data-id=\"50b64a6\" data-element_type=\"widget\" data-widget_type=\"block_titre.default\">\n\t\t\t\t<div class=\"elementor-widget-container\">\n\t\t\t    <div class=\"container\">\n        <h2>\n            La relation Jeune-Mission Locale \n        <\/h2>\n    <\/div>\n\t\t<\/div>\n\t\t\t\t<\/div>\n\t\t\t\t<div class=\"elementor-element elementor-element-71783ae elementor-widget elementor-widget-block_simple_texte\" data-id=\"71783ae\" data-element_type=\"widget\" data-widget_type=\"block_simple_texte.default\">\n\t\t\t\t<div class=\"elementor-widget-container\">\n\t\t\t    <div class=\"container\">\n        <h4 style=\"text-align: justify\">Un suivi Mission Locale c\u2019est\u00a0:<\/h4><ul><li style=\"text-align: justify\"><strong>une approche globale des probl\u00e9matiques d'insertion<\/strong>\u00a0: l\u2019emploi, l\u2019orientation, la formation, la mobilit\u00e9, la sant\u00e9, le logement, les loisirs, le sport et la culture<\/li><li><strong>la gratuit\u00e9 des prestations<\/strong><\/li><li><strong>le volontariat des jeunes<\/strong><\/li><li><strong>la neutralit\u00e9 et l\u2019\u00e9gal acc\u00e8s aux services \/ l\u2019\u00e9quit\u00e9 dans le traitement<\/strong><\/li><\/ul><p>En fonction de la situation des jeunes, la Mission Locale propose un accompagnement adapt\u00e9 avec un r\u00e9f\u00e9rent unique qui, par l\u2019\u00e9coute active\u00a0:<\/p><ul><li><strong>adopte une posture du \u00ab tenir conseil \u00bb<\/strong> pour le projet professionnel, la vie quotidienne (logement, sant\u00e9, transports, budget,...), pour le recours aux droits et aux aides\u2026<\/li><li><strong>mobilise des actions ou appuis<\/strong> adapt\u00e9s en fonctions des besoins<\/li><li style=\"text-align: justify\"><strong>s\u00e9curise les parcours et assure leurs suivis <\/strong><\/li><\/ul>\n    <\/div>\n\t\t<\/div>\n\t\t\t\t<\/div>\n\t\t\t\t\t<\/div>\n\t\t\t\t<\/div>\n\t\t<div class=\"elementor-element elementor-element-86dee8f e-flex e-con-boxed e-con e-parent\" data-id=\"86dee8f\" data-element_type=\"container\">\n\t\t\t\t\t<div class=\"e-con-inner\">\n\t\t\t\t<div class=\"elementor-element elementor-element-26835f5 elementor-widget elementor-widget-block_titre\" data-id=\"26835f5\" data-element_type=\"widget\" data-widget_type=\"block_titre.default\">\n\t\t\t\t<div class=\"elementor-widget-container\">\n\t\t\t    <div class=\"container\">\n        <h2>\n            Les mesures d\u2019accompagnement individualis\u00e9es\n        <\/h2>\n    <\/div>\n\t\t<\/div>\n\t\t\t\t<\/div>\n\t\t\t\t<div class=\"elementor-element elementor-element-8a429f9 elementor-widget elementor-widget-block_simple_texte\" data-id=\"8a429f9\" data-element_type=\"widget\" data-widget_type=\"block_simple_texte.default\">\n\t\t\t\t<div class=\"elementor-widget-container\">\n\t\t\t    <div class=\"container\">\n        <p style=\"text-align: justify\">En fonction de la situation de chaque jeune accueilli, la Mission Locale diversifie ses modalit\u00e9s d\u2019accompagnement en adaptant diff\u00e9rentes mesures confi\u00e9es par l\u2019Etat et les collectivit\u00e9s territoriales :<\/p>\n    <\/div>\n\t\t<\/div>\n\t\t\t\t<\/div>\n\t\t\t\t\t<\/div>\n\t\t\t\t<\/div>\n\t\t<div class=\"elementor-element elementor-element-62b9910 e-flex e-con-boxed e-con e-parent\" data-id=\"62b9910\" data-element_type=\"container\">\n\t\t\t\t\t<div class=\"e-con-inner\">\n\t\t\t\t<div class=\"elementor-element elementor-element-b2af525 elementor-widget elementor-widget-block_liens_fichiers\" data-id=\"b2af525\" data-element_type=\"widget\" data-widget_type=\"block_liens_fichiers.default\">\n\t\t\t\t<div class=\"elementor-widget-container\">\n\t\t\t    <div class=\"container\">\n        <div class=\"my-4\">\n                                                                        <div class=\"edito-lien-fichier-avance\">\n                                                            <figure class=\"miniature\">\n                                    <img decoding=\"async\" src=\"https:\/\/www.missionslocalesnormandie.fr\/content\/uploads\/sites\/4\/2025\/02\/flyer-pacea-png-35x50-c-default.png\"\n                                         alt=\"Le PACEA\"\/>\n                                <\/figure>\n                                                        <div class=\"titre-date\">\n                                <div class=\"titre\">\n                                    Le PACEA\n                                <\/div>\n                                                                    <div class=\"date\">\n                                        Publi\u00e9 le 01 ao\u00fbt. 2024\n                                    <\/div>\n                                                            <\/div>\n                            <a href=\"https:\/\/www.missionslocalesnormandie.fr\/content\/uploads\/sites\/4\/2025\/02\/flyer-pacea.pdf\"\n                               class=\"generic-button -color-2 -small -with-text-left-picto-right\"\n                               target=\"_blank\"\n                               rel=\"noopener noreferrer\">\n                                <span>T\u00e9l\u00e9charger<\/span>\n                                <?xml version=\"1.0\" encoding=\"UTF-8\"?>\n<svg width=\"24px\" height=\"24px\" viewBox=\"0 0 24 24\" version=\"1.1\" xmlns=\"http:\/\/www.w3.org\/2000\/svg\" xmlns:xlink=\"http:\/\/www.w3.org\/1999\/xlink\">\n    <title>icons\/Telecharger@3x<\/title>\n    <g id=\"icons\/Telecharger\" stroke=\"none\" stroke-width=\"1\" fill=\"none\" fill-rule=\"evenodd\">\n        <polygon id=\"zone\" points=\"0 24 24 24 24 0 0 0\"><\/polygon>\n        <path d=\"M20,20 C20.5522847,20 21,20.4477153 21,21 C21,21.5522847 20.5522847,22 20,22 L4,22 C3.44771525,22 3,21.5522847 3,21 C3,20.4477153 3.44771525,20 4,20 L20,20 Z M12,2 C12.5522847,2 13,2.44771525 13,3 L13,15.772 L18.0856362,11.2525907 C18.4666664,10.9138971 19.034547,10.9195244 19.4082496,11.2470591 L19.4974093,11.3356362 C19.8643273,11.7484189 19.8271466,12.3804913 19.4143638,12.7474093 L12.6643638,18.7474093 L12.649,18.759 L12.625449,18.7803112 L12.58,18.813 L12.5658632,18.8245898 L12.558,18.828 L12.5360882,18.844312 L12.476,18.877 L12.4606934,18.8877375 L12.454,18.89 L12.4397747,18.8983588 L12.37,18.927 L12.3501884,18.9368523 C12.2670141,18.9668616 12.1931348,18.9843853 12.1166211,18.9932723 L12,19 C11.8816533,19 11.7681082,18.9794416 11.6627412,18.9417014 L11.653,18.937 L11.629,18.927 L11.5602253,18.8983588 L11.545,18.89 L11.523,18.877 L11.4639118,18.844312 L11.441,18.828 L11.419,18.813 L11.374551,18.7803112 L11.35,18.759 L11.3356362,18.7474093 L4.58563616,12.7474093 C4.17285339,12.3804913 4.13567266,11.7484189 4.50259068,11.3356362 C4.8695087,10.9228534 5.50158107,10.8856727 5.91436384,11.2525907 L11,15.773 L11,3 C11,2.48716416 11.3860402,2.06449284 11.8833789,2.00672773 L12,2 Z\" id=\"DL-icon\" fill=\"#000000\"><\/path>\n    <\/g>\n<\/svg>                            <\/a>\n                        <\/div>\n                                                        <\/div>\n    <\/div>\n\t\t<\/div>\n\t\t\t\t<\/div>\n\t\t\t\t<div class=\"elementor-element elementor-element-6e7c0a4 elementor-widget elementor-widget-block_liens_fichiers\" data-id=\"6e7c0a4\" data-element_type=\"widget\" data-widget_type=\"block_liens_fichiers.default\">\n\t\t\t\t<div class=\"elementor-widget-container\">\n\t\t\t    <div class=\"container\">\n        <div class=\"my-4\">\n                                                                        <div class=\"edito-lien-fichier-avance\">\n                                                            <figure class=\"miniature\">\n                                    <img decoding=\"async\" src=\"https:\/\/www.missionslocalesnormandie.fr\/content\/uploads\/sites\/4\/2025\/02\/flyer-cej-png-35x50-c-default.png\"\n                                         alt=\"Le Contrat d'Engagement Jeune\"\/>\n                                <\/figure>\n                                                        <div class=\"titre-date\">\n                                <div class=\"titre\">\n                                    Le Contrat d'Engagement Jeune\n                                <\/div>\n                                                                    <div class=\"date\">\n                                        Publi\u00e9 le 01 ao\u00fbt. 2024\n                                    <\/div>\n                                                            <\/div>\n                            <a href=\"https:\/\/www.missionslocalesnormandie.fr\/content\/uploads\/sites\/4\/2025\/02\/flyer-cej.pdf\"\n                               class=\"generic-button -color-2 -small -with-text-left-picto-right\"\n                               target=\"_blank\"\n                               rel=\"noopener noreferrer\">\n                                <span>T\u00e9l\u00e9charger<\/span>\n                                <?xml version=\"1.0\" encoding=\"UTF-8\"?>\n<svg width=\"24px\" height=\"24px\" viewBox=\"0 0 24 24\" version=\"1.1\" xmlns=\"http:\/\/www.w3.org\/2000\/svg\" xmlns:xlink=\"http:\/\/www.w3.org\/1999\/xlink\">\n    <title>icons\/Telecharger@3x<\/title>\n    <g id=\"icons\/Telecharger\" stroke=\"none\" stroke-width=\"1\" fill=\"none\" fill-rule=\"evenodd\">\n        <polygon id=\"zone\" points=\"0 24 24 24 24 0 0 0\"><\/polygon>\n        <path d=\"M20,20 C20.5522847,20 21,20.4477153 21,21 C21,21.5522847 20.5522847,22 20,22 L4,22 C3.44771525,22 3,21.5522847 3,21 C3,20.4477153 3.44771525,20 4,20 L20,20 Z M12,2 C12.5522847,2 13,2.44771525 13,3 L13,15.772 L18.0856362,11.2525907 C18.4666664,10.9138971 19.034547,10.9195244 19.4082496,11.2470591 L19.4974093,11.3356362 C19.8643273,11.7484189 19.8271466,12.3804913 19.4143638,12.7474093 L12.6643638,18.7474093 L12.649,18.759 L12.625449,18.7803112 L12.58,18.813 L12.5658632,18.8245898 L12.558,18.828 L12.5360882,18.844312 L12.476,18.877 L12.4606934,18.8877375 L12.454,18.89 L12.4397747,18.8983588 L12.37,18.927 L12.3501884,18.9368523 C12.2670141,18.9668616 12.1931348,18.9843853 12.1166211,18.9932723 L12,19 C11.8816533,19 11.7681082,18.9794416 11.6627412,18.9417014 L11.653,18.937 L11.629,18.927 L11.5602253,18.8983588 L11.545,18.89 L11.523,18.877 L11.4639118,18.844312 L11.441,18.828 L11.419,18.813 L11.374551,18.7803112 L11.35,18.759 L11.3356362,18.7474093 L4.58563616,12.7474093 C4.17285339,12.3804913 4.13567266,11.7484189 4.50259068,11.3356362 C4.8695087,10.9228534 5.50158107,10.8856727 5.91436384,11.2525907 L11,15.773 L11,3 C11,2.48716416 11.3860402,2.06449284 11.8833789,2.00672773 L12,2 Z\" id=\"DL-icon\" fill=\"#000000\"><\/path>\n    <\/g>\n<\/svg>                            <\/a>\n                        <\/div>\n                                                        <\/div>\n    <\/div>\n\t\t<\/div>\n\t\t\t\t<\/div>\n\t\t\t\t<div class=\"elementor-element elementor-element-ac326a9 elementor-widget elementor-widget-block_liens_fichiers\" data-id=\"ac326a9\" data-element_type=\"widget\" data-widget_type=\"block_liens_fichiers.default\">\n\t\t\t\t<div class=\"elementor-widget-container\">\n\t\t\t    <div class=\"container\">\n        <div class=\"my-4\">\n                                                                        <div class=\"edito-lien-fichier-avance\">\n                                                            <figure class=\"miniature\">\n                                    <img decoding=\"async\" src=\"https:\/\/www.missionslocalesnormandie.fr\/content\/uploads\/sites\/4\/2025\/02\/flyer-pao-png-35x50-c-default.png\"\n                                         alt=\"Le PAO\"\/>\n                                <\/figure>\n                                                        <div class=\"titre-date\">\n                                <div class=\"titre\">\n                                    Le PAO\n                                <\/div>\n                                                                    <div class=\"date\">\n                                        Publi\u00e9 le 01 ao\u00fbt. 2024\n                                    <\/div>\n                                                            <\/div>\n                            <a href=\"https:\/\/www.missionslocalesnormandie.fr\/content\/uploads\/sites\/4\/2025\/02\/flyer-pao.pdf\"\n                               class=\"generic-button -color-2 -small -with-text-left-picto-right\"\n                               target=\"_blank\"\n                               rel=\"noopener noreferrer\">\n                                <span>T\u00e9l\u00e9charger<\/span>\n                                <?xml version=\"1.0\" encoding=\"UTF-8\"?>\n<svg width=\"24px\" height=\"24px\" viewBox=\"0 0 24 24\" version=\"1.1\" xmlns=\"http:\/\/www.w3.org\/2000\/svg\" xmlns:xlink=\"http:\/\/www.w3.org\/1999\/xlink\">\n    <title>icons\/Telecharger@3x<\/title>\n    <g id=\"icons\/Telecharger\" stroke=\"none\" stroke-width=\"1\" fill=\"none\" fill-rule=\"evenodd\">\n        <polygon id=\"zone\" points=\"0 24 24 24 24 0 0 0\"><\/polygon>\n        <path d=\"M20,20 C20.5522847,20 21,20.4477153 21,21 C21,21.5522847 20.5522847,22 20,22 L4,22 C3.44771525,22 3,21.5522847 3,21 C3,20.4477153 3.44771525,20 4,20 L20,20 Z M12,2 C12.5522847,2 13,2.44771525 13,3 L13,15.772 L18.0856362,11.2525907 C18.4666664,10.9138971 19.034547,10.9195244 19.4082496,11.2470591 L19.4974093,11.3356362 C19.8643273,11.7484189 19.8271466,12.3804913 19.4143638,12.7474093 L12.6643638,18.7474093 L12.649,18.759 L12.625449,18.7803112 L12.58,18.813 L12.5658632,18.8245898 L12.558,18.828 L12.5360882,18.844312 L12.476,18.877 L12.4606934,18.8877375 L12.454,18.89 L12.4397747,18.8983588 L12.37,18.927 L12.3501884,18.9368523 C12.2670141,18.9668616 12.1931348,18.9843853 12.1166211,18.9932723 L12,19 C11.8816533,19 11.7681082,18.9794416 11.6627412,18.9417014 L11.653,18.937 L11.629,18.927 L11.5602253,18.8983588 L11.545,18.89 L11.523,18.877 L11.4639118,18.844312 L11.441,18.828 L11.419,18.813 L11.374551,18.7803112 L11.35,18.759 L11.3356362,18.7474093 L4.58563616,12.7474093 C4.17285339,12.3804913 4.13567266,11.7484189 4.50259068,11.3356362 C4.8695087,10.9228534 5.50158107,10.8856727 5.91436384,11.2525907 L11,15.773 L11,3 C11,2.48716416 11.3860402,2.06449284 11.8833789,2.00672773 L12,2 Z\" id=\"DL-icon\" fill=\"#000000\"><\/path>\n    <\/g>\n<\/svg>                            <\/a>\n                        <\/div>\n                                                        <\/div>\n    <\/div>\n\t\t<\/div>\n\t\t\t\t<\/div>\n\t\t\t\t<div class=\"elementor-element elementor-element-7706a6d elementor-widget elementor-widget-block_simple_texte\" data-id=\"7706a6d\" data-element_type=\"widget\" data-widget_type=\"block_simple_texte.default\">\n\t\t\t\t<div class=\"elementor-widget-container\">\n\t\t\t    <div class=\"container\">\n        <p>Nous assurons \u00e9galement des <strong>suivis d\u00e9l\u00e9gu\u00e9s :<\/strong><\/p><ul><li>pour France Travail<\/li><li>pour le Conseil d\u00e9partemental dans le cadre des <strong>contrats d'engagement r\u00e9ciproque RSA<\/strong>.<\/li><\/ul>\n    <\/div>\n\t\t<\/div>\n\t\t\t\t<\/div>\n\t\t\t\t\t<\/div>\n\t\t\t\t<\/div>\n\t\t<div class=\"elementor-element elementor-element-52afe80 e-flex e-con-boxed e-con e-parent\" data-id=\"52afe80\" data-element_type=\"container\">\n\t\t\t\t\t<div class=\"e-con-inner\">\n\t\t\t\t<div class=\"elementor-element elementor-element-a4f8aca elementor-widget elementor-widget-block_titre\" data-id=\"a4f8aca\" data-element_type=\"widget\" data-widget_type=\"block_titre.default\">\n\t\t\t\t<div class=\"elementor-widget-container\">\n\t\t\t    <div class=\"container\">\n        <h2>\n            La prise de rendez-vous\n        <\/h2>\n    <\/div>\n\t\t<\/div>\n\t\t\t\t<\/div>\n\t\t\t\t<div class=\"elementor-element elementor-element-407ee89 elementor-widget elementor-widget-block_simple_texte\" data-id=\"407ee89\" data-element_type=\"widget\" data-widget_type=\"block_simple_texte.default\">\n\t\t\t\t<div class=\"elementor-widget-container\">\n\t\t\t    <div class=\"container\">\n        <p>Pour rencontrer un conseiller \u00e0 la Mission Locale : <a href=\"https:\/\/www.missionslocalesnormandie.fr\/mission-locale-pays-alencon\/mon-compte-pre-inscription\/\">Inscription<\/a><\/p>\n    <\/div>\n\t\t<\/div>\n\t\t\t\t<\/div>\n\t\t\t\t\t<\/div>\n\t\t\t\t<\/div>\n\t\t\t\t<\/div>\n\t\t","protected":false},"excerpt":{"rendered":"<p>La Mission Locale d\u2019Alen\u00e7on met en place un accompagnement global et personnalis\u00e9 pour les jeunes de 16 \u00e0 25 ans. La relation Jeune-Mission Locale Un suivi Mission Locale c\u2019est\u00a0: une approche globale des probl\u00e9matiques d&#8217;insertion\u00a0: l\u2019emploi, l\u2019orientation, la formation, la mobilit\u00e9, la sant\u00e9, le logement, les loisirs, le sport et la culture la gratuit\u00e9 des [&hellip;]<\/p>\n","protected":false},"author":1,"featured_media":0,"parent":0,"menu_order":0,"comment_status":"closed","ping_status":"closed","template":"","meta":{"_acf_changed":false,"_crosspost_to_1":false,"_crosspost_to_2":false,"_crosspost_to_3":false,"_crosspost_to_5":false,"_crosspost_to_6":false,"_crosspost_to_7":false,"_crosspost_to_8":false,"_crosspost_to_11":false,"_crosspost_to_12":false,"_crosspost_to_13":false,"_crosspost_to_14":false,"_crosspost_to_15":false,"_crosspost_to_16":false,"inline_featured_image":false,"footnotes":""},"acf":[],"yoast_head":"<!-- This site is optimized with the Yoast SEO plugin v21.9.1 - https:\/\/yoast.com\/wordpress\/plugins\/seo\/ -->\n<title>Avoir un conseiller - MISSION LOCALE DU PAYS D&#039;ALENCON<\/title>\n<meta name=\"robots\" content=\"index, follow, max-snippet:-1, max-image-preview:large, max-video-preview:-1\" \/>\n<link rel=\"canonical\" href=\"https:\/\/www.missionslocalesnormandie.fr\/mission-locale-pays-alencon\/avoir-un-conseiller\/\" \/>\n<meta property=\"og:locale\" content=\"fr_FR\" \/>\n<meta property=\"og:type\" content=\"article\" \/>\n<meta property=\"og:title\" content=\"Avoir un conseiller - MISSION LOCALE DU PAYS D&#039;ALENCON\" \/>\n<meta property=\"og:description\" content=\"La Mission Locale d\u2019Alen\u00e7on met en place un accompagnement global et personnalis\u00e9 pour les jeunes de 16 \u00e0 25 ans. La relation Jeune-Mission Locale Un suivi Mission Locale c\u2019est\u00a0: une approche globale des probl\u00e9matiques d&#8217;insertion\u00a0: l\u2019emploi, l\u2019orientation, la formation, la mobilit\u00e9, la sant\u00e9, le logement, les loisirs, le sport et la culture la gratuit\u00e9 des [&hellip;]\" \/>\n<meta property=\"og:url\" content=\"https:\/\/www.missionslocalesnormandie.fr\/mission-locale-pays-alencon\/avoir-un-conseiller\/\" \/>\n<meta property=\"og:site_name\" content=\"MISSION LOCALE DU PAYS D&#039;ALENCON\" \/>\n<meta property=\"article:modified_time\" content=\"2025-04-01T11:50:49+00:00\" \/>\n<meta property=\"og:image\" content=\"https:\/\/www.missionslocalesnormandie.fr\/content\/uploads\/sites\/4\/2025\/02\/flyer-pacea-png-35x50-c-default.png\" \/>\n<meta name=\"twitter:card\" content=\"summary_large_image\" \/>\n<meta name=\"twitter:label1\" content=\"Dur\u00e9e de lecture estim\u00e9e\" \/>\n\t<meta name=\"twitter:data1\" content=\"2 minutes\" \/>\n<script type=\"application\/ld+json\" class=\"yoast-schema-graph\">{\"@context\":\"https:\/\/schema.org\",\"@graph\":[{\"@type\":\"WebPage\",\"@id\":\"https:\/\/www.missionslocalesnormandie.fr\/mission-locale-pays-alencon\/avoir-un-conseiller\/\",\"url\":\"https:\/\/www.missionslocalesnormandie.fr\/mission-locale-pays-alencon\/avoir-un-conseiller\/\",\"name\":\"Avoir un conseiller - MISSION LOCALE DU PAYS D'ALENCON\",\"isPartOf\":{\"@id\":\"https:\/\/www.missionslocalesnormandie.fr\/mission-locale-pays-alencon\/#website\"},\"datePublished\":\"2024-07-31T12:30:11+00:00\",\"dateModified\":\"2025-04-01T11:50:49+00:00\",\"breadcrumb\":{\"@id\":\"https:\/\/www.missionslocalesnormandie.fr\/mission-locale-pays-alencon\/avoir-un-conseiller\/#breadcrumb\"},\"inLanguage\":\"fr-FR\",\"potentialAction\":[{\"@type\":\"ReadAction\",\"target\":[\"https:\/\/www.missionslocalesnormandie.fr\/mission-locale-pays-alencon\/avoir-un-conseiller\/\"]}]},{\"@type\":\"BreadcrumbList\",\"@id\":\"https:\/\/www.missionslocalesnormandie.fr\/mission-locale-pays-alencon\/avoir-un-conseiller\/#breadcrumb\",\"itemListElement\":[{\"@type\":\"ListItem\",\"position\":1,\"name\":\"Home\",\"item\":\"https:\/\/www.missionslocalesnormandie.fr\/mission-locale-pays-alencon\/\"},{\"@type\":\"ListItem\",\"position\":2,\"name\":\"Avoir un conseiller\"}]},{\"@type\":\"WebSite\",\"@id\":\"https:\/\/www.missionslocalesnormandie.fr\/mission-locale-pays-alencon\/#website\",\"url\":\"https:\/\/www.missionslocalesnormandie.fr\/mission-locale-pays-alencon\/\",\"name\":\"MISSION LOCALE DU PAYS D'ALENCON\",\"description\":\"\",\"potentialAction\":[{\"@type\":\"SearchAction\",\"target\":{\"@type\":\"EntryPoint\",\"urlTemplate\":\"https:\/\/www.missionslocalesnormandie.fr\/mission-locale-pays-alencon\/?s={search_term_string}\"},\"query-input\":\"required name=search_term_string\"}],\"inLanguage\":\"fr-FR\"}]}<\/script>\n<!-- \/ Yoast SEO plugin. -->","yoast_head_json":{"title":"Avoir un conseiller - MISSION LOCALE DU PAYS D'ALENCON","robots":{"index":"index","follow":"follow","max-snippet":"max-snippet:-1","max-image-preview":"max-image-preview:large","max-video-preview":"max-video-preview:-1"},"canonical":"https:\/\/www.missionslocalesnormandie.fr\/mission-locale-pays-alencon\/avoir-un-conseiller\/","og_locale":"fr_FR","og_type":"article","og_title":"Avoir un conseiller - MISSION LOCALE DU PAYS D'ALENCON","og_description":"La Mission Locale d\u2019Alen\u00e7on met en place un accompagnement global et personnalis\u00e9 pour les jeunes de 16 \u00e0 25 ans. La relation Jeune-Mission Locale Un suivi Mission Locale c\u2019est\u00a0: une approche globale des probl\u00e9matiques d&#8217;insertion\u00a0: l\u2019emploi, l\u2019orientation, la formation, la mobilit\u00e9, la sant\u00e9, le logement, les loisirs, le sport et la culture la gratuit\u00e9 des [&hellip;]","og_url":"https:\/\/www.missionslocalesnormandie.fr\/mission-locale-pays-alencon\/avoir-un-conseiller\/","og_site_name":"MISSION LOCALE DU PAYS D'ALENCON","article_modified_time":"2025-04-01T11:50:49+00:00","og_image":[{"url":"https:\/\/www.missionslocalesnormandie.fr\/content\/uploads\/sites\/4\/2025\/02\/flyer-pacea-png-35x50-c-default.png"}],"twitter_card":"summary_large_image","twitter_misc":{"Dur\u00e9e de lecture estim\u00e9e":"2 minutes"},"schema":{"@context":"https:\/\/schema.org","@graph":[{"@type":"WebPage","@id":"https:\/\/www.missionslocalesnormandie.fr\/mission-locale-pays-alencon\/avoir-un-conseiller\/","url":"https:\/\/www.missionslocalesnormandie.fr\/mission-locale-pays-alencon\/avoir-un-conseiller\/","name":"Avoir un conseiller - MISSION LOCALE DU PAYS D'ALENCON","isPartOf":{"@id":"https:\/\/www.missionslocalesnormandie.fr\/mission-locale-pays-alencon\/#website"},"datePublished":"2024-07-31T12:30:11+00:00","dateModified":"2025-04-01T11:50:49+00:00","breadcrumb":{"@id":"https:\/\/www.missionslocalesnormandie.fr\/mission-locale-pays-alencon\/avoir-un-conseiller\/#breadcrumb"},"inLanguage":"fr-FR","potentialAction":[{"@type":"ReadAction","target":["https:\/\/www.missionslocalesnormandie.fr\/mission-locale-pays-alencon\/avoir-un-conseiller\/"]}]},{"@type":"BreadcrumbList","@id":"https:\/\/www.missionslocalesnormandie.fr\/mission-locale-pays-alencon\/avoir-un-conseiller\/#breadcrumb","itemListElement":[{"@type":"ListItem","position":1,"name":"Home","item":"https:\/\/www.missionslocalesnormandie.fr\/mission-locale-pays-alencon\/"},{"@type":"ListItem","position":2,"name":"Avoir un conseiller"}]},{"@type":"WebSite","@id":"https:\/\/www.missionslocalesnormandie.fr\/mission-locale-pays-alencon\/#website","url":"https:\/\/www.missionslocalesnormandie.fr\/mission-locale-pays-alencon\/","name":"MISSION LOCALE DU PAYS D'ALENCON","description":"","potentialAction":[{"@type":"SearchAction","target":{"@type":"EntryPoint","urlTemplate":"https:\/\/www.missionslocalesnormandie.fr\/mission-locale-pays-alencon\/?s={search_term_string}"},"query-input":"required name=search_term_string"}],"inLanguage":"fr-FR"}]}},"_links":{"self":[{"href":"https:\/\/www.missionslocalesnormandie.fr\/mission-locale-pays-alencon\/wp-json\/wp\/v2\/pages\/3076"}],"collection":[{"href":"https:\/\/www.missionslocalesnormandie.fr\/mission-locale-pays-alencon\/wp-json\/wp\/v2\/pages"}],"about":[{"href":"https:\/\/www.missionslocalesnormandie.fr\/mission-locale-pays-alencon\/wp-json\/wp\/v2\/types\/page"}],"author":[{"embeddable":true,"href":"https:\/\/www.missionslocalesnormandie.fr\/mission-locale-pays-alencon\/wp-json\/wp\/v2\/users\/1"}],"replies":[{"embeddable":true,"href":"https:\/\/www.missionslocalesnormandie.fr\/mission-locale-pays-alencon\/wp-json\/wp\/v2\/comments?post=3076"}],"version-history":[{"count":40,"href":"https:\/\/www.missionslocalesnormandie.fr\/mission-locale-pays-alencon\/wp-json\/wp\/v2\/pages\/3076\/revisions"}],"predecessor-version":[{"id":3807,"href":"https:\/\/www.missionslocalesnormandie.fr\/mission-locale-pays-alencon\/wp-json\/wp\/v2\/pages\/3076\/revisions\/3807"}],"wp:attachment":[{"href":"https:\/\/www.missionslocalesnormandie.fr\/mission-locale-pays-alencon\/wp-json\/wp\/v2\/media?parent=3076"}],"curies":[{"name":"wp","href":"https:\/\/api.w.org\/{rel}","templated":true}]}}