{"id":55,"date":"2023-12-14T15:06:47","date_gmt":"2023-12-14T14:06:47","guid":{"rendered":"https:\/\/www.missionslocalesnormandie.fr\/mission-locale-pays-alencon\/?page_id=55"},"modified":"2025-02-26T12:14:58","modified_gmt":"2025-02-26T11:14:58","slug":"nos-missions","status":"publish","type":"page","link":"https:\/\/www.missionslocalesnormandie.fr\/mission-locale-pays-alencon\/nos-missions\/","title":{"rendered":"Nos missions"},"content":{"rendered":"\t\t<div data-elementor-type=\"wp-page\" data-elementor-id=\"55\" class=\"elementor elementor-55\">\n\t\t\t\t<div class=\"elementor-element elementor-element-701ad08 e-flex e-con-boxed e-con e-parent\" data-id=\"701ad08\" data-element_type=\"container\">\n\t\t\t\t\t<div class=\"e-con-inner\">\n\t\t\t\t<div class=\"elementor-element elementor-element-eb59d00 elementor-widget elementor-widget-block_intro\" data-id=\"eb59d00\" data-element_type=\"widget\" data-widget_type=\"block_intro.default\">\n\t\t\t\t<div class=\"elementor-widget-container\">\n\t\t\t    <div class=\"container\">\n        <div class=\"edito-intro\">\n            <p style=\"text-align: justify\">Premier acteur de l'insertion socio-professionnelle des jeunes de 16 \u00e0 25 ans, la Mission Locale du Pays d'Alen\u00e7on travaille en \u00e9troite collaboration avec les diff\u00e9rents partenaires pr\u00e9sents sur le territoire.<\/p><p>\u00a0<\/p>\n        <\/div>\n    <\/div>\n\t\t<\/div>\n\t\t\t\t<\/div>\n\t\t\t\t\t<\/div>\n\t\t\t\t<\/div>\n\t\t<div class=\"elementor-element elementor-element-f09b558 e-flex e-con-boxed e-con e-parent\" data-id=\"f09b558\" data-element_type=\"container\">\n\t\t\t\t\t<div class=\"e-con-inner\">\n\t\t<div class=\"elementor-element elementor-element-8d04706 e-con-full e-flex e-con e-child\" data-id=\"8d04706\" data-element_type=\"container\">\n\t\t\t\t<div class=\"elementor-element elementor-element-0395561 elementor-widget elementor-widget-block_simple_texte\" data-id=\"0395561\" data-element_type=\"widget\" data-widget_type=\"block_simple_texte.default\">\n\t\t\t\t<div class=\"elementor-widget-container\">\n\t\t\t    <div class=\"container\">\n        <p>A ce titre, nous :<\/p><ul><li>Accueillons, informons, orientons et accompagnons les jeunes vers l'autonomie et l'emploi,<\/li><li>Appuyons les employeurs dans leurs d\u00e9marches de recrutement,<\/li><li>Agissons pour la construction et l\u2019animation des politiques locales d\u2019insertion et de d\u00e9veloppement de l\u2019emploi,<\/li><li>Accompagnons, par l'intervention du DLA, les structures d'utilit\u00e9 sociale qui souhaitent p\u00e9renniser leur emploi et d\u00e9velopper des activit\u00e9s,<\/li><li>Assurons une expertise sur les jeunes de notre bassin d'emploi.<\/li><\/ul>\n    <\/div>\n\t\t<\/div>\n\t\t\t\t<\/div>\n\t\t\t\t<\/div>\n\t\t<div class=\"elementor-element elementor-element-d77f115 e-con-full e-flex e-con e-child\" data-id=\"d77f115\" data-element_type=\"container\">\n\t\t\t\t<div class=\"elementor-element elementor-element-51ada65 elementor-widget elementor-widget-block_simple_visuel\" data-id=\"51ada65\" data-element_type=\"widget\" data-widget_type=\"block_simple_visuel.default\">\n\t\t\t\t<div class=\"elementor-widget-container\">\n\t\t\t    <div class=\"container\">\n        <figure>\n                        \n                                                            <a href=\"https:\/\/www.missionslocalesnormandie.fr\/content\/uploads\/sites\/4\/2024\/07\/schema-fonctions-ml-concordance.png\">\n                    <img decoding=\"async\" src=\"https:\/\/www.missionslocalesnormandie.fr\/content\/uploads\/sites\/4\/2024\/07\/schema-fonctions-ml-concordance-950x595-c-default.png\"\n                         alt=\"MISSION LOCALE DU PAYS D'ALENCON\"\/>\n                <\/a>\n            \n                    <\/figure>\n    <\/div>\n\t\t<\/div>\n\t\t\t\t<\/div>\n\t\t\t\t<\/div>\n\t\t\t\t\t<\/div>\n\t\t\t\t<\/div>\n\t\t<div class=\"elementor-element elementor-element-bf7f6fb e-flex e-con-boxed e-con e-parent\" data-id=\"bf7f6fb\" data-element_type=\"container\">\n\t\t\t\t\t<div class=\"e-con-inner\">\n\t\t\t\t<div class=\"elementor-element elementor-element-4e2d1f4 elementor-widget elementor-widget-block_simple_texte\" data-id=\"4e2d1f4\" data-element_type=\"widget\" data-widget_type=\"block_simple_texte.default\">\n\t\t\t\t<div class=\"elementor-widget-container\">\n\t\t\t    <div class=\"container\">\n        <h4>Nos partenaires du bassin d'emploi<\/h4><p>La Mission Locale d'Alen\u00e7on entretient un partenariat solide avec l'ensemble des acteurs du territoire :<\/p><ul><li><strong><span style=\"color: #cc99ff\">Emploi<\/span><\/strong> : France Travail, agences d'interim, entreprises du bassin d'emploi alen\u00e7onnais, chambres consulaires, collectivit\u00e9s, chantiers d'insertion...<\/li><li><span style=\"color: #cc99ff\"><strong>Orientation, projet professionnel<\/strong> <\/span>: CIO, BIJ, Minist\u00e8re des Arm\u00e9es (JDC), parrains\/marraines b\u00e9n\u00e9voles...<\/li><li><strong><span style=\"color: #cc99ff\">Formation<\/span> <\/strong>: \u00e9tablissements et organismes de formation, CFA, lyc\u00e9es professionnels, OPCO, la Bo\u00eete aux lettres, APE...<\/li><li><strong><span style=\"color: #cc99ff\">Mobilit\u00e9<\/span><\/strong> : Atelier Mob, Edith Bonnem, auto-\u00e9coles...<\/li><li><strong><span style=\"color: #cc99ff\">Sant\u00e9\/handicap<\/span><\/strong> : Cap Emploi, UGECAM SESSAD, CPO, CPAM, IRSA,...<\/li><li><strong><span style=\"color: #cc99ff\">Logement<\/span><\/strong> : Action Logement, Foyer\u00a0de Jeunes Travailleurs, les bailleurs sociaux, Logement priv\u00e9s, Logement d'urgence...<\/li><li><strong><span style=\"color: #cc99ff\">Justice et citoyennet\u00e9<\/span><\/strong> : PJJ, Relais d'insertion, SPIP, CIMADE, Epide, ACJM,...<\/li><li><strong><span style=\"color: #cc99ff\">Vie quotidienne<\/span><\/strong> : CAF, CCAS, DTAS (services sociaux), FJT, bailleurs sociaux, Habitat et Humanisme, organismes caritatifs,...<\/li><\/ul>\n    <\/div>\n\t\t<\/div>\n\t\t\t\t<\/div>\n\t\t\t\t\t<\/div>\n\t\t\t\t<\/div>\n\t\t<div class=\"elementor-element elementor-element-f362235 e-flex e-con-boxed e-con e-parent\" data-id=\"f362235\" data-element_type=\"container\">\n\t\t\t\t\t<div class=\"e-con-inner\">\n\t\t\t\t<div class=\"elementor-element elementor-element-46ed45d elementor-widget elementor-widget-image\" data-id=\"46ed45d\" data-element_type=\"widget\" data-widget_type=\"image.default\">\n\t\t\t\t<div class=\"elementor-widget-container\">\n\t\t\t\t\t\t\t\t\t\t\t\t\t<img fetchpriority=\"high\" decoding=\"async\" width=\"745\" height=\"1024\" src=\"https:\/\/www.missionslocalesnormandie.fr\/content\/uploads\/sites\/4\/2024\/07\/CRA-2023-v2-page11-e1722413842267-745x1024.png\" class=\"attachment-large size-large wp-image-2937\" alt=\"\" srcset=\"https:\/\/www.missionslocalesnormandie.fr\/content\/uploads\/sites\/4\/2024\/07\/CRA-2023-v2-page11-e1722413842267-745x1024.png 745w, https:\/\/www.missionslocalesnormandie.fr\/content\/uploads\/sites\/4\/2024\/07\/CRA-2023-v2-page11-e1722413842267-218x300.png 218w, https:\/\/www.missionslocalesnormandie.fr\/content\/uploads\/sites\/4\/2024\/07\/CRA-2023-v2-page11-e1722413842267-768x1056.png 768w, https:\/\/www.missionslocalesnormandie.fr\/content\/uploads\/sites\/4\/2024\/07\/CRA-2023-v2-page11-e1722413842267-1117x1536.png 1117w, https:\/\/www.missionslocalesnormandie.fr\/content\/uploads\/sites\/4\/2024\/07\/CRA-2023-v2-page11-e1722413842267-1489x2048.png 1489w\" sizes=\"(max-width: 745px) 100vw, 745px\" \/>\t\t\t\t\t\t\t\t\t\t\t\t\t<\/div>\n\t\t\t\t<\/div>\n\t\t\t\t\t<\/div>\n\t\t\t\t<\/div>\n\t\t<div class=\"elementor-element elementor-element-cb93d2d e-flex e-con-boxed e-con e-parent\" data-id=\"cb93d2d\" data-element_type=\"container\">\n\t\t\t\t\t<div class=\"e-con-inner\">\n\t\t\t\t<div class=\"elementor-element elementor-element-290e671 elementor-widget elementor-widget-block_simple_texte\" data-id=\"290e671\" data-element_type=\"widget\" data-widget_type=\"block_simple_texte.default\">\n\t\t\t\t<div class=\"elementor-widget-container\">\n\t\t\t    <div class=\"container\">\n        <p style=\"text-align: center\"><span style=\"font-size: 10pt\">\u00a0 \u00a0 \u00a0 \u00a0 \u00a0 \u00a0 \u00a0 \u00a0 \u00a0 \u00a0 \u00a0 \u00a0 \u00a0 \u00a0 \u00a0 \u00a0 \u00a0 \u00a0 \u00a0 \u00a0 \u00a0 \u00a0 \u00a0 \u00a0 \u00a0 \u00a0 \u00a0 \u00a0 \u00a0 \u00a0 \u00a0 \u00a0 \u00a0 \u00a0 \u00a0 \u00a0 \u00a0 \u00a0 \u00a0 \u00a0 \u00a0 \u00a0 \u00a0 \u00a0 \u00a0 \u00a0 \u00a0 \u00a0 \u00a0 \u00a0 \u00a0 \u00a0 \u00a0 \u00a0 \u00a0 \u00a0 \u00a0 \u00a0 \u00a0 \u00a0 \u00a0 \u00a0 \u00a0 \u00a0 \u00a0 \u00a0 \u00a0 \u00a0 \u00a0 \u00a0 \u00a0 \u00a0 \u00a0 \u00a0 \u00a0 \u00a0 \u00a0 \u00a0 \u00a0 \u00a0 \u00a0 \u00a0 \u00a0 \u00a0 Informations datant de juin 2024<\/span><\/p>\n    <\/div>\n\t\t<\/div>\n\t\t\t\t<\/div>\n\t\t\t\t\t<\/div>\n\t\t\t\t<\/div>\n\t\t\t\t<\/div>\n\t\t","protected":false},"excerpt":{"rendered":"<p>Premier acteur de l&#8217;insertion socio-professionnelle des jeunes de 16 \u00e0 25 ans, la Mission Locale du Pays d&#8217;Alen\u00e7on travaille en \u00e9troite collaboration avec les diff\u00e9rents partenaires pr\u00e9sents sur le territoire. \u00a0 A ce titre, nous : Accueillons, informons, orientons et accompagnons les jeunes vers l&#8217;autonomie et l&#8217;emploi, Appuyons les employeurs dans leurs d\u00e9marches de recrutement, [&hellip;]<\/p>\n","protected":false},"author":1,"featured_media":0,"parent":0,"menu_order":0,"comment_status":"closed","ping_status":"closed","template":"","meta":{"_acf_changed":false,"_crosspost_to_1":false,"_crosspost_to_2":false,"_crosspost_to_3":false,"_crosspost_to_5":false,"_crosspost_to_6":false,"_crosspost_to_7":false,"_crosspost_to_8":false,"_crosspost_to_11":false,"_crosspost_to_12":false,"_crosspost_to_13":false,"_crosspost_to_14":false,"_crosspost_to_15":false,"_crosspost_to_16":false,"inline_featured_image":false,"footnotes":""},"acf":[],"yoast_head":"<!-- This site is optimized with the Yoast SEO plugin v21.9.1 - https:\/\/yoast.com\/wordpress\/plugins\/seo\/ -->\n<title>Nos missions - MISSION LOCALE DU PAYS D&#039;ALENCON<\/title>\n<meta name=\"robots\" content=\"index, follow, max-snippet:-1, max-image-preview:large, max-video-preview:-1\" \/>\n<link rel=\"canonical\" href=\"https:\/\/www.missionslocalesnormandie.fr\/mission-locale-pays-alencon\/nos-missions\/\" \/>\n<meta property=\"og:locale\" content=\"fr_FR\" \/>\n<meta property=\"og:type\" content=\"article\" \/>\n<meta property=\"og:title\" content=\"Nos missions - MISSION LOCALE DU PAYS D&#039;ALENCON\" \/>\n<meta property=\"og:description\" content=\"Premier acteur de l&#8217;insertion socio-professionnelle des jeunes de 16 \u00e0 25 ans, la Mission Locale du Pays d&#8217;Alen\u00e7on travaille en \u00e9troite collaboration avec les diff\u00e9rents partenaires pr\u00e9sents sur le territoire. \u00a0 A ce titre, nous : Accueillons, informons, orientons et accompagnons les jeunes vers l&#8217;autonomie et l&#8217;emploi, Appuyons les employeurs dans leurs d\u00e9marches de recrutement, [&hellip;]\" \/>\n<meta property=\"og:url\" content=\"https:\/\/www.missionslocalesnormandie.fr\/mission-locale-pays-alencon\/nos-missions\/\" \/>\n<meta property=\"og:site_name\" content=\"MISSION LOCALE DU PAYS D&#039;ALENCON\" \/>\n<meta property=\"article:modified_time\" content=\"2025-02-26T11:14:58+00:00\" \/>\n<meta property=\"og:image\" content=\"https:\/\/www.missionslocalesnormandie.fr\/content\/uploads\/sites\/4\/2024\/07\/schema-fonctions-ml-concordance-950x595-c-default.png\" \/>\n<meta name=\"twitter:card\" content=\"summary_large_image\" \/>\n<meta name=\"twitter:label1\" content=\"Dur\u00e9e de lecture estim\u00e9e\" \/>\n\t<meta name=\"twitter:data1\" content=\"2 minutes\" \/>\n<script type=\"application\/ld+json\" class=\"yoast-schema-graph\">{\"@context\":\"https:\/\/schema.org\",\"@graph\":[{\"@type\":\"WebPage\",\"@id\":\"https:\/\/www.missionslocalesnormandie.fr\/mission-locale-pays-alencon\/nos-missions\/\",\"url\":\"https:\/\/www.missionslocalesnormandie.fr\/mission-locale-pays-alencon\/nos-missions\/\",\"name\":\"Nos missions - MISSION LOCALE DU PAYS D'ALENCON\",\"isPartOf\":{\"@id\":\"https:\/\/www.missionslocalesnormandie.fr\/mission-locale-pays-alencon\/#website\"},\"datePublished\":\"2023-12-14T14:06:47+00:00\",\"dateModified\":\"2025-02-26T11:14:58+00:00\",\"breadcrumb\":{\"@id\":\"https:\/\/www.missionslocalesnormandie.fr\/mission-locale-pays-alencon\/nos-missions\/#breadcrumb\"},\"inLanguage\":\"fr-FR\",\"potentialAction\":[{\"@type\":\"ReadAction\",\"target\":[\"https:\/\/www.missionslocalesnormandie.fr\/mission-locale-pays-alencon\/nos-missions\/\"]}]},{\"@type\":\"BreadcrumbList\",\"@id\":\"https:\/\/www.missionslocalesnormandie.fr\/mission-locale-pays-alencon\/nos-missions\/#breadcrumb\",\"itemListElement\":[{\"@type\":\"ListItem\",\"position\":1,\"name\":\"Home\",\"item\":\"https:\/\/www.missionslocalesnormandie.fr\/mission-locale-pays-alencon\/\"},{\"@type\":\"ListItem\",\"position\":2,\"name\":\"Nos missions\"}]},{\"@type\":\"WebSite\",\"@id\":\"https:\/\/www.missionslocalesnormandie.fr\/mission-locale-pays-alencon\/#website\",\"url\":\"https:\/\/www.missionslocalesnormandie.fr\/mission-locale-pays-alencon\/\",\"name\":\"MISSION LOCALE DU PAYS D'ALENCON\",\"description\":\"\",\"potentialAction\":[{\"@type\":\"SearchAction\",\"target\":{\"@type\":\"EntryPoint\",\"urlTemplate\":\"https:\/\/www.missionslocalesnormandie.fr\/mission-locale-pays-alencon\/?s={search_term_string}\"},\"query-input\":\"required name=search_term_string\"}],\"inLanguage\":\"fr-FR\"}]}<\/script>\n<!-- \/ Yoast SEO plugin. -->","yoast_head_json":{"title":"Nos missions - MISSION LOCALE DU PAYS D'ALENCON","robots":{"index":"index","follow":"follow","max-snippet":"max-snippet:-1","max-image-preview":"max-image-preview:large","max-video-preview":"max-video-preview:-1"},"canonical":"https:\/\/www.missionslocalesnormandie.fr\/mission-locale-pays-alencon\/nos-missions\/","og_locale":"fr_FR","og_type":"article","og_title":"Nos missions - MISSION LOCALE DU PAYS D'ALENCON","og_description":"Premier acteur de l&#8217;insertion socio-professionnelle des jeunes de 16 \u00e0 25 ans, la Mission Locale du Pays d&#8217;Alen\u00e7on travaille en \u00e9troite collaboration avec les diff\u00e9rents partenaires pr\u00e9sents sur le territoire. \u00a0 A ce titre, nous : Accueillons, informons, orientons et accompagnons les jeunes vers l&#8217;autonomie et l&#8217;emploi, Appuyons les employeurs dans leurs d\u00e9marches de recrutement, [&hellip;]","og_url":"https:\/\/www.missionslocalesnormandie.fr\/mission-locale-pays-alencon\/nos-missions\/","og_site_name":"MISSION LOCALE DU PAYS D'ALENCON","article_modified_time":"2025-02-26T11:14:58+00:00","og_image":[{"url":"https:\/\/www.missionslocalesnormandie.fr\/content\/uploads\/sites\/4\/2024\/07\/schema-fonctions-ml-concordance-950x595-c-default.png"}],"twitter_card":"summary_large_image","twitter_misc":{"Dur\u00e9e de lecture estim\u00e9e":"2 minutes"},"schema":{"@context":"https:\/\/schema.org","@graph":[{"@type":"WebPage","@id":"https:\/\/www.missionslocalesnormandie.fr\/mission-locale-pays-alencon\/nos-missions\/","url":"https:\/\/www.missionslocalesnormandie.fr\/mission-locale-pays-alencon\/nos-missions\/","name":"Nos missions - MISSION LOCALE DU PAYS D'ALENCON","isPartOf":{"@id":"https:\/\/www.missionslocalesnormandie.fr\/mission-locale-pays-alencon\/#website"},"datePublished":"2023-12-14T14:06:47+00:00","dateModified":"2025-02-26T11:14:58+00:00","breadcrumb":{"@id":"https:\/\/www.missionslocalesnormandie.fr\/mission-locale-pays-alencon\/nos-missions\/#breadcrumb"},"inLanguage":"fr-FR","potentialAction":[{"@type":"ReadAction","target":["https:\/\/www.missionslocalesnormandie.fr\/mission-locale-pays-alencon\/nos-missions\/"]}]},{"@type":"BreadcrumbList","@id":"https:\/\/www.missionslocalesnormandie.fr\/mission-locale-pays-alencon\/nos-missions\/#breadcrumb","itemListElement":[{"@type":"ListItem","position":1,"name":"Home","item":"https:\/\/www.missionslocalesnormandie.fr\/mission-locale-pays-alencon\/"},{"@type":"ListItem","position":2,"name":"Nos missions"}]},{"@type":"WebSite","@id":"https:\/\/www.missionslocalesnormandie.fr\/mission-locale-pays-alencon\/#website","url":"https:\/\/www.missionslocalesnormandie.fr\/mission-locale-pays-alencon\/","name":"MISSION LOCALE DU PAYS D'ALENCON","description":"","potentialAction":[{"@type":"SearchAction","target":{"@type":"EntryPoint","urlTemplate":"https:\/\/www.missionslocalesnormandie.fr\/mission-locale-pays-alencon\/?s={search_term_string}"},"query-input":"required name=search_term_string"}],"inLanguage":"fr-FR"}]}},"_links":{"self":[{"href":"https:\/\/www.missionslocalesnormandie.fr\/mission-locale-pays-alencon\/wp-json\/wp\/v2\/pages\/55"}],"collection":[{"href":"https:\/\/www.missionslocalesnormandie.fr\/mission-locale-pays-alencon\/wp-json\/wp\/v2\/pages"}],"about":[{"href":"https:\/\/www.missionslocalesnormandie.fr\/mission-locale-pays-alencon\/wp-json\/wp\/v2\/types\/page"}],"author":[{"embeddable":true,"href":"https:\/\/www.missionslocalesnormandie.fr\/mission-locale-pays-alencon\/wp-json\/wp\/v2\/users\/1"}],"replies":[{"embeddable":true,"href":"https:\/\/www.missionslocalesnormandie.fr\/mission-locale-pays-alencon\/wp-json\/wp\/v2\/comments?post=55"}],"version-history":[{"count":141,"href":"https:\/\/www.missionslocalesnormandie.fr\/mission-locale-pays-alencon\/wp-json\/wp\/v2\/pages\/55\/revisions"}],"predecessor-version":[{"id":3684,"href":"https:\/\/www.missionslocalesnormandie.fr\/mission-locale-pays-alencon\/wp-json\/wp\/v2\/pages\/55\/revisions\/3684"}],"wp:attachment":[{"href":"https:\/\/www.missionslocalesnormandie.fr\/mission-locale-pays-alencon\/wp-json\/wp\/v2\/media?parent=55"}],"curies":[{"name":"wp","href":"https:\/\/api.w.org\/{rel}","templated":true}]}}