{"id":85,"date":"2023-12-14T15:14:07","date_gmt":"2023-12-14T14:14:07","guid":{"rendered":"https:\/\/www.missionslocalesnormandie.fr\/mission-locale-pays-alencon\/?page_id=85"},"modified":"2025-05-21T14:57:04","modified_gmt":"2025-05-21T12:57:04","slug":"les-mesures-daides-a-lembauche","status":"publish","type":"page","link":"https:\/\/www.missionslocalesnormandie.fr\/mission-locale-pays-alencon\/les-mesures-daides-a-lembauche\/","title":{"rendered":"Les aides \u00e0 l\u2019embauche"},"content":{"rendered":"\t\t<div data-elementor-type=\"wp-page\" data-elementor-id=\"85\" class=\"elementor elementor-85\">\n\t\t\t\t<div class=\"elementor-element elementor-element-5c35102 e-flex e-con-boxed e-con e-parent\" data-id=\"5c35102\" data-element_type=\"container\">\n\t\t\t\t\t<div class=\"e-con-inner\">\n\t\t\t\t<div class=\"elementor-element elementor-element-99e35d6 elementor-widget elementor-widget-block_intro\" data-id=\"99e35d6\" data-element_type=\"widget\" data-widget_type=\"block_intro.default\">\n\t\t\t\t<div class=\"elementor-widget-container\">\n\t\t\t    <div class=\"container\">\n        <div class=\"edito-intro\">\n            <p style=\"text-align: justify\">Vous souhaitez recruter mais vous \u00e9prouvez des difficult\u00e9s ? Des mesures d\u2019aides ont \u00e9t\u00e9 mises en place par le gouvernement.\u00a0Pour \u00eatre conseill\u00e9 dans vos d\u00e9marches, contactez nos charg\u00e9es de relation entreprises :\u00a0<a href=\"https:\/\/www.missionslocalesnormandie.fr\/mission-locale-pays-alencon\/nous-contacter-3\/\">contact<\/a><\/p>\n        <\/div>\n    <\/div>\n\t\t<\/div>\n\t\t\t\t<\/div>\n\t\t\t\t\t<\/div>\n\t\t\t\t<\/div>\n\t\t<div class=\"elementor-element elementor-element-449c305 e-flex e-con-boxed e-con e-parent\" data-id=\"449c305\" data-element_type=\"container\">\n\t\t\t\t\t<div class=\"e-con-inner\">\n\t\t<div class=\"elementor-element elementor-element-b4b7359 e-con-full e-flex e-con e-child\" data-id=\"b4b7359\" data-element_type=\"container\">\n\t\t\t\t<div class=\"elementor-element elementor-element-db1a472 elementor-widget elementor-widget-block_titre\" data-id=\"db1a472\" data-element_type=\"widget\" data-widget_type=\"block_titre.default\">\n\t\t\t\t<div class=\"elementor-widget-container\">\n\t\t\t    <div class=\"container\">\n        <h2>\n            Les contrats en alternance\n        <\/h2>\n    <\/div>\n\t\t<\/div>\n\t\t\t\t<\/div>\n\t\t\t\t<div class=\"elementor-element elementor-element-eb4cfae elementor-widget elementor-widget-block_simple_texte\" data-id=\"eb4cfae\" data-element_type=\"widget\" data-widget_type=\"block_simple_texte.default\">\n\t\t\t\t<div class=\"elementor-widget-container\">\n\t\t\t    <div class=\"container\">\n        <p style=\"text-align: justify\"><strong>Les contrats d'apprentissage et de professionnalisation <\/strong>associent l\u2019acquisition de savoir-faire en entreprise \u00e0 des p\u00e9riodes de formation dispens\u00e9es en centres de formation.<\/p><p style=\"text-align: justify\">Ces contrats permettent de :<\/p><ul style=\"text-align: justify\"><li>former un jeune aux m\u00e9tiers, \u00e0 la vie de l\u2019entreprise,<\/li><li>transmettre des savoir-faire,<\/li><li>rendre le jeune rapidement op\u00e9rationnel\u00a0<\/li><\/ul><p style=\"text-align: justify\">La r\u00e9mun\u00e9ration varie en fonction du type de contrat, de l\u2019\u00e2ge du jeune, de la formation suivie et de son anciennet\u00e9 dans l\u2019entreprise.<\/p><p><strong>\u00c0 partir du 24 f\u00e9vrier 2025 jusqu'au 31 d\u00e9cembre 2025, l'aide \u00e0 l'embauche d'un apprenti diff\u00e8re selon l'effectif de l'entreprise, le montant de l'aide s'\u00e9l\u00e8ve \u00e0 5000\u20ac vers\u00e9 la premi\u00e8re ann\u00e9e et s'\u00e9l\u00e8ve \u00e0 6000\u20ac maximum pour un apprenti en situation de handicap<br \/>(ce montant est ajust\u00e9 en fonction du nombre de mois travaill\u00e9s).<br \/><\/strong><\/p>\n    <\/div>\n\t\t<\/div>\n\t\t\t\t<\/div>\n\t\t\t\t<\/div>\n\t\t<div class=\"elementor-element elementor-element-b295088 e-con-full e-flex e-con e-child\" data-id=\"b295088\" data-element_type=\"container\">\n\t\t\t\t<div class=\"elementor-element elementor-element-a014e95 elementor-widget elementor-widget-block_simple_visuel\" data-id=\"a014e95\" data-element_type=\"widget\" data-widget_type=\"block_simple_visuel.default\">\n\t\t\t\t<div class=\"elementor-widget-container\">\n\t\t\t    <div class=\"container\">\n        <figure>\n                        \n                                                            <a href=\"https:\/\/www.missionslocalesnormandie.fr\/content\/uploads\/sites\/4\/2024\/03\/salon-alt.jpg\">\n                    <img decoding=\"async\" src=\"https:\/\/www.missionslocalesnormandie.fr\/content\/uploads\/sites\/4\/2024\/03\/salon-alt-950x595-c-default.jpg\"\n                         alt=\"MISSION LOCALE DU PAYS D'ALENCON\"\/>\n                <\/a>\n            \n                    <\/figure>\n    <\/div>\n\t\t<\/div>\n\t\t\t\t<\/div>\n\t\t\t\t<\/div>\n\t\t\t\t\t<\/div>\n\t\t\t\t<\/div>\n\t\t<div class=\"elementor-element elementor-element-6d264f1 e-flex e-con-boxed e-con e-parent\" data-id=\"6d264f1\" data-element_type=\"container\">\n\t\t\t\t\t<div class=\"e-con-inner\">\n\t\t\t\t<div class=\"elementor-element elementor-element-895e2b1 elementor-widget elementor-widget-block_titre\" data-id=\"895e2b1\" data-element_type=\"widget\" data-widget_type=\"block_titre.default\">\n\t\t\t\t<div class=\"elementor-widget-container\">\n\t\t\t    <div class=\"container\">\n        <h2>\n            Les Parcours Emploi Comp\u00e9tences \n        <\/h2>\n    <\/div>\n\t\t<\/div>\n\t\t\t\t<\/div>\n\t\t\t\t<div class=\"elementor-element elementor-element-652db6a elementor-widget elementor-widget-block_simple_texte\" data-id=\"652db6a\" data-element_type=\"widget\" data-widget_type=\"block_simple_texte.default\">\n\t\t\t\t<div class=\"elementor-widget-container\">\n\t\t\t    <div class=\"container\">\n        <p style=\"text-align: justify\">Contrats de droit priv\u00e9 \u2013 CDD ou CDI -, d\u2019une dur\u00e9e minimale de 6 mois (3 mois pour les personnes ayant fait l\u2019objet d\u2019une condamnation et b\u00e9n\u00e9ficiant d\u2019un am\u00e9nagement de peine). Ils peuvent \u00eatre conclus avec des employeurs du <strong>secteur non-marchand (CUI-CAE)<\/strong> ou du <strong>secteur marchand (CUI-CIE).<\/strong><\/p><p style=\"text-align: justify\">Ces contrats ont pour finalit\u00e9 l\u2019insertion durable du b\u00e9n\u00e9ficiaire sur le march\u00e9 du travail. Un accompagnement d\u00e9di\u00e9 et un acc\u00e8s facilit\u00e9 \u00e0 la formation et \u00e0 l\u2019acquisition de comp\u00e9tences lui sont assur\u00e9s.<\/p><p style=\"text-align: justify\">Une prise en charge financi\u00e8re de ces contrats par l\u2019\u00c9tat est pr\u00e9vue et renouvelable sous conditions dans une limite de 24 mois cumul\u00e9e, sauf exceptions pr\u00e9vues par le code du travail.<\/p>\n    <\/div>\n\t\t<\/div>\n\t\t\t\t<\/div>\n\t\t\t\t\t<\/div>\n\t\t\t\t<\/div>\n\t\t<div class=\"elementor-element elementor-element-838f278 e-flex e-con-boxed e-con e-parent\" data-id=\"838f278\" data-element_type=\"container\">\n\t\t\t\t\t<div class=\"e-con-inner\">\n\t\t\t\t\t<\/div>\n\t\t\t\t<\/div>\n\t\t\t\t<\/div>\n\t\t","protected":false},"excerpt":{"rendered":"<p>Vous souhaitez recruter mais vous \u00e9prouvez des difficult\u00e9s ? Des mesures d\u2019aides ont \u00e9t\u00e9 mises en place par le gouvernement.\u00a0Pour \u00eatre conseill\u00e9 dans vos d\u00e9marches, contactez nos charg\u00e9es de relation entreprises :\u00a0contact Les contrats en alternance Les contrats d&#8217;apprentissage et de professionnalisation associent l\u2019acquisition de savoir-faire en entreprise \u00e0 des p\u00e9riodes de formation dispens\u00e9es en [&hellip;]<\/p>\n","protected":false},"author":1,"featured_media":0,"parent":0,"menu_order":0,"comment_status":"closed","ping_status":"closed","template":"","meta":{"_acf_changed":false,"_crosspost_to_1":false,"_crosspost_to_2":false,"_crosspost_to_3":false,"_crosspost_to_5":false,"_crosspost_to_6":false,"_crosspost_to_7":false,"_crosspost_to_8":false,"_crosspost_to_11":false,"_crosspost_to_12":false,"_crosspost_to_13":false,"_crosspost_to_14":false,"_crosspost_to_15":false,"_crosspost_to_16":false,"inline_featured_image":false,"footnotes":""},"acf":[],"yoast_head":"<!-- This site is optimized with the Yoast SEO plugin v21.9.1 - https:\/\/yoast.com\/wordpress\/plugins\/seo\/ -->\n<title>Les aides \u00e0 l\u2019embauche - MISSION LOCALE DU PAYS D&#039;ALENCON<\/title>\n<meta name=\"robots\" content=\"index, follow, max-snippet:-1, max-image-preview:large, max-video-preview:-1\" \/>\n<link rel=\"canonical\" href=\"https:\/\/www.missionslocalesnormandie.fr\/mission-locale-pays-alencon\/les-mesures-daides-a-lembauche\/\" \/>\n<meta property=\"og:locale\" content=\"fr_FR\" \/>\n<meta property=\"og:type\" content=\"article\" \/>\n<meta property=\"og:title\" content=\"Les aides \u00e0 l\u2019embauche - MISSION LOCALE DU PAYS D&#039;ALENCON\" \/>\n<meta property=\"og:description\" content=\"Vous souhaitez recruter mais vous \u00e9prouvez des difficult\u00e9s ? Des mesures d\u2019aides ont \u00e9t\u00e9 mises en place par le gouvernement.\u00a0Pour \u00eatre conseill\u00e9 dans vos d\u00e9marches, contactez nos charg\u00e9es de relation entreprises :\u00a0contact Les contrats en alternance Les contrats d&#8217;apprentissage et de professionnalisation associent l\u2019acquisition de savoir-faire en entreprise \u00e0 des p\u00e9riodes de formation dispens\u00e9es en [&hellip;]\" \/>\n<meta property=\"og:url\" content=\"https:\/\/www.missionslocalesnormandie.fr\/mission-locale-pays-alencon\/les-mesures-daides-a-lembauche\/\" \/>\n<meta property=\"og:site_name\" content=\"MISSION LOCALE DU PAYS D&#039;ALENCON\" \/>\n<meta property=\"article:modified_time\" content=\"2025-05-21T12:57:04+00:00\" \/>\n<meta property=\"og:image\" content=\"https:\/\/www.missionslocalesnormandie.fr\/content\/uploads\/sites\/4\/2024\/03\/salon-alt-950x595-c-default.jpg\" \/>\n<meta name=\"twitter:card\" content=\"summary_large_image\" \/>\n<meta name=\"twitter:label1\" content=\"Dur\u00e9e de lecture estim\u00e9e\" \/>\n\t<meta name=\"twitter:data1\" content=\"2 minutes\" \/>\n<script type=\"application\/ld+json\" class=\"yoast-schema-graph\">{\"@context\":\"https:\/\/schema.org\",\"@graph\":[{\"@type\":\"WebPage\",\"@id\":\"https:\/\/www.missionslocalesnormandie.fr\/mission-locale-pays-alencon\/les-mesures-daides-a-lembauche\/\",\"url\":\"https:\/\/www.missionslocalesnormandie.fr\/mission-locale-pays-alencon\/les-mesures-daides-a-lembauche\/\",\"name\":\"Les aides \u00e0 l\u2019embauche - MISSION LOCALE DU PAYS D'ALENCON\",\"isPartOf\":{\"@id\":\"https:\/\/www.missionslocalesnormandie.fr\/mission-locale-pays-alencon\/#website\"},\"datePublished\":\"2023-12-14T14:14:07+00:00\",\"dateModified\":\"2025-05-21T12:57:04+00:00\",\"breadcrumb\":{\"@id\":\"https:\/\/www.missionslocalesnormandie.fr\/mission-locale-pays-alencon\/les-mesures-daides-a-lembauche\/#breadcrumb\"},\"inLanguage\":\"fr-FR\",\"potentialAction\":[{\"@type\":\"ReadAction\",\"target\":[\"https:\/\/www.missionslocalesnormandie.fr\/mission-locale-pays-alencon\/les-mesures-daides-a-lembauche\/\"]}]},{\"@type\":\"BreadcrumbList\",\"@id\":\"https:\/\/www.missionslocalesnormandie.fr\/mission-locale-pays-alencon\/les-mesures-daides-a-lembauche\/#breadcrumb\",\"itemListElement\":[{\"@type\":\"ListItem\",\"position\":1,\"name\":\"Home\",\"item\":\"https:\/\/www.missionslocalesnormandie.fr\/mission-locale-pays-alencon\/\"},{\"@type\":\"ListItem\",\"position\":2,\"name\":\"Les aides \u00e0 l\u2019embauche\"}]},{\"@type\":\"WebSite\",\"@id\":\"https:\/\/www.missionslocalesnormandie.fr\/mission-locale-pays-alencon\/#website\",\"url\":\"https:\/\/www.missionslocalesnormandie.fr\/mission-locale-pays-alencon\/\",\"name\":\"MISSION LOCALE DU PAYS D'ALENCON\",\"description\":\"\",\"potentialAction\":[{\"@type\":\"SearchAction\",\"target\":{\"@type\":\"EntryPoint\",\"urlTemplate\":\"https:\/\/www.missionslocalesnormandie.fr\/mission-locale-pays-alencon\/?s={search_term_string}\"},\"query-input\":\"required name=search_term_string\"}],\"inLanguage\":\"fr-FR\"}]}<\/script>\n<!-- \/ Yoast SEO plugin. -->","yoast_head_json":{"title":"Les aides \u00e0 l\u2019embauche - MISSION LOCALE DU PAYS D'ALENCON","robots":{"index":"index","follow":"follow","max-snippet":"max-snippet:-1","max-image-preview":"max-image-preview:large","max-video-preview":"max-video-preview:-1"},"canonical":"https:\/\/www.missionslocalesnormandie.fr\/mission-locale-pays-alencon\/les-mesures-daides-a-lembauche\/","og_locale":"fr_FR","og_type":"article","og_title":"Les aides \u00e0 l\u2019embauche - MISSION LOCALE DU PAYS D'ALENCON","og_description":"Vous souhaitez recruter mais vous \u00e9prouvez des difficult\u00e9s ? Des mesures d\u2019aides ont \u00e9t\u00e9 mises en place par le gouvernement.\u00a0Pour \u00eatre conseill\u00e9 dans vos d\u00e9marches, contactez nos charg\u00e9es de relation entreprises :\u00a0contact Les contrats en alternance Les contrats d&#8217;apprentissage et de professionnalisation associent l\u2019acquisition de savoir-faire en entreprise \u00e0 des p\u00e9riodes de formation dispens\u00e9es en [&hellip;]","og_url":"https:\/\/www.missionslocalesnormandie.fr\/mission-locale-pays-alencon\/les-mesures-daides-a-lembauche\/","og_site_name":"MISSION LOCALE DU PAYS D'ALENCON","article_modified_time":"2025-05-21T12:57:04+00:00","og_image":[{"url":"https:\/\/www.missionslocalesnormandie.fr\/content\/uploads\/sites\/4\/2024\/03\/salon-alt-950x595-c-default.jpg"}],"twitter_card":"summary_large_image","twitter_misc":{"Dur\u00e9e de lecture estim\u00e9e":"2 minutes"},"schema":{"@context":"https:\/\/schema.org","@graph":[{"@type":"WebPage","@id":"https:\/\/www.missionslocalesnormandie.fr\/mission-locale-pays-alencon\/les-mesures-daides-a-lembauche\/","url":"https:\/\/www.missionslocalesnormandie.fr\/mission-locale-pays-alencon\/les-mesures-daides-a-lembauche\/","name":"Les aides \u00e0 l\u2019embauche - MISSION LOCALE DU PAYS D'ALENCON","isPartOf":{"@id":"https:\/\/www.missionslocalesnormandie.fr\/mission-locale-pays-alencon\/#website"},"datePublished":"2023-12-14T14:14:07+00:00","dateModified":"2025-05-21T12:57:04+00:00","breadcrumb":{"@id":"https:\/\/www.missionslocalesnormandie.fr\/mission-locale-pays-alencon\/les-mesures-daides-a-lembauche\/#breadcrumb"},"inLanguage":"fr-FR","potentialAction":[{"@type":"ReadAction","target":["https:\/\/www.missionslocalesnormandie.fr\/mission-locale-pays-alencon\/les-mesures-daides-a-lembauche\/"]}]},{"@type":"BreadcrumbList","@id":"https:\/\/www.missionslocalesnormandie.fr\/mission-locale-pays-alencon\/les-mesures-daides-a-lembauche\/#breadcrumb","itemListElement":[{"@type":"ListItem","position":1,"name":"Home","item":"https:\/\/www.missionslocalesnormandie.fr\/mission-locale-pays-alencon\/"},{"@type":"ListItem","position":2,"name":"Les aides \u00e0 l\u2019embauche"}]},{"@type":"WebSite","@id":"https:\/\/www.missionslocalesnormandie.fr\/mission-locale-pays-alencon\/#website","url":"https:\/\/www.missionslocalesnormandie.fr\/mission-locale-pays-alencon\/","name":"MISSION LOCALE DU PAYS D'ALENCON","description":"","potentialAction":[{"@type":"SearchAction","target":{"@type":"EntryPoint","urlTemplate":"https:\/\/www.missionslocalesnormandie.fr\/mission-locale-pays-alencon\/?s={search_term_string}"},"query-input":"required name=search_term_string"}],"inLanguage":"fr-FR"}]}},"_links":{"self":[{"href":"https:\/\/www.missionslocalesnormandie.fr\/mission-locale-pays-alencon\/wp-json\/wp\/v2\/pages\/85"}],"collection":[{"href":"https:\/\/www.missionslocalesnormandie.fr\/mission-locale-pays-alencon\/wp-json\/wp\/v2\/pages"}],"about":[{"href":"https:\/\/www.missionslocalesnormandie.fr\/mission-locale-pays-alencon\/wp-json\/wp\/v2\/types\/page"}],"author":[{"embeddable":true,"href":"https:\/\/www.missionslocalesnormandie.fr\/mission-locale-pays-alencon\/wp-json\/wp\/v2\/users\/1"}],"replies":[{"embeddable":true,"href":"https:\/\/www.missionslocalesnormandie.fr\/mission-locale-pays-alencon\/wp-json\/wp\/v2\/comments?post=85"}],"version-history":[{"count":148,"href":"https:\/\/www.missionslocalesnormandie.fr\/mission-locale-pays-alencon\/wp-json\/wp\/v2\/pages\/85\/revisions"}],"predecessor-version":[{"id":3813,"href":"https:\/\/www.missionslocalesnormandie.fr\/mission-locale-pays-alencon\/wp-json\/wp\/v2\/pages\/85\/revisions\/3813"}],"wp:attachment":[{"href":"https:\/\/www.missionslocalesnormandie.fr\/mission-locale-pays-alencon\/wp-json\/wp\/v2\/media?parent=85"}],"curies":[{"name":"wp","href":"https:\/\/api.w.org\/{rel}","templated":true}]}}