{"id":97,"date":"2023-12-14T15:16:31","date_gmt":"2023-12-14T14:16:31","guid":{"rendered":"https:\/\/www.missionslocalesnormandie.fr\/mission-locale-pays-alencon\/?page_id=97"},"modified":"2024-08-01T14:08:33","modified_gmt":"2024-08-01T12:08:33","slug":"recruter","status":"publish","type":"page","link":"https:\/\/www.missionslocalesnormandie.fr\/mission-locale-pays-alencon\/recruter\/","title":{"rendered":"Le recrutement"},"content":{"rendered":"\t\t<div data-elementor-type=\"wp-page\" data-elementor-id=\"97\" class=\"elementor elementor-97\">\n\t\t\t\t<div class=\"elementor-element elementor-element-b095957 e-flex e-con-boxed e-con e-parent\" data-id=\"b095957\" data-element_type=\"container\">\n\t\t\t\t\t<div class=\"e-con-inner\">\n\t\t\t\t<div class=\"elementor-element elementor-element-b58b88a elementor-widget elementor-widget-block_intro\" data-id=\"b58b88a\" data-element_type=\"widget\" data-widget_type=\"block_intro.default\">\n\t\t\t\t<div class=\"elementor-widget-container\">\n\t\t\t    <div class=\"container\">\n        <div class=\"edito-intro\">\n            <p><span style=\"font-weight: 400\">La Mission Locale d'Alen\u00e7on entretient un partenariat avec les entreprises du bassin d'emploi alen\u00e7onnais \u00e0 travers ses charg\u00e9es de relation entreprise. Elle est un v\u00e9ritable soutien en sourcing pour les recruteurs.<\/span><\/p>\n        <\/div>\n    <\/div>\n\t\t<\/div>\n\t\t\t\t<\/div>\n\t\t\t\t\t<\/div>\n\t\t\t\t<\/div>\n\t\t<div class=\"elementor-element elementor-element-4b8ff94 e-flex e-con-boxed e-con e-parent\" data-id=\"4b8ff94\" data-element_type=\"container\">\n\t\t\t\t\t<div class=\"e-con-inner\">\n\t\t\t\t<div class=\"elementor-element elementor-element-7b90c9a elementor-widget elementor-widget-block_titre\" data-id=\"7b90c9a\" data-element_type=\"widget\" data-widget_type=\"block_titre.default\">\n\t\t\t\t<div class=\"elementor-widget-container\">\n\t\t\t    <div class=\"container\">\n        <h2>\n            La relation entreprise-Mission Locale\n        <\/h2>\n    <\/div>\n\t\t<\/div>\n\t\t\t\t<\/div>\n\t\t\t\t\t<\/div>\n\t\t\t\t<\/div>\n\t\t<div class=\"elementor-element elementor-element-6b052f2 e-flex e-con-boxed e-con e-parent\" data-id=\"6b052f2\" data-element_type=\"container\">\n\t\t\t\t\t<div class=\"e-con-inner\">\n\t\t<div class=\"elementor-element elementor-element-b59125d e-con-full e-flex e-con e-child\" data-id=\"b59125d\" data-element_type=\"container\">\n\t\t\t\t<div class=\"elementor-element elementor-element-fa1aefe elementor-widget elementor-widget-block_simple_texte\" data-id=\"fa1aefe\" data-element_type=\"widget\" data-widget_type=\"block_simple_texte.default\">\n\t\t\t\t<div class=\"elementor-widget-container\">\n\t\t\t    <div class=\"container\">\n        <h4>L'\u00e9quipe emploi de la Mission Locale, c'est :<\/h4><ul><li><span style=\"font-weight: 400\">Une aide au recrutement gr\u00e2ce \u00e0 l\u2019analyse des besoins de votre entreprise,<\/span> l\u2019aide \u00e0 la construction de la fiche de poste,<span style=\"font-weight: 400\"> la proposition de candidats et la construction d\u2019une r\u00e9ponse individualis\u00e9e (type de contrat, aides mobilisables, formation\u2026)<\/span><\/li><li>L'int\u00e9gration des jeunes dans votre entreprise avec des bilans r\u00e9guliers permettant la pr\u00e9vention des ruptures de contrat<\/li><li>Une expertise Ressources Humaines sur le bassin d'emploi<\/li><li>Une veille, un appui sur les politiques de l'emploi et de l'insertion<\/li><li>Une connaissance des m\u00e9tiers et des pr\u00e9requis<\/li><li>Une qualit\u00e9 d'\u00e9change et d'\u00e9coute\u00a0<\/li><li>Un accompagnement dans vos d\u00e9marches administratives\u00a0<\/li><\/ul>\n    <\/div>\n\t\t<\/div>\n\t\t\t\t<\/div>\n\t\t\t\t<\/div>\n\t\t<div class=\"elementor-element elementor-element-1967d58 e-con-full e-flex e-con e-child\" data-id=\"1967d58\" data-element_type=\"container\">\n\t\t\t\t<div class=\"elementor-element elementor-element-2390171 elementor-widget elementor-widget-block_simple_visuel\" data-id=\"2390171\" data-element_type=\"widget\" data-widget_type=\"block_simple_visuel.default\">\n\t\t\t\t<div class=\"elementor-widget-container\">\n\t\t\t    <div class=\"container\">\n        <figure>\n                        \n                                                            <a href=\"https:\/\/www.missionslocalesnormandie.fr\/content\/uploads\/sites\/4\/2024\/03\/relation-entreprises.jpg\">\n                    <img decoding=\"async\" src=\"https:\/\/www.missionslocalesnormandie.fr\/content\/uploads\/sites\/4\/2024\/03\/relation-entreprises-950x595-c-default.jpg\"\n                         alt=\"MISSION LOCALE DU PAYS D'ALENCON\"\/>\n                <\/a>\n            \n                    <\/figure>\n    <\/div>\n\t\t<\/div>\n\t\t\t\t<\/div>\n\t\t\t\t<\/div>\n\t\t\t\t\t<\/div>\n\t\t\t\t<\/div>\n\t\t<div class=\"elementor-element elementor-element-0916e9a e-flex e-con-boxed e-con e-parent\" data-id=\"0916e9a\" data-element_type=\"container\">\n\t\t\t\t\t<div class=\"e-con-inner\">\n\t\t\t\t<div class=\"elementor-element elementor-element-0ed97a3 elementor-widget elementor-widget-block_titre\" data-id=\"0ed97a3\" data-element_type=\"widget\" data-widget_type=\"block_titre.default\">\n\t\t\t\t<div class=\"elementor-widget-container\">\n\t\t\t    <div class=\"container\">\n        <h2>\n            L'interm\u00e9diation\n        <\/h2>\n    <\/div>\n\t\t<\/div>\n\t\t\t\t<\/div>\n\t\t\t\t\t<\/div>\n\t\t\t\t<\/div>\n\t\t<div class=\"elementor-element elementor-element-6107211 e-flex e-con-boxed e-con e-parent\" data-id=\"6107211\" data-element_type=\"container\">\n\t\t\t\t\t<div class=\"e-con-inner\">\n\t\t<div class=\"elementor-element elementor-element-19bfe6f e-con-full e-flex e-con e-child\" data-id=\"19bfe6f\" data-element_type=\"container\">\n\t\t\t\t<div class=\"elementor-element elementor-element-ea6a608 elementor-widget elementor-widget-block_simple_texte\" data-id=\"ea6a608\" data-element_type=\"widget\" data-widget_type=\"block_simple_texte.default\">\n\t\t\t\t<div class=\"elementor-widget-container\">\n\t\t\t    <div class=\"container\">\n        <p>\u00a0<\/p><p>La Mission Locale d'Alen\u00e7on est plateforme d'interm\u00e9diation de service civique. Agissant en tant qu'organisme agr\u00e9\u00e9 au titre du Service Civique, nous\u00a0 mettons \u00e0 disposition des volontaires aupr\u00e8s d\u2019un organisme tiers non agr\u00e9\u00e9.\u00a0<\/p><p>Notre action est double :<\/p><ul><li><strong>Aupr\u00e8s des jeunes<\/strong>\u00a0: nous les orientons, les conseillons sur les diff\u00e9rentes missions r\u00e9pertori\u00e9es par th\u00e9matique<\/li><li><strong>Aupr\u00e8s des organismes<\/strong>\u00a0: nous les conseillons, les renseignons et portons si besoin l'agr\u00e9ment pour eux<\/li><\/ul>\n    <\/div>\n\t\t<\/div>\n\t\t\t\t<\/div>\n\t\t\t\t<\/div>\n\t\t<div class=\"elementor-element elementor-element-4fb4ca6 e-con-full e-flex e-con e-child\" data-id=\"4fb4ca6\" data-element_type=\"container\">\n\t\t\t\t<div class=\"elementor-element elementor-element-d594e9b elementor-widget elementor-widget-block_simple_visuel\" data-id=\"d594e9b\" data-element_type=\"widget\" data-widget_type=\"block_simple_visuel.default\">\n\t\t\t\t<div class=\"elementor-widget-container\">\n\t\t\t    <div class=\"container\">\n        <figure>\n                        \n                                                            <a href=\"https:\/\/www.missionslocalesnormandie.fr\/content\/uploads\/sites\/4\/2024\/08\/service-civique-carre-site.png\">\n                    <img decoding=\"async\" src=\"https:\/\/www.missionslocalesnormandie.fr\/content\/uploads\/sites\/4\/2024\/08\/service-civique-carre-site-950x595-c-default.png\"\n                         alt=\"MISSION LOCALE DU PAYS D'ALENCON\"\/>\n                <\/a>\n            \n                    <\/figure>\n    <\/div>\n\t\t<\/div>\n\t\t\t\t<\/div>\n\t\t\t\t<\/div>\n\t\t\t\t\t<\/div>\n\t\t\t\t<\/div>\n\t\t\t\t<\/div>\n\t\t","protected":false},"excerpt":{"rendered":"<p>La Mission Locale d&#8217;Alen\u00e7on entretient un partenariat avec les entreprises du bassin d&#8217;emploi alen\u00e7onnais \u00e0 travers ses charg\u00e9es de relation entreprise. Elle est un v\u00e9ritable soutien en sourcing pour les recruteurs. La relation entreprise-Mission Locale L&#8217;\u00e9quipe emploi de la Mission Locale, c&#8217;est : Une aide au recrutement gr\u00e2ce \u00e0 l\u2019analyse des besoins de votre entreprise, [&hellip;]<\/p>\n","protected":false},"author":1,"featured_media":0,"parent":0,"menu_order":0,"comment_status":"closed","ping_status":"closed","template":"","meta":{"_acf_changed":false,"_crosspost_to_1":false,"_crosspost_to_2":false,"_crosspost_to_3":false,"_crosspost_to_5":false,"_crosspost_to_6":false,"_crosspost_to_7":false,"_crosspost_to_8":false,"_crosspost_to_11":false,"_crosspost_to_12":false,"_crosspost_to_13":false,"_crosspost_to_14":false,"_crosspost_to_15":false,"_crosspost_to_16":false,"inline_featured_image":false,"footnotes":""},"acf":[],"yoast_head":"<!-- This site is optimized with the Yoast SEO plugin v21.9.1 - https:\/\/yoast.com\/wordpress\/plugins\/seo\/ -->\n<title>Le recrutement - MISSION LOCALE DU PAYS D&#039;ALENCON<\/title>\n<meta name=\"robots\" content=\"index, follow, max-snippet:-1, max-image-preview:large, max-video-preview:-1\" \/>\n<link rel=\"canonical\" href=\"https:\/\/www.missionslocalesnormandie.fr\/mission-locale-pays-alencon\/recruter\/\" \/>\n<meta property=\"og:locale\" content=\"fr_FR\" \/>\n<meta property=\"og:type\" content=\"article\" \/>\n<meta property=\"og:title\" content=\"Le recrutement - MISSION LOCALE DU PAYS D&#039;ALENCON\" \/>\n<meta property=\"og:description\" content=\"La Mission Locale d&#8217;Alen\u00e7on entretient un partenariat avec les entreprises du bassin d&#8217;emploi alen\u00e7onnais \u00e0 travers ses charg\u00e9es de relation entreprise. Elle est un v\u00e9ritable soutien en sourcing pour les recruteurs. La relation entreprise-Mission Locale L&#8217;\u00e9quipe emploi de la Mission Locale, c&#8217;est : Une aide au recrutement gr\u00e2ce \u00e0 l\u2019analyse des besoins de votre entreprise, [&hellip;]\" \/>\n<meta property=\"og:url\" content=\"https:\/\/www.missionslocalesnormandie.fr\/mission-locale-pays-alencon\/recruter\/\" \/>\n<meta property=\"og:site_name\" content=\"MISSION LOCALE DU PAYS D&#039;ALENCON\" \/>\n<meta property=\"article:modified_time\" content=\"2024-08-01T12:08:33+00:00\" \/>\n<meta property=\"og:image\" content=\"https:\/\/www.missionslocalesnormandie.fr\/content\/uploads\/sites\/4\/2024\/03\/relation-entreprises-950x595-c-default.jpg\" \/>\n<meta name=\"twitter:card\" content=\"summary_large_image\" \/>\n<meta name=\"twitter:label1\" content=\"Dur\u00e9e de lecture estim\u00e9e\" \/>\n\t<meta name=\"twitter:data1\" content=\"2 minutes\" \/>\n<script type=\"application\/ld+json\" class=\"yoast-schema-graph\">{\"@context\":\"https:\/\/schema.org\",\"@graph\":[{\"@type\":\"WebPage\",\"@id\":\"https:\/\/www.missionslocalesnormandie.fr\/mission-locale-pays-alencon\/recruter\/\",\"url\":\"https:\/\/www.missionslocalesnormandie.fr\/mission-locale-pays-alencon\/recruter\/\",\"name\":\"Le recrutement - MISSION LOCALE DU PAYS D'ALENCON\",\"isPartOf\":{\"@id\":\"https:\/\/www.missionslocalesnormandie.fr\/mission-locale-pays-alencon\/#website\"},\"datePublished\":\"2023-12-14T14:16:31+00:00\",\"dateModified\":\"2024-08-01T12:08:33+00:00\",\"breadcrumb\":{\"@id\":\"https:\/\/www.missionslocalesnormandie.fr\/mission-locale-pays-alencon\/recruter\/#breadcrumb\"},\"inLanguage\":\"fr-FR\",\"potentialAction\":[{\"@type\":\"ReadAction\",\"target\":[\"https:\/\/www.missionslocalesnormandie.fr\/mission-locale-pays-alencon\/recruter\/\"]}]},{\"@type\":\"BreadcrumbList\",\"@id\":\"https:\/\/www.missionslocalesnormandie.fr\/mission-locale-pays-alencon\/recruter\/#breadcrumb\",\"itemListElement\":[{\"@type\":\"ListItem\",\"position\":1,\"name\":\"Home\",\"item\":\"https:\/\/www.missionslocalesnormandie.fr\/mission-locale-pays-alencon\/\"},{\"@type\":\"ListItem\",\"position\":2,\"name\":\"Le recrutement\"}]},{\"@type\":\"WebSite\",\"@id\":\"https:\/\/www.missionslocalesnormandie.fr\/mission-locale-pays-alencon\/#website\",\"url\":\"https:\/\/www.missionslocalesnormandie.fr\/mission-locale-pays-alencon\/\",\"name\":\"MISSION LOCALE DU PAYS D'ALENCON\",\"description\":\"\",\"potentialAction\":[{\"@type\":\"SearchAction\",\"target\":{\"@type\":\"EntryPoint\",\"urlTemplate\":\"https:\/\/www.missionslocalesnormandie.fr\/mission-locale-pays-alencon\/?s={search_term_string}\"},\"query-input\":\"required name=search_term_string\"}],\"inLanguage\":\"fr-FR\"}]}<\/script>\n<!-- \/ Yoast SEO plugin. -->","yoast_head_json":{"title":"Le recrutement - MISSION LOCALE DU PAYS D'ALENCON","robots":{"index":"index","follow":"follow","max-snippet":"max-snippet:-1","max-image-preview":"max-image-preview:large","max-video-preview":"max-video-preview:-1"},"canonical":"https:\/\/www.missionslocalesnormandie.fr\/mission-locale-pays-alencon\/recruter\/","og_locale":"fr_FR","og_type":"article","og_title":"Le recrutement - MISSION LOCALE DU PAYS D'ALENCON","og_description":"La Mission Locale d&#8217;Alen\u00e7on entretient un partenariat avec les entreprises du bassin d&#8217;emploi alen\u00e7onnais \u00e0 travers ses charg\u00e9es de relation entreprise. Elle est un v\u00e9ritable soutien en sourcing pour les recruteurs. La relation entreprise-Mission Locale L&#8217;\u00e9quipe emploi de la Mission Locale, c&#8217;est : Une aide au recrutement gr\u00e2ce \u00e0 l\u2019analyse des besoins de votre entreprise, [&hellip;]","og_url":"https:\/\/www.missionslocalesnormandie.fr\/mission-locale-pays-alencon\/recruter\/","og_site_name":"MISSION LOCALE DU PAYS D'ALENCON","article_modified_time":"2024-08-01T12:08:33+00:00","og_image":[{"url":"https:\/\/www.missionslocalesnormandie.fr\/content\/uploads\/sites\/4\/2024\/03\/relation-entreprises-950x595-c-default.jpg"}],"twitter_card":"summary_large_image","twitter_misc":{"Dur\u00e9e de lecture estim\u00e9e":"2 minutes"},"schema":{"@context":"https:\/\/schema.org","@graph":[{"@type":"WebPage","@id":"https:\/\/www.missionslocalesnormandie.fr\/mission-locale-pays-alencon\/recruter\/","url":"https:\/\/www.missionslocalesnormandie.fr\/mission-locale-pays-alencon\/recruter\/","name":"Le recrutement - MISSION LOCALE DU PAYS D'ALENCON","isPartOf":{"@id":"https:\/\/www.missionslocalesnormandie.fr\/mission-locale-pays-alencon\/#website"},"datePublished":"2023-12-14T14:16:31+00:00","dateModified":"2024-08-01T12:08:33+00:00","breadcrumb":{"@id":"https:\/\/www.missionslocalesnormandie.fr\/mission-locale-pays-alencon\/recruter\/#breadcrumb"},"inLanguage":"fr-FR","potentialAction":[{"@type":"ReadAction","target":["https:\/\/www.missionslocalesnormandie.fr\/mission-locale-pays-alencon\/recruter\/"]}]},{"@type":"BreadcrumbList","@id":"https:\/\/www.missionslocalesnormandie.fr\/mission-locale-pays-alencon\/recruter\/#breadcrumb","itemListElement":[{"@type":"ListItem","position":1,"name":"Home","item":"https:\/\/www.missionslocalesnormandie.fr\/mission-locale-pays-alencon\/"},{"@type":"ListItem","position":2,"name":"Le recrutement"}]},{"@type":"WebSite","@id":"https:\/\/www.missionslocalesnormandie.fr\/mission-locale-pays-alencon\/#website","url":"https:\/\/www.missionslocalesnormandie.fr\/mission-locale-pays-alencon\/","name":"MISSION LOCALE DU PAYS D'ALENCON","description":"","potentialAction":[{"@type":"SearchAction","target":{"@type":"EntryPoint","urlTemplate":"https:\/\/www.missionslocalesnormandie.fr\/mission-locale-pays-alencon\/?s={search_term_string}"},"query-input":"required name=search_term_string"}],"inLanguage":"fr-FR"}]}},"_links":{"self":[{"href":"https:\/\/www.missionslocalesnormandie.fr\/mission-locale-pays-alencon\/wp-json\/wp\/v2\/pages\/97"}],"collection":[{"href":"https:\/\/www.missionslocalesnormandie.fr\/mission-locale-pays-alencon\/wp-json\/wp\/v2\/pages"}],"about":[{"href":"https:\/\/www.missionslocalesnormandie.fr\/mission-locale-pays-alencon\/wp-json\/wp\/v2\/types\/page"}],"author":[{"embeddable":true,"href":"https:\/\/www.missionslocalesnormandie.fr\/mission-locale-pays-alencon\/wp-json\/wp\/v2\/users\/1"}],"replies":[{"embeddable":true,"href":"https:\/\/www.missionslocalesnormandie.fr\/mission-locale-pays-alencon\/wp-json\/wp\/v2\/comments?post=97"}],"version-history":[{"count":67,"href":"https:\/\/www.missionslocalesnormandie.fr\/mission-locale-pays-alencon\/wp-json\/wp\/v2\/pages\/97\/revisions"}],"predecessor-version":[{"id":3265,"href":"https:\/\/www.missionslocalesnormandie.fr\/mission-locale-pays-alencon\/wp-json\/wp\/v2\/pages\/97\/revisions\/3265"}],"wp:attachment":[{"href":"https:\/\/www.missionslocalesnormandie.fr\/mission-locale-pays-alencon\/wp-json\/wp\/v2\/media?parent=97"}],"curies":[{"name":"wp","href":"https:\/\/api.w.org\/{rel}","templated":true}]}}